{"id":3,"date":"2024-09-22T18:08:29","date_gmt":"2024-09-22T16:08:29","guid":{"rendered":"http:\/\/mobensescolar.com\/?page_id=3"},"modified":"2025-01-28T10:42:30","modified_gmt":"2025-01-28T09:42:30","slug":"politica-de-privacitat","status":"publish","type":"page","link":"https:\/\/mobensescolar.com\/ca\/politica-de-privacitat\/","title":{"rendered":"Pol\u00edtica de privacitat"},"content":{"rendered":"\t\t<div data-elementor-type=\"wp-page\" data-elementor-id=\"3\" class=\"elementor elementor-3\">\n\t\t\t\t<div class=\"elementor-element elementor-element-2d8ec9c e-flex e-con-boxed e-con e-parent\" data-id=\"2d8ec9c\" data-element_type=\"container\" data-e-type=\"container\">\n\t\t\t\t\t<div class=\"e-con-inner\">\n\t\t\t\t<div class=\"elementor-element elementor-element-a7e3077 elementor-widget elementor-widget-heading\" data-id=\"a7e3077\" data-element_type=\"widget\" data-e-type=\"widget\" data-widget_type=\"heading.default\">\n\t\t\t\t<div class=\"elementor-widget-container\">\n\t\t\t\t\t<h1 class=\"elementor-heading-title elementor-size-default\">Pol\u00edtica de privacitat<\/h1>\t\t\t\t<\/div>\n\t\t\t\t<\/div>\n\t\t\t\t\t<\/div>\n\t\t\t\t<\/div>\n\t\t<div class=\"elementor-element elementor-element-73f64d5 e-flex e-con-boxed e-con e-parent\" data-id=\"73f64d5\" data-element_type=\"container\" data-e-type=\"container\">\n\t\t\t\t\t<div class=\"e-con-inner\">\n\t\t\t\t<div class=\"elementor-element elementor-element-b4c7764 elementor-widget elementor-widget-heading\" data-id=\"b4c7764\" data-element_type=\"widget\" data-e-type=\"widget\" data-widget_type=\"heading.default\">\n\t\t\t\t<div class=\"elementor-widget-container\">\n\t\t\t\t\t<h2 class=\"elementor-heading-title elementor-size-default\">Introducci\u00f3<\/h2>\t\t\t\t<\/div>\n\t\t\t\t<\/div>\n\t\t\t\t<div class=\"elementor-element elementor-element-0c6c0bc elementor-widget elementor-widget-text-editor\" data-id=\"0c6c0bc\" data-element_type=\"widget\" data-e-type=\"widget\" data-widget_type=\"text-editor.default\">\n\t\t\t\t<div class=\"elementor-widget-container\">\n\t\t\t\t\t\t\t\t\t<p>La seva privadesa \u00e9s important per a nosaltres, aix\u00ed que mitjan\u00e7ant aquest document us expliquem quines dades recopilem dels usuaris, com les utilitzem i per a qu\u00e8, entre altres indicacions. Els majors de 14 anys es poden registrar com a usuaris sense el consentiment previ dels seus pares, tutors o representants legals. En cas de menors de 14 anys o identificats com a \u201cincapa\u00e7os legalment\u201d, sempre necessitarem del consentiment patern, o del tutor\/a o representant legal. Per a la vostra informaci\u00f3, mai sol\u00b7licitarem m\u00e9s informaci\u00f3 de la que realment necessitarem per als serveis requerits; mai no la compartirem amb tercers, excepte per obligaci\u00f3 legal o amb la seva autoritzaci\u00f3 pr\u00e8via; i mai no utilitzarem les seves dades per a una altra finalitat no indicada pr\u00e8viament. Com a usuari, haur\u00e0 de llegir atentament aquesta pol\u00edtica de privadesa de manera regular, i sempre que introdueixi les seves dades personals, ja que aquest document pot patir modificacions ja que el prestador pot modificar qualsevol tipus d\u2019informaci\u00f3 que pogu\u00e9s apar\u00e8ixer a la web per complir amb la normativa o actualitzar la pol\u00edtica, i sense que hi hagi l\u2019obligaci\u00f3 de pre-avisar o posar en coneixement dels usuaris aquestes obligacions, sent suficients la publicaci\u00f3 al lloc web del prestador.<\/p>\t\t\t\t\t\t\t\t<\/div>\n\t\t\t\t<\/div>\n\t\t\t\t<div class=\"elementor-element elementor-element-b2952d5 elementor-widget elementor-widget-heading\" data-id=\"b2952d5\" data-element_type=\"widget\" data-e-type=\"widget\" data-widget_type=\"heading.default\">\n\t\t\t\t<div class=\"elementor-widget-container\">\n\t\t\t\t\t<h2 class=\"elementor-heading-title elementor-size-default\">Responsable del tractament<\/h2>\t\t\t\t<\/div>\n\t\t\t\t<\/div>\n\t\t\t\t<div class=\"elementor-element elementor-element-aa7199e elementor-widget elementor-widget-text-editor\" data-id=\"aa7199e\" data-element_type=\"widget\" data-e-type=\"widget\" data-widget_type=\"text-editor.default\">\n\t\t\t\t<div class=\"elementor-widget-container\">\n\t\t\t\t\t\t\t\t\t<p>Identitat: Cano Soluciones Integrales SL<br \/>NIF: B67101311<br \/>Direcci\u00f3 Correu electr\u00f2nic: mobens@moens-school.com<\/p><p>Cano Soluciones Integrales SL, com a responsable del Lloc web, de conformitat amb el que disposa el Reglament (UE) 2016\/679 de 27 d\u2019abril de 2016 (RGPD), Llei Org\u00e0nica 3\/2018 de 5 de desembre (LOPDGDD) i la resta de normativa legal vigent en mat\u00e8ria de protecci\u00f3 de dades personals, i per la Llei 34\/2002, d\u201911 de juliol, de Serveis de la Societat de la Informaci\u00f3 i del Comer\u00e7 Electr\u00f2nic (LSSICE), us informa que t\u00e9 implementades les mesures de seguretat necess\u00e0ries, d\u2019\u00edndole t\u00e8cnica i organitzatives, per garantir i protegir la confidencialitat, integritat i disponibilitat de les dades introdu\u00efdes.<\/p>\t\t\t\t\t\t\t\t<\/div>\n\t\t\t\t<\/div>\n\t\t\t\t<div class=\"elementor-element elementor-element-7c2b6d9 elementor-widget elementor-widget-heading\" data-id=\"7c2b6d9\" data-element_type=\"widget\" data-e-type=\"widget\" data-widget_type=\"heading.default\">\n\t\t\t\t<div class=\"elementor-widget-container\">\n\t\t\t\t\t<h2 class=\"elementor-heading-title elementor-size-default\">M\u00e8tode d\u2019obtenci\u00f3 de les dades i les dades que recaptem<\/h2>\t\t\t\t<\/div>\n\t\t\t\t<\/div>\n\t\t\t\t<div class=\"elementor-element elementor-element-e864e73 elementor-widget elementor-widget-text-editor\" data-id=\"e864e73\" data-element_type=\"widget\" data-e-type=\"widget\" data-widget_type=\"text-editor.default\">\n\t\t\t\t<div class=\"elementor-widget-container\">\n\t\t\t\t\t\t\t\t\t<p>Les dades que recollim i com les obtenim \u00e9s la seg\u00fcent:<br \/>1. mitjan\u00e7ant el formulari de contacte: nom, correu electr\u00f2nic, edat, tel\u00e8fon,<br \/>2. mitjan\u00e7ant el formulari de registre: nom, email, edat<br \/>3. mitjan\u00e7ant el formulari de subscripci\u00f3 a la newsletter: nom, email,<br \/>4. mitjan\u00e7ant el formulari d\u2019alta en webinar: nom, email,<br \/>5. mitjan\u00e7ant la subscripci\u00f3 al f\u00f2rum i\/o comentaris al mateix: nom, email,<br \/>6. mitjan\u00e7ant la desc\u00e0rrega de continguts: nom i email<br \/>7. mitjan\u00e7ant el formulari de recollida de dades per a l\u2019ecommerce: nom, adre\u00e7a, email, edat, tel\u00e8fon, dades banc\u00e0ries o informaci\u00f3 sobre una targeta de cr\u00e8dit o de d\u00e8bit<br \/>8. mitjan\u00e7ant el _______________________________<br \/>No es tracten categories de dades especialment protegides.<\/p>\t\t\t\t\t\t\t\t<\/div>\n\t\t\t\t<\/div>\n\t\t\t\t<div class=\"elementor-element elementor-element-1e602eb elementor-widget elementor-widget-heading\" data-id=\"1e602eb\" data-element_type=\"widget\" data-e-type=\"widget\" data-widget_type=\"heading.default\">\n\t\t\t\t<div class=\"elementor-widget-container\">\n\t\t\t\t\t<h2 class=\"elementor-heading-title elementor-size-default\">Finalitat del tractament<\/h2>\t\t\t\t<\/div>\n\t\t\t\t<\/div>\n\t\t\t\t<div class=\"elementor-element elementor-element-459e414 elementor-widget elementor-widget-text-editor\" data-id=\"459e414\" data-element_type=\"widget\" data-e-type=\"widget\" data-widget_type=\"text-editor.default\">\n\t\t\t\t<div class=\"elementor-widget-container\">\n\t\t\t\t\t\t\t\t\t<p>Les vostres dades personals nom\u00e9s s\u2019utilitzaran per a les seg\u00fcents finalitats, prestant el vostre consentiment per a cadascuna de les finalitats a l\u2019apartat corresponent de la web:<\/p><p>1. formulari de contacte: per respondre a les consultes i\/o proporcionar informacions requerides per a l\u2019Usuari;<br \/>2. formulari de registre: per a la creaci\u00f3 dun compte dusuari i pugui accedir a les funcionalitats de la web;<br \/>3. formulari de subscripci\u00f3 a la newsletter: per remetre les comunicacions comercials publicit\u00e0ries per email, SMS, comunitats socials o qualsevol altre mitj\u00e0 electr\u00f2nic o f\u00edsic, en cas que l\u2019Usuari ho hagi consentit expressament;<br \/>4. formulari d\u2019alta al webinar: per fer-lo part\u00edcip del nostre webinar;<br \/>5. subscripci\u00f3 al f\u00f2rum i\/o comentaris al mateix: quan l\u2019usuari s\u2019hagi donat d\u2019alta al f\u00f2rum, podr\u00e0 comentar dins del f\u00f2rum, tant per plantejar q\u00fcestions com per respondre preguntes;<br \/>6. desc\u00e0rrega de continguts com a membre: per actualitzar i enviar els continguts com a subscriptor dels mateixos;<br \/>7. Si contracta el servei\/compra el producte a trav\u00e9s de la nostra p\u00e0gina web mobens.com li demanarem que ens proporcioni informaci\u00f3 sobre vost\u00e8, inclosos el seu nom, dades de contacte i informaci\u00f3 sobre una targeta de cr\u00e8dit o de d\u00e8bit.<br \/>8. Altres finalitats:<br \/>o Realitzar les gestions comercials, administratives, fiscals, comptables que siguin necess\u00e0ries en virtut de la legislaci\u00f3 vigent;<br \/>o Con\u00e8ixer la seva opini\u00f3 i millorar els serveis prestats per la web;<br \/>o Realitzaci\u00f3 d\u2019an\u00e0lisi de perfils i d\u2019usabilitat de la web, a trav\u00e9s de les galetes (esmentades a la pol\u00edtica de galetes);<br \/>o Xarxes socials: a l\u2019apartat corresponent s\u2019especifica l\u2019\u00fas de les xarxes socials.<\/p><p>\u00das de Fotografies: Les fotografies que estiguin penjades a la web s\u00f3n propietat de Cano Soluciones Integrales SL, incloent-hi les dels menors, en qu\u00e8, per a l\u2019obtenci\u00f3 d\u2019aquestes, s\u2019ha obtingut el consentiment previ dels pares, tutors o representants legals mitjan\u00e7ant la signatura dels formularis realitzats per a aquest efecte pels centres en qu\u00e8 els menors en formen part. No obstant aix\u00f2, els pares, tutors o representants dels menors, com a titulars de l\u2019exercici dels drets d\u2019aquests, i sempre amb el requeriment formal previ per escrit, poden indicar la negativa a l\u2019\u00fas de la imatge del menor; en aquest cas, la imatge es mostrar\u00e0 pixelada<br \/>Podeu revocar en qualsevol moment el vostre consentiment remetent un escrit amb l\u2019assumpte \u201cBaixa\u201d al mail ressenyat.<br \/>D\u2019acord amb la LSSICE, Cano Soluciones Integrales SL no fa pr\u00e0ctiques de SPAM, per tant, no envia correus comercials per correu electr\u00f2nic que no hagin estat pr\u00e8viament sol\u00b7licitats o autoritzats per l\u2019Usuari. En conseq\u00fc\u00e8ncia, a totes les comunicacions que rebr\u00e0 del prestador, l\u2019usuari t\u00e9 la possibilitat de revocar el seu consentiment expr\u00e9s per rebre les nostres comunicacions.<br \/>No tractarem les vostres dades personals per a cap altra finalitat de les descrites excepte per obligaci\u00f3 legal o requeriment judicial.<br \/>No ser\u00e0 objecte de decisions basades en tractaments automatitzats que produeixin efectes sobre les vostres dades.<\/p>\t\t\t\t\t\t\t\t<\/div>\n\t\t\t\t<\/div>\n\t\t\t\t<div class=\"elementor-element elementor-element-fd0208b elementor-widget elementor-widget-heading\" data-id=\"fd0208b\" data-element_type=\"widget\" data-e-type=\"widget\" data-widget_type=\"heading.default\">\n\t\t\t\t<div class=\"elementor-widget-container\">\n\t\t\t\t\t<h2 class=\"elementor-heading-title elementor-size-default\">Legitimaci\u00f3 del tractament<\/h2>\t\t\t\t<\/div>\n\t\t\t\t<\/div>\n\t\t\t\t<div class=\"elementor-element elementor-element-bf6bdd4 elementor-widget elementor-widget-text-editor\" data-id=\"bf6bdd4\" data-element_type=\"widget\" data-e-type=\"widget\" data-widget_type=\"text-editor.default\">\n\t\t\t\t<div class=\"elementor-widget-container\">\n\t\t\t\t\t\t\t\t\t<p>La base legal per al tractament de les dades \u00e9s el seu consentiment atorgat en el moment de donar les dades al formulari corresponent per dur a terme les finalitats, en el moment de marcaci\u00f3 de la casella de verificaci\u00f3.<br \/>L\u2019oferta prospectiva o comercial de productes i serveis est\u00e0 basada en el consentiment que se us demana, sense que en cap cas la retirada d\u2019aquest consentiment condicioni l\u2019execuci\u00f3 del contracte de subscripci\u00f3.<br \/>No facilitar les dades personals sol\u00b7licitades o no acceptar aquesta pol\u00edtica de privadesa suposa la impossibilitat d\u2019aconseguir les finalitats anteriorment descrites.<br \/>En els casos en qu\u00e8 hi hagi una relaci\u00f3 contractual pr\u00e8via entre les parts, la legitimaci\u00f3 per al desenvolupament de les obligacions administratives, fiscals i comptables que siguin necess\u00e0ries en virtut de la legislaci\u00f3 vigent ser\u00e0 l\u2019exist\u00e8ncia pr\u00e8via de la relaci\u00f3 comercial establerta entre les parts.<\/p>\t\t\t\t\t\t\t\t<\/div>\n\t\t\t\t<\/div>\n\t\t\t\t<div class=\"elementor-element elementor-element-2c41457 elementor-widget elementor-widget-heading\" data-id=\"2c41457\" data-element_type=\"widget\" data-e-type=\"widget\" data-widget_type=\"heading.default\">\n\t\t\t\t<div class=\"elementor-widget-container\">\n\t\t\t\t\t<h2 class=\"elementor-heading-title elementor-size-default\">Termini de conservaci\u00f3 de les dades<\/h2>\t\t\t\t<\/div>\n\t\t\t\t<\/div>\n\t\t\t\t<div class=\"elementor-element elementor-element-8b66565 elementor-widget elementor-widget-text-editor\" data-id=\"8b66565\" data-element_type=\"widget\" data-e-type=\"widget\" data-widget_type=\"text-editor.default\">\n\t\t\t\t<div class=\"elementor-widget-container\">\n\t\t\t\t\t\t\t\t\t<p>Les vostres dades es conservaran mentre duri la relaci\u00f3 comercial amb nosaltres o exerceix el vostre dret de cancel\u00b7laci\u00f3, oposici\u00f3 o revocaci\u00f3 del consentiment. Tot i haver exercit els seus drets de forma correcta, haurem de conservar degudament bloquejades les seves dades mentre durin els terminis legalment previstos a les disposicions aplicables.<\/p>\t\t\t\t\t\t\t\t<\/div>\n\t\t\t\t<\/div>\n\t\t\t\t<div class=\"elementor-element elementor-element-cf6e649 elementor-widget elementor-widget-heading\" data-id=\"cf6e649\" data-element_type=\"widget\" data-e-type=\"widget\" data-widget_type=\"heading.default\">\n\t\t\t\t<div class=\"elementor-widget-container\">\n\t\t\t\t\t<h2 class=\"elementor-heading-title elementor-size-default\">Destinataris de cessions o transfer\u00e8ncies<\/h2>\t\t\t\t<\/div>\n\t\t\t\t<\/div>\n\t\t\t\t<div class=\"elementor-element elementor-element-a5c98c9 elementor-widget elementor-widget-text-editor\" data-id=\"a5c98c9\" data-element_type=\"widget\" data-e-type=\"widget\" data-widget_type=\"text-editor.default\">\n\t\t\t\t<div class=\"elementor-widget-container\">\n\t\t\t\t\t\t\t\t\t<p>Cano Soluciones Integrales SL no duu a terme cap cessi\u00f3 o comunicaci\u00f3 de dades ni dins ni fora de la UE. El prestador \u00fanicament facilitar\u00e0 informaci\u00f3 a les forces i cossos de seguretat sota ordre judicial o per obligaci\u00f3 d\u2019una norma legal, sense perjudici de poder bloquejar o cancel\u00b7lar el vostre compte si hi pot haver indicis de la comissi\u00f3 d\u2019algun delicte per part de l\u2019usuari. La informaci\u00f3 facilitada ser\u00e0 nom\u00e9s la que disposi en aquell moment el prestador.<br \/>La informaci\u00f3 que ens proporcioneu tant a trav\u00e9s d\u2019aquest lloc web ser\u00e0 allotjada als servidors de Cano Soluciones Integrales SL, contractats a l\u2019empresa que presta el servei d\u2019allotjament de la web. El tractament de les dades de l\u2019entitat est\u00e0 regulat mitjan\u00e7ant un contracte d\u2019encarregat del tractament entre el prestador i aquesta empresa.<\/p>\t\t\t\t\t\t\t\t<\/div>\n\t\t\t\t<\/div>\n\t\t\t\t<div class=\"elementor-element elementor-element-b4ee65d elementor-widget elementor-widget-heading\" data-id=\"b4ee65d\" data-element_type=\"widget\" data-e-type=\"widget\" data-widget_type=\"heading.default\">\n\t\t\t\t<div class=\"elementor-widget-container\">\n\t\t\t\t\t<h2 class=\"elementor-heading-title elementor-size-default\">Drets de les persones interessades<\/h2>\t\t\t\t<\/div>\n\t\t\t\t<\/div>\n\t\t\t\t<div class=\"elementor-element elementor-element-98c672d elementor-widget elementor-widget-text-editor\" data-id=\"98c672d\" data-element_type=\"widget\" data-e-type=\"widget\" data-widget_type=\"text-editor.default\">\n\t\t\t\t<div class=\"elementor-widget-container\">\n\t\t\t\t\t\t\t\t\t<p>Com a usuari-interessat, podeu sol\u00b7licitar l\u2019exercici dels seg\u00fcents drets davant de Cano Soluciones Integrales SL presentant un escrit a l\u2019adre\u00e7a postal de l\u2019encap\u00e7alament o enviant un correu electr\u00f2nic a mobens@mobens.com, indicant com a Assumpte: \u201cPROTECCI\u00d3 DE DADES: DRETS DELS INTERESSATS\u201d, i adjuntant fotoc\u00f2pia del seu DNI o qualsevol mitj\u00e0 an\u00e0leg en dret, tal com indica la llei.<br \/>Drets:<br \/>\u2022 Dret d\u2019acc\u00e9s: permet a l\u2019interessat con\u00e8ixer i obtenir informaci\u00f3 sobre les vostres dades de car\u00e0cter personal sotmeses a tractament.<br \/>\u2022 Dret de rectificaci\u00f3 o supressi\u00f3: permet corregir errors i modificar les dades que resultin ser inexactes o incompletes.<br \/>\u2022 Dret de cancel\u00b7laci\u00f3: permet que se suprimeixin les dades que siguin inadequades o excessives.<br \/>\u2022 Dret d\u2019oposici\u00f3: dret de l\u2019interessat que no es dugui a terme el tractament de les vostres dades de car\u00e0cter personal o s\u2019hi cessi.<br \/>\u2022 Limitaci\u00f3 del tractament: comporta el marcatge de les dades personals conservades, per tal de limitar-ne el futur tractament, per a l\u2019exercici o la defensa de reclamacions.<br \/>\u2022 Portabilitat de les dades: facilitaci\u00f3 de les dades objecte de tractament a l\u2019interessat perqu\u00e8 aquest pugui transmetre a un altre responsable, sense impediments.<br \/>\u2022 Dret a no ser objecte de decisions individuals automatitzades (inclosa l\u2019elaboraci\u00f3 de perfils): dret a no ser objecte d\u2019una decisi\u00f3 basada en el tractament automatitzat que produeixi efectes o afecti significativament<\/p><p>Com a usuari, teniu dret a retirar el consentiment donat en qualsevol moment. La retirada del consentiment no afecta la licitud del tractament efectuat abans de la retirada del consentiment.<br \/>Tamb\u00e9 t\u00e9 dret a presentar una reclamaci\u00f3 davant l\u2019autoritat de control si considera que els seus drets s\u2019han vist vulnerats en relaci\u00f3 amb la protecci\u00f3 de les seves dades (www.aepd.es).<\/p>\t\t\t\t\t\t\t\t<\/div>\n\t\t\t\t<\/div>\n\t\t\t\t<div class=\"elementor-element elementor-element-f6a8201 elementor-widget elementor-widget-heading\" data-id=\"f6a8201\" data-element_type=\"widget\" data-e-type=\"widget\" data-widget_type=\"heading.default\">\n\t\t\t\t<div class=\"elementor-widget-container\">\n\t\t\t\t\t<h2 class=\"elementor-heading-title elementor-size-default\">Mesures de seguretat<\/h2>\t\t\t\t<\/div>\n\t\t\t\t<\/div>\n\t\t\t\t<div class=\"elementor-element elementor-element-ca999f0 elementor-widget elementor-widget-text-editor\" data-id=\"ca999f0\" data-element_type=\"widget\" data-e-type=\"widget\" data-widget_type=\"text-editor.default\">\n\t\t\t\t<div class=\"elementor-widget-container\">\n\t\t\t\t\t\t\t\t\t<p>Les dades que ens faciliti es tractaran de manera confidencial. El prestador ha adoptat totes les mesures t\u00e8cniques i organitzatives i tots els nivells de protecci\u00f3 necessaris per garantir la seguretat en el tractament de les dades i evitar-ne l\u2019alteraci\u00f3, la p\u00e8rdua, el robatori, el tractament o l\u2019acc\u00e9s no autoritzat, d\u2019acord amb l\u2019estat de la tecnologia i naturalesa de les dades emmagatzemades. Aix\u00ed mateix, es garanteix tamb\u00e9 que el tractament i registre en fitxers, programes, sistemes o equips, locals i centres compleixen els requisits i les condicions d\u2019integritat i seguretat establertes a la normativa vigent.<\/p>\t\t\t\t\t\t\t\t<\/div>\n\t\t\t\t<\/div>\n\t\t\t\t<div class=\"elementor-element elementor-element-a214b6c elementor-widget elementor-widget-heading\" data-id=\"a214b6c\" data-element_type=\"widget\" data-e-type=\"widget\" data-widget_type=\"heading.default\">\n\t\t\t\t<div class=\"elementor-widget-container\">\n\t\t\t\t\t<h2 class=\"elementor-heading-title elementor-size-default\">Idioma<\/h2>\t\t\t\t<\/div>\n\t\t\t\t<\/div>\n\t\t\t\t<div class=\"elementor-element elementor-element-99ecf2b elementor-widget elementor-widget-text-editor\" data-id=\"99ecf2b\" data-element_type=\"widget\" data-e-type=\"widget\" data-widget_type=\"text-editor.default\">\n\t\t\t\t<div class=\"elementor-widget-container\">\n\t\t\t\t\t\t\t\t\t<p>L\u2019idioma aplicable a aquesta pol\u00edtica de privadesa \u00e9s el catal\u00e0. Per tant, en cas que hi hagu\u00e9s alguna contradicci\u00f3 en alguna de les versions facilitades en altres idiomes, prevaldr\u00e0 la versi\u00f3 en catal\u00e0.<\/p>\t\t\t\t\t\t\t\t<\/div>\n\t\t\t\t<\/div>\n\t\t\t\t<div class=\"elementor-element elementor-element-6e04497 elementor-widget elementor-widget-heading\" data-id=\"6e04497\" data-element_type=\"widget\" data-e-type=\"widget\" data-widget_type=\"heading.default\">\n\t\t\t\t<div class=\"elementor-widget-container\">\n\t\t\t\t\t<h2 class=\"elementor-heading-title elementor-size-default\">An\u00e0lisi de perfils<\/h2>\t\t\t\t<\/div>\n\t\t\t\t<\/div>\n\t\t\t\t<div class=\"elementor-element elementor-element-3285e50 elementor-widget elementor-widget-text-editor\" data-id=\"3285e50\" data-element_type=\"widget\" data-e-type=\"widget\" data-widget_type=\"text-editor.default\">\n\t\t\t\t<div class=\"elementor-widget-container\">\n\t\t\t\t\t\t\t\t\t<p>La informaci\u00f3 facilitada en els diferents formularis, durant la interacci\u00f3 amb la web i qualsevol altra dada facilitada durant la navegaci\u00f3, incloent-hi la informaci\u00f3 subministrada per les galetes en relaci\u00f3 amb els h\u00e0bits de navegaci\u00f3, comporta l\u2019acceptaci\u00f3 al tractament d\u2019aquestes dades, a fi de ser segmentats o categoritzats per tal d\u2019aplicar-los a l\u2019activitat relacionada amb la gesti\u00f3 d\u2019administraci\u00f3 general, informaci\u00f3, comercialitzaci\u00f3 d\u2019espais publicitaris, elaborar perfils, an\u00e0lisi de propostes sol\u00b7licitades pels usuaris\/clients, estudi estad\u00edstic dels serveis i continguts utilitzats, gustos i prefer\u00e8ncies , enquestes o formularis. Les dades utilitzades en l\u2019elaboraci\u00f3 d\u2019aquests perfils no s\u00f3n dades que permetin identificar els usuaris sin\u00f3 que nom\u00e9s mostren en una gr\u00e0fica el tipus de p\u00fablic que interactua amb la web, l\u2019edat, el pa\u00eds, el g\u00e8nere, etc.<br \/>L\u2019usuari que accedeixi a aquesta web, consenteix expl\u00edcitament la utilitzaci\u00f3 d\u2019aquesta informaci\u00f3 gen\u00e8rica per a tasques d\u2019elaboraci\u00f3 de perfils, segmentaci\u00f3 i categoritzaci\u00f3 de dades per a les finalitats descrites a l\u2019apartat anterior.<\/p>\t\t\t\t\t\t\t\t<\/div>\n\t\t\t\t<\/div>\n\t\t\t\t<div class=\"elementor-element elementor-element-2cec20e elementor-widget elementor-widget-heading\" data-id=\"2cec20e\" data-element_type=\"widget\" data-e-type=\"widget\" data-widget_type=\"heading.default\">\n\t\t\t\t<div class=\"elementor-widget-container\">\n\t\t\t\t\t<h2 class=\"elementor-heading-title elementor-size-default\">Xarxes socials<\/h2>\t\t\t\t<\/div>\n\t\t\t\t<\/div>\n\t\t\t\t<div class=\"elementor-element elementor-element-e9db8c8 elementor-widget elementor-widget-text-editor\" data-id=\"e9db8c8\" data-element_type=\"widget\" data-e-type=\"widget\" data-widget_type=\"text-editor.default\">\n\t\t\t\t<div class=\"elementor-widget-container\">\n\t\t\t\t\t\t\t\t\t<p>Us informem que Cano Soluciones Integrales SL pot tenir pres\u00e8ncia a xarxes socials. El tractament de les dades que es porti a terme de les persones que es facin seguidores a les xarxes socials (i\/o realitzin qualsevol vincle o acci\u00f3 de connexi\u00f3 a trav\u00e9s de les xarxes socials) de les p\u00e0gines oficials de Cano Soluciones Integrales SL es regir\u00e0 per aquest apartat, aix\u00ed com per a aquelles condicions d\u00fas, pol\u00edtiques de privadesa i normatives dacc\u00e9s que pertanyin a la xarxa social que procedeixi en cada cas i acceptades pr\u00e8viament per lusuari.<br \/>Cano Soluciones Integrales SL\u00a0tractar\u00e0 les dades amb les finalitats d\u2019administrar correctament la seva pres\u00e8ncia a la xarxa social, informant d\u2019activitats, productes o serveis del prestador, aix\u00ed com per a qualsevol altra finalitat que les normatives de les Xarxes Socials permetin.<br \/>Queda prohibida la publicaci\u00f3 de continguts:<br \/>\u2013 Que siguin presumptament il\u00b7l\u00edcits per la normativa nacional, comunit\u00e0ria o internacional o que facin activitats presumptament il\u00b7l\u00edcites o contravinguin els principis de la bona fe.<br \/>\u2013 Que atemptin contra els drets fonamentals de les persones, faltin a la cortesia a la xarxa, molestin o puguin generar opinions negatives en els nostres usuaris o tercers i en general qualssevol siguin els continguts que Cano Soluciones Integrales SL consideri inadequats.<br \/>\u2013 I en general que contravinguin els principis de legalitat, honradesa, responsabilitat, protecci\u00f3 de la dignitat humana, protecci\u00f3 de menors, protecci\u00f3 de l\u2019ordre p\u00fablic, la protecci\u00f3 de la vida privada, la protecci\u00f3 del consumidor i els drets de propietat intel\u00b7ligent i industrial .<br \/>Aix\u00ed mateix, Cano Soluciones Integrales SL es reserva la potestat de retirar, sense av\u00eds previ del lloc web o de la xarxa social corporativa aquells continguts que es consideren inadequats.<br \/>En tot cas, si remet informaci\u00f3 personal a trav\u00e9s de la xarxa social, Cano Soluciones Integrales SL quedar\u00e0 exempt de responsabilitat en relaci\u00f3 amb les mesures de seguretat aplicables a la present plataforma i l\u2019usuari, en cas de voler con\u00e8ixer-les, ha de consultar les corresponents condicions particulars de la xarxa en q\u00fcesti\u00f3.<\/p>\t\t\t\t\t\t\t\t<\/div>\n\t\t\t\t<\/div>\n\t\t\t\t<div class=\"elementor-element elementor-element-54dc8d3 elementor-widget elementor-widget-heading\" data-id=\"54dc8d3\" data-element_type=\"widget\" data-e-type=\"widget\" data-widget_type=\"heading.default\">\n\t\t\t\t<div class=\"elementor-widget-container\">\n\t\t\t\t\t<h2 class=\"elementor-heading-title elementor-size-default\">Enviament CV<\/h2>\t\t\t\t<\/div>\n\t\t\t\t<\/div>\n\t\t\t\t<div class=\"elementor-element elementor-element-c5b38e0 elementor-widget elementor-widget-text-editor\" data-id=\"c5b38e0\" data-element_type=\"widget\" data-e-type=\"widget\" data-widget_type=\"text-editor.default\">\n\t\t\t\t<div class=\"elementor-widget-container\">\n\t\t\t\t\t\t\t\t\t<p>En cas que l\u2019usuari envi\u00ef el seu CV a trav\u00e9s del nostre web, se us informa que les dades aportades seran tractades per fer-lo part\u00edcip dels processos de selecci\u00f3 que hi pugui haver, duent a terme una an\u00e0lisi del perfil del sol\u00b7licitant amb l\u2019objectiu de seleccionar el millor candidat per al lloc vacant del Responsable. Informem que aquest \u00e9s l\u2019\u00fanic procediment oficial per acceptar el vostre curr\u00edculum, per la qual cosa no s\u2019acceptaran els curr\u00edculums remesos per un altre procediment diferent. En cas de produir-se alguna modificaci\u00f3 en les dades, us preguem ens ho comuniqueu per escrit al m\u00e9s aviat possible, a fi de mantenir les vostres dades degudament actualitzades.<br \/>Les dades es conservaran durant un termini m\u00e0xim d\u2019un any transcorregut el qual es procedir\u00e0 a la supressi\u00f3 de les dades garantint un total respecte a la confidencialitat tant en el tractament com en la destrucci\u00f3 posterior. En aquest sentit, transcorregut aquest termini, i si voleu continuar participant en els processos de selecci\u00f3 del Responsable, us preguem que ens remeti novament el vostre curr\u00edculum.<br \/>Les dades es podran tractar i\/o comunicar a les empreses integrants del nostre grup durant el temps de conservaci\u00f3 del seu curr\u00edculum i per a les mateixes finalitats abans informades.<\/p>\t\t\t\t\t\t\t\t<\/div>\n\t\t\t\t<\/div>\n\t\t\t\t<div class=\"elementor-element elementor-element-18a25c6 elementor-widget elementor-widget-heading\" data-id=\"18a25c6\" data-element_type=\"widget\" data-e-type=\"widget\" data-widget_type=\"heading.default\">\n\t\t\t\t<div class=\"elementor-widget-container\">\n\t\t\t\t\t<h2 class=\"elementor-heading-title elementor-size-default\">Subscripci\u00f3 al blog<\/h2>\t\t\t\t<\/div>\n\t\t\t\t<\/div>\n\t\t\t\t<div class=\"elementor-element elementor-element-e47b875 elementor-widget elementor-widget-text-editor\" data-id=\"e47b875\" data-element_type=\"widget\" data-e-type=\"widget\" data-widget_type=\"text-editor.default\">\n\t\t\t\t<div class=\"elementor-widget-container\">\n\t\t\t\t\t\t\t\t\t<p>En cas que l\u2019usuari se subscrigui al bloc, us informem que les dades aportades seran tractades per gestionar la vostra subscripci\u00f3 al bloc informatiu amb av\u00eds d\u2019actualitzaci\u00f3 i que es conservaran mentre hi hagi un inter\u00e8s mutu per mantenir la fi del tractament. Quan ja no sigui necessari per a aquest fi, se suprimiran amb mesures de seguretat adequades per garantir la pseudonimitzaci\u00f3 de les dades o destrucci\u00f3 total d\u2019aquestes. No es comunicaran les dades a tercers, tret d\u2019obligaci\u00f3 legal.<\/p>\t\t\t\t\t\t\t\t<\/div>\n\t\t\t\t<\/div>\n\t\t\t\t<div class=\"elementor-element elementor-element-3b2d86a elementor-widget elementor-widget-heading\" data-id=\"3b2d86a\" data-element_type=\"widget\" data-e-type=\"widget\" data-widget_type=\"heading.default\">\n\t\t\t\t<div class=\"elementor-widget-container\">\n\t\t\t\t\t<h2 class=\"elementor-heading-title elementor-size-default\">Participaci\u00f3 a forums<\/h2>\t\t\t\t<\/div>\n\t\t\t\t<\/div>\n\t\t\t\t<div class=\"elementor-element elementor-element-00ed2c7 elementor-widget elementor-widget-text-editor\" data-id=\"00ed2c7\" data-element_type=\"widget\" data-e-type=\"widget\" data-widget_type=\"text-editor.default\">\n\t\t\t\t<div class=\"elementor-widget-container\">\n\t\t\t\t\t\t\t\t\t<p>En cas que l\u2019usuari vulgui participar als f\u00f2rums de la web, us informem que les dades aportades seran tractades per regular la participaci\u00f3 al f\u00f2rum. Qualsevol registre o transmissi\u00f3 de dades personals que l\u2019usuari d\u2019aquest f\u00f2rum faciliti suposa el coneixement i l\u2019acceptaci\u00f3 inequ\u00edvoca de l\u2019Av\u00eds legal i la Pol\u00edtica de Privadesa exposats a la p\u00e0gina web. Les dades es conservaran mentre hi hagi un inter\u00e8s mutu per mantenir la fi del tractament i quan ja no sigui necessari amb aquesta finalitat, se suprimiran amb mesures de seguretat adequades per garantir la pseudonimitzaci\u00f3 de les dades (si escau) o destrucci\u00f3 total de les mateixes . Les publicacions es mostraran p\u00fablicament als usuaris del f\u00f2rum en l\u00ednia.<br \/>Marta Gonzalez Puigdevall no es fa responsable de qualsevol contingut publicat al f\u00f2rum introdu\u00eft per qualsevol usuari registrat. El contingut publicat nom\u00e9s expressa el punt de vista del vostre autor. L\u2019autor del comentari accepta no utilitzar aquest bloc per publicar o enlla\u00e7ar continguts difamatoris, abusius, d\u2019odi, amena\u00e7adors, ofensius, abusius, spam o an\u00e0leg, de contingut per a adults o que infringeixin els drets d\u2019autor o la llei i l\u2019ordre p\u00fablic en general. Si els comentaris pujats, segons el parer dels moderadors, entenen que poden perjudicar i\/o vulnerar drets de tercers o la llei, podran ser eliminats sense explicaci\u00f3.<\/p>\t\t\t\t\t\t\t\t<\/div>\n\t\t\t\t<\/div>\n\t\t\t\t<div class=\"elementor-element elementor-element-6197ed7 elementor-widget elementor-widget-heading\" data-id=\"6197ed7\" data-element_type=\"widget\" data-e-type=\"widget\" data-widget_type=\"heading.default\">\n\t\t\t\t<div class=\"elementor-widget-container\">\n\t\t\t\t\t<h2 class=\"elementor-heading-title elementor-size-default\">Publicaci\u00f3 del seu testimoni<\/h2>\t\t\t\t<\/div>\n\t\t\t\t<\/div>\n\t\t\t\t<div class=\"elementor-element elementor-element-cce3bb0 elementor-widget elementor-widget-text-editor\" data-id=\"cce3bb0\" data-element_type=\"widget\" data-e-type=\"widget\" data-widget_type=\"text-editor.default\">\n\t\t\t\t<div class=\"elementor-widget-container\">\n\t\t\t\t\t\t\t\t\t<p>En cas que l\u2019usuari vulgui publicar la seva opini\u00f3 a la web, us informem que les dades aportades seran tractades per atendre els suggeriments proposats, experi\u00e8ncies o opinions respecte dels productes i\/o serveis per ser publicats a la p\u00e0gina web i aix\u00ed poder ajudar altres usuaris. Les dades es conservaran mentre hi hagi un inter\u00e8s mutu per mantenir la fi del tractament i quan ja no sigui necessari amb aquesta finalitat, se suprimiran amb mesures de seguretat adequades per garantir la pseudonimitzaci\u00f3 de les dades o destrucci\u00f3 total d\u2019aquestes. Els testimonis es publicaran a la nostra p\u00e0gina web. L\u00fanica dada personal que es publicar\u00e0 del testimoni ser\u00e0 el seu nom.<\/p>\t\t\t\t\t\t\t\t<\/div>\n\t\t\t\t<\/div>\n\t\t\t\t<div class=\"elementor-element elementor-element-9e19dc9 elementor-widget elementor-widget-heading\" data-id=\"9e19dc9\" data-element_type=\"widget\" data-e-type=\"widget\" data-widget_type=\"heading.default\">\n\t\t\t\t<div class=\"elementor-widget-container\">\n\t\t\t\t\t<h2 class=\"elementor-heading-title elementor-size-default\">Canvis en aquesta pol\u00edtica de privacitat<\/h2>\t\t\t\t<\/div>\n\t\t\t\t<\/div>\n\t\t\t\t<div class=\"elementor-element elementor-element-9065f99 elementor-widget elementor-widget-text-editor\" data-id=\"9065f99\" data-element_type=\"widget\" data-e-type=\"widget\" data-widget_type=\"text-editor.default\">\n\t\t\t\t<div class=\"elementor-widget-container\">\n\t\t\t\t\t\t\t\t\t<p><strong>Mobens<\/strong> es reserva el dret a modificar aquesta pol\u00edtica per adaptar-la a novetats legislatives o jurisprudencials.<\/p>\t\t\t\t\t\t\t\t<\/div>\n\t\t\t\t<\/div>\n\t\t\t\t<div class=\"elementor-element elementor-element-d0f509e elementor-widget elementor-widget-heading\" data-id=\"d0f509e\" data-element_type=\"widget\" data-e-type=\"widget\" data-widget_type=\"heading.default\">\n\t\t\t\t<div class=\"elementor-widget-container\">\n\t\t\t\t\t<h2 class=\"elementor-heading-title elementor-size-default\">Revocabilitat<\/h2>\t\t\t\t<\/div>\n\t\t\t\t<\/div>\n\t\t\t\t<div class=\"elementor-element elementor-element-d12a134 elementor-widget elementor-widget-text-editor\" data-id=\"d12a134\" data-element_type=\"widget\" data-e-type=\"widget\" data-widget_type=\"text-editor.default\">\n\t\t\t\t<div class=\"elementor-widget-container\">\n\t\t\t\t\t\t\t\t\t<p>El consentiment prestat, tant pel tractament com per a la cessi\u00f3 de les dades dels interessats, \u00e9s revocable en qualsevol moment comunicant-ho a Cano Soluciones Integrales SL en els termes establerts en aquesta Pol\u00edtica per a l\u2019exercici dels drets. Aquesta revocaci\u00f3 en cap cas no t\u00e9 car\u00e0cter retroactiu.<\/p>\t\t\t\t\t\t\t\t<\/div>\n\t\t\t\t<\/div>\n\t\t\t\t<div class=\"elementor-element elementor-element-6549fe3 elementor-widget elementor-widget-heading\" data-id=\"6549fe3\" data-element_type=\"widget\" data-e-type=\"widget\" data-widget_type=\"heading.default\">\n\t\t\t\t<div class=\"elementor-widget-container\">\n\t\t\t\t\t<h2 class=\"elementor-heading-title elementor-size-default\">Legislaci\u00f3<\/h2>\t\t\t\t<\/div>\n\t\t\t\t<\/div>\n\t\t\t\t<div class=\"elementor-element elementor-element-ce59a8c elementor-widget elementor-widget-text-editor\" data-id=\"ce59a8c\" data-element_type=\"widget\" data-e-type=\"widget\" data-widget_type=\"text-editor.default\">\n\t\t\t\t<div class=\"elementor-widget-container\">\n\t\t\t\t\t\t\t\t\t<p>Amb car\u00e0cter general les relacions entre Cano Soluciones Integrales SL amb els Usuaris dels seus serveis telem\u00e0tics, presents en aquesta web, estan sotmesos a la legislaci\u00f3 i jurisdicci\u00f3 espanyola a qu\u00e8 se sotmeten expressament les parts, sent competents per a la resoluci\u00f3 de tots els conflictes derivats o relacionats amb l\u2019\u00fas dels Jutjats i Tribunals de Barcelona.<br \/>Amb car\u00e0cter general les relacions entre Mobens amb els Usuaris dels seus serveis telem\u00e0tics, presents en aquesta web, estan sotmesos a la legislaci\u00f3 i jurisdicci\u00f3 espanyola a qu\u00e8 se sotmeten expressament les parts, sent competents per a la resoluci\u00f3 de tots els conflictes derivats<\/p>\t\t\t\t\t\t\t\t<\/div>\n\t\t\t\t<\/div>\n\t\t\t\t\t<\/div>\n\t\t\t\t<\/div>\n\t\t\t\t<\/div>\n\t\t","protected":false},"excerpt":{"rendered":"<p>Pol\u00edtica de privacitat Introducci\u00f3 La seva privadesa \u00e9s important per a nosaltres, aix\u00ed que mitjan\u00e7ant aquest document us expliquem quines dades recopilem dels usuaris, com les utilitzem i per a qu\u00e8, entre altres indicacions. Els majors de 14 anys es poden registrar com a usuaris sense el consentiment previ dels seus pares, tutors o representants &#8230; <a title=\"Pol\u00edtica de privacitat\" class=\"read-more\" href=\"https:\/\/mobensescolar.com\/ca\/politica-de-privacitat\/\" aria-label=\"M\u00e9s informaci\u00f3 sobre Pol\u00edtica de privacitat\">Llegiu m\u00e9s<\/a><\/p>\n","protected":false},"author":1,"featured_media":0,"parent":0,"menu_order":0,"comment_status":"closed","ping_status":"closed","template":"elementor_header_footer","meta":{"_acf_changed":false,"footnotes":""},"class_list":["post-3","page","type-page","status-publish"],"acf":[],"yoast_head":"<!-- This site is optimized with the Yoast SEO plugin v24.4 - https:\/\/yoast.com\/wordpress\/plugins\/seo\/ -->\n<title>Pol\u00edtica de privacitat - Mobens<\/title>\n<meta name=\"robots\" content=\"noindex, follow\" \/>\n<meta property=\"og:locale\" content=\"ca_ES\" \/>\n<meta property=\"og:type\" content=\"article\" \/>\n<meta property=\"og:title\" content=\"Pol\u00edtica de privacitat - Mobens\" \/>\n<meta property=\"og:description\" content=\"Pol\u00edtica de privacitat Introducci\u00f3 La seva privadesa \u00e9s important per a nosaltres, aix\u00ed que mitjan\u00e7ant aquest document us expliquem quines dades recopilem dels usuaris, com les utilitzem i per a qu\u00e8, entre altres indicacions. Els majors de 14 anys es poden registrar com a usuaris sense el consentiment previ dels seus pares, tutors o representants ... Llegiu m\u00e9s\" \/>\n<meta property=\"og:url\" content=\"https:\/\/mobensescolar.com\/ca\/politica-de-privacitat\/\" \/>\n<meta property=\"og:site_name\" content=\"Mobens\" \/>\n<meta property=\"article:modified_time\" content=\"2025-01-28T09:42:30+00:00\" \/>\n<meta name=\"twitter:card\" content=\"summary_large_image\" \/>\n<meta name=\"twitter:label1\" content=\"Temps estimat de lectura\" \/>\n\t<meta name=\"twitter:data1\" content=\"16 minuts\" \/>\n<script type=\"application\/ld+json\" class=\"yoast-schema-graph\">{\"@context\":\"https:\/\/schema.org\",\"@graph\":[{\"@type\":\"WebPage\",\"@id\":\"https:\/\/mobensescolar.com\/ca\/politica-de-privacitat\/\",\"url\":\"https:\/\/mobensescolar.com\/ca\/politica-de-privacitat\/\",\"name\":\"Pol\u00edtica de privacitat - Mobens\",\"isPartOf\":{\"@id\":\"https:\/\/mobensescolar.com\/ca\/#website\"},\"datePublished\":\"2024-09-22T16:08:29+00:00\",\"dateModified\":\"2025-01-28T09:42:30+00:00\",\"breadcrumb\":{\"@id\":\"https:\/\/mobensescolar.com\/ca\/politica-de-privacitat\/#breadcrumb\"},\"inLanguage\":\"ca\",\"potentialAction\":[{\"@type\":\"ReadAction\",\"target\":[\"https:\/\/mobensescolar.com\/ca\/politica-de-privacitat\/\"]}]},{\"@type\":\"BreadcrumbList\",\"@id\":\"https:\/\/mobensescolar.com\/ca\/politica-de-privacitat\/#breadcrumb\",\"itemListElement\":[{\"@type\":\"ListItem\",\"position\":1,\"name\":\"Inici\",\"item\":\"https:\/\/mobensescolar.com\/ca\/homepage\/\"},{\"@type\":\"ListItem\",\"position\":2,\"name\":\"Pol\u00edtica de privacitat\"}]},{\"@type\":\"WebSite\",\"@id\":\"https:\/\/mobensescolar.com\/ca\/#website\",\"url\":\"https:\/\/mobensescolar.com\/ca\/\",\"name\":\"Mobens School\",\"description\":\"\",\"publisher\":{\"@id\":\"https:\/\/mobensescolar.com\/ca\/#organization\"},\"potentialAction\":[{\"@type\":\"SearchAction\",\"target\":{\"@type\":\"EntryPoint\",\"urlTemplate\":\"https:\/\/mobensescolar.com\/ca\/?s={search_term_string}\"},\"query-input\":{\"@type\":\"PropertyValueSpecification\",\"valueRequired\":true,\"valueName\":\"search_term_string\"}}],\"inLanguage\":\"ca\"},{\"@type\":\"Organization\",\"@id\":\"https:\/\/mobensescolar.com\/ca\/#organization\",\"name\":\"Mobens School\",\"url\":\"https:\/\/mobensescolar.com\/ca\/\",\"logo\":{\"@type\":\"ImageObject\",\"inLanguage\":\"ca\",\"@id\":\"https:\/\/mobensescolar.com\/ca\/#\/schema\/logo\/image\/\",\"url\":\"https:\/\/mobensescolar.com\/wp-content\/uploads\/2024\/10\/logo-mobens.webp\",\"contentUrl\":\"https:\/\/mobensescolar.com\/wp-content\/uploads\/2024\/10\/logo-mobens.webp\",\"width\":181,\"height\":181,\"caption\":\"Mobens School\"},\"image\":{\"@id\":\"https:\/\/mobensescolar.com\/ca\/#\/schema\/logo\/image\/\"},\"sameAs\":[\"https:\/\/www.instagram.com\/mobens.school\/\"]}]}<\/script>\n<!-- \/ Yoast SEO plugin. -->","yoast_head_json":{"title":"Pol\u00edtica de privacitat - Mobens","robots":{"index":"noindex","follow":"follow"},"og_locale":"ca_ES","og_type":"article","og_title":"Pol\u00edtica de privacitat - Mobens","og_description":"Pol\u00edtica de privacitat Introducci\u00f3 La seva privadesa \u00e9s important per a nosaltres, aix\u00ed que mitjan\u00e7ant aquest document us expliquem quines dades recopilem dels usuaris, com les utilitzem i per a qu\u00e8, entre altres indicacions. Els majors de 14 anys es poden registrar com a usuaris sense el consentiment previ dels seus pares, tutors o representants ... Llegiu m\u00e9s","og_url":"https:\/\/mobensescolar.com\/ca\/politica-de-privacitat\/","og_site_name":"Mobens","article_modified_time":"2025-01-28T09:42:30+00:00","twitter_card":"summary_large_image","twitter_misc":{"Temps estimat de lectura":"16 minuts"},"schema":{"@context":"https:\/\/schema.org","@graph":[{"@type":"WebPage","@id":"https:\/\/mobensescolar.com\/ca\/politica-de-privacitat\/","url":"https:\/\/mobensescolar.com\/ca\/politica-de-privacitat\/","name":"Pol\u00edtica de privacitat - Mobens","isPartOf":{"@id":"https:\/\/mobensescolar.com\/ca\/#website"},"datePublished":"2024-09-22T16:08:29+00:00","dateModified":"2025-01-28T09:42:30+00:00","breadcrumb":{"@id":"https:\/\/mobensescolar.com\/ca\/politica-de-privacitat\/#breadcrumb"},"inLanguage":"ca","potentialAction":[{"@type":"ReadAction","target":["https:\/\/mobensescolar.com\/ca\/politica-de-privacitat\/"]}]},{"@type":"BreadcrumbList","@id":"https:\/\/mobensescolar.com\/ca\/politica-de-privacitat\/#breadcrumb","itemListElement":[{"@type":"ListItem","position":1,"name":"Inici","item":"https:\/\/mobensescolar.com\/ca\/homepage\/"},{"@type":"ListItem","position":2,"name":"Pol\u00edtica de privacitat"}]},{"@type":"WebSite","@id":"https:\/\/mobensescolar.com\/ca\/#website","url":"https:\/\/mobensescolar.com\/ca\/","name":"Mobens School","description":"","publisher":{"@id":"https:\/\/mobensescolar.com\/ca\/#organization"},"potentialAction":[{"@type":"SearchAction","target":{"@type":"EntryPoint","urlTemplate":"https:\/\/mobensescolar.com\/ca\/?s={search_term_string}"},"query-input":{"@type":"PropertyValueSpecification","valueRequired":true,"valueName":"search_term_string"}}],"inLanguage":"ca"},{"@type":"Organization","@id":"https:\/\/mobensescolar.com\/ca\/#organization","name":"Mobens School","url":"https:\/\/mobensescolar.com\/ca\/","logo":{"@type":"ImageObject","inLanguage":"ca","@id":"https:\/\/mobensescolar.com\/ca\/#\/schema\/logo\/image\/","url":"https:\/\/mobensescolar.com\/wp-content\/uploads\/2024\/10\/logo-mobens.webp","contentUrl":"https:\/\/mobensescolar.com\/wp-content\/uploads\/2024\/10\/logo-mobens.webp","width":181,"height":181,"caption":"Mobens School"},"image":{"@id":"https:\/\/mobensescolar.com\/ca\/#\/schema\/logo\/image\/"},"sameAs":["https:\/\/www.instagram.com\/mobens.school\/"]}]}},"_links":{"self":[{"href":"https:\/\/mobensescolar.com\/ca\/wp-json\/wp\/v2\/pages\/3","targetHints":{"allow":["GET"]}}],"collection":[{"href":"https:\/\/mobensescolar.com\/ca\/wp-json\/wp\/v2\/pages"}],"about":[{"href":"https:\/\/mobensescolar.com\/ca\/wp-json\/wp\/v2\/types\/page"}],"author":[{"embeddable":true,"href":"https:\/\/mobensescolar.com\/ca\/wp-json\/wp\/v2\/users\/1"}],"replies":[{"embeddable":true,"href":"https:\/\/mobensescolar.com\/ca\/wp-json\/wp\/v2\/comments?post=3"}],"version-history":[{"count":18,"href":"https:\/\/mobensescolar.com\/ca\/wp-json\/wp\/v2\/pages\/3\/revisions"}],"predecessor-version":[{"id":1287,"href":"https:\/\/mobensescolar.com\/ca\/wp-json\/wp\/v2\/pages\/3\/revisions\/1287"}],"wp:attachment":[{"href":"https:\/\/mobensescolar.com\/ca\/wp-json\/wp\/v2\/media?parent=3"}],"curies":[{"name":"wp","href":"https:\/\/api.w.org\/{rel}","templated":true}]}}