{"id":472,"date":"2024-10-05T12:00:42","date_gmt":"2024-10-05T10:00:42","guid":{"rendered":"http:\/\/mobensescolar.com\/?page_id=472"},"modified":"2024-10-09T14:16:47","modified_gmt":"2024-10-09T12:16:47","slug":"politica-de-cookies","status":"publish","type":"page","link":"https:\/\/mobensescolar.com\/ca\/politica-de-cookies\/","title":{"rendered":"Pol\u00edtica de cookies"},"content":{"rendered":"\t\t<div data-elementor-type=\"wp-page\" data-elementor-id=\"472\" class=\"elementor elementor-472\">\n\t\t\t\t<div class=\"elementor-element elementor-element-8bee7c7 e-flex e-con-boxed e-con e-parent\" data-id=\"8bee7c7\" data-element_type=\"container\" data-e-type=\"container\">\n\t\t\t\t\t<div class=\"e-con-inner\">\n\t\t\t\t<div class=\"elementor-element elementor-element-20faf70 elementor-widget elementor-widget-heading\" data-id=\"20faf70\" data-element_type=\"widget\" data-e-type=\"widget\" data-widget_type=\"heading.default\">\n\t\t\t\t<div class=\"elementor-widget-container\">\n\t\t\t\t\t<h1 class=\"elementor-heading-title elementor-size-default\">Pol\u00edtica de cookies<\/h1>\t\t\t\t<\/div>\n\t\t\t\t<\/div>\n\t\t\t\t\t<\/div>\n\t\t\t\t<\/div>\n\t\t<div class=\"elementor-element elementor-element-cf027b3 e-flex e-con-boxed e-con e-parent\" data-id=\"cf027b3\" data-element_type=\"container\" data-e-type=\"container\">\n\t\t\t\t\t<div class=\"e-con-inner\">\n\t\t\t\t<div class=\"elementor-element elementor-element-a6a54c6 elementor-widget elementor-widget-heading\" data-id=\"a6a54c6\" data-element_type=\"widget\" data-e-type=\"widget\" data-widget_type=\"heading.default\">\n\t\t\t\t<div class=\"elementor-widget-container\">\n\t\t\t\t\t<h3 class=\"elementor-heading-title elementor-size-default\">Introducci\u00f3<\/h3>\t\t\t\t<\/div>\n\t\t\t\t<\/div>\n\t\t\t\t<div class=\"elementor-element elementor-element-acf611f elementor-widget elementor-widget-text-editor\" data-id=\"acf611f\" data-element_type=\"widget\" data-e-type=\"widget\" data-widget_type=\"text-editor.default\">\n\t\t\t\t<div class=\"elementor-widget-container\">\n\t\t\t\t\t\t\t\t\t<p>El lloc web de <strong>Mobens<\/strong> utilitza cookies pr\u00f2pies i de tercers. Una galeta \u00e9s un fitxer que es descarrega al vostre ordinador en accedir a determinades p\u00e0gines web. Les cookies permeten a una p\u00e0gina web, entre altres finalitats, assegurar el funcionament correcte de la p\u00e0gina, permetre a l\u2019Usuari un acc\u00e9s m\u00e9s r\u00e0pid als serveis seleccionats, emmagatzemar i recuperar informaci\u00f3 sobre els h\u00e0bits de navegaci\u00f3 d\u2019un usuari o del seu equip i fins i tot , depenent de la informaci\u00f3 que continguin i de la manera com utilitzeu el vostre equip, es poden utilitzar per recon\u00e8ixer l\u2019usuari. Les galetes s\u2019associen \u00fanicament a un usuari an\u00f2nim i el seu ordinador o dispositiu i no proporcionen refer\u00e8ncies que permetin con\u00e8ixer les vostres dades personals., excepte perm\u00eds expr\u00e9s d\u2019aquell.<br \/>L\u2019usuari pot, en tot moment, acceptar o rebutjar les cookies instal\u00b7lades que no siguin estrictament necess\u00e0ries per al funcionament correcte del web i l\u2019acc\u00e9s a l\u2019Usuari als seus serveis, a trav\u00e9s del panell d\u2019ajust de cookies proporcionat al nostre web. Aix\u00ed mateix, podreu configurar el vostre navegador a tot moment sense que aix\u00f2 perjudiqui la possibilitat de l\u2019usuari d\u2019accedir als continguts. No obstant aix\u00f2, us informem que el rebuig de les cookies pot disminuir el bon funcionament de la web.<\/p>\t\t\t\t\t\t\t\t<\/div>\n\t\t\t\t<\/div>\n\t\t\t\t<div class=\"elementor-element elementor-element-9d3a0e3 elementor-widget elementor-widget-heading\" data-id=\"9d3a0e3\" data-element_type=\"widget\" data-e-type=\"widget\" data-widget_type=\"heading.default\">\n\t\t\t\t<div class=\"elementor-widget-container\">\n\t\t\t\t\t<h3 class=\"elementor-heading-title elementor-size-default\">Galetes afectades per la normativa i galetes exemptes<\/h3>\t\t\t\t<\/div>\n\t\t\t\t<\/div>\n\t\t\t\t<div class=\"elementor-element elementor-element-699a336 elementor-widget elementor-widget-text-editor\" data-id=\"699a336\" data-element_type=\"widget\" data-e-type=\"widget\" data-widget_type=\"text-editor.default\">\n\t\t\t\t<div class=\"elementor-widget-container\">\n\t\t\t\t\t\t\t\t\t<p>Segons la directiva de la UE, les galetes que requereixen el consentiment informat per part de l\u2019usuari s\u00f3n les galetes d\u2019anal\u00edtica, les de publicitat i afiliaci\u00f3, i queden exceptuades les de car\u00e0cter t\u00e8cnic i les necess\u00e0ries per al funcionament del lloc web o la prestaci\u00f3 de serveis expressament demanats per l\u2019usuari.<\/p>\t\t\t\t\t\t\t\t<\/div>\n\t\t\t\t<\/div>\n\t\t\t\t<div class=\"elementor-element elementor-element-a83fca8 elementor-widget elementor-widget-heading\" data-id=\"a83fca8\" data-element_type=\"widget\" data-e-type=\"widget\" data-widget_type=\"heading.default\">\n\t\t\t\t<div class=\"elementor-widget-container\">\n\t\t\t\t\t<h3 class=\"elementor-heading-title elementor-size-default\">Tipus de cookies<\/h3>\t\t\t\t<\/div>\n\t\t\t\t<\/div>\n\t\t\t\t<div class=\"elementor-element elementor-element-1e18a67 elementor-widget elementor-widget-text-editor\" data-id=\"1e18a67\" data-element_type=\"widget\" data-e-type=\"widget\" data-widget_type=\"text-editor.default\">\n\t\t\t\t<div class=\"elementor-widget-container\">\n\t\t\t\t\t\t\t\t\t<p>a) Segons l\u2019entitat que les gestioni, hi ha galetes pr\u00f2pies (aquelles que s\u2019envien a l\u2019equip terminal de l\u2019usuari des d\u2019un equip o domini gestionat pel mateix editor i des del qual es presta el servei sol\u00b7licitat per l\u2019usuari) i de tercers (les que s\u2019envien a l\u2019equip terminal de l\u2019usuari des d\u2019un equip o domini que no \u00e9s gestionat per l\u2019editor, sin\u00f3 per una altra entitat que tracta les dades obtingudes mitjan\u00e7ant les galetes).<\/p><p>b) Segons el temps que romanen actives, hi ha les de sessi\u00f3 (dissenyades per demanar i emmagatzemar dades mentre l\u2019usuari accedeix a una p\u00e0gina web) i les persistents (en qu\u00e8 les dades s\u2019emmagatzemen al terminal i poden ser accedides i tractades durant un per\u00edode definit pel responsable de la galeta pot anar d\u2019uns minuts a uns quants anys).<\/p><p>c) Segons la finalitat per a la qual tracten la informaci\u00f3 que recopilen, poden ser:<\/p><p>\u2013 Cookies t\u00e8cniques (necess\u00e0ries per a l\u2019\u00fas de la web i la prestaci\u00f3 del servei contractat),<br \/>\u2013 Cookies de personalitzaci\u00f3 (que permeten a l\u2019usuari accedir al servei amb caracter\u00edstiques predefinides, com ara l\u2019idioma, el tipus de navegador, la configuraci\u00f3 regional, etc.)<br \/>\u2013 Cookies d\u2019an\u00e0lisi (recullin informaci\u00f3 de l\u2019\u00fas que es fa de la web),<br \/>\u2013 Cookies publicit\u00e0ries (recullen informaci\u00f3 sobre les prefer\u00e8ncies i eleccions personals dels usuaris),<br \/>\u2013 Cookies d\u2019afiliats (permeten fer un seguiment de les visites procedents d\u2019altres webs, amb qu\u00e8 el lloc web estableix un contracte d\u2019afiliaci\u00f3).<\/p>\t\t\t\t\t\t\t\t<\/div>\n\t\t\t\t<\/div>\n\t\t\t\t<div class=\"elementor-element elementor-element-25f7721 elementor-widget elementor-widget-heading\" data-id=\"25f7721\" data-element_type=\"widget\" data-e-type=\"widget\" data-widget_type=\"heading.default\">\n\t\t\t\t<div class=\"elementor-widget-container\">\n\t\t\t\t\t<h3 class=\"elementor-heading-title elementor-size-default\">Revocaci\u00f3<\/h3>\t\t\t\t<\/div>\n\t\t\t\t<\/div>\n\t\t\t\t<div class=\"elementor-element elementor-element-247c09a elementor-widget elementor-widget-text-editor\" data-id=\"247c09a\" data-element_type=\"widget\" data-e-type=\"widget\" data-widget_type=\"text-editor.default\">\n\t\t\t\t<div class=\"elementor-widget-container\">\n\t\t\t\t\t\t\t\t\t<p>En tot moment podreu accedir a la configuraci\u00f3 del vostre navegador acceptant o rebutjant totes les cookies, o b\u00e9 seleccionar aquelles que la instal\u00b7laci\u00f3 admet i les que no, seguint un dels procediments seg\u00fcents, que dep\u00e8n del navegador que utilitzeu:<\/p><h6><strong>Google Chrome (al Men\u00fa Eines)<\/strong><\/h6><p>Configuraci\u00f3 &gt; Configuraci\u00f3&gt; Mostrar opcions avan\u00e7ades&gt; Privadesa (Configuraci\u00f3 de contingut)&gt; Cookies: https:\/\/support.google.com\/chrome\/answer\/95647?co=GENIE.Platform%3DDesktopandhl=e<\/p><h6><strong>Microsoft Edge (al Men\u00fa Configuraci\u00f3)<\/strong><\/h6><p>Opcions d\u2019Internet &gt; Privadesa &gt; Avan\u00e7ada: edge:\/\/settings\/content\/cookies<\/p><h6><strong>Firefox<\/strong><\/h6><p>Opcions&gt; Privacitat&gt; Cookies: https:\/\/support.mozilla.org\/es\/kb\/habilitar-y-deshabilitar-cookies-sitios-web-rastrear-preferencias<\/p><h6><strong>Opera<\/strong><\/h6><p>Configuraci\u00f3&gt; Opcions&gt; Avan\u00e7at&gt; Cookies http:\/\/help.opera.com\/Windows\/12.00\/es-ES\/cookies.html <br \/><br \/>Aquests navegadors estan sotmesos a canvis o modificacions, per la qual cosa no podem garantir que s\u2019ajustin completament a la versi\u00f3 del vostre navegador. Tamb\u00e9 pot ser que utilitzeu un altre navegador no contemplat en aquests enlla\u00e7os com Konqueror, Arora, Flock, etc. Per evitar aquests desajustaments, podeu accedir directament des de les opcions del vostre navegador, generalment al men\u00fa de \u201cOpcions\u201d a la secci\u00f3 de \u201cPrivadesa\u201d. (Si us plau, consulteu l\u2019ajuda del vostre navegador per a m\u00e9s informaci\u00f3).<\/p>\t\t\t\t\t\t\t\t<\/div>\n\t\t\t\t<\/div>\n\t\t\t\t<div class=\"elementor-element elementor-element-2f4a1c7 elementor-widget elementor-widget-heading\" data-id=\"2f4a1c7\" data-element_type=\"widget\" data-e-type=\"widget\" data-widget_type=\"heading.default\">\n\t\t\t\t<div class=\"elementor-widget-container\">\n\t\t\t\t\t<h3 class=\"elementor-heading-title elementor-size-default\"> Canvis en aquesta pol\u00edtica de cookies <\/h3>\t\t\t\t<\/div>\n\t\t\t\t<\/div>\n\t\t\t\t<div class=\"elementor-element elementor-element-f0f8aec elementor-widget elementor-widget-text-editor\" data-id=\"f0f8aec\" data-element_type=\"widget\" data-e-type=\"widget\" data-widget_type=\"text-editor.default\">\n\t\t\t\t<div class=\"elementor-widget-container\">\n\t\t\t\t\t\t\t\t\t<p><strong>Desactivaci\u00f3 \/ Activaci\u00f3 i eliminaci\u00f3 de cookies<\/strong> <br \/>Per restringir o bloquejar les galetes, es fa a trav\u00e9s de la configuraci\u00f3 del navegador. Si no voleu que els llocs web posin cap galeta al vostre equip, podeu adaptar la configuraci\u00f3 del navegador de manera que se us notifiqui abans que es col\u00b7loqui cap galeta. De la mateixa manera, podeu adaptar la configuraci\u00f3 de manera que el navegador rebutgi totes les galetes, o \u00fanicament les galetes de tercers. Tamb\u00e9 podeu eliminar qualsevol de les galetes que ja es trobin a l\u2019equip. Recordeu que haureu d\u2019adaptar per separat la configuraci\u00f3 de cada navegador i equip que utilitzeu. Recordeu que si no voleu rebre cookies, ja no podrem garantir que el nostre lloc web funcioni com cal. Potser algunes funcions del lloc es perden i \u00e9s possible que ja no pugueu veure certs llocs web. A m\u00e9s, va rebutjar les galetes no significa que ja no aneu a veure anuncis publicitaris. Simplement els anuncis no s\u2019ajustaran als vostres interessos i es repetiran amb m\u00e9s freq\u00fc\u00e8ncia. Cada navegador t\u00e9 un m\u00e8tode diferent per adaptar-ne la configuraci\u00f3. Si cal, consulteu la funci\u00f3 d\u2019ajuda del navegador per establir la configuraci\u00f3 correcta. Per desactivar les galetes al tel\u00e8fon m\u00f2bil, consulteu el manual del dispositiu per obtenir m\u00e9s informaci\u00f3. Podeu obtenir m\u00e9s informaci\u00f3 sobre les galetes a Internet, http:\/\/www.aboutcookies.org\/. Tenint en compte la manera com funciona Internet i els llocs web, no sempre comptem amb informaci\u00f3 de les cookies que col\u00b7loquen terceres parts a trav\u00e9s del nostre lloc web. Aix\u00f2 s\u2019aplica especialment a casos en qu\u00e8 la p\u00e0gina web cont\u00e9 all\u00f2 que s\u2019anomenen elements integrats: textos, documents, imatges o breus pel\u00b7l\u00edcules que s\u2019emmagatzemen en una altra part, per\u00f2 es mostren al nostre lloc web o mitjan\u00e7ant el mateix. Per tant, en cas que es trobi amb aquest tipus de cookies en aquest lloc web i no estiguin enumerades a la llista anterior, us preguem que ens ho comuniqueu. O b\u00e9 poseu-vos en contacte directament amb el tercer per demanar-li informaci\u00f3 sobre les cookies que col\u00b7loca, la finalitat i la durada de la galeta, i com ha garantit la seva privadesa.<\/p>\t\t\t\t\t\t\t\t<\/div>\n\t\t\t\t<\/div>\n\t\t\t\t<div class=\"elementor-element elementor-element-f782abb elementor-widget elementor-widget-heading\" data-id=\"f782abb\" data-element_type=\"widget\" data-e-type=\"widget\" data-widget_type=\"heading.default\">\n\t\t\t\t<div class=\"elementor-widget-container\">\n\t\t\t\t\t<h3 class=\"elementor-heading-title elementor-size-default\">+ Informaci\u00f3 relacionada amb el tractament de dades personals (art.13 rgpd)<\/h3>\t\t\t\t<\/div>\n\t\t\t\t<\/div>\n\t\t\t\t<div class=\"elementor-element elementor-element-c4358c6 elementor-widget elementor-widget-text-editor\" data-id=\"c4358c6\" data-element_type=\"widget\" data-e-type=\"widget\" data-widget_type=\"text-editor.default\">\n\t\t\t\t<div class=\"elementor-widget-container\">\n\t\t\t\t\t\t\t\t\t<p><strong>Qui \u00e9s el responsable del tractament de les vostres dades personals?<br \/><\/strong><br \/>Cano Soluciones Integrales SL \u00e9s el responsable del tractament de les dades personals que vost\u00e8 ens proporciona, situat a , i amb CIF B67101311 i mail de contacte comercial@mobensescolar.com.<\/p><p><strong>Per qu\u00e8 utilitzem les vostres dades personals?<\/strong><br \/>La informaci\u00f3 recopilada a trav\u00e9s de les cookies pr\u00f2pies (cookies de sessi\u00f3 i d\u2019entrada d\u2019usuari) se solen utilitzar per rastrejar les accions de l\u2019usuari en omplir els formularis en l\u00ednia a diverses p\u00e0gines, o com a cistella de la compra per fer el seguiment dels articles que lusuari ha seleccionat en pr\u00e9mer un bot\u00f3, o per personalitzar la interf\u00edcie de lusuari en visitar la p\u00e0gina web.<br \/>La informaci\u00f3 recopilada a trav\u00e9s de les galetes de tercers \u00e9s la seg\u00fcent:<br \/>\u2013 A trav\u00e9s de les galetes anal\u00edtiques s\u2019analitzen els seus h\u00e0bits de navegaci\u00f3 per millorar els serveis prestats;<br \/>\u2013 A trav\u00e9s de les galetes anal\u00edtiques s\u2019analitzen els seus h\u00e0bits de navegaci\u00f3 per millorar els serveis prestats;<br \/>\u2013 a trav\u00e9s de les galetes publicit\u00e0ries es mesura el rendiment dels anuncis i es proporcionen recomanacions relatives a productes basades en dades estad\u00edstiques.<br \/>Per veure exactament l\u2019\u00fas de les galetes vegeu el quadre sobre l\u2019\u00fas de les galetes en aquesta web.<\/p><p><strong>Per qu\u00e8 utilitzem les vostres dades personals?<\/strong><br \/>La legitimaci\u00f3 per al tractament de les vostres dades personals ve donada pel seu consentiment, atorgat en el moment de posar-se en contacte amb nosaltres, per a la utilitzaci\u00f3 de cookies anal\u00edtiques, comportamentals i publicit\u00e0ries; per a les galetes de sessi\u00f3 o personalitzaci\u00f3, la legitimaci\u00f3 per al tractament ve donada per l\u2019inter\u00e8s leg\u00edtim del prestador (responsable del tractament).<\/p><p><strong>A qui comuniquem les vostres dades?<\/strong><br \/>No se cediran ni comunicaran dades a tercers, excepte per obligaci\u00f3 legal o als tercers indicats en cas d\u2019\u00fas de cookies gestionades per aquests.<br \/>Quin \u00e9s el termini de conservaci\u00f3 de les vostres dades?<\/p><p>El termini de conservaci\u00f3 de les dades recollides \u00e9s l\u2019indicat al quadre sobre l\u2019\u00fas de les galetes en aquesta web.<\/p><p><strong>Quins s\u00f3n els vostres drets?<\/strong><br \/>Els drets que emparen l\u2019usuari s\u00f3n els d\u2019acc\u00e9s, rectificaci\u00f3, supressi\u00f3, portabilitat dels mateixos, retirada del consentiment (sense que aix\u00f2 afecti la licitud del tractament atorgat pr\u00e8viament a la retirada), oposici\u00f3 al tractament, limitaci\u00f3 (en determinades circumst\u00e0ncies) ia presentar una reclamaci\u00f3 davant de l\u2019autoritat de control (l\u2019Ag\u00e8ncia Espanyola de protecci\u00f3 de dades, www.aepd.es).<\/p>\t\t\t\t\t\t\t\t<\/div>\n\t\t\t\t<\/div>\n\t\t\t\t\t<\/div>\n\t\t\t\t<\/div>\n\t\t\t\t<\/div>\n\t\t","protected":false},"excerpt":{"rendered":"<p>Pol\u00edtica de cookies Introducci\u00f3 El lloc web de Mobens utilitza cookies pr\u00f2pies i de tercers. Una galeta \u00e9s un fitxer que es descarrega al vostre ordinador en accedir a determinades p\u00e0gines web. Les cookies permeten a una p\u00e0gina web, entre altres finalitats, assegurar el funcionament correcte de la p\u00e0gina, permetre a l\u2019Usuari un acc\u00e9s m\u00e9s &#8230; <a title=\"Pol\u00edtica de cookies\" class=\"read-more\" href=\"https:\/\/mobensescolar.com\/ca\/politica-de-cookies\/\" aria-label=\"M\u00e9s informaci\u00f3 sobre Pol\u00edtica de cookies\">Llegiu m\u00e9s<\/a><\/p>\n","protected":false},"author":1,"featured_media":0,"parent":0,"menu_order":0,"comment_status":"closed","ping_status":"closed","template":"elementor_header_footer","meta":{"_acf_changed":false,"footnotes":""},"class_list":["post-472","page","type-page","status-publish"],"acf":[],"yoast_head":"<!-- This site is optimized with the Yoast SEO plugin v24.4 - https:\/\/yoast.com\/wordpress\/plugins\/seo\/ -->\n<title>Pol\u00edtica de cookies - Mobens<\/title>\n<meta name=\"robots\" content=\"noindex, follow\" \/>\n<meta property=\"og:locale\" content=\"ca_ES\" \/>\n<meta property=\"og:type\" content=\"article\" \/>\n<meta property=\"og:title\" content=\"Pol\u00edtica de cookies - Mobens\" \/>\n<meta property=\"og:description\" content=\"Pol\u00edtica de cookies Introducci\u00f3 El lloc web de Mobens utilitza cookies pr\u00f2pies i de tercers. Una galeta \u00e9s un fitxer que es descarrega al vostre ordinador en accedir a determinades p\u00e0gines web. Les cookies permeten a una p\u00e0gina web, entre altres finalitats, assegurar el funcionament correcte de la p\u00e0gina, permetre a l\u2019Usuari un acc\u00e9s m\u00e9s ... Llegiu m\u00e9s\" \/>\n<meta property=\"og:url\" content=\"https:\/\/mobensescolar.com\/ca\/politica-de-cookies\/\" \/>\n<meta property=\"og:site_name\" content=\"Mobens\" \/>\n<meta property=\"article:modified_time\" content=\"2024-10-09T12:16:47+00:00\" \/>\n<meta name=\"twitter:card\" content=\"summary_large_image\" \/>\n<meta name=\"twitter:label1\" content=\"Temps estimat de lectura\" \/>\n\t<meta name=\"twitter:data1\" content=\"8 minuts\" \/>\n<script type=\"application\/ld+json\" class=\"yoast-schema-graph\">{\"@context\":\"https:\/\/schema.org\",\"@graph\":[{\"@type\":\"WebPage\",\"@id\":\"https:\/\/mobensescolar.com\/ca\/politica-de-cookies\/\",\"url\":\"https:\/\/mobensescolar.com\/ca\/politica-de-cookies\/\",\"name\":\"Pol\u00edtica de cookies - Mobens\",\"isPartOf\":{\"@id\":\"https:\/\/mobensescolar.com\/ca\/#website\"},\"datePublished\":\"2024-10-05T10:00:42+00:00\",\"dateModified\":\"2024-10-09T12:16:47+00:00\",\"breadcrumb\":{\"@id\":\"https:\/\/mobensescolar.com\/ca\/politica-de-cookies\/#breadcrumb\"},\"inLanguage\":\"ca\",\"potentialAction\":[{\"@type\":\"ReadAction\",\"target\":[\"https:\/\/mobensescolar.com\/ca\/politica-de-cookies\/\"]}]},{\"@type\":\"BreadcrumbList\",\"@id\":\"https:\/\/mobensescolar.com\/ca\/politica-de-cookies\/#breadcrumb\",\"itemListElement\":[{\"@type\":\"ListItem\",\"position\":1,\"name\":\"Inici\",\"item\":\"https:\/\/mobensescolar.com\/ca\/homepage\/\"},{\"@type\":\"ListItem\",\"position\":2,\"name\":\"Pol\u00edtica de cookies\"}]},{\"@type\":\"WebSite\",\"@id\":\"https:\/\/mobensescolar.com\/ca\/#website\",\"url\":\"https:\/\/mobensescolar.com\/ca\/\",\"name\":\"Mobens School\",\"description\":\"\",\"publisher\":{\"@id\":\"https:\/\/mobensescolar.com\/ca\/#organization\"},\"potentialAction\":[{\"@type\":\"SearchAction\",\"target\":{\"@type\":\"EntryPoint\",\"urlTemplate\":\"https:\/\/mobensescolar.com\/ca\/?s={search_term_string}\"},\"query-input\":{\"@type\":\"PropertyValueSpecification\",\"valueRequired\":true,\"valueName\":\"search_term_string\"}}],\"inLanguage\":\"ca\"},{\"@type\":\"Organization\",\"@id\":\"https:\/\/mobensescolar.com\/ca\/#organization\",\"name\":\"Mobens School\",\"url\":\"https:\/\/mobensescolar.com\/ca\/\",\"logo\":{\"@type\":\"ImageObject\",\"inLanguage\":\"ca\",\"@id\":\"https:\/\/mobensescolar.com\/ca\/#\/schema\/logo\/image\/\",\"url\":\"https:\/\/mobensescolar.com\/wp-content\/uploads\/2024\/10\/logo-mobens.webp\",\"contentUrl\":\"https:\/\/mobensescolar.com\/wp-content\/uploads\/2024\/10\/logo-mobens.webp\",\"width\":181,\"height\":181,\"caption\":\"Mobens School\"},\"image\":{\"@id\":\"https:\/\/mobensescolar.com\/ca\/#\/schema\/logo\/image\/\"},\"sameAs\":[\"https:\/\/www.instagram.com\/mobens.school\/\"]}]}<\/script>\n<!-- \/ Yoast SEO plugin. -->","yoast_head_json":{"title":"Pol\u00edtica de cookies - Mobens","robots":{"index":"noindex","follow":"follow"},"og_locale":"ca_ES","og_type":"article","og_title":"Pol\u00edtica de cookies - Mobens","og_description":"Pol\u00edtica de cookies Introducci\u00f3 El lloc web de Mobens utilitza cookies pr\u00f2pies i de tercers. Una galeta \u00e9s un fitxer que es descarrega al vostre ordinador en accedir a determinades p\u00e0gines web. Les cookies permeten a una p\u00e0gina web, entre altres finalitats, assegurar el funcionament correcte de la p\u00e0gina, permetre a l\u2019Usuari un acc\u00e9s m\u00e9s ... Llegiu m\u00e9s","og_url":"https:\/\/mobensescolar.com\/ca\/politica-de-cookies\/","og_site_name":"Mobens","article_modified_time":"2024-10-09T12:16:47+00:00","twitter_card":"summary_large_image","twitter_misc":{"Temps estimat de lectura":"8 minuts"},"schema":{"@context":"https:\/\/schema.org","@graph":[{"@type":"WebPage","@id":"https:\/\/mobensescolar.com\/ca\/politica-de-cookies\/","url":"https:\/\/mobensescolar.com\/ca\/politica-de-cookies\/","name":"Pol\u00edtica de cookies - Mobens","isPartOf":{"@id":"https:\/\/mobensescolar.com\/ca\/#website"},"datePublished":"2024-10-05T10:00:42+00:00","dateModified":"2024-10-09T12:16:47+00:00","breadcrumb":{"@id":"https:\/\/mobensescolar.com\/ca\/politica-de-cookies\/#breadcrumb"},"inLanguage":"ca","potentialAction":[{"@type":"ReadAction","target":["https:\/\/mobensescolar.com\/ca\/politica-de-cookies\/"]}]},{"@type":"BreadcrumbList","@id":"https:\/\/mobensescolar.com\/ca\/politica-de-cookies\/#breadcrumb","itemListElement":[{"@type":"ListItem","position":1,"name":"Inici","item":"https:\/\/mobensescolar.com\/ca\/homepage\/"},{"@type":"ListItem","position":2,"name":"Pol\u00edtica de cookies"}]},{"@type":"WebSite","@id":"https:\/\/mobensescolar.com\/ca\/#website","url":"https:\/\/mobensescolar.com\/ca\/","name":"Mobens School","description":"","publisher":{"@id":"https:\/\/mobensescolar.com\/ca\/#organization"},"potentialAction":[{"@type":"SearchAction","target":{"@type":"EntryPoint","urlTemplate":"https:\/\/mobensescolar.com\/ca\/?s={search_term_string}"},"query-input":{"@type":"PropertyValueSpecification","valueRequired":true,"valueName":"search_term_string"}}],"inLanguage":"ca"},{"@type":"Organization","@id":"https:\/\/mobensescolar.com\/ca\/#organization","name":"Mobens School","url":"https:\/\/mobensescolar.com\/ca\/","logo":{"@type":"ImageObject","inLanguage":"ca","@id":"https:\/\/mobensescolar.com\/ca\/#\/schema\/logo\/image\/","url":"https:\/\/mobensescolar.com\/wp-content\/uploads\/2024\/10\/logo-mobens.webp","contentUrl":"https:\/\/mobensescolar.com\/wp-content\/uploads\/2024\/10\/logo-mobens.webp","width":181,"height":181,"caption":"Mobens School"},"image":{"@id":"https:\/\/mobensescolar.com\/ca\/#\/schema\/logo\/image\/"},"sameAs":["https:\/\/www.instagram.com\/mobens.school\/"]}]}},"_links":{"self":[{"href":"https:\/\/mobensescolar.com\/ca\/wp-json\/wp\/v2\/pages\/472","targetHints":{"allow":["GET"]}}],"collection":[{"href":"https:\/\/mobensescolar.com\/ca\/wp-json\/wp\/v2\/pages"}],"about":[{"href":"https:\/\/mobensescolar.com\/ca\/wp-json\/wp\/v2\/types\/page"}],"author":[{"embeddable":true,"href":"https:\/\/mobensescolar.com\/ca\/wp-json\/wp\/v2\/users\/1"}],"replies":[{"embeddable":true,"href":"https:\/\/mobensescolar.com\/ca\/wp-json\/wp\/v2\/comments?post=472"}],"version-history":[{"count":11,"href":"https:\/\/mobensescolar.com\/ca\/wp-json\/wp\/v2\/pages\/472\/revisions"}],"predecessor-version":[{"id":1297,"href":"https:\/\/mobensescolar.com\/ca\/wp-json\/wp\/v2\/pages\/472\/revisions\/1297"}],"wp:attachment":[{"href":"https:\/\/mobensescolar.com\/ca\/wp-json\/wp\/v2\/media?parent=472"}],"curies":[{"name":"wp","href":"https:\/\/api.w.org\/{rel}","templated":true}]}}