{"id":1461,"date":"2024-10-16T22:56:18","date_gmt":"2024-10-16T20:56:18","guid":{"rendered":"http:\/\/mobensescolar.com\/?post_type=product&#038;p=1461"},"modified":"2025-05-30T13:49:35","modified_gmt":"2025-05-30T11:49:35","slug":"panell-acustic-samos","status":"publish","type":"product","link":"https:\/\/mobensescolar.com\/ca\/producto\/panell-acustic-samos\/","title":{"rendered":"Panell Ac\u00fastic SAMOS"},"content":{"rendered":"<p data-start=\"117\" data-end=\"550\">El panell ac\u00fastic SAMOS \u00e9s una soluci\u00f3 efica\u00e7 i est\u00e8tica per millorar l&#8217;ac\u00fastica en entorns educatius. Dissenyat com a part del mobiliari escolar modern, aquest panell autoportant redueix la reverberaci\u00f3 i l\u2019eco, creant un ambient m\u00e9s propici per a l\u2019aprenentatge i la concentraci\u00f3. El seu disseny elegant i els materials de gran qualitat el converteixen en una opci\u00f3 ideal per a aules, biblioteques i espais comuns.<\/p>\n<p data-start=\"552\" data-end=\"1174\" data-is-last-node=\"\" data-is-only-node=\"\"><strong data-start=\"552\" data-end=\"572\">Caracter\u00edstiques<\/strong><br data-start=\"572\" data-end=\"575\" \/>\u2022 <strong data-start=\"577\" data-end=\"607\">Materials d\u2019alta qualitat:<\/strong> Fabricat amb panells de PET, estructura de MDF, escuma de 5 mm i tela ac\u00fastica 100% poli\u00e8ster.<br data-start=\"702\" data-end=\"705\" \/>\u2022 <strong data-start=\"707\" data-end=\"728\">Suports robustos:<\/strong> Inclou suports en metall negre i fusta de faig, que aporten estabilitat i durabilitat.<br data-start=\"815\" data-end=\"818\" \/>\u2022 <strong data-start=\"820\" data-end=\"851\">Absorci\u00f3 ac\u00fastica classe A:<\/strong> Certificat segons la norma ISO 354, garanteix una excel\u00b7lent absorci\u00f3 del so.<br data-start=\"929\" data-end=\"932\" \/>\u2022 <strong data-start=\"934\" data-end=\"959\">Dimensions vers\u00e0tils:<\/strong> Disponible en mides de 120 x 90 cm i 160 x 100 cm, amb un gruix de 40 mm, adaptant-se a diferents necessitats espacials.<br data-start=\"1080\" data-end=\"1083\" \/>\u2022 <strong data-start=\"1085\" data-end=\"1109\">Disseny autoportant:<\/strong> F\u00e0cil d\u2019instal\u00b7lar i reubicar segons les necessitats de l\u2019espai.<\/p>\n","protected":false},"excerpt":{"rendered":"<p>El panell ac\u00fastic SAMOS \u00e9s una soluci\u00f3 efica\u00e7 i est\u00e8tica per millorar l&#8217;ac\u00fastica en entorns educatius. Dissenyat com a part del mobiliari escolar modern, aquest panell autoportant redueix la reverberaci\u00f3 i l\u2019eco, creant un ambient m\u00e9s propici per a l\u2019aprenentatge i la concentraci\u00f3. El seu disseny elegant i els materials de gran qualitat el converteixen &#8230; <a title=\"Panell Ac\u00fastic SAMOS\" class=\"read-more\" href=\"https:\/\/mobensescolar.com\/ca\/producto\/panell-acustic-samos\/\" aria-label=\"M\u00e9s informaci\u00f3 sobre Panell Ac\u00fastic SAMOS\">Llegiu m\u00e9s<\/a><\/p>\n","protected":false},"featured_media":1472,"comment_status":"closed","ping_status":"closed","template":"","meta":{"_acf_changed":false},"product_brand":[],"product_cat":[30],"product_tag":[],"class_list":{"0":"post-1461","1":"product","2":"type-product","3":"status-publish","4":"has-post-thumbnail","6":"product_cat-complements","8":"first","9":"instock","10":"featured","11":"taxable","12":"shipping-taxable","13":"purchasable","14":"product-type-simple"},"supplier_id":null,"supplier_sku":"","barcode":null,"atum_controlled":true,"out_stock_date":null,"out_stock_threshold":null,"inheritable":false,"inbound_stock":0,"stock_on_hold":0,"sold_today":0,"sales_last_days":0,"reserved_stock":0,"customer_returns":0,"warehouse_damage":0,"lost_in_post":0,"other_logs":0,"out_stock_days":0,"lost_sales":0,"has_location":false,"update_date":"2026-04-29T00:11:25","atum_locations":[],"atum_stock_status":"instock","restock_status":false,"low_stock_amount":"","sales_update_date":"2026-04-29T00:11:25","calc_backorders":null,"acf":[],"yoast_head":"<!-- This site is optimized with the Yoast SEO plugin v24.4 - https:\/\/yoast.com\/wordpress\/plugins\/seo\/ -->\n<title>Panell Ac\u00fastic SAMOS - Mobens<\/title>\n<meta name=\"description\" content=\"El panell ac\u00fastic SAMOS \u00e9s una soluci\u00f3 efica\u00e7 i est\u00e8tica per millorar l&#039;ac\u00fastica en entorns educatius. Dissenyat com a part del mobiliari escolar modern, aquest panell autoportant redueix la reverberaci\u00f3 i l\u2019eco, creant un ambient m\u00e9s propici per a l\u2019aprenentatge i la concentraci\u00f3.\" \/>\n<meta name=\"robots\" content=\"index, follow, max-snippet:-1, max-image-preview:large, max-video-preview:-1\" \/>\n<link rel=\"canonical\" href=\"https:\/\/mobensescolar.com\/ca\/producto\/panell-acustic-samos\/\" \/>\n<meta property=\"og:locale\" content=\"ca_ES\" \/>\n<meta property=\"og:type\" content=\"article\" \/>\n<meta property=\"og:title\" content=\"Panell Ac\u00fastic SAMOS - Mobens\" \/>\n<meta property=\"og:description\" content=\"El panell ac\u00fastic SAMOS \u00e9s una soluci\u00f3 efica\u00e7 i est\u00e8tica per millorar l&#039;ac\u00fastica en entorns educatius. Dissenyat com a part del mobiliari escolar modern, aquest panell autoportant redueix la reverberaci\u00f3 i l\u2019eco, creant un ambient m\u00e9s propici per a l\u2019aprenentatge i la concentraci\u00f3.\" \/>\n<meta property=\"og:url\" content=\"https:\/\/mobensescolar.com\/ca\/producto\/panell-acustic-samos\/\" \/>\n<meta property=\"og:site_name\" content=\"Mobens\" \/>\n<meta property=\"article:modified_time\" content=\"2025-05-30T11:49:35+00:00\" \/>\n<meta property=\"og:image\" content=\"https:\/\/mobensescolar.com\/wp-content\/uploads\/2024\/10\/samos1952x1000.webp\" \/>\n\t<meta property=\"og:image:width\" content=\"816\" \/>\n\t<meta property=\"og:image:height\" content=\"816\" \/>\n\t<meta property=\"og:image:type\" content=\"image\/webp\" \/>\n<meta name=\"twitter:card\" content=\"summary_large_image\" \/>\n<meta name=\"twitter:label1\" content=\"Temps estimat de lectura\" \/>\n\t<meta name=\"twitter:data1\" content=\"2 minuts\" \/>\n<script type=\"application\/ld+json\" class=\"yoast-schema-graph\">{\"@context\":\"https:\/\/schema.org\",\"@graph\":[{\"@type\":\"WebPage\",\"@id\":\"https:\/\/mobensescolar.com\/ca\/producto\/panell-acustic-samos\/\",\"url\":\"https:\/\/mobensescolar.com\/ca\/producto\/panell-acustic-samos\/\",\"name\":\"Panell Ac\u00fastic SAMOS - Mobens\",\"isPartOf\":{\"@id\":\"https:\/\/mobensescolar.com\/ca\/#website\"},\"primaryImageOfPage\":{\"@id\":\"https:\/\/mobensescolar.com\/ca\/producto\/panell-acustic-samos\/#primaryimage\"},\"image\":{\"@id\":\"https:\/\/mobensescolar.com\/ca\/producto\/panell-acustic-samos\/#primaryimage\"},\"thumbnailUrl\":\"https:\/\/mobensescolar.com\/wp-content\/uploads\/2024\/10\/samos1952x1000.webp\",\"datePublished\":\"2024-10-16T20:56:18+00:00\",\"dateModified\":\"2025-05-30T11:49:35+00:00\",\"description\":\"El panell ac\u00fastic SAMOS \u00e9s una soluci\u00f3 efica\u00e7 i est\u00e8tica per millorar l'ac\u00fastica en entorns educatius. Dissenyat com a part del mobiliari escolar modern, aquest panell autoportant redueix la reverberaci\u00f3 i l\u2019eco, creant un ambient m\u00e9s propici per a l\u2019aprenentatge i la concentraci\u00f3.\",\"breadcrumb\":{\"@id\":\"https:\/\/mobensescolar.com\/ca\/producto\/panell-acustic-samos\/#breadcrumb\"},\"inLanguage\":\"ca\",\"potentialAction\":[{\"@type\":\"ReadAction\",\"target\":[\"https:\/\/mobensescolar.com\/ca\/producto\/panell-acustic-samos\/\"]}]},{\"@type\":\"ImageObject\",\"inLanguage\":\"ca\",\"@id\":\"https:\/\/mobensescolar.com\/ca\/producto\/panell-acustic-samos\/#primaryimage\",\"url\":\"https:\/\/mobensescolar.com\/wp-content\/uploads\/2024\/10\/samos1952x1000.webp\",\"contentUrl\":\"https:\/\/mobensescolar.com\/wp-content\/uploads\/2024\/10\/samos1952x1000.webp\",\"width\":816,\"height\":816},{\"@type\":\"BreadcrumbList\",\"@id\":\"https:\/\/mobensescolar.com\/ca\/producto\/panell-acustic-samos\/#breadcrumb\",\"itemListElement\":[{\"@type\":\"ListItem\",\"position\":1,\"name\":\"Inici\",\"item\":\"https:\/\/mobensescolar.com\/ca\/homepage\/\"},{\"@type\":\"ListItem\",\"position\":2,\"name\":\"Botiga\",\"item\":\"https:\/\/mobensescolar.com\/ca\/botiga\/\"},{\"@type\":\"ListItem\",\"position\":3,\"name\":\"Panell Ac\u00fastic SAMOS\"}]},{\"@type\":\"WebSite\",\"@id\":\"https:\/\/mobensescolar.com\/ca\/#website\",\"url\":\"https:\/\/mobensescolar.com\/ca\/\",\"name\":\"Mobens School\",\"description\":\"\",\"publisher\":{\"@id\":\"https:\/\/mobensescolar.com\/ca\/#organization\"},\"potentialAction\":[{\"@type\":\"SearchAction\",\"target\":{\"@type\":\"EntryPoint\",\"urlTemplate\":\"https:\/\/mobensescolar.com\/ca\/?s={search_term_string}\"},\"query-input\":{\"@type\":\"PropertyValueSpecification\",\"valueRequired\":true,\"valueName\":\"search_term_string\"}}],\"inLanguage\":\"ca\"},{\"@type\":\"Organization\",\"@id\":\"https:\/\/mobensescolar.com\/ca\/#organization\",\"name\":\"Mobens School\",\"url\":\"https:\/\/mobensescolar.com\/ca\/\",\"logo\":{\"@type\":\"ImageObject\",\"inLanguage\":\"ca\",\"@id\":\"https:\/\/mobensescolar.com\/ca\/#\/schema\/logo\/image\/\",\"url\":\"https:\/\/mobensescolar.com\/wp-content\/uploads\/2024\/10\/logo-mobens.webp\",\"contentUrl\":\"https:\/\/mobensescolar.com\/wp-content\/uploads\/2024\/10\/logo-mobens.webp\",\"width\":181,\"height\":181,\"caption\":\"Mobens School\"},\"image\":{\"@id\":\"https:\/\/mobensescolar.com\/ca\/#\/schema\/logo\/image\/\"},\"sameAs\":[\"https:\/\/www.instagram.com\/mobens.school\/\"]}]}<\/script>\n<!-- \/ Yoast SEO plugin. -->","yoast_head_json":{"title":"Panell Ac\u00fastic SAMOS - Mobens","description":"El panell ac\u00fastic SAMOS \u00e9s una soluci\u00f3 efica\u00e7 i est\u00e8tica per millorar l'ac\u00fastica en entorns educatius. Dissenyat com a part del mobiliari escolar modern, aquest panell autoportant redueix la reverberaci\u00f3 i l\u2019eco, creant un ambient m\u00e9s propici per a l\u2019aprenentatge i la concentraci\u00f3.","robots":{"index":"index","follow":"follow","max-snippet":"max-snippet:-1","max-image-preview":"max-image-preview:large","max-video-preview":"max-video-preview:-1"},"canonical":"https:\/\/mobensescolar.com\/ca\/producto\/panell-acustic-samos\/","og_locale":"ca_ES","og_type":"article","og_title":"Panell Ac\u00fastic SAMOS - Mobens","og_description":"El panell ac\u00fastic SAMOS \u00e9s una soluci\u00f3 efica\u00e7 i est\u00e8tica per millorar l'ac\u00fastica en entorns educatius. Dissenyat com a part del mobiliari escolar modern, aquest panell autoportant redueix la reverberaci\u00f3 i l\u2019eco, creant un ambient m\u00e9s propici per a l\u2019aprenentatge i la concentraci\u00f3.","og_url":"https:\/\/mobensescolar.com\/ca\/producto\/panell-acustic-samos\/","og_site_name":"Mobens","article_modified_time":"2025-05-30T11:49:35+00:00","og_image":[{"width":816,"height":816,"url":"https:\/\/mobensescolar.com\/wp-content\/uploads\/2024\/10\/samos1952x1000.webp","type":"image\/webp"}],"twitter_card":"summary_large_image","twitter_misc":{"Temps estimat de lectura":"2 minuts"},"schema":{"@context":"https:\/\/schema.org","@graph":[{"@type":"WebPage","@id":"https:\/\/mobensescolar.com\/ca\/producto\/panell-acustic-samos\/","url":"https:\/\/mobensescolar.com\/ca\/producto\/panell-acustic-samos\/","name":"Panell Ac\u00fastic SAMOS - Mobens","isPartOf":{"@id":"https:\/\/mobensescolar.com\/ca\/#website"},"primaryImageOfPage":{"@id":"https:\/\/mobensescolar.com\/ca\/producto\/panell-acustic-samos\/#primaryimage"},"image":{"@id":"https:\/\/mobensescolar.com\/ca\/producto\/panell-acustic-samos\/#primaryimage"},"thumbnailUrl":"https:\/\/mobensescolar.com\/wp-content\/uploads\/2024\/10\/samos1952x1000.webp","datePublished":"2024-10-16T20:56:18+00:00","dateModified":"2025-05-30T11:49:35+00:00","description":"El panell ac\u00fastic SAMOS \u00e9s una soluci\u00f3 efica\u00e7 i est\u00e8tica per millorar l'ac\u00fastica en entorns educatius. Dissenyat com a part del mobiliari escolar modern, aquest panell autoportant redueix la reverberaci\u00f3 i l\u2019eco, creant un ambient m\u00e9s propici per a l\u2019aprenentatge i la concentraci\u00f3.","breadcrumb":{"@id":"https:\/\/mobensescolar.com\/ca\/producto\/panell-acustic-samos\/#breadcrumb"},"inLanguage":"ca","potentialAction":[{"@type":"ReadAction","target":["https:\/\/mobensescolar.com\/ca\/producto\/panell-acustic-samos\/"]}]},{"@type":"ImageObject","inLanguage":"ca","@id":"https:\/\/mobensescolar.com\/ca\/producto\/panell-acustic-samos\/#primaryimage","url":"https:\/\/mobensescolar.com\/wp-content\/uploads\/2024\/10\/samos1952x1000.webp","contentUrl":"https:\/\/mobensescolar.com\/wp-content\/uploads\/2024\/10\/samos1952x1000.webp","width":816,"height":816},{"@type":"BreadcrumbList","@id":"https:\/\/mobensescolar.com\/ca\/producto\/panell-acustic-samos\/#breadcrumb","itemListElement":[{"@type":"ListItem","position":1,"name":"Inici","item":"https:\/\/mobensescolar.com\/ca\/homepage\/"},{"@type":"ListItem","position":2,"name":"Botiga","item":"https:\/\/mobensescolar.com\/ca\/botiga\/"},{"@type":"ListItem","position":3,"name":"Panell Ac\u00fastic SAMOS"}]},{"@type":"WebSite","@id":"https:\/\/mobensescolar.com\/ca\/#website","url":"https:\/\/mobensescolar.com\/ca\/","name":"Mobens School","description":"","publisher":{"@id":"https:\/\/mobensescolar.com\/ca\/#organization"},"potentialAction":[{"@type":"SearchAction","target":{"@type":"EntryPoint","urlTemplate":"https:\/\/mobensescolar.com\/ca\/?s={search_term_string}"},"query-input":{"@type":"PropertyValueSpecification","valueRequired":true,"valueName":"search_term_string"}}],"inLanguage":"ca"},{"@type":"Organization","@id":"https:\/\/mobensescolar.com\/ca\/#organization","name":"Mobens School","url":"https:\/\/mobensescolar.com\/ca\/","logo":{"@type":"ImageObject","inLanguage":"ca","@id":"https:\/\/mobensescolar.com\/ca\/#\/schema\/logo\/image\/","url":"https:\/\/mobensescolar.com\/wp-content\/uploads\/2024\/10\/logo-mobens.webp","contentUrl":"https:\/\/mobensescolar.com\/wp-content\/uploads\/2024\/10\/logo-mobens.webp","width":181,"height":181,"caption":"Mobens School"},"image":{"@id":"https:\/\/mobensescolar.com\/ca\/#\/schema\/logo\/image\/"},"sameAs":["https:\/\/www.instagram.com\/mobens.school\/"]}]}},"_links":{"self":[{"href":"https:\/\/mobensescolar.com\/ca\/wp-json\/wp\/v2\/product\/1461","targetHints":{"allow":["GET"]}}],"collection":[{"href":"https:\/\/mobensescolar.com\/ca\/wp-json\/wp\/v2\/product"}],"about":[{"href":"https:\/\/mobensescolar.com\/ca\/wp-json\/wp\/v2\/types\/product"}],"replies":[{"embeddable":true,"href":"https:\/\/mobensescolar.com\/ca\/wp-json\/wp\/v2\/comments?post=1461"}],"version-history":[{"count":1,"href":"https:\/\/mobensescolar.com\/ca\/wp-json\/wp\/v2\/product\/1461\/revisions"}],"predecessor-version":[{"id":4218,"href":"https:\/\/mobensescolar.com\/ca\/wp-json\/wp\/v2\/product\/1461\/revisions\/4218"}],"wp:featuredmedia":[{"embeddable":true,"href":"https:\/\/mobensescolar.com\/ca\/wp-json\/wp\/v2\/media\/1472"}],"wp:attachment":[{"href":"https:\/\/mobensescolar.com\/ca\/wp-json\/wp\/v2\/media?parent=1461"}],"wp:term":[{"taxonomy":"product_brand","embeddable":true,"href":"https:\/\/mobensescolar.com\/ca\/wp-json\/wp\/v2\/product_brand?post=1461"},{"taxonomy":"product_cat","embeddable":true,"href":"https:\/\/mobensescolar.com\/ca\/wp-json\/wp\/v2\/product_cat?post=1461"},{"taxonomy":"product_tag","embeddable":true,"href":"https:\/\/mobensescolar.com\/ca\/wp-json\/wp\/v2\/product_tag?post=1461"}],"curies":[{"name":"wp","href":"https:\/\/api.w.org\/{rel}","templated":true}]}}