{"id":2237,"date":"2024-11-10T14:00:07","date_gmt":"2024-11-10T13:00:07","guid":{"rendered":"http:\/\/mobensescolar.com\/?post_type=product&#038;p=2237"},"modified":"2025-06-17T17:14:30","modified_gmt":"2025-06-17T15:14:30","slug":"sofa-despuma-cube","status":"publish","type":"product","link":"https:\/\/mobensescolar.com\/ca\/producto\/sofa-despuma-cube\/","title":{"rendered":"Sof\u00e0 d\u2019espuma Cube"},"content":{"rendered":"<p data-start=\"127\" data-end=\"593\">El <strong>Sof\u00e0 d\u2019espuma Cube<\/strong> \u00e9s una pe\u00e7a de mobiliari escolar dissenyada per transformar els entorns educatius en espais col\u00b7laboratius, creatius i funcionals.<br data-start=\"279\" data-end=\"282\" \/>Amb la seva forma quadrada i disseny modular, aquest sof\u00e0 s\u2019adapta perfectament a diverses zones com aules, biblioteques, espais de descans o passadissos, fomentant la interacci\u00f3 i l\u2019aprenentatge col\u00b7laboratiu. La seva estructura robusta i escuma d\u2019alta qualitat garanteixen durabilitat i confort en l\u2019\u00fas diari.<\/p>\n<p data-start=\"595\" data-end=\"615\"><strong data-start=\"595\" data-end=\"615\">Caracter\u00edstiques<\/strong><\/p>\n<p data-start=\"617\" data-end=\"1238\" data-is-last-node=\"\" data-is-only-node=\"\">\u2022 <strong>Disseny modular quadrat:<\/strong> Permet m\u00faltiples configuracions per adaptar-se a diferents espais i necessitats.<br data-start=\"724\" data-end=\"727\" \/>\u2022 <strong>Estructura de fusta i escuma d\u2019alta densitat:<\/strong> Ofereix resist\u00e8ncia i comoditat.<br data-start=\"807\" data-end=\"810\" \/>\u2022 <strong>Recobriment en polipell:<\/strong> F\u00e0cil de netejar, ideal per a entorns escolars.<br data-start=\"884\" data-end=\"887\" \/>\u2022 <strong>Manteniment f\u00e0cil:<\/strong> Superf\u00edcie que facilita la neteja i desinfecci\u00f3.<br data-start=\"956\" data-end=\"959\" \/>\u2022 <strong>Muntatge senzill:<\/strong> Dissenyat per a una instal\u00b7laci\u00f3 r\u00e0pida i sense complicacions.<br data-start=\"1041\" data-end=\"1044\" \/>\u2022 <strong>Qualitat certificada:<\/strong> Producte sotm\u00e8s a rigorosos controls de qualitat per garantir-ne la durabilitat.<br data-start=\"1148\" data-end=\"1151\" \/>\u2022 <strong>Lliurament r\u00e0pid:<\/strong> Disponibilitat immediata per equipar els teus espais sense demores.<\/p>\n","protected":false},"excerpt":{"rendered":"<p>El Sof\u00e0 d\u2019espuma Cube \u00e9s una pe\u00e7a de mobiliari escolar dissenyada per transformar els entorns educatius en espais col\u00b7laboratius, creatius i funcionals.Amb la seva forma quadrada i disseny modular, aquest sof\u00e0 s\u2019adapta perfectament a diverses zones com aules, biblioteques, espais de descans o passadissos, fomentant la interacci\u00f3 i l\u2019aprenentatge col\u00b7laboratiu. La seva estructura robusta i &#8230; <a title=\"Sof\u00e0 d\u2019espuma Cube\" class=\"read-more\" href=\"https:\/\/mobensescolar.com\/ca\/producto\/sofa-despuma-cube\/\" aria-label=\"M\u00e9s informaci\u00f3 sobre Sof\u00e0 d\u2019espuma Cube\">Llegiu m\u00e9s<\/a><\/p>\n","protected":false},"featured_media":2208,"comment_status":"closed","ping_status":"closed","template":"","meta":{"_acf_changed":false},"product_brand":[],"product_cat":[26],"product_tag":[],"class_list":{"0":"post-2237","1":"product","2":"type-product","3":"status-publish","4":"has-post-thumbnail","6":"product_cat-soft-seating","8":"first","9":"instock","10":"taxable","11":"shipping-taxable","12":"purchasable","13":"product-type-simple"},"supplier_id":null,"supplier_sku":"","barcode":null,"atum_controlled":true,"out_stock_date":null,"out_stock_threshold":null,"inheritable":false,"inbound_stock":0,"stock_on_hold":0,"sold_today":0,"sales_last_days":0,"reserved_stock":0,"customer_returns":0,"warehouse_damage":0,"lost_in_post":0,"other_logs":0,"out_stock_days":0,"lost_sales":0,"has_location":false,"update_date":"2026-04-29T00:11:30","atum_locations":[],"atum_stock_status":"instock","restock_status":false,"low_stock_amount":"","sales_update_date":"2026-04-29T00:11:30","calc_backorders":null,"acf":[],"yoast_head":"<!-- This site is optimized with the Yoast SEO plugin v24.4 - https:\/\/yoast.com\/wordpress\/plugins\/seo\/ -->\n<title>Sof\u00e0 d\u2019espuma Cube - Mobens<\/title>\n<meta name=\"description\" content=\"El Sof\u00e0 d\u2019espuma Cube \u00e9s una pe\u00e7a de mobiliari escolar dissenyada per transformar els entorns educatius en espais col\u00b7laboratius, creatius i funcionals.\" \/>\n<meta name=\"robots\" content=\"index, follow, max-snippet:-1, max-image-preview:large, max-video-preview:-1\" \/>\n<link rel=\"canonical\" href=\"https:\/\/mobensescolar.com\/ca\/producto\/sofa-despuma-cube\/\" \/>\n<meta property=\"og:locale\" content=\"ca_ES\" \/>\n<meta property=\"og:type\" content=\"article\" \/>\n<meta property=\"og:title\" content=\"Sof\u00e0 d\u2019espuma Cube - Mobens\" \/>\n<meta property=\"og:description\" content=\"El Sof\u00e0 d\u2019espuma Cube \u00e9s una pe\u00e7a de mobiliari escolar dissenyada per transformar els entorns educatius en espais col\u00b7laboratius, creatius i funcionals.\" \/>\n<meta property=\"og:url\" content=\"https:\/\/mobensescolar.com\/ca\/producto\/sofa-despuma-cube\/\" \/>\n<meta property=\"og:site_name\" content=\"Mobens\" \/>\n<meta property=\"article:modified_time\" content=\"2025-06-17T15:14:30+00:00\" \/>\n<meta property=\"og:image\" content=\"https:\/\/mobensescolar.com\/wp-content\/uploads\/2024\/11\/12002-cube.jpg\" \/>\n\t<meta property=\"og:image:width\" content=\"1000\" \/>\n\t<meta property=\"og:image:height\" content=\"1000\" \/>\n\t<meta property=\"og:image:type\" content=\"image\/jpeg\" \/>\n<meta name=\"twitter:card\" content=\"summary_large_image\" \/>\n<meta name=\"twitter:label1\" content=\"Temps estimat de lectura\" \/>\n\t<meta name=\"twitter:data1\" content=\"2 minuts\" \/>\n<script type=\"application\/ld+json\" class=\"yoast-schema-graph\">{\"@context\":\"https:\/\/schema.org\",\"@graph\":[{\"@type\":\"WebPage\",\"@id\":\"https:\/\/mobensescolar.com\/ca\/producto\/sofa-despuma-cube\/\",\"url\":\"https:\/\/mobensescolar.com\/ca\/producto\/sofa-despuma-cube\/\",\"name\":\"Sof\u00e0 d\u2019espuma Cube - Mobens\",\"isPartOf\":{\"@id\":\"https:\/\/mobensescolar.com\/ca\/#website\"},\"primaryImageOfPage\":{\"@id\":\"https:\/\/mobensescolar.com\/ca\/producto\/sofa-despuma-cube\/#primaryimage\"},\"image\":{\"@id\":\"https:\/\/mobensescolar.com\/ca\/producto\/sofa-despuma-cube\/#primaryimage\"},\"thumbnailUrl\":\"https:\/\/mobensescolar.com\/wp-content\/uploads\/2024\/11\/12002-cube.jpg\",\"datePublished\":\"2024-11-10T13:00:07+00:00\",\"dateModified\":\"2025-06-17T15:14:30+00:00\",\"description\":\"El Sof\u00e0 d\u2019espuma Cube \u00e9s una pe\u00e7a de mobiliari escolar dissenyada per transformar els entorns educatius en espais col\u00b7laboratius, creatius i funcionals.\",\"breadcrumb\":{\"@id\":\"https:\/\/mobensescolar.com\/ca\/producto\/sofa-despuma-cube\/#breadcrumb\"},\"inLanguage\":\"ca\",\"potentialAction\":[{\"@type\":\"ReadAction\",\"target\":[\"https:\/\/mobensescolar.com\/ca\/producto\/sofa-despuma-cube\/\"]}]},{\"@type\":\"ImageObject\",\"inLanguage\":\"ca\",\"@id\":\"https:\/\/mobensescolar.com\/ca\/producto\/sofa-despuma-cube\/#primaryimage\",\"url\":\"https:\/\/mobensescolar.com\/wp-content\/uploads\/2024\/11\/12002-cube.jpg\",\"contentUrl\":\"https:\/\/mobensescolar.com\/wp-content\/uploads\/2024\/11\/12002-cube.jpg\",\"width\":1000,\"height\":1000},{\"@type\":\"BreadcrumbList\",\"@id\":\"https:\/\/mobensescolar.com\/ca\/producto\/sofa-despuma-cube\/#breadcrumb\",\"itemListElement\":[{\"@type\":\"ListItem\",\"position\":1,\"name\":\"Inici\",\"item\":\"https:\/\/mobensescolar.com\/ca\/homepage\/\"},{\"@type\":\"ListItem\",\"position\":2,\"name\":\"Botiga\",\"item\":\"https:\/\/mobensescolar.com\/ca\/botiga\/\"},{\"@type\":\"ListItem\",\"position\":3,\"name\":\"Sof\u00e0 d\u2019espuma Cube\"}]},{\"@type\":\"WebSite\",\"@id\":\"https:\/\/mobensescolar.com\/ca\/#website\",\"url\":\"https:\/\/mobensescolar.com\/ca\/\",\"name\":\"Mobens School\",\"description\":\"\",\"publisher\":{\"@id\":\"https:\/\/mobensescolar.com\/ca\/#organization\"},\"potentialAction\":[{\"@type\":\"SearchAction\",\"target\":{\"@type\":\"EntryPoint\",\"urlTemplate\":\"https:\/\/mobensescolar.com\/ca\/?s={search_term_string}\"},\"query-input\":{\"@type\":\"PropertyValueSpecification\",\"valueRequired\":true,\"valueName\":\"search_term_string\"}}],\"inLanguage\":\"ca\"},{\"@type\":\"Organization\",\"@id\":\"https:\/\/mobensescolar.com\/ca\/#organization\",\"name\":\"Mobens School\",\"url\":\"https:\/\/mobensescolar.com\/ca\/\",\"logo\":{\"@type\":\"ImageObject\",\"inLanguage\":\"ca\",\"@id\":\"https:\/\/mobensescolar.com\/ca\/#\/schema\/logo\/image\/\",\"url\":\"https:\/\/mobensescolar.com\/wp-content\/uploads\/2024\/10\/logo-mobens.webp\",\"contentUrl\":\"https:\/\/mobensescolar.com\/wp-content\/uploads\/2024\/10\/logo-mobens.webp\",\"width\":181,\"height\":181,\"caption\":\"Mobens School\"},\"image\":{\"@id\":\"https:\/\/mobensescolar.com\/ca\/#\/schema\/logo\/image\/\"},\"sameAs\":[\"https:\/\/www.instagram.com\/mobens.school\/\"]}]}<\/script>\n<!-- \/ Yoast SEO plugin. -->","yoast_head_json":{"title":"Sof\u00e0 d\u2019espuma Cube - Mobens","description":"El Sof\u00e0 d\u2019espuma Cube \u00e9s una pe\u00e7a de mobiliari escolar dissenyada per transformar els entorns educatius en espais col\u00b7laboratius, creatius i funcionals.","robots":{"index":"index","follow":"follow","max-snippet":"max-snippet:-1","max-image-preview":"max-image-preview:large","max-video-preview":"max-video-preview:-1"},"canonical":"https:\/\/mobensescolar.com\/ca\/producto\/sofa-despuma-cube\/","og_locale":"ca_ES","og_type":"article","og_title":"Sof\u00e0 d\u2019espuma Cube - Mobens","og_description":"El Sof\u00e0 d\u2019espuma Cube \u00e9s una pe\u00e7a de mobiliari escolar dissenyada per transformar els entorns educatius en espais col\u00b7laboratius, creatius i funcionals.","og_url":"https:\/\/mobensescolar.com\/ca\/producto\/sofa-despuma-cube\/","og_site_name":"Mobens","article_modified_time":"2025-06-17T15:14:30+00:00","og_image":[{"width":1000,"height":1000,"url":"https:\/\/mobensescolar.com\/wp-content\/uploads\/2024\/11\/12002-cube.jpg","type":"image\/jpeg"}],"twitter_card":"summary_large_image","twitter_misc":{"Temps estimat de lectura":"2 minuts"},"schema":{"@context":"https:\/\/schema.org","@graph":[{"@type":"WebPage","@id":"https:\/\/mobensescolar.com\/ca\/producto\/sofa-despuma-cube\/","url":"https:\/\/mobensescolar.com\/ca\/producto\/sofa-despuma-cube\/","name":"Sof\u00e0 d\u2019espuma Cube - Mobens","isPartOf":{"@id":"https:\/\/mobensescolar.com\/ca\/#website"},"primaryImageOfPage":{"@id":"https:\/\/mobensescolar.com\/ca\/producto\/sofa-despuma-cube\/#primaryimage"},"image":{"@id":"https:\/\/mobensescolar.com\/ca\/producto\/sofa-despuma-cube\/#primaryimage"},"thumbnailUrl":"https:\/\/mobensescolar.com\/wp-content\/uploads\/2024\/11\/12002-cube.jpg","datePublished":"2024-11-10T13:00:07+00:00","dateModified":"2025-06-17T15:14:30+00:00","description":"El Sof\u00e0 d\u2019espuma Cube \u00e9s una pe\u00e7a de mobiliari escolar dissenyada per transformar els entorns educatius en espais col\u00b7laboratius, creatius i funcionals.","breadcrumb":{"@id":"https:\/\/mobensescolar.com\/ca\/producto\/sofa-despuma-cube\/#breadcrumb"},"inLanguage":"ca","potentialAction":[{"@type":"ReadAction","target":["https:\/\/mobensescolar.com\/ca\/producto\/sofa-despuma-cube\/"]}]},{"@type":"ImageObject","inLanguage":"ca","@id":"https:\/\/mobensescolar.com\/ca\/producto\/sofa-despuma-cube\/#primaryimage","url":"https:\/\/mobensescolar.com\/wp-content\/uploads\/2024\/11\/12002-cube.jpg","contentUrl":"https:\/\/mobensescolar.com\/wp-content\/uploads\/2024\/11\/12002-cube.jpg","width":1000,"height":1000},{"@type":"BreadcrumbList","@id":"https:\/\/mobensescolar.com\/ca\/producto\/sofa-despuma-cube\/#breadcrumb","itemListElement":[{"@type":"ListItem","position":1,"name":"Inici","item":"https:\/\/mobensescolar.com\/ca\/homepage\/"},{"@type":"ListItem","position":2,"name":"Botiga","item":"https:\/\/mobensescolar.com\/ca\/botiga\/"},{"@type":"ListItem","position":3,"name":"Sof\u00e0 d\u2019espuma Cube"}]},{"@type":"WebSite","@id":"https:\/\/mobensescolar.com\/ca\/#website","url":"https:\/\/mobensescolar.com\/ca\/","name":"Mobens School","description":"","publisher":{"@id":"https:\/\/mobensescolar.com\/ca\/#organization"},"potentialAction":[{"@type":"SearchAction","target":{"@type":"EntryPoint","urlTemplate":"https:\/\/mobensescolar.com\/ca\/?s={search_term_string}"},"query-input":{"@type":"PropertyValueSpecification","valueRequired":true,"valueName":"search_term_string"}}],"inLanguage":"ca"},{"@type":"Organization","@id":"https:\/\/mobensescolar.com\/ca\/#organization","name":"Mobens School","url":"https:\/\/mobensescolar.com\/ca\/","logo":{"@type":"ImageObject","inLanguage":"ca","@id":"https:\/\/mobensescolar.com\/ca\/#\/schema\/logo\/image\/","url":"https:\/\/mobensescolar.com\/wp-content\/uploads\/2024\/10\/logo-mobens.webp","contentUrl":"https:\/\/mobensescolar.com\/wp-content\/uploads\/2024\/10\/logo-mobens.webp","width":181,"height":181,"caption":"Mobens School"},"image":{"@id":"https:\/\/mobensescolar.com\/ca\/#\/schema\/logo\/image\/"},"sameAs":["https:\/\/www.instagram.com\/mobens.school\/"]}]}},"_links":{"self":[{"href":"https:\/\/mobensescolar.com\/ca\/wp-json\/wp\/v2\/product\/2237","targetHints":{"allow":["GET"]}}],"collection":[{"href":"https:\/\/mobensescolar.com\/ca\/wp-json\/wp\/v2\/product"}],"about":[{"href":"https:\/\/mobensescolar.com\/ca\/wp-json\/wp\/v2\/types\/product"}],"replies":[{"embeddable":true,"href":"https:\/\/mobensescolar.com\/ca\/wp-json\/wp\/v2\/comments?post=2237"}],"version-history":[{"count":2,"href":"https:\/\/mobensescolar.com\/ca\/wp-json\/wp\/v2\/product\/2237\/revisions"}],"predecessor-version":[{"id":4225,"href":"https:\/\/mobensescolar.com\/ca\/wp-json\/wp\/v2\/product\/2237\/revisions\/4225"}],"wp:featuredmedia":[{"embeddable":true,"href":"https:\/\/mobensescolar.com\/ca\/wp-json\/wp\/v2\/media\/2208"}],"wp:attachment":[{"href":"https:\/\/mobensescolar.com\/ca\/wp-json\/wp\/v2\/media?parent=2237"}],"wp:term":[{"taxonomy":"product_brand","embeddable":true,"href":"https:\/\/mobensescolar.com\/ca\/wp-json\/wp\/v2\/product_brand?post=2237"},{"taxonomy":"product_cat","embeddable":true,"href":"https:\/\/mobensescolar.com\/ca\/wp-json\/wp\/v2\/product_cat?post=2237"},{"taxonomy":"product_tag","embeddable":true,"href":"https:\/\/mobensescolar.com\/ca\/wp-json\/wp\/v2\/product_tag?post=2237"}],"curies":[{"name":"wp","href":"https:\/\/api.w.org\/{rel}","templated":true}]}}