{"id":2239,"date":"2024-11-10T14:00:07","date_gmt":"2024-11-10T13:00:07","guid":{"rendered":"http:\/\/mobensescolar.com\/?post_type=product&#038;p=2239"},"modified":"2025-06-03T09:29:08","modified_gmt":"2025-06-03T07:29:08","slug":"sofa-despuma-complet","status":"publish","type":"product","link":"https:\/\/mobensescolar.com\/ca\/producto\/sofa-despuma-complet\/","title":{"rendered":"Sof\u00e0 d&#8217;espuma Complet"},"content":{"rendered":"<p data-start=\"124\" data-end=\"601\">El <strong>Sof\u00e0 d\u2019espuma Complet<\/strong> \u00e9s l\u2019evoluci\u00f3 del m\u00f2dul rectangular Tube, ja que incorpora un respatller que millora la comoditat sense sacrificar la versatilitat.<br data-start=\"300\" data-end=\"303\" \/>Aquest m\u00f2dul permet crear composicions funcionals i ergon\u00f2miques amb el mobiliari escolar, i es combina perfectament amb els sof\u00e0s escolars Cube, Angle i Tube. El seu disseny net i contemporani el converteix en una pe\u00e7a essencial per a biblioteques, aules flexibles, zones comunes o sales d\u2019espera.<\/p>\n<p data-start=\"603\" data-end=\"623\"><strong data-start=\"603\" data-end=\"623\">Caracter\u00edstiques<\/strong><\/p>\n<ul>\n<li data-start=\"625\" data-end=\"1266\"><strong>M\u00f2dul rectangular amb respatller:<\/strong> Combina el format pr\u00e0ctic del Sof\u00e0 Tube amb un respatller per a m\u00e9s confort.<\/li>\n<li data-start=\"625\" data-end=\"1266\"><strong>Disseny modular compatible:<\/strong> S\u2019integra perfectament amb els models Cube, Angle i Tube per formar composicions personalitzades.<\/li>\n<li data-start=\"625\" data-end=\"1266\"><strong>Estructura s\u00f2lida i estable:<\/strong> Fabricat amb fusta resistent i escuma d\u2019alta densitat.<\/li>\n<li data-start=\"625\" data-end=\"1266\"><strong>Entapissat en polipell:<\/strong> Superf\u00edcie rentable, duradora i f\u00e0cil de mantenir, ideal per a un \u00fas escolar intensiu.<\/li>\n<li data-start=\"625\" data-end=\"1266\"><strong>Ergonomia millorada:<\/strong> El respatller proporciona un suport adequat per a sessions prolongades.<\/li>\n<li data-start=\"625\" data-end=\"1266\"><strong>Muntatge pr\u00e0ctic:<\/strong> Es lliura muntat o amb instruccions senzilles per a una instal\u00b7laci\u00f3 r\u00e0pida.<\/li>\n<\/ul>\n","protected":false},"excerpt":{"rendered":"<p>El Sof\u00e0 d\u2019espuma Complet \u00e9s l\u2019evoluci\u00f3 del m\u00f2dul rectangular Tube, ja que incorpora un respatller que millora la comoditat sense sacrificar la versatilitat.Aquest m\u00f2dul permet crear composicions funcionals i ergon\u00f2miques amb el mobiliari escolar, i es combina perfectament amb els sof\u00e0s escolars Cube, Angle i Tube. El seu disseny net i contemporani el converteix en &#8230; <a title=\"Sof\u00e0 d&#8217;espuma Complet\" class=\"read-more\" href=\"https:\/\/mobensescolar.com\/ca\/producto\/sofa-despuma-complet\/\" aria-label=\"M\u00e9s informaci\u00f3 sobre Sof\u00e0 d&#8217;espuma Complet\">Llegiu m\u00e9s<\/a><\/p>\n","protected":false},"featured_media":2212,"comment_status":"closed","ping_status":"closed","template":"","meta":{"_acf_changed":false},"product_brand":[],"product_cat":[26],"product_tag":[],"class_list":{"0":"post-2239","1":"product","2":"type-product","3":"status-publish","4":"has-post-thumbnail","6":"product_cat-soft-seating","8":"first","9":"instock","10":"taxable","11":"shipping-taxable","12":"purchasable","13":"product-type-simple"},"supplier_id":null,"supplier_sku":"","barcode":null,"atum_controlled":true,"out_stock_date":null,"out_stock_threshold":null,"inheritable":false,"inbound_stock":0,"stock_on_hold":0,"sold_today":0,"sales_last_days":0,"reserved_stock":0,"customer_returns":0,"warehouse_damage":0,"lost_in_post":0,"other_logs":0,"out_stock_days":0,"lost_sales":0,"has_location":false,"update_date":"2026-04-29T00:11:30","atum_locations":[],"atum_stock_status":"instock","restock_status":false,"low_stock_amount":"","sales_update_date":"2026-04-29T00:11:30","calc_backorders":null,"acf":[],"yoast_head":"<!-- This site is optimized with the Yoast SEO plugin v24.4 - https:\/\/yoast.com\/wordpress\/plugins\/seo\/ -->\n<title>Sof\u00e0 d&#039;espuma Complet - Mobens<\/title>\n<meta name=\"description\" content=\"El Sof\u00e0 d\u2019espuma Complet \u00e9s l\u2019evoluci\u00f3 del m\u00f2dul rectangular Tube, ja que incorpora un respatller que millora la comoditat sense sacrificar la versatilitat.\" \/>\n<meta name=\"robots\" content=\"index, follow, max-snippet:-1, max-image-preview:large, max-video-preview:-1\" \/>\n<link rel=\"canonical\" href=\"https:\/\/mobensescolar.com\/ca\/producto\/sofa-despuma-complet\/\" \/>\n<meta property=\"og:locale\" content=\"ca_ES\" \/>\n<meta property=\"og:type\" content=\"article\" \/>\n<meta property=\"og:title\" content=\"Sof\u00e0 d&#039;espuma Complet - Mobens\" \/>\n<meta property=\"og:description\" content=\"El Sof\u00e0 d\u2019espuma Complet \u00e9s l\u2019evoluci\u00f3 del m\u00f2dul rectangular Tube, ja que incorpora un respatller que millora la comoditat sense sacrificar la versatilitat.\" \/>\n<meta property=\"og:url\" content=\"https:\/\/mobensescolar.com\/ca\/producto\/sofa-despuma-complet\/\" \/>\n<meta property=\"og:site_name\" content=\"Mobens\" \/>\n<meta property=\"article:modified_time\" content=\"2025-06-03T07:29:08+00:00\" \/>\n<meta property=\"og:image\" content=\"https:\/\/mobensescolar.com\/wp-content\/uploads\/2024\/11\/12005-complete-sofa.jpg\" \/>\n\t<meta property=\"og:image:width\" content=\"1000\" \/>\n\t<meta property=\"og:image:height\" content=\"1000\" \/>\n\t<meta property=\"og:image:type\" content=\"image\/jpeg\" \/>\n<meta name=\"twitter:card\" content=\"summary_large_image\" \/>\n<meta name=\"twitter:label1\" content=\"Temps estimat de lectura\" \/>\n\t<meta name=\"twitter:data1\" content=\"2 minuts\" \/>\n<script type=\"application\/ld+json\" class=\"yoast-schema-graph\">{\"@context\":\"https:\/\/schema.org\",\"@graph\":[{\"@type\":\"WebPage\",\"@id\":\"https:\/\/mobensescolar.com\/ca\/producto\/sofa-despuma-complet\/\",\"url\":\"https:\/\/mobensescolar.com\/ca\/producto\/sofa-despuma-complet\/\",\"name\":\"Sof\u00e0 d'espuma Complet - Mobens\",\"isPartOf\":{\"@id\":\"https:\/\/mobensescolar.com\/ca\/#website\"},\"primaryImageOfPage\":{\"@id\":\"https:\/\/mobensescolar.com\/ca\/producto\/sofa-despuma-complet\/#primaryimage\"},\"image\":{\"@id\":\"https:\/\/mobensescolar.com\/ca\/producto\/sofa-despuma-complet\/#primaryimage\"},\"thumbnailUrl\":\"https:\/\/mobensescolar.com\/wp-content\/uploads\/2024\/11\/12005-complete-sofa.jpg\",\"datePublished\":\"2024-11-10T13:00:07+00:00\",\"dateModified\":\"2025-06-03T07:29:08+00:00\",\"description\":\"El Sof\u00e0 d\u2019espuma Complet \u00e9s l\u2019evoluci\u00f3 del m\u00f2dul rectangular Tube, ja que incorpora un respatller que millora la comoditat sense sacrificar la versatilitat.\",\"breadcrumb\":{\"@id\":\"https:\/\/mobensescolar.com\/ca\/producto\/sofa-despuma-complet\/#breadcrumb\"},\"inLanguage\":\"ca\",\"potentialAction\":[{\"@type\":\"ReadAction\",\"target\":[\"https:\/\/mobensescolar.com\/ca\/producto\/sofa-despuma-complet\/\"]}]},{\"@type\":\"ImageObject\",\"inLanguage\":\"ca\",\"@id\":\"https:\/\/mobensescolar.com\/ca\/producto\/sofa-despuma-complet\/#primaryimage\",\"url\":\"https:\/\/mobensescolar.com\/wp-content\/uploads\/2024\/11\/12005-complete-sofa.jpg\",\"contentUrl\":\"https:\/\/mobensescolar.com\/wp-content\/uploads\/2024\/11\/12005-complete-sofa.jpg\",\"width\":1000,\"height\":1000},{\"@type\":\"BreadcrumbList\",\"@id\":\"https:\/\/mobensescolar.com\/ca\/producto\/sofa-despuma-complet\/#breadcrumb\",\"itemListElement\":[{\"@type\":\"ListItem\",\"position\":1,\"name\":\"Inici\",\"item\":\"https:\/\/mobensescolar.com\/ca\/homepage\/\"},{\"@type\":\"ListItem\",\"position\":2,\"name\":\"Botiga\",\"item\":\"https:\/\/mobensescolar.com\/ca\/botiga\/\"},{\"@type\":\"ListItem\",\"position\":3,\"name\":\"Sof\u00e0 d&#8217;espuma Complet\"}]},{\"@type\":\"WebSite\",\"@id\":\"https:\/\/mobensescolar.com\/ca\/#website\",\"url\":\"https:\/\/mobensescolar.com\/ca\/\",\"name\":\"Mobens School\",\"description\":\"\",\"publisher\":{\"@id\":\"https:\/\/mobensescolar.com\/ca\/#organization\"},\"potentialAction\":[{\"@type\":\"SearchAction\",\"target\":{\"@type\":\"EntryPoint\",\"urlTemplate\":\"https:\/\/mobensescolar.com\/ca\/?s={search_term_string}\"},\"query-input\":{\"@type\":\"PropertyValueSpecification\",\"valueRequired\":true,\"valueName\":\"search_term_string\"}}],\"inLanguage\":\"ca\"},{\"@type\":\"Organization\",\"@id\":\"https:\/\/mobensescolar.com\/ca\/#organization\",\"name\":\"Mobens School\",\"url\":\"https:\/\/mobensescolar.com\/ca\/\",\"logo\":{\"@type\":\"ImageObject\",\"inLanguage\":\"ca\",\"@id\":\"https:\/\/mobensescolar.com\/ca\/#\/schema\/logo\/image\/\",\"url\":\"https:\/\/mobensescolar.com\/wp-content\/uploads\/2024\/10\/logo-mobens.webp\",\"contentUrl\":\"https:\/\/mobensescolar.com\/wp-content\/uploads\/2024\/10\/logo-mobens.webp\",\"width\":181,\"height\":181,\"caption\":\"Mobens School\"},\"image\":{\"@id\":\"https:\/\/mobensescolar.com\/ca\/#\/schema\/logo\/image\/\"},\"sameAs\":[\"https:\/\/www.instagram.com\/mobens.school\/\"]}]}<\/script>\n<!-- \/ Yoast SEO plugin. -->","yoast_head_json":{"title":"Sof\u00e0 d'espuma Complet - Mobens","description":"El Sof\u00e0 d\u2019espuma Complet \u00e9s l\u2019evoluci\u00f3 del m\u00f2dul rectangular Tube, ja que incorpora un respatller que millora la comoditat sense sacrificar la versatilitat.","robots":{"index":"index","follow":"follow","max-snippet":"max-snippet:-1","max-image-preview":"max-image-preview:large","max-video-preview":"max-video-preview:-1"},"canonical":"https:\/\/mobensescolar.com\/ca\/producto\/sofa-despuma-complet\/","og_locale":"ca_ES","og_type":"article","og_title":"Sof\u00e0 d'espuma Complet - Mobens","og_description":"El Sof\u00e0 d\u2019espuma Complet \u00e9s l\u2019evoluci\u00f3 del m\u00f2dul rectangular Tube, ja que incorpora un respatller que millora la comoditat sense sacrificar la versatilitat.","og_url":"https:\/\/mobensescolar.com\/ca\/producto\/sofa-despuma-complet\/","og_site_name":"Mobens","article_modified_time":"2025-06-03T07:29:08+00:00","og_image":[{"width":1000,"height":1000,"url":"https:\/\/mobensescolar.com\/wp-content\/uploads\/2024\/11\/12005-complete-sofa.jpg","type":"image\/jpeg"}],"twitter_card":"summary_large_image","twitter_misc":{"Temps estimat de lectura":"2 minuts"},"schema":{"@context":"https:\/\/schema.org","@graph":[{"@type":"WebPage","@id":"https:\/\/mobensescolar.com\/ca\/producto\/sofa-despuma-complet\/","url":"https:\/\/mobensescolar.com\/ca\/producto\/sofa-despuma-complet\/","name":"Sof\u00e0 d'espuma Complet - Mobens","isPartOf":{"@id":"https:\/\/mobensescolar.com\/ca\/#website"},"primaryImageOfPage":{"@id":"https:\/\/mobensescolar.com\/ca\/producto\/sofa-despuma-complet\/#primaryimage"},"image":{"@id":"https:\/\/mobensescolar.com\/ca\/producto\/sofa-despuma-complet\/#primaryimage"},"thumbnailUrl":"https:\/\/mobensescolar.com\/wp-content\/uploads\/2024\/11\/12005-complete-sofa.jpg","datePublished":"2024-11-10T13:00:07+00:00","dateModified":"2025-06-03T07:29:08+00:00","description":"El Sof\u00e0 d\u2019espuma Complet \u00e9s l\u2019evoluci\u00f3 del m\u00f2dul rectangular Tube, ja que incorpora un respatller que millora la comoditat sense sacrificar la versatilitat.","breadcrumb":{"@id":"https:\/\/mobensescolar.com\/ca\/producto\/sofa-despuma-complet\/#breadcrumb"},"inLanguage":"ca","potentialAction":[{"@type":"ReadAction","target":["https:\/\/mobensescolar.com\/ca\/producto\/sofa-despuma-complet\/"]}]},{"@type":"ImageObject","inLanguage":"ca","@id":"https:\/\/mobensescolar.com\/ca\/producto\/sofa-despuma-complet\/#primaryimage","url":"https:\/\/mobensescolar.com\/wp-content\/uploads\/2024\/11\/12005-complete-sofa.jpg","contentUrl":"https:\/\/mobensescolar.com\/wp-content\/uploads\/2024\/11\/12005-complete-sofa.jpg","width":1000,"height":1000},{"@type":"BreadcrumbList","@id":"https:\/\/mobensescolar.com\/ca\/producto\/sofa-despuma-complet\/#breadcrumb","itemListElement":[{"@type":"ListItem","position":1,"name":"Inici","item":"https:\/\/mobensescolar.com\/ca\/homepage\/"},{"@type":"ListItem","position":2,"name":"Botiga","item":"https:\/\/mobensescolar.com\/ca\/botiga\/"},{"@type":"ListItem","position":3,"name":"Sof\u00e0 d&#8217;espuma Complet"}]},{"@type":"WebSite","@id":"https:\/\/mobensescolar.com\/ca\/#website","url":"https:\/\/mobensescolar.com\/ca\/","name":"Mobens School","description":"","publisher":{"@id":"https:\/\/mobensescolar.com\/ca\/#organization"},"potentialAction":[{"@type":"SearchAction","target":{"@type":"EntryPoint","urlTemplate":"https:\/\/mobensescolar.com\/ca\/?s={search_term_string}"},"query-input":{"@type":"PropertyValueSpecification","valueRequired":true,"valueName":"search_term_string"}}],"inLanguage":"ca"},{"@type":"Organization","@id":"https:\/\/mobensescolar.com\/ca\/#organization","name":"Mobens School","url":"https:\/\/mobensescolar.com\/ca\/","logo":{"@type":"ImageObject","inLanguage":"ca","@id":"https:\/\/mobensescolar.com\/ca\/#\/schema\/logo\/image\/","url":"https:\/\/mobensescolar.com\/wp-content\/uploads\/2024\/10\/logo-mobens.webp","contentUrl":"https:\/\/mobensescolar.com\/wp-content\/uploads\/2024\/10\/logo-mobens.webp","width":181,"height":181,"caption":"Mobens School"},"image":{"@id":"https:\/\/mobensescolar.com\/ca\/#\/schema\/logo\/image\/"},"sameAs":["https:\/\/www.instagram.com\/mobens.school\/"]}]}},"_links":{"self":[{"href":"https:\/\/mobensescolar.com\/ca\/wp-json\/wp\/v2\/product\/2239","targetHints":{"allow":["GET"]}}],"collection":[{"href":"https:\/\/mobensescolar.com\/ca\/wp-json\/wp\/v2\/product"}],"about":[{"href":"https:\/\/mobensescolar.com\/ca\/wp-json\/wp\/v2\/types\/product"}],"replies":[{"embeddable":true,"href":"https:\/\/mobensescolar.com\/ca\/wp-json\/wp\/v2\/comments?post=2239"}],"version-history":[{"count":1,"href":"https:\/\/mobensescolar.com\/ca\/wp-json\/wp\/v2\/product\/2239\/revisions"}],"predecessor-version":[{"id":4238,"href":"https:\/\/mobensescolar.com\/ca\/wp-json\/wp\/v2\/product\/2239\/revisions\/4238"}],"wp:featuredmedia":[{"embeddable":true,"href":"https:\/\/mobensescolar.com\/ca\/wp-json\/wp\/v2\/media\/2212"}],"wp:attachment":[{"href":"https:\/\/mobensescolar.com\/ca\/wp-json\/wp\/v2\/media?parent=2239"}],"wp:term":[{"taxonomy":"product_brand","embeddable":true,"href":"https:\/\/mobensescolar.com\/ca\/wp-json\/wp\/v2\/product_brand?post=2239"},{"taxonomy":"product_cat","embeddable":true,"href":"https:\/\/mobensescolar.com\/ca\/wp-json\/wp\/v2\/product_cat?post=2239"},{"taxonomy":"product_tag","embeddable":true,"href":"https:\/\/mobensescolar.com\/ca\/wp-json\/wp\/v2\/product_tag?post=2239"}],"curies":[{"name":"wp","href":"https:\/\/api.w.org\/{rel}","templated":true}]}}