{"id":2241,"date":"2024-11-10T14:00:08","date_gmt":"2024-11-10T13:00:08","guid":{"rendered":"http:\/\/mobensescolar.com\/?post_type=product&#038;p=2241"},"modified":"2025-05-14T14:39:29","modified_gmt":"2025-05-14T12:39:29","slug":"grada-modular-mini-move","status":"publish","type":"product","link":"https:\/\/mobensescolar.com\/ca\/producto\/grada-modular-mini-move\/","title":{"rendered":"Grada modular MINI MOVE"},"content":{"rendered":"<p class=\"x_MsoNormal\" data-olk-copy-source=\"MessageBody\">La <b>Grada modular m\u00f2bil Mini Move<\/b> \u00e9s una soluci\u00f3 innovadora dins del mobiliari escolar, dissenyada per fomentar la col\u00b7laboraci\u00f3 i la flexibilitat a l&#8217;aula. El disseny modular permet transformar la grada en una prestatgeria amb capacitat d&#8217;emmagatzematge, facilitant l&#8217;organitzaci\u00f3 i l&#8217;optimitzaci\u00f3 de l&#8217;espai en aules col\u00b7laboratives, biblioteques i entorns educatius tradicionals.<\/p>\n<p class=\"x_MsoNormal\">Fabricada amb una estructura de <b>fusta resistent en color blanc<\/b>, aquesta grada compta amb rodes amb fre, cosa que permet moure-la amb facilitat i fixar-la en la posici\u00f3 desitjada. El seu seient entapissat disponible a <b>turquesa o gris fosc<\/b>, proporciona comoditat i seguretat per a l&#8217;usuari.<\/p>\n<p class=\"x_MsoNormal\">La Grada Escolar Mini Move \u00e9s una opci\u00f3 ideal per equipar espais educatius din\u00e0mics, oferint mobilitat, emmagatzematge i funcionalitat en un sol producte.<\/p>\n<p class=\"x_MsoNormal\"><b> <\/b><\/p>\n<p class=\"x_MsoNormal\"><b>Caracter\u00edstiques principals:<\/b><\/p>\n<p class=\"x_MsoNormal\"><b>\u2705 <\/b>Grada modular i m\u00f2bil, adaptable a diferents espais d&#8217;aprenentatge.<br \/>\n\u2705 Transformable a la prestatgeria, permetent dividir \u00e0rees dins de l&#8217;aula.<br \/>\n\u2705 Estructura de fusta resistent, garantint durabilitat.<br \/>\n\u2705 Un nivell entapissat en polipell de PVC, retardant al foc.<br \/>\n\u2705 Capacitat d&#8217;emmagatzematge amb portes optimitzant l&#8217;espai.<br \/>\n\u2705 Rodes amb fre, facilitant la mobilitat i estabilitat.<br \/>\n\u2705 \u00das de ferramentes amb seguretat activa, evitant manipulacions indegudes per part dels nens.<br \/>\n\u2705 Dissenyat i fabricat segons normatives d&#8217;aplicaci\u00f3 (UNE EN 1729-1:07 \/ UNEIX EN 1729-2), complint amb els est\u00e0ndards de seguretat i ergonomia<b>.<\/b><\/p>\n<p class=\"x_MsoNormal\">  Dimensions:<\/p>\n<ul type=\"disc\">\n<li class=\"x_MsoNormal\">90 x 47 x 49,6 cm<\/li>\n<\/ul>\n","protected":false},"excerpt":{"rendered":"<p>La Grada modular m\u00f2bil Mini Move \u00e9s una soluci\u00f3 innovadora dins del mobiliari escolar, dissenyada per fomentar la col\u00b7laboraci\u00f3 i la flexibilitat a l&#8217;aula. El disseny modular permet transformar la grada en una prestatgeria amb capacitat d&#8217;emmagatzematge, facilitant l&#8217;organitzaci\u00f3 i l&#8217;optimitzaci\u00f3 de l&#8217;espai en aules col\u00b7laboratives, biblioteques i entorns educatius tradicionals. Fabricada amb una estructura &#8230; <a title=\"Grada modular MINI MOVE\" class=\"read-more\" href=\"https:\/\/mobensescolar.com\/ca\/producto\/grada-modular-mini-move\/\" aria-label=\"M\u00e9s informaci\u00f3 sobre Grada modular MINI MOVE\">Llegiu m\u00e9s<\/a><\/p>\n","protected":false},"featured_media":2162,"comment_status":"closed","ping_status":"closed","template":"","meta":{"_acf_changed":false},"product_brand":[],"product_cat":[25],"product_tag":[],"class_list":{"0":"post-2241","1":"product","2":"type-product","3":"status-publish","4":"has-post-thumbnail","6":"product_cat-cadires","8":"first","9":"instock","10":"taxable","11":"shipping-taxable","12":"purchasable","13":"product-type-simple"},"supplier_id":null,"supplier_sku":"","barcode":null,"atum_controlled":true,"out_stock_date":null,"out_stock_threshold":null,"inheritable":false,"inbound_stock":null,"stock_on_hold":0,"sold_today":0,"sales_last_days":0,"reserved_stock":null,"customer_returns":null,"warehouse_damage":null,"lost_in_post":null,"other_logs":null,"out_stock_days":0,"lost_sales":0,"has_location":null,"update_date":"2026-04-29T00:11:22","atum_locations":[],"atum_stock_status":"instock","restock_status":false,"low_stock_amount":"","sales_update_date":"2026-04-29T00:11:22","calc_backorders":null,"acf":[],"yoast_head":"<!-- This site is optimized with the Yoast SEO plugin v24.4 - https:\/\/yoast.com\/wordpress\/plugins\/seo\/ -->\n<title>Grada modular MINI MOVE - Mobens<\/title>\n<meta name=\"robots\" content=\"index, follow, max-snippet:-1, max-image-preview:large, max-video-preview:-1\" \/>\n<link rel=\"canonical\" href=\"https:\/\/mobensescolar.com\/ca\/producto\/grada-modular-mini-move\/\" \/>\n<meta property=\"og:locale\" content=\"ca_ES\" \/>\n<meta property=\"og:type\" content=\"article\" \/>\n<meta property=\"og:title\" content=\"Grada modular MINI MOVE - Mobens\" \/>\n<meta property=\"og:description\" content=\"La Grada modular m\u00f2bil Mini Move \u00e9s una soluci\u00f3 innovadora dins del mobiliari escolar, dissenyada per fomentar la col\u00b7laboraci\u00f3 i la flexibilitat a l&#8217;aula. El disseny modular permet transformar la grada en una prestatgeria amb capacitat d&#8217;emmagatzematge, facilitant l&#8217;organitzaci\u00f3 i l&#8217;optimitzaci\u00f3 de l&#8217;espai en aules col\u00b7laboratives, biblioteques i entorns educatius tradicionals. Fabricada amb una estructura ... Llegiu m\u00e9s\" \/>\n<meta property=\"og:url\" content=\"https:\/\/mobensescolar.com\/ca\/producto\/grada-modular-mini-move\/\" \/>\n<meta property=\"og:site_name\" content=\"Mobens\" \/>\n<meta property=\"article:modified_time\" content=\"2025-05-14T12:39:29+00:00\" \/>\n<meta property=\"og:image\" content=\"https:\/\/mobensescolar.com\/wp-content\/uploads\/2024\/11\/1609-mini-move.png\" \/>\n\t<meta property=\"og:image:width\" content=\"1000\" \/>\n\t<meta property=\"og:image:height\" content=\"1000\" \/>\n\t<meta property=\"og:image:type\" content=\"image\/png\" \/>\n<meta name=\"twitter:card\" content=\"summary_large_image\" \/>\n<meta name=\"twitter:label1\" content=\"Temps estimat de lectura\" \/>\n\t<meta name=\"twitter:data1\" content=\"1 minut\" \/>\n<script type=\"application\/ld+json\" class=\"yoast-schema-graph\">{\"@context\":\"https:\/\/schema.org\",\"@graph\":[{\"@type\":\"WebPage\",\"@id\":\"https:\/\/mobensescolar.com\/ca\/producto\/grada-modular-mini-move\/\",\"url\":\"https:\/\/mobensescolar.com\/ca\/producto\/grada-modular-mini-move\/\",\"name\":\"Grada modular MINI MOVE - Mobens\",\"isPartOf\":{\"@id\":\"https:\/\/mobensescolar.com\/ca\/#website\"},\"primaryImageOfPage\":{\"@id\":\"https:\/\/mobensescolar.com\/ca\/producto\/grada-modular-mini-move\/#primaryimage\"},\"image\":{\"@id\":\"https:\/\/mobensescolar.com\/ca\/producto\/grada-modular-mini-move\/#primaryimage\"},\"thumbnailUrl\":\"https:\/\/mobensescolar.com\/wp-content\/uploads\/2024\/11\/1609-mini-move.png\",\"datePublished\":\"2024-11-10T13:00:08+00:00\",\"dateModified\":\"2025-05-14T12:39:29+00:00\",\"breadcrumb\":{\"@id\":\"https:\/\/mobensescolar.com\/ca\/producto\/grada-modular-mini-move\/#breadcrumb\"},\"inLanguage\":\"ca\",\"potentialAction\":[{\"@type\":\"ReadAction\",\"target\":[\"https:\/\/mobensescolar.com\/ca\/producto\/grada-modular-mini-move\/\"]}]},{\"@type\":\"ImageObject\",\"inLanguage\":\"ca\",\"@id\":\"https:\/\/mobensescolar.com\/ca\/producto\/grada-modular-mini-move\/#primaryimage\",\"url\":\"https:\/\/mobensescolar.com\/wp-content\/uploads\/2024\/11\/1609-mini-move.png\",\"contentUrl\":\"https:\/\/mobensescolar.com\/wp-content\/uploads\/2024\/11\/1609-mini-move.png\",\"width\":1000,\"height\":1000},{\"@type\":\"BreadcrumbList\",\"@id\":\"https:\/\/mobensescolar.com\/ca\/producto\/grada-modular-mini-move\/#breadcrumb\",\"itemListElement\":[{\"@type\":\"ListItem\",\"position\":1,\"name\":\"Inici\",\"item\":\"https:\/\/mobensescolar.com\/ca\/homepage\/\"},{\"@type\":\"ListItem\",\"position\":2,\"name\":\"Botiga\",\"item\":\"https:\/\/mobensescolar.com\/ca\/botiga\/\"},{\"@type\":\"ListItem\",\"position\":3,\"name\":\"Grada modular MINI MOVE\"}]},{\"@type\":\"WebSite\",\"@id\":\"https:\/\/mobensescolar.com\/ca\/#website\",\"url\":\"https:\/\/mobensescolar.com\/ca\/\",\"name\":\"Mobens School\",\"description\":\"\",\"publisher\":{\"@id\":\"https:\/\/mobensescolar.com\/ca\/#organization\"},\"potentialAction\":[{\"@type\":\"SearchAction\",\"target\":{\"@type\":\"EntryPoint\",\"urlTemplate\":\"https:\/\/mobensescolar.com\/ca\/?s={search_term_string}\"},\"query-input\":{\"@type\":\"PropertyValueSpecification\",\"valueRequired\":true,\"valueName\":\"search_term_string\"}}],\"inLanguage\":\"ca\"},{\"@type\":\"Organization\",\"@id\":\"https:\/\/mobensescolar.com\/ca\/#organization\",\"name\":\"Mobens School\",\"url\":\"https:\/\/mobensescolar.com\/ca\/\",\"logo\":{\"@type\":\"ImageObject\",\"inLanguage\":\"ca\",\"@id\":\"https:\/\/mobensescolar.com\/ca\/#\/schema\/logo\/image\/\",\"url\":\"https:\/\/mobensescolar.com\/wp-content\/uploads\/2024\/10\/logo-mobens.webp\",\"contentUrl\":\"https:\/\/mobensescolar.com\/wp-content\/uploads\/2024\/10\/logo-mobens.webp\",\"width\":181,\"height\":181,\"caption\":\"Mobens School\"},\"image\":{\"@id\":\"https:\/\/mobensescolar.com\/ca\/#\/schema\/logo\/image\/\"},\"sameAs\":[\"https:\/\/www.instagram.com\/mobens.school\/\"]}]}<\/script>\n<!-- \/ Yoast SEO plugin. -->","yoast_head_json":{"title":"Grada modular MINI MOVE - Mobens","robots":{"index":"index","follow":"follow","max-snippet":"max-snippet:-1","max-image-preview":"max-image-preview:large","max-video-preview":"max-video-preview:-1"},"canonical":"https:\/\/mobensescolar.com\/ca\/producto\/grada-modular-mini-move\/","og_locale":"ca_ES","og_type":"article","og_title":"Grada modular MINI MOVE - Mobens","og_description":"La Grada modular m\u00f2bil Mini Move \u00e9s una soluci\u00f3 innovadora dins del mobiliari escolar, dissenyada per fomentar la col\u00b7laboraci\u00f3 i la flexibilitat a l&#8217;aula. El disseny modular permet transformar la grada en una prestatgeria amb capacitat d&#8217;emmagatzematge, facilitant l&#8217;organitzaci\u00f3 i l&#8217;optimitzaci\u00f3 de l&#8217;espai en aules col\u00b7laboratives, biblioteques i entorns educatius tradicionals. Fabricada amb una estructura ... Llegiu m\u00e9s","og_url":"https:\/\/mobensescolar.com\/ca\/producto\/grada-modular-mini-move\/","og_site_name":"Mobens","article_modified_time":"2025-05-14T12:39:29+00:00","og_image":[{"width":1000,"height":1000,"url":"https:\/\/mobensescolar.com\/wp-content\/uploads\/2024\/11\/1609-mini-move.png","type":"image\/png"}],"twitter_card":"summary_large_image","twitter_misc":{"Temps estimat de lectura":"1 minut"},"schema":{"@context":"https:\/\/schema.org","@graph":[{"@type":"WebPage","@id":"https:\/\/mobensescolar.com\/ca\/producto\/grada-modular-mini-move\/","url":"https:\/\/mobensescolar.com\/ca\/producto\/grada-modular-mini-move\/","name":"Grada modular MINI MOVE - Mobens","isPartOf":{"@id":"https:\/\/mobensescolar.com\/ca\/#website"},"primaryImageOfPage":{"@id":"https:\/\/mobensescolar.com\/ca\/producto\/grada-modular-mini-move\/#primaryimage"},"image":{"@id":"https:\/\/mobensescolar.com\/ca\/producto\/grada-modular-mini-move\/#primaryimage"},"thumbnailUrl":"https:\/\/mobensescolar.com\/wp-content\/uploads\/2024\/11\/1609-mini-move.png","datePublished":"2024-11-10T13:00:08+00:00","dateModified":"2025-05-14T12:39:29+00:00","breadcrumb":{"@id":"https:\/\/mobensescolar.com\/ca\/producto\/grada-modular-mini-move\/#breadcrumb"},"inLanguage":"ca","potentialAction":[{"@type":"ReadAction","target":["https:\/\/mobensescolar.com\/ca\/producto\/grada-modular-mini-move\/"]}]},{"@type":"ImageObject","inLanguage":"ca","@id":"https:\/\/mobensescolar.com\/ca\/producto\/grada-modular-mini-move\/#primaryimage","url":"https:\/\/mobensescolar.com\/wp-content\/uploads\/2024\/11\/1609-mini-move.png","contentUrl":"https:\/\/mobensescolar.com\/wp-content\/uploads\/2024\/11\/1609-mini-move.png","width":1000,"height":1000},{"@type":"BreadcrumbList","@id":"https:\/\/mobensescolar.com\/ca\/producto\/grada-modular-mini-move\/#breadcrumb","itemListElement":[{"@type":"ListItem","position":1,"name":"Inici","item":"https:\/\/mobensescolar.com\/ca\/homepage\/"},{"@type":"ListItem","position":2,"name":"Botiga","item":"https:\/\/mobensescolar.com\/ca\/botiga\/"},{"@type":"ListItem","position":3,"name":"Grada modular MINI MOVE"}]},{"@type":"WebSite","@id":"https:\/\/mobensescolar.com\/ca\/#website","url":"https:\/\/mobensescolar.com\/ca\/","name":"Mobens School","description":"","publisher":{"@id":"https:\/\/mobensescolar.com\/ca\/#organization"},"potentialAction":[{"@type":"SearchAction","target":{"@type":"EntryPoint","urlTemplate":"https:\/\/mobensescolar.com\/ca\/?s={search_term_string}"},"query-input":{"@type":"PropertyValueSpecification","valueRequired":true,"valueName":"search_term_string"}}],"inLanguage":"ca"},{"@type":"Organization","@id":"https:\/\/mobensescolar.com\/ca\/#organization","name":"Mobens School","url":"https:\/\/mobensescolar.com\/ca\/","logo":{"@type":"ImageObject","inLanguage":"ca","@id":"https:\/\/mobensescolar.com\/ca\/#\/schema\/logo\/image\/","url":"https:\/\/mobensescolar.com\/wp-content\/uploads\/2024\/10\/logo-mobens.webp","contentUrl":"https:\/\/mobensescolar.com\/wp-content\/uploads\/2024\/10\/logo-mobens.webp","width":181,"height":181,"caption":"Mobens School"},"image":{"@id":"https:\/\/mobensescolar.com\/ca\/#\/schema\/logo\/image\/"},"sameAs":["https:\/\/www.instagram.com\/mobens.school\/"]}]}},"_links":{"self":[{"href":"https:\/\/mobensescolar.com\/ca\/wp-json\/wp\/v2\/product\/2241","targetHints":{"allow":["GET"]}}],"collection":[{"href":"https:\/\/mobensescolar.com\/ca\/wp-json\/wp\/v2\/product"}],"about":[{"href":"https:\/\/mobensescolar.com\/ca\/wp-json\/wp\/v2\/types\/product"}],"replies":[{"embeddable":true,"href":"https:\/\/mobensescolar.com\/ca\/wp-json\/wp\/v2\/comments?post=2241"}],"version-history":[{"count":0,"href":"https:\/\/mobensescolar.com\/ca\/wp-json\/wp\/v2\/product\/2241\/revisions"}],"wp:featuredmedia":[{"embeddable":true,"href":"https:\/\/mobensescolar.com\/ca\/wp-json\/wp\/v2\/media\/2162"}],"wp:attachment":[{"href":"https:\/\/mobensescolar.com\/ca\/wp-json\/wp\/v2\/media?parent=2241"}],"wp:term":[{"taxonomy":"product_brand","embeddable":true,"href":"https:\/\/mobensescolar.com\/ca\/wp-json\/wp\/v2\/product_brand?post=2241"},{"taxonomy":"product_cat","embeddable":true,"href":"https:\/\/mobensescolar.com\/ca\/wp-json\/wp\/v2\/product_cat?post=2241"},{"taxonomy":"product_tag","embeddable":true,"href":"https:\/\/mobensescolar.com\/ca\/wp-json\/wp\/v2\/product_tag?post=2241"}],"curies":[{"name":"wp","href":"https:\/\/api.w.org\/{rel}","templated":true}]}}