{"id":2251,"date":"2024-11-10T14:00:19","date_gmt":"2024-11-10T13:00:19","guid":{"rendered":"http:\/\/mobensescolar.com\/?post_type=product&#038;p=2251"},"modified":"2025-05-30T13:57:46","modified_gmt":"2025-05-30T11:57:46","slug":"panell-acustic-elea","status":"publish","type":"product","link":"https:\/\/mobensescolar.com\/ca\/producto\/panell-acustic-elea\/","title":{"rendered":"Panell Ac\u00fastic ELEA"},"content":{"rendered":"<p data-start=\"113\" data-end=\"532\">El <strong>panell ac\u00fastic ELEA<\/strong> \u00e9s una soluci\u00f3 innovadora de <strong>mobiliari escolar<\/strong> dissenyada per millorar l&#8217;ac\u00fastica en entorns educatius. Aquest panell autoportant i m\u00f2bil ajuda a reduir la reverberaci\u00f3 i l\u2019eco a les aules, creant un ambient m\u00e9s propici per a l\u2019aprenentatge i la concentraci\u00f3. A m\u00e9s, el seu disseny funcional inclou prestatgeries de fusta de faig, oferint espai addicional per a l\u2019emmagatzematge.<\/p>\n<p data-start=\"534\" data-end=\"1087\" data-is-last-node=\"\" data-is-only-node=\"\"><strong data-start=\"534\" data-end=\"554\">Caracter\u00edstiques<\/strong><br data-start=\"554\" data-end=\"557\" \/>\u2022 <strong data-start=\"559\" data-end=\"589\">Materials d\u2019alta qualitat:<\/strong> Fabricat amb panells de PET, estructura de MDF, escuma de 5 mm i tela ac\u00fastica 100% poli\u00e8ster.<br data-start=\"684\" data-end=\"687\" \/>\u2022 <strong data-start=\"689\" data-end=\"718\">Prestatgeries integrades:<\/strong> Incorpora prestatges de fusta de faig per a emmagatzematge addicional.<br data-start=\"789\" data-end=\"792\" \/>\u2022 <strong data-start=\"794\" data-end=\"808\">Mobilitat:<\/strong> Equipat amb 4 rodes amb fre, que permeten una f\u00e0cil reubicaci\u00f3 segons les necessitats de l&#8217;espai.<br data-start=\"906\" data-end=\"909\" \/>\u2022 <strong data-start=\"911\" data-end=\"942\">Absorci\u00f3 ac\u00fastica classe A:<\/strong> Certificat segons la norma ISO 354, garanteix una excel\u00b7lent absorci\u00f3 del so.<br data-start=\"1020\" data-end=\"1023\" \/>\u2022 <strong data-start=\"1025\" data-end=\"1040\">Dimensions:<\/strong> 130 cm d\u2019alt x 120 cm d\u2019ample x 40 cm de fons.<\/p>\n","protected":false},"excerpt":{"rendered":"<p>El panell ac\u00fastic ELEA \u00e9s una soluci\u00f3 innovadora de mobiliari escolar dissenyada per millorar l&#8217;ac\u00fastica en entorns educatius. Aquest panell autoportant i m\u00f2bil ajuda a reduir la reverberaci\u00f3 i l\u2019eco a les aules, creant un ambient m\u00e9s propici per a l\u2019aprenentatge i la concentraci\u00f3. A m\u00e9s, el seu disseny funcional inclou prestatgeries de fusta de &#8230; <a title=\"Panell Ac\u00fastic ELEA\" class=\"read-more\" href=\"https:\/\/mobensescolar.com\/ca\/producto\/panell-acustic-elea\/\" aria-label=\"M\u00e9s informaci\u00f3 sobre Panell Ac\u00fastic ELEA\">Llegiu m\u00e9s<\/a><\/p>\n","protected":false},"featured_media":2166,"comment_status":"closed","ping_status":"closed","template":"","meta":{"_acf_changed":false},"product_brand":[],"product_cat":[30],"product_tag":[],"class_list":{"0":"post-2251","1":"product","2":"type-product","3":"status-publish","4":"has-post-thumbnail","6":"product_cat-complements","8":"first","9":"instock","10":"taxable","11":"shipping-taxable","12":"purchasable","13":"product-type-simple"},"supplier_id":null,"supplier_sku":"","barcode":null,"atum_controlled":true,"out_stock_date":null,"out_stock_threshold":null,"inheritable":false,"inbound_stock":0,"stock_on_hold":0,"sold_today":0,"sales_last_days":0,"reserved_stock":0,"customer_returns":0,"warehouse_damage":0,"lost_in_post":0,"other_logs":0,"out_stock_days":0,"lost_sales":0,"has_location":false,"update_date":"2026-04-29T00:11:30","atum_locations":[],"atum_stock_status":"instock","restock_status":false,"low_stock_amount":"","sales_update_date":"2026-04-29T00:11:30","calc_backorders":null,"acf":[],"yoast_head":"<!-- This site is optimized with the Yoast SEO plugin v24.4 - https:\/\/yoast.com\/wordpress\/plugins\/seo\/ -->\n<title>Panell Ac\u00fastic ELEA - Mobens<\/title>\n<meta name=\"description\" content=\"El panell ac\u00fastic ELEA \u00e9s una soluci\u00f3 innovadora de mobiliari escolar dissenyada per millorar l&#039;ac\u00fastica en entorns educatius. Aquest panell autoportant i m\u00f2bil ajuda a reduir la reverberaci\u00f3 i l\u2019eco a les aules, creant un ambient m\u00e9s propici per a l\u2019aprenentatge i la concentraci\u00f3.\" \/>\n<meta name=\"robots\" content=\"index, follow, max-snippet:-1, max-image-preview:large, max-video-preview:-1\" \/>\n<link rel=\"canonical\" href=\"https:\/\/mobensescolar.com\/ca\/producto\/panell-acustic-elea\/\" \/>\n<meta property=\"og:locale\" content=\"ca_ES\" \/>\n<meta property=\"og:type\" content=\"article\" \/>\n<meta property=\"og:title\" content=\"Panell Ac\u00fastic ELEA - Mobens\" \/>\n<meta property=\"og:description\" content=\"El panell ac\u00fastic ELEA \u00e9s una soluci\u00f3 innovadora de mobiliari escolar dissenyada per millorar l&#039;ac\u00fastica en entorns educatius. Aquest panell autoportant i m\u00f2bil ajuda a reduir la reverberaci\u00f3 i l\u2019eco a les aules, creant un ambient m\u00e9s propici per a l\u2019aprenentatge i la concentraci\u00f3.\" \/>\n<meta property=\"og:url\" content=\"https:\/\/mobensescolar.com\/ca\/producto\/panell-acustic-elea\/\" \/>\n<meta property=\"og:site_name\" content=\"Mobens\" \/>\n<meta property=\"article:modified_time\" content=\"2025-05-30T11:57:46+00:00\" \/>\n<meta property=\"og:image\" content=\"https:\/\/mobensescolar.com\/wp-content\/uploads\/2024\/11\/2105-elea.jpg\" \/>\n\t<meta property=\"og:image:width\" content=\"816\" \/>\n\t<meta property=\"og:image:height\" content=\"816\" \/>\n\t<meta property=\"og:image:type\" content=\"image\/jpeg\" \/>\n<meta name=\"twitter:card\" content=\"summary_large_image\" \/>\n<meta name=\"twitter:label1\" content=\"Temps estimat de lectura\" \/>\n\t<meta name=\"twitter:data1\" content=\"1 minut\" \/>\n<script type=\"application\/ld+json\" class=\"yoast-schema-graph\">{\"@context\":\"https:\/\/schema.org\",\"@graph\":[{\"@type\":\"WebPage\",\"@id\":\"https:\/\/mobensescolar.com\/ca\/producto\/panell-acustic-elea\/\",\"url\":\"https:\/\/mobensescolar.com\/ca\/producto\/panell-acustic-elea\/\",\"name\":\"Panell Ac\u00fastic ELEA - Mobens\",\"isPartOf\":{\"@id\":\"https:\/\/mobensescolar.com\/ca\/#website\"},\"primaryImageOfPage\":{\"@id\":\"https:\/\/mobensescolar.com\/ca\/producto\/panell-acustic-elea\/#primaryimage\"},\"image\":{\"@id\":\"https:\/\/mobensescolar.com\/ca\/producto\/panell-acustic-elea\/#primaryimage\"},\"thumbnailUrl\":\"https:\/\/mobensescolar.com\/wp-content\/uploads\/2024\/11\/2105-elea.jpg\",\"datePublished\":\"2024-11-10T13:00:19+00:00\",\"dateModified\":\"2025-05-30T11:57:46+00:00\",\"description\":\"El panell ac\u00fastic ELEA \u00e9s una soluci\u00f3 innovadora de mobiliari escolar dissenyada per millorar l'ac\u00fastica en entorns educatius. Aquest panell autoportant i m\u00f2bil ajuda a reduir la reverberaci\u00f3 i l\u2019eco a les aules, creant un ambient m\u00e9s propici per a l\u2019aprenentatge i la concentraci\u00f3.\",\"breadcrumb\":{\"@id\":\"https:\/\/mobensescolar.com\/ca\/producto\/panell-acustic-elea\/#breadcrumb\"},\"inLanguage\":\"ca\",\"potentialAction\":[{\"@type\":\"ReadAction\",\"target\":[\"https:\/\/mobensescolar.com\/ca\/producto\/panell-acustic-elea\/\"]}]},{\"@type\":\"ImageObject\",\"inLanguage\":\"ca\",\"@id\":\"https:\/\/mobensescolar.com\/ca\/producto\/panell-acustic-elea\/#primaryimage\",\"url\":\"https:\/\/mobensescolar.com\/wp-content\/uploads\/2024\/11\/2105-elea.jpg\",\"contentUrl\":\"https:\/\/mobensescolar.com\/wp-content\/uploads\/2024\/11\/2105-elea.jpg\",\"width\":816,\"height\":816},{\"@type\":\"BreadcrumbList\",\"@id\":\"https:\/\/mobensescolar.com\/ca\/producto\/panell-acustic-elea\/#breadcrumb\",\"itemListElement\":[{\"@type\":\"ListItem\",\"position\":1,\"name\":\"Inici\",\"item\":\"https:\/\/mobensescolar.com\/ca\/homepage\/\"},{\"@type\":\"ListItem\",\"position\":2,\"name\":\"Botiga\",\"item\":\"https:\/\/mobensescolar.com\/ca\/botiga\/\"},{\"@type\":\"ListItem\",\"position\":3,\"name\":\"Panell Ac\u00fastic ELEA\"}]},{\"@type\":\"WebSite\",\"@id\":\"https:\/\/mobensescolar.com\/ca\/#website\",\"url\":\"https:\/\/mobensescolar.com\/ca\/\",\"name\":\"Mobens School\",\"description\":\"\",\"publisher\":{\"@id\":\"https:\/\/mobensescolar.com\/ca\/#organization\"},\"potentialAction\":[{\"@type\":\"SearchAction\",\"target\":{\"@type\":\"EntryPoint\",\"urlTemplate\":\"https:\/\/mobensescolar.com\/ca\/?s={search_term_string}\"},\"query-input\":{\"@type\":\"PropertyValueSpecification\",\"valueRequired\":true,\"valueName\":\"search_term_string\"}}],\"inLanguage\":\"ca\"},{\"@type\":\"Organization\",\"@id\":\"https:\/\/mobensescolar.com\/ca\/#organization\",\"name\":\"Mobens School\",\"url\":\"https:\/\/mobensescolar.com\/ca\/\",\"logo\":{\"@type\":\"ImageObject\",\"inLanguage\":\"ca\",\"@id\":\"https:\/\/mobensescolar.com\/ca\/#\/schema\/logo\/image\/\",\"url\":\"https:\/\/mobensescolar.com\/wp-content\/uploads\/2024\/10\/logo-mobens.webp\",\"contentUrl\":\"https:\/\/mobensescolar.com\/wp-content\/uploads\/2024\/10\/logo-mobens.webp\",\"width\":181,\"height\":181,\"caption\":\"Mobens School\"},\"image\":{\"@id\":\"https:\/\/mobensescolar.com\/ca\/#\/schema\/logo\/image\/\"},\"sameAs\":[\"https:\/\/www.instagram.com\/mobens.school\/\"]}]}<\/script>\n<!-- \/ Yoast SEO plugin. -->","yoast_head_json":{"title":"Panell Ac\u00fastic ELEA - Mobens","description":"El panell ac\u00fastic ELEA \u00e9s una soluci\u00f3 innovadora de mobiliari escolar dissenyada per millorar l'ac\u00fastica en entorns educatius. Aquest panell autoportant i m\u00f2bil ajuda a reduir la reverberaci\u00f3 i l\u2019eco a les aules, creant un ambient m\u00e9s propici per a l\u2019aprenentatge i la concentraci\u00f3.","robots":{"index":"index","follow":"follow","max-snippet":"max-snippet:-1","max-image-preview":"max-image-preview:large","max-video-preview":"max-video-preview:-1"},"canonical":"https:\/\/mobensescolar.com\/ca\/producto\/panell-acustic-elea\/","og_locale":"ca_ES","og_type":"article","og_title":"Panell Ac\u00fastic ELEA - Mobens","og_description":"El panell ac\u00fastic ELEA \u00e9s una soluci\u00f3 innovadora de mobiliari escolar dissenyada per millorar l'ac\u00fastica en entorns educatius. Aquest panell autoportant i m\u00f2bil ajuda a reduir la reverberaci\u00f3 i l\u2019eco a les aules, creant un ambient m\u00e9s propici per a l\u2019aprenentatge i la concentraci\u00f3.","og_url":"https:\/\/mobensescolar.com\/ca\/producto\/panell-acustic-elea\/","og_site_name":"Mobens","article_modified_time":"2025-05-30T11:57:46+00:00","og_image":[{"width":816,"height":816,"url":"https:\/\/mobensescolar.com\/wp-content\/uploads\/2024\/11\/2105-elea.jpg","type":"image\/jpeg"}],"twitter_card":"summary_large_image","twitter_misc":{"Temps estimat de lectura":"1 minut"},"schema":{"@context":"https:\/\/schema.org","@graph":[{"@type":"WebPage","@id":"https:\/\/mobensescolar.com\/ca\/producto\/panell-acustic-elea\/","url":"https:\/\/mobensescolar.com\/ca\/producto\/panell-acustic-elea\/","name":"Panell Ac\u00fastic ELEA - Mobens","isPartOf":{"@id":"https:\/\/mobensescolar.com\/ca\/#website"},"primaryImageOfPage":{"@id":"https:\/\/mobensescolar.com\/ca\/producto\/panell-acustic-elea\/#primaryimage"},"image":{"@id":"https:\/\/mobensescolar.com\/ca\/producto\/panell-acustic-elea\/#primaryimage"},"thumbnailUrl":"https:\/\/mobensescolar.com\/wp-content\/uploads\/2024\/11\/2105-elea.jpg","datePublished":"2024-11-10T13:00:19+00:00","dateModified":"2025-05-30T11:57:46+00:00","description":"El panell ac\u00fastic ELEA \u00e9s una soluci\u00f3 innovadora de mobiliari escolar dissenyada per millorar l'ac\u00fastica en entorns educatius. Aquest panell autoportant i m\u00f2bil ajuda a reduir la reverberaci\u00f3 i l\u2019eco a les aules, creant un ambient m\u00e9s propici per a l\u2019aprenentatge i la concentraci\u00f3.","breadcrumb":{"@id":"https:\/\/mobensescolar.com\/ca\/producto\/panell-acustic-elea\/#breadcrumb"},"inLanguage":"ca","potentialAction":[{"@type":"ReadAction","target":["https:\/\/mobensescolar.com\/ca\/producto\/panell-acustic-elea\/"]}]},{"@type":"ImageObject","inLanguage":"ca","@id":"https:\/\/mobensescolar.com\/ca\/producto\/panell-acustic-elea\/#primaryimage","url":"https:\/\/mobensescolar.com\/wp-content\/uploads\/2024\/11\/2105-elea.jpg","contentUrl":"https:\/\/mobensescolar.com\/wp-content\/uploads\/2024\/11\/2105-elea.jpg","width":816,"height":816},{"@type":"BreadcrumbList","@id":"https:\/\/mobensescolar.com\/ca\/producto\/panell-acustic-elea\/#breadcrumb","itemListElement":[{"@type":"ListItem","position":1,"name":"Inici","item":"https:\/\/mobensescolar.com\/ca\/homepage\/"},{"@type":"ListItem","position":2,"name":"Botiga","item":"https:\/\/mobensescolar.com\/ca\/botiga\/"},{"@type":"ListItem","position":3,"name":"Panell Ac\u00fastic ELEA"}]},{"@type":"WebSite","@id":"https:\/\/mobensescolar.com\/ca\/#website","url":"https:\/\/mobensescolar.com\/ca\/","name":"Mobens School","description":"","publisher":{"@id":"https:\/\/mobensescolar.com\/ca\/#organization"},"potentialAction":[{"@type":"SearchAction","target":{"@type":"EntryPoint","urlTemplate":"https:\/\/mobensescolar.com\/ca\/?s={search_term_string}"},"query-input":{"@type":"PropertyValueSpecification","valueRequired":true,"valueName":"search_term_string"}}],"inLanguage":"ca"},{"@type":"Organization","@id":"https:\/\/mobensescolar.com\/ca\/#organization","name":"Mobens School","url":"https:\/\/mobensescolar.com\/ca\/","logo":{"@type":"ImageObject","inLanguage":"ca","@id":"https:\/\/mobensescolar.com\/ca\/#\/schema\/logo\/image\/","url":"https:\/\/mobensescolar.com\/wp-content\/uploads\/2024\/10\/logo-mobens.webp","contentUrl":"https:\/\/mobensescolar.com\/wp-content\/uploads\/2024\/10\/logo-mobens.webp","width":181,"height":181,"caption":"Mobens School"},"image":{"@id":"https:\/\/mobensescolar.com\/ca\/#\/schema\/logo\/image\/"},"sameAs":["https:\/\/www.instagram.com\/mobens.school\/"]}]}},"_links":{"self":[{"href":"https:\/\/mobensescolar.com\/ca\/wp-json\/wp\/v2\/product\/2251","targetHints":{"allow":["GET"]}}],"collection":[{"href":"https:\/\/mobensescolar.com\/ca\/wp-json\/wp\/v2\/product"}],"about":[{"href":"https:\/\/mobensescolar.com\/ca\/wp-json\/wp\/v2\/types\/product"}],"replies":[{"embeddable":true,"href":"https:\/\/mobensescolar.com\/ca\/wp-json\/wp\/v2\/comments?post=2251"}],"version-history":[{"count":2,"href":"https:\/\/mobensescolar.com\/ca\/wp-json\/wp\/v2\/product\/2251\/revisions"}],"predecessor-version":[{"id":4220,"href":"https:\/\/mobensescolar.com\/ca\/wp-json\/wp\/v2\/product\/2251\/revisions\/4220"}],"wp:featuredmedia":[{"embeddable":true,"href":"https:\/\/mobensescolar.com\/ca\/wp-json\/wp\/v2\/media\/2166"}],"wp:attachment":[{"href":"https:\/\/mobensescolar.com\/ca\/wp-json\/wp\/v2\/media?parent=2251"}],"wp:term":[{"taxonomy":"product_brand","embeddable":true,"href":"https:\/\/mobensescolar.com\/ca\/wp-json\/wp\/v2\/product_brand?post=2251"},{"taxonomy":"product_cat","embeddable":true,"href":"https:\/\/mobensescolar.com\/ca\/wp-json\/wp\/v2\/product_cat?post=2251"},{"taxonomy":"product_tag","embeddable":true,"href":"https:\/\/mobensescolar.com\/ca\/wp-json\/wp\/v2\/product_tag?post=2251"}],"curies":[{"name":"wp","href":"https:\/\/api.w.org\/{rel}","templated":true}]}}