{"id":2299,"date":"2024-11-10T14:00:36","date_gmt":"2024-11-10T13:00:36","guid":{"rendered":"http:\/\/mobensescolar.com\/?post_type=product&#038;p=2299"},"modified":"2025-05-30T13:03:43","modified_gmt":"2025-05-30T11:03:43","slug":"estacio-de-carrega-odon","status":"publish","type":"product","link":"https:\/\/mobensescolar.com\/ca\/producto\/estacio-de-carrega-odon\/","title":{"rendered":"Estaci\u00f3 de C\u00e0rrega ODON"},"content":{"rendered":"<p data-start=\"109\" data-end=\"621\">L\u2019<strong>Estaci\u00f3 de C\u00e0rrega ODON<\/strong> \u00e9s una soluci\u00f3 pr\u00e0ctica i eficient per mantenir els dispositius electr\u00f2nics carregats en entorns educatius. Dissenyada com a part del <strong>mobiliari escolar<\/strong> modern, aquesta <strong>estaci\u00f3 de c\u00e0rrega port\u00e0til<\/strong> permet connectar m\u00faltiples dispositius simult\u00e0niament, facilitant l\u2019aprenentatge digital a les aules i espais comuns. El seu disseny compacte i f\u00e0cil de transportar la converteix en un recurs essencial per a escoles que integren tecnologia en la seva metodologia educativa.<\/p>\n<p data-start=\"623\" data-end=\"1132\"><strong data-start=\"623\" data-end=\"643\">Caracter\u00edstiques<\/strong><br data-start=\"643\" data-end=\"646\" \/>\u2022 <strong data-start=\"648\" data-end=\"675\">Connectivitat m\u00faltiple:<\/strong> Equipada amb 4 endolls i 4 ports USB, permet carregar fins a 8 dispositius alhora.<br data-start=\"758\" data-end=\"761\" \/>\u2022 <strong data-start=\"763\" data-end=\"793\">Especificacions t\u00e8cniques:<\/strong><br data-start=\"793\" data-end=\"796\" data-is-only-node=\"\" \/>\u2003o Entrada de voltatge: 200V~250V<br data-start=\"829\" data-end=\"832\" \/>\u2003o Sortida USB: 5V\/3,4A, 17W<br data-start=\"860\" data-end=\"863\" \/>\u2003o Longitud del cable: 3,1 metres<br data-start=\"896\" data-end=\"899\" \/>\u2003o Pes: 3,5 kg<br data-start=\"913\" data-end=\"916\" \/>\u2022 <strong data-start=\"918\" data-end=\"935\">Portabilitat:<\/strong> Disseny compacte i lleuger que facilita el trasllat entre diferents espais del centre educatiu.<br data-start=\"1031\" data-end=\"1034\" \/>\u2022 <strong data-start=\"1036\" data-end=\"1050\">Seguretat:<\/strong> Fabricada amb materials resistents que garanteixen una c\u00e0rrega segura i eficient.<\/p>\n<p data-start=\"1134\" data-end=\"1204\" data-is-last-node=\"\" data-is-only-node=\"\"><strong data-start=\"1134\" data-end=\"1154\">Color disponible<\/strong><br data-start=\"1154\" data-end=\"1157\" \/>\u2022 <strong data-start=\"1159\" data-end=\"1171\">Alumini:<\/strong> Acabat en color alumini RAL9006.<\/p>\n","protected":false},"excerpt":{"rendered":"<p>L\u2019Estaci\u00f3 de C\u00e0rrega ODON \u00e9s una soluci\u00f3 pr\u00e0ctica i eficient per mantenir els dispositius electr\u00f2nics carregats en entorns educatius. Dissenyada com a part del mobiliari escolar modern, aquesta estaci\u00f3 de c\u00e0rrega port\u00e0til permet connectar m\u00faltiples dispositius simult\u00e0niament, facilitant l\u2019aprenentatge digital a les aules i espais comuns. El seu disseny compacte i f\u00e0cil de transportar la &#8230; <a title=\"Estaci\u00f3 de C\u00e0rrega ODON\" class=\"read-more\" href=\"https:\/\/mobensescolar.com\/ca\/producto\/estacio-de-carrega-odon\/\" aria-label=\"M\u00e9s informaci\u00f3 sobre Estaci\u00f3 de C\u00e0rrega ODON\">Llegiu m\u00e9s<\/a><\/p>\n","protected":false},"featured_media":2216,"comment_status":"closed","ping_status":"closed","template":"","meta":{"_acf_changed":false},"product_brand":[],"product_cat":[30],"product_tag":[],"class_list":{"0":"post-2299","1":"product","2":"type-product","3":"status-publish","4":"has-post-thumbnail","6":"product_cat-complements","8":"first","9":"instock","10":"taxable","11":"shipping-taxable","12":"purchasable","13":"product-type-simple"},"supplier_id":null,"supplier_sku":"","barcode":null,"atum_controlled":true,"out_stock_date":null,"out_stock_threshold":null,"inheritable":false,"inbound_stock":0,"stock_on_hold":0,"sold_today":0,"sales_last_days":0,"reserved_stock":0,"customer_returns":0,"warehouse_damage":0,"lost_in_post":0,"other_logs":0,"out_stock_days":0,"lost_sales":0,"has_location":false,"update_date":"2026-04-29T00:11:30","atum_locations":[],"atum_stock_status":"instock","restock_status":false,"low_stock_amount":"","sales_update_date":"2026-04-29T00:11:30","calc_backorders":null,"acf":[],"yoast_head":"<!-- This site is optimized with the Yoast SEO plugin v24.4 - https:\/\/yoast.com\/wordpress\/plugins\/seo\/ -->\n<title>Estaci\u00f3 de C\u00e0rrega ODON - Mobens<\/title>\n<meta name=\"description\" content=\"L\u2019Estaci\u00f3 de C\u00e0rrega ODON \u00e9s una soluci\u00f3 pr\u00e0ctica i eficient per mantenir els dispositius electr\u00f2nics carregats en entorns educatius. Dissenyada com a part del mobiliari escolar modern, aquesta estaci\u00f3 de c\u00e0rrega port\u00e0til permet connectar m\u00faltiples dispositius simult\u00e0niament, facilitant l\u2019aprenentatge digital a les aules i espais comuns.\" \/>\n<meta name=\"robots\" content=\"index, follow, max-snippet:-1, max-image-preview:large, max-video-preview:-1\" \/>\n<link rel=\"canonical\" href=\"https:\/\/mobensescolar.com\/ca\/producto\/estacio-de-carrega-odon\/\" \/>\n<meta property=\"og:locale\" content=\"ca_ES\" \/>\n<meta property=\"og:type\" content=\"article\" \/>\n<meta property=\"og:title\" content=\"Estaci\u00f3 de C\u00e0rrega ODON - Mobens\" \/>\n<meta property=\"og:description\" content=\"L\u2019Estaci\u00f3 de C\u00e0rrega ODON \u00e9s una soluci\u00f3 pr\u00e0ctica i eficient per mantenir els dispositius electr\u00f2nics carregats en entorns educatius. Dissenyada com a part del mobiliari escolar modern, aquesta estaci\u00f3 de c\u00e0rrega port\u00e0til permet connectar m\u00faltiples dispositius simult\u00e0niament, facilitant l\u2019aprenentatge digital a les aules i espais comuns.\" \/>\n<meta property=\"og:url\" content=\"https:\/\/mobensescolar.com\/ca\/producto\/estacio-de-carrega-odon\/\" \/>\n<meta property=\"og:site_name\" content=\"Mobens\" \/>\n<meta property=\"article:modified_time\" content=\"2025-05-30T11:03:43+00:00\" \/>\n<meta property=\"og:image\" content=\"https:\/\/mobensescolar.com\/wp-content\/uploads\/2024\/11\/odon.png\" \/>\n\t<meta property=\"og:image:width\" content=\"1302\" \/>\n\t<meta property=\"og:image:height\" content=\"1000\" \/>\n\t<meta property=\"og:image:type\" content=\"image\/png\" \/>\n<meta name=\"twitter:card\" content=\"summary_large_image\" \/>\n<meta name=\"twitter:label1\" content=\"Temps estimat de lectura\" \/>\n\t<meta name=\"twitter:data1\" content=\"2 minuts\" \/>\n<script type=\"application\/ld+json\" class=\"yoast-schema-graph\">{\"@context\":\"https:\/\/schema.org\",\"@graph\":[{\"@type\":\"WebPage\",\"@id\":\"https:\/\/mobensescolar.com\/ca\/producto\/estacio-de-carrega-odon\/\",\"url\":\"https:\/\/mobensescolar.com\/ca\/producto\/estacio-de-carrega-odon\/\",\"name\":\"Estaci\u00f3 de C\u00e0rrega ODON - Mobens\",\"isPartOf\":{\"@id\":\"https:\/\/mobensescolar.com\/ca\/#website\"},\"primaryImageOfPage\":{\"@id\":\"https:\/\/mobensescolar.com\/ca\/producto\/estacio-de-carrega-odon\/#primaryimage\"},\"image\":{\"@id\":\"https:\/\/mobensescolar.com\/ca\/producto\/estacio-de-carrega-odon\/#primaryimage\"},\"thumbnailUrl\":\"https:\/\/mobensescolar.com\/wp-content\/uploads\/2024\/11\/odon.png\",\"datePublished\":\"2024-11-10T13:00:36+00:00\",\"dateModified\":\"2025-05-30T11:03:43+00:00\",\"description\":\"L\u2019Estaci\u00f3 de C\u00e0rrega ODON \u00e9s una soluci\u00f3 pr\u00e0ctica i eficient per mantenir els dispositius electr\u00f2nics carregats en entorns educatius. Dissenyada com a part del mobiliari escolar modern, aquesta estaci\u00f3 de c\u00e0rrega port\u00e0til permet connectar m\u00faltiples dispositius simult\u00e0niament, facilitant l\u2019aprenentatge digital a les aules i espais comuns.\",\"breadcrumb\":{\"@id\":\"https:\/\/mobensescolar.com\/ca\/producto\/estacio-de-carrega-odon\/#breadcrumb\"},\"inLanguage\":\"ca\",\"potentialAction\":[{\"@type\":\"ReadAction\",\"target\":[\"https:\/\/mobensescolar.com\/ca\/producto\/estacio-de-carrega-odon\/\"]}]},{\"@type\":\"ImageObject\",\"inLanguage\":\"ca\",\"@id\":\"https:\/\/mobensescolar.com\/ca\/producto\/estacio-de-carrega-odon\/#primaryimage\",\"url\":\"https:\/\/mobensescolar.com\/wp-content\/uploads\/2024\/11\/odon.png\",\"contentUrl\":\"https:\/\/mobensescolar.com\/wp-content\/uploads\/2024\/11\/odon.png\",\"width\":1302,\"height\":1000},{\"@type\":\"BreadcrumbList\",\"@id\":\"https:\/\/mobensescolar.com\/ca\/producto\/estacio-de-carrega-odon\/#breadcrumb\",\"itemListElement\":[{\"@type\":\"ListItem\",\"position\":1,\"name\":\"Inici\",\"item\":\"https:\/\/mobensescolar.com\/ca\/homepage\/\"},{\"@type\":\"ListItem\",\"position\":2,\"name\":\"Botiga\",\"item\":\"https:\/\/mobensescolar.com\/ca\/botiga\/\"},{\"@type\":\"ListItem\",\"position\":3,\"name\":\"Estaci\u00f3 de C\u00e0rrega ODON\"}]},{\"@type\":\"WebSite\",\"@id\":\"https:\/\/mobensescolar.com\/ca\/#website\",\"url\":\"https:\/\/mobensescolar.com\/ca\/\",\"name\":\"Mobens School\",\"description\":\"\",\"publisher\":{\"@id\":\"https:\/\/mobensescolar.com\/ca\/#organization\"},\"potentialAction\":[{\"@type\":\"SearchAction\",\"target\":{\"@type\":\"EntryPoint\",\"urlTemplate\":\"https:\/\/mobensescolar.com\/ca\/?s={search_term_string}\"},\"query-input\":{\"@type\":\"PropertyValueSpecification\",\"valueRequired\":true,\"valueName\":\"search_term_string\"}}],\"inLanguage\":\"ca\"},{\"@type\":\"Organization\",\"@id\":\"https:\/\/mobensescolar.com\/ca\/#organization\",\"name\":\"Mobens School\",\"url\":\"https:\/\/mobensescolar.com\/ca\/\",\"logo\":{\"@type\":\"ImageObject\",\"inLanguage\":\"ca\",\"@id\":\"https:\/\/mobensescolar.com\/ca\/#\/schema\/logo\/image\/\",\"url\":\"https:\/\/mobensescolar.com\/wp-content\/uploads\/2024\/10\/logo-mobens.webp\",\"contentUrl\":\"https:\/\/mobensescolar.com\/wp-content\/uploads\/2024\/10\/logo-mobens.webp\",\"width\":181,\"height\":181,\"caption\":\"Mobens School\"},\"image\":{\"@id\":\"https:\/\/mobensescolar.com\/ca\/#\/schema\/logo\/image\/\"},\"sameAs\":[\"https:\/\/www.instagram.com\/mobens.school\/\"]}]}<\/script>\n<!-- \/ Yoast SEO plugin. -->","yoast_head_json":{"title":"Estaci\u00f3 de C\u00e0rrega ODON - Mobens","description":"L\u2019Estaci\u00f3 de C\u00e0rrega ODON \u00e9s una soluci\u00f3 pr\u00e0ctica i eficient per mantenir els dispositius electr\u00f2nics carregats en entorns educatius. Dissenyada com a part del mobiliari escolar modern, aquesta estaci\u00f3 de c\u00e0rrega port\u00e0til permet connectar m\u00faltiples dispositius simult\u00e0niament, facilitant l\u2019aprenentatge digital a les aules i espais comuns.","robots":{"index":"index","follow":"follow","max-snippet":"max-snippet:-1","max-image-preview":"max-image-preview:large","max-video-preview":"max-video-preview:-1"},"canonical":"https:\/\/mobensescolar.com\/ca\/producto\/estacio-de-carrega-odon\/","og_locale":"ca_ES","og_type":"article","og_title":"Estaci\u00f3 de C\u00e0rrega ODON - Mobens","og_description":"L\u2019Estaci\u00f3 de C\u00e0rrega ODON \u00e9s una soluci\u00f3 pr\u00e0ctica i eficient per mantenir els dispositius electr\u00f2nics carregats en entorns educatius. Dissenyada com a part del mobiliari escolar modern, aquesta estaci\u00f3 de c\u00e0rrega port\u00e0til permet connectar m\u00faltiples dispositius simult\u00e0niament, facilitant l\u2019aprenentatge digital a les aules i espais comuns.","og_url":"https:\/\/mobensescolar.com\/ca\/producto\/estacio-de-carrega-odon\/","og_site_name":"Mobens","article_modified_time":"2025-05-30T11:03:43+00:00","og_image":[{"width":1302,"height":1000,"url":"https:\/\/mobensescolar.com\/wp-content\/uploads\/2024\/11\/odon.png","type":"image\/png"}],"twitter_card":"summary_large_image","twitter_misc":{"Temps estimat de lectura":"2 minuts"},"schema":{"@context":"https:\/\/schema.org","@graph":[{"@type":"WebPage","@id":"https:\/\/mobensescolar.com\/ca\/producto\/estacio-de-carrega-odon\/","url":"https:\/\/mobensescolar.com\/ca\/producto\/estacio-de-carrega-odon\/","name":"Estaci\u00f3 de C\u00e0rrega ODON - Mobens","isPartOf":{"@id":"https:\/\/mobensescolar.com\/ca\/#website"},"primaryImageOfPage":{"@id":"https:\/\/mobensescolar.com\/ca\/producto\/estacio-de-carrega-odon\/#primaryimage"},"image":{"@id":"https:\/\/mobensescolar.com\/ca\/producto\/estacio-de-carrega-odon\/#primaryimage"},"thumbnailUrl":"https:\/\/mobensescolar.com\/wp-content\/uploads\/2024\/11\/odon.png","datePublished":"2024-11-10T13:00:36+00:00","dateModified":"2025-05-30T11:03:43+00:00","description":"L\u2019Estaci\u00f3 de C\u00e0rrega ODON \u00e9s una soluci\u00f3 pr\u00e0ctica i eficient per mantenir els dispositius electr\u00f2nics carregats en entorns educatius. Dissenyada com a part del mobiliari escolar modern, aquesta estaci\u00f3 de c\u00e0rrega port\u00e0til permet connectar m\u00faltiples dispositius simult\u00e0niament, facilitant l\u2019aprenentatge digital a les aules i espais comuns.","breadcrumb":{"@id":"https:\/\/mobensescolar.com\/ca\/producto\/estacio-de-carrega-odon\/#breadcrumb"},"inLanguage":"ca","potentialAction":[{"@type":"ReadAction","target":["https:\/\/mobensescolar.com\/ca\/producto\/estacio-de-carrega-odon\/"]}]},{"@type":"ImageObject","inLanguage":"ca","@id":"https:\/\/mobensescolar.com\/ca\/producto\/estacio-de-carrega-odon\/#primaryimage","url":"https:\/\/mobensescolar.com\/wp-content\/uploads\/2024\/11\/odon.png","contentUrl":"https:\/\/mobensescolar.com\/wp-content\/uploads\/2024\/11\/odon.png","width":1302,"height":1000},{"@type":"BreadcrumbList","@id":"https:\/\/mobensescolar.com\/ca\/producto\/estacio-de-carrega-odon\/#breadcrumb","itemListElement":[{"@type":"ListItem","position":1,"name":"Inici","item":"https:\/\/mobensescolar.com\/ca\/homepage\/"},{"@type":"ListItem","position":2,"name":"Botiga","item":"https:\/\/mobensescolar.com\/ca\/botiga\/"},{"@type":"ListItem","position":3,"name":"Estaci\u00f3 de C\u00e0rrega ODON"}]},{"@type":"WebSite","@id":"https:\/\/mobensescolar.com\/ca\/#website","url":"https:\/\/mobensescolar.com\/ca\/","name":"Mobens School","description":"","publisher":{"@id":"https:\/\/mobensescolar.com\/ca\/#organization"},"potentialAction":[{"@type":"SearchAction","target":{"@type":"EntryPoint","urlTemplate":"https:\/\/mobensescolar.com\/ca\/?s={search_term_string}"},"query-input":{"@type":"PropertyValueSpecification","valueRequired":true,"valueName":"search_term_string"}}],"inLanguage":"ca"},{"@type":"Organization","@id":"https:\/\/mobensescolar.com\/ca\/#organization","name":"Mobens School","url":"https:\/\/mobensescolar.com\/ca\/","logo":{"@type":"ImageObject","inLanguage":"ca","@id":"https:\/\/mobensescolar.com\/ca\/#\/schema\/logo\/image\/","url":"https:\/\/mobensescolar.com\/wp-content\/uploads\/2024\/10\/logo-mobens.webp","contentUrl":"https:\/\/mobensescolar.com\/wp-content\/uploads\/2024\/10\/logo-mobens.webp","width":181,"height":181,"caption":"Mobens School"},"image":{"@id":"https:\/\/mobensescolar.com\/ca\/#\/schema\/logo\/image\/"},"sameAs":["https:\/\/www.instagram.com\/mobens.school\/"]}]}},"_links":{"self":[{"href":"https:\/\/mobensescolar.com\/ca\/wp-json\/wp\/v2\/product\/2299","targetHints":{"allow":["GET"]}}],"collection":[{"href":"https:\/\/mobensescolar.com\/ca\/wp-json\/wp\/v2\/product"}],"about":[{"href":"https:\/\/mobensescolar.com\/ca\/wp-json\/wp\/v2\/types\/product"}],"replies":[{"embeddable":true,"href":"https:\/\/mobensescolar.com\/ca\/wp-json\/wp\/v2\/comments?post=2299"}],"version-history":[{"count":1,"href":"https:\/\/mobensescolar.com\/ca\/wp-json\/wp\/v2\/product\/2299\/revisions"}],"predecessor-version":[{"id":4209,"href":"https:\/\/mobensescolar.com\/ca\/wp-json\/wp\/v2\/product\/2299\/revisions\/4209"}],"wp:featuredmedia":[{"embeddable":true,"href":"https:\/\/mobensescolar.com\/ca\/wp-json\/wp\/v2\/media\/2216"}],"wp:attachment":[{"href":"https:\/\/mobensescolar.com\/ca\/wp-json\/wp\/v2\/media?parent=2299"}],"wp:term":[{"taxonomy":"product_brand","embeddable":true,"href":"https:\/\/mobensescolar.com\/ca\/wp-json\/wp\/v2\/product_brand?post=2299"},{"taxonomy":"product_cat","embeddable":true,"href":"https:\/\/mobensescolar.com\/ca\/wp-json\/wp\/v2\/product_cat?post=2299"},{"taxonomy":"product_tag","embeddable":true,"href":"https:\/\/mobensescolar.com\/ca\/wp-json\/wp\/v2\/product_tag?post=2299"}],"curies":[{"name":"wp","href":"https:\/\/api.w.org\/{rel}","templated":true}]}}