{"id":2997,"date":"2024-11-20T13:20:24","date_gmt":"2024-11-20T12:20:24","guid":{"rendered":"http:\/\/mobensescolar.com\/?post_type=product&#038;p=2997"},"modified":"2025-05-14T14:47:10","modified_gmt":"2025-05-14T12:47:10","slug":"cadira-escolar-infantil-kiddy-vinta","status":"publish","type":"product","link":"https:\/\/mobensescolar.com\/ca\/producto\/cadira-escolar-infantil-kiddy-vinta\/","title":{"rendered":"Cadira escolar infantil KIDDY VINTA"},"content":{"rendered":"<div class=\"container\">\n<div class=\"row\">\n<div class=\"col-md-6 \u00f2fset-md-3 col-xl-4 \u00f2fset-xl-4\">\n<p>La <strong>cadira infantil<\/strong> Kiddy Vinta \u00e9s l&#8217;opci\u00f3 cl\u00e0ssica dins del <strong>mobiliari escolar per a escola<\/strong>, dissenyada per brindar seguretat, comoditat i durabilitat en els primers anys d&#8217;aprenentatge.<\/p>\n<p>Gr\u00e0cies al seu ganxo, permet mantenir l&#8217;aula organitzada en oferir un espai per penjar motxilles i accessoris.<\/p>\n<p><strong>cadira escolar<\/strong> Kiddy Vinta \u00e9s una soluci\u00f3 resistent i ergon\u00f2mica dins del <strong>mobiliari escolar per a infantil<\/strong>, garantint un entorn d&#8217;aprenentatge segur i confortable per als m\u00e9s petits.<\/p>\n<p>&nbsp;<\/p>\n<\/div>\n<p><span style=\"font-size: inherit;\">\u2705 Apilable, optimitzant l&#8217;emmagatzematge.<\/span><\/p>\n<div class=\"col-md-6 \u00f2fset-md-3 col-xl-4 \u00f2fset-xl-4\">\n<p>\u2705 Amb ganxo per a m\u00e9s funcionalitat a l&#8217;aula.<\/p>\n<p>\u2705 Disponible en dues talles, adaptades a l&#8217;educaci\u00f3 infantil:<\/p>\n<p>T2: Per a nens de 3 a 5 anys.<\/p>\n<p>T3: Per a nens de 5 a 6 anys.<\/p>\n<p>&nbsp;<\/p>\n<\/div>\n<\/div>\n<\/div>\n","protected":false},"excerpt":{"rendered":"<p>La cadira infantil Kiddy Vinta \u00e9s l&#8217;opci\u00f3 cl\u00e0ssica dins del mobiliari escolar per a escola, dissenyada per brindar seguretat, comoditat i durabilitat en els primers anys d&#8217;aprenentatge. Gr\u00e0cies al seu ganxo, permet mantenir l&#8217;aula organitzada en oferir un espai per penjar motxilles i accessoris. cadira escolar Kiddy Vinta \u00e9s una soluci\u00f3 resistent i ergon\u00f2mica dins &#8230; <a title=\"Cadira escolar infantil KIDDY VINTA\" class=\"read-more\" href=\"https:\/\/mobensescolar.com\/ca\/producto\/cadira-escolar-infantil-kiddy-vinta\/\" aria-label=\"M\u00e9s informaci\u00f3 sobre Cadira escolar infantil KIDDY VINTA\">Llegiu m\u00e9s<\/a><\/p>\n","protected":false},"featured_media":3002,"comment_status":"open","ping_status":"closed","template":"","meta":{"_acf_changed":false},"product_brand":[],"product_cat":[25],"product_tag":[],"class_list":{"0":"post-2997","1":"product","2":"type-product","3":"status-publish","4":"has-post-thumbnail","6":"product_cat-cadires","8":"first","9":"instock","10":"taxable","11":"shipping-taxable","12":"purchasable","13":"product-type-simple"},"supplier_id":null,"supplier_sku":"","barcode":null,"atum_controlled":true,"out_stock_date":null,"out_stock_threshold":null,"inheritable":false,"inbound_stock":0,"stock_on_hold":0,"sold_today":0,"sales_last_days":0,"reserved_stock":0,"customer_returns":0,"warehouse_damage":0,"lost_in_post":0,"other_logs":0,"out_stock_days":0,"lost_sales":0,"has_location":false,"update_date":"2026-04-29T00:11:27","atum_locations":[],"atum_stock_status":"instock","restock_status":false,"low_stock_amount":"","sales_update_date":"2026-04-29T00:11:27","calc_backorders":null,"acf":[],"yoast_head":"<!-- This site is optimized with the Yoast SEO plugin v24.4 - https:\/\/yoast.com\/wordpress\/plugins\/seo\/ -->\n<title>Cadira escolar infantil KIDDY VINTA - Mobens<\/title>\n<meta name=\"robots\" content=\"index, follow, max-snippet:-1, max-image-preview:large, max-video-preview:-1\" \/>\n<link rel=\"canonical\" href=\"https:\/\/mobensescolar.com\/ca\/producto\/cadira-escolar-infantil-kiddy-vinta\/\" \/>\n<meta property=\"og:locale\" content=\"ca_ES\" \/>\n<meta property=\"og:type\" content=\"article\" \/>\n<meta property=\"og:title\" content=\"Cadira escolar infantil KIDDY VINTA - Mobens\" \/>\n<meta property=\"og:description\" content=\"La cadira infantil Kiddy Vinta \u00e9s l&#8217;opci\u00f3 cl\u00e0ssica dins del mobiliari escolar per a escola, dissenyada per brindar seguretat, comoditat i durabilitat en els primers anys d&#8217;aprenentatge. Gr\u00e0cies al seu ganxo, permet mantenir l&#8217;aula organitzada en oferir un espai per penjar motxilles i accessoris. cadira escolar Kiddy Vinta \u00e9s una soluci\u00f3 resistent i ergon\u00f2mica dins ... Llegiu m\u00e9s\" \/>\n<meta property=\"og:url\" content=\"https:\/\/mobensescolar.com\/ca\/producto\/cadira-escolar-infantil-kiddy-vinta\/\" \/>\n<meta property=\"og:site_name\" content=\"Mobens\" \/>\n<meta property=\"article:modified_time\" content=\"2025-05-14T12:47:10+00:00\" \/>\n<meta property=\"og:image\" content=\"https:\/\/mobensescolar.com\/wp-content\/uploads\/2024\/11\/kiddy-vinta-bl-basic.jpg\" \/>\n\t<meta property=\"og:image:width\" content=\"1067\" \/>\n\t<meta property=\"og:image:height\" content=\"1020\" \/>\n\t<meta property=\"og:image:type\" content=\"image\/jpeg\" \/>\n<meta name=\"twitter:card\" content=\"summary_large_image\" \/>\n<meta name=\"twitter:label1\" content=\"Temps estimat de lectura\" \/>\n\t<meta name=\"twitter:data1\" content=\"1 minut\" \/>\n<script type=\"application\/ld+json\" class=\"yoast-schema-graph\">{\"@context\":\"https:\/\/schema.org\",\"@graph\":[{\"@type\":\"WebPage\",\"@id\":\"https:\/\/mobensescolar.com\/ca\/producto\/cadira-escolar-infantil-kiddy-vinta\/\",\"url\":\"https:\/\/mobensescolar.com\/ca\/producto\/cadira-escolar-infantil-kiddy-vinta\/\",\"name\":\"Cadira escolar infantil KIDDY VINTA - Mobens\",\"isPartOf\":{\"@id\":\"https:\/\/mobensescolar.com\/ca\/#website\"},\"primaryImageOfPage\":{\"@id\":\"https:\/\/mobensescolar.com\/ca\/producto\/cadira-escolar-infantil-kiddy-vinta\/#primaryimage\"},\"image\":{\"@id\":\"https:\/\/mobensescolar.com\/ca\/producto\/cadira-escolar-infantil-kiddy-vinta\/#primaryimage\"},\"thumbnailUrl\":\"https:\/\/mobensescolar.com\/wp-content\/uploads\/2024\/11\/kiddy-vinta-bl-basic.jpg\",\"datePublished\":\"2024-11-20T12:20:24+00:00\",\"dateModified\":\"2025-05-14T12:47:10+00:00\",\"breadcrumb\":{\"@id\":\"https:\/\/mobensescolar.com\/ca\/producto\/cadira-escolar-infantil-kiddy-vinta\/#breadcrumb\"},\"inLanguage\":\"ca\",\"potentialAction\":[{\"@type\":\"ReadAction\",\"target\":[\"https:\/\/mobensescolar.com\/ca\/producto\/cadira-escolar-infantil-kiddy-vinta\/\"]}]},{\"@type\":\"ImageObject\",\"inLanguage\":\"ca\",\"@id\":\"https:\/\/mobensescolar.com\/ca\/producto\/cadira-escolar-infantil-kiddy-vinta\/#primaryimage\",\"url\":\"https:\/\/mobensescolar.com\/wp-content\/uploads\/2024\/11\/kiddy-vinta-bl-basic.jpg\",\"contentUrl\":\"https:\/\/mobensescolar.com\/wp-content\/uploads\/2024\/11\/kiddy-vinta-bl-basic.jpg\",\"width\":1067,\"height\":1020},{\"@type\":\"BreadcrumbList\",\"@id\":\"https:\/\/mobensescolar.com\/ca\/producto\/cadira-escolar-infantil-kiddy-vinta\/#breadcrumb\",\"itemListElement\":[{\"@type\":\"ListItem\",\"position\":1,\"name\":\"Inici\",\"item\":\"https:\/\/mobensescolar.com\/ca\/homepage\/\"},{\"@type\":\"ListItem\",\"position\":2,\"name\":\"Botiga\",\"item\":\"https:\/\/mobensescolar.com\/ca\/botiga\/\"},{\"@type\":\"ListItem\",\"position\":3,\"name\":\"Cadira escolar infantil KIDDY VINTA\"}]},{\"@type\":\"WebSite\",\"@id\":\"https:\/\/mobensescolar.com\/ca\/#website\",\"url\":\"https:\/\/mobensescolar.com\/ca\/\",\"name\":\"Mobens School\",\"description\":\"\",\"publisher\":{\"@id\":\"https:\/\/mobensescolar.com\/ca\/#organization\"},\"potentialAction\":[{\"@type\":\"SearchAction\",\"target\":{\"@type\":\"EntryPoint\",\"urlTemplate\":\"https:\/\/mobensescolar.com\/ca\/?s={search_term_string}\"},\"query-input\":{\"@type\":\"PropertyValueSpecification\",\"valueRequired\":true,\"valueName\":\"search_term_string\"}}],\"inLanguage\":\"ca\"},{\"@type\":\"Organization\",\"@id\":\"https:\/\/mobensescolar.com\/ca\/#organization\",\"name\":\"Mobens School\",\"url\":\"https:\/\/mobensescolar.com\/ca\/\",\"logo\":{\"@type\":\"ImageObject\",\"inLanguage\":\"ca\",\"@id\":\"https:\/\/mobensescolar.com\/ca\/#\/schema\/logo\/image\/\",\"url\":\"https:\/\/mobensescolar.com\/wp-content\/uploads\/2024\/10\/logo-mobens.webp\",\"contentUrl\":\"https:\/\/mobensescolar.com\/wp-content\/uploads\/2024\/10\/logo-mobens.webp\",\"width\":181,\"height\":181,\"caption\":\"Mobens School\"},\"image\":{\"@id\":\"https:\/\/mobensescolar.com\/ca\/#\/schema\/logo\/image\/\"},\"sameAs\":[\"https:\/\/www.instagram.com\/mobens.school\/\"]}]}<\/script>\n<!-- \/ Yoast SEO plugin. -->","yoast_head_json":{"title":"Cadira escolar infantil KIDDY VINTA - Mobens","robots":{"index":"index","follow":"follow","max-snippet":"max-snippet:-1","max-image-preview":"max-image-preview:large","max-video-preview":"max-video-preview:-1"},"canonical":"https:\/\/mobensescolar.com\/ca\/producto\/cadira-escolar-infantil-kiddy-vinta\/","og_locale":"ca_ES","og_type":"article","og_title":"Cadira escolar infantil KIDDY VINTA - Mobens","og_description":"La cadira infantil Kiddy Vinta \u00e9s l&#8217;opci\u00f3 cl\u00e0ssica dins del mobiliari escolar per a escola, dissenyada per brindar seguretat, comoditat i durabilitat en els primers anys d&#8217;aprenentatge. Gr\u00e0cies al seu ganxo, permet mantenir l&#8217;aula organitzada en oferir un espai per penjar motxilles i accessoris. cadira escolar Kiddy Vinta \u00e9s una soluci\u00f3 resistent i ergon\u00f2mica dins ... Llegiu m\u00e9s","og_url":"https:\/\/mobensescolar.com\/ca\/producto\/cadira-escolar-infantil-kiddy-vinta\/","og_site_name":"Mobens","article_modified_time":"2025-05-14T12:47:10+00:00","og_image":[{"width":1067,"height":1020,"url":"https:\/\/mobensescolar.com\/wp-content\/uploads\/2024\/11\/kiddy-vinta-bl-basic.jpg","type":"image\/jpeg"}],"twitter_card":"summary_large_image","twitter_misc":{"Temps estimat de lectura":"1 minut"},"schema":{"@context":"https:\/\/schema.org","@graph":[{"@type":"WebPage","@id":"https:\/\/mobensescolar.com\/ca\/producto\/cadira-escolar-infantil-kiddy-vinta\/","url":"https:\/\/mobensescolar.com\/ca\/producto\/cadira-escolar-infantil-kiddy-vinta\/","name":"Cadira escolar infantil KIDDY VINTA - Mobens","isPartOf":{"@id":"https:\/\/mobensescolar.com\/ca\/#website"},"primaryImageOfPage":{"@id":"https:\/\/mobensescolar.com\/ca\/producto\/cadira-escolar-infantil-kiddy-vinta\/#primaryimage"},"image":{"@id":"https:\/\/mobensescolar.com\/ca\/producto\/cadira-escolar-infantil-kiddy-vinta\/#primaryimage"},"thumbnailUrl":"https:\/\/mobensescolar.com\/wp-content\/uploads\/2024\/11\/kiddy-vinta-bl-basic.jpg","datePublished":"2024-11-20T12:20:24+00:00","dateModified":"2025-05-14T12:47:10+00:00","breadcrumb":{"@id":"https:\/\/mobensescolar.com\/ca\/producto\/cadira-escolar-infantil-kiddy-vinta\/#breadcrumb"},"inLanguage":"ca","potentialAction":[{"@type":"ReadAction","target":["https:\/\/mobensescolar.com\/ca\/producto\/cadira-escolar-infantil-kiddy-vinta\/"]}]},{"@type":"ImageObject","inLanguage":"ca","@id":"https:\/\/mobensescolar.com\/ca\/producto\/cadira-escolar-infantil-kiddy-vinta\/#primaryimage","url":"https:\/\/mobensescolar.com\/wp-content\/uploads\/2024\/11\/kiddy-vinta-bl-basic.jpg","contentUrl":"https:\/\/mobensescolar.com\/wp-content\/uploads\/2024\/11\/kiddy-vinta-bl-basic.jpg","width":1067,"height":1020},{"@type":"BreadcrumbList","@id":"https:\/\/mobensescolar.com\/ca\/producto\/cadira-escolar-infantil-kiddy-vinta\/#breadcrumb","itemListElement":[{"@type":"ListItem","position":1,"name":"Inici","item":"https:\/\/mobensescolar.com\/ca\/homepage\/"},{"@type":"ListItem","position":2,"name":"Botiga","item":"https:\/\/mobensescolar.com\/ca\/botiga\/"},{"@type":"ListItem","position":3,"name":"Cadira escolar infantil KIDDY VINTA"}]},{"@type":"WebSite","@id":"https:\/\/mobensescolar.com\/ca\/#website","url":"https:\/\/mobensescolar.com\/ca\/","name":"Mobens School","description":"","publisher":{"@id":"https:\/\/mobensescolar.com\/ca\/#organization"},"potentialAction":[{"@type":"SearchAction","target":{"@type":"EntryPoint","urlTemplate":"https:\/\/mobensescolar.com\/ca\/?s={search_term_string}"},"query-input":{"@type":"PropertyValueSpecification","valueRequired":true,"valueName":"search_term_string"}}],"inLanguage":"ca"},{"@type":"Organization","@id":"https:\/\/mobensescolar.com\/ca\/#organization","name":"Mobens School","url":"https:\/\/mobensescolar.com\/ca\/","logo":{"@type":"ImageObject","inLanguage":"ca","@id":"https:\/\/mobensescolar.com\/ca\/#\/schema\/logo\/image\/","url":"https:\/\/mobensescolar.com\/wp-content\/uploads\/2024\/10\/logo-mobens.webp","contentUrl":"https:\/\/mobensescolar.com\/wp-content\/uploads\/2024\/10\/logo-mobens.webp","width":181,"height":181,"caption":"Mobens School"},"image":{"@id":"https:\/\/mobensescolar.com\/ca\/#\/schema\/logo\/image\/"},"sameAs":["https:\/\/www.instagram.com\/mobens.school\/"]}]}},"_links":{"self":[{"href":"https:\/\/mobensescolar.com\/ca\/wp-json\/wp\/v2\/product\/2997","targetHints":{"allow":["GET"]}}],"collection":[{"href":"https:\/\/mobensescolar.com\/ca\/wp-json\/wp\/v2\/product"}],"about":[{"href":"https:\/\/mobensescolar.com\/ca\/wp-json\/wp\/v2\/types\/product"}],"replies":[{"embeddable":true,"href":"https:\/\/mobensescolar.com\/ca\/wp-json\/wp\/v2\/comments?post=2997"}],"version-history":[{"count":0,"href":"https:\/\/mobensescolar.com\/ca\/wp-json\/wp\/v2\/product\/2997\/revisions"}],"wp:featuredmedia":[{"embeddable":true,"href":"https:\/\/mobensescolar.com\/ca\/wp-json\/wp\/v2\/media\/3002"}],"wp:attachment":[{"href":"https:\/\/mobensescolar.com\/ca\/wp-json\/wp\/v2\/media?parent=2997"}],"wp:term":[{"taxonomy":"product_brand","embeddable":true,"href":"https:\/\/mobensescolar.com\/ca\/wp-json\/wp\/v2\/product_brand?post=2997"},{"taxonomy":"product_cat","embeddable":true,"href":"https:\/\/mobensescolar.com\/ca\/wp-json\/wp\/v2\/product_cat?post=2997"},{"taxonomy":"product_tag","embeddable":true,"href":"https:\/\/mobensescolar.com\/ca\/wp-json\/wp\/v2\/product_tag?post=2997"}],"curies":[{"name":"wp","href":"https:\/\/api.w.org\/{rel}","templated":true}]}}