{"id":3199,"date":"2024-12-16T18:31:16","date_gmt":"2024-12-16T17:31:16","guid":{"rendered":"http:\/\/mobensescolar.com\/?post_type=product&#038;p=3199"},"modified":"2025-05-14T14:47:18","modified_gmt":"2025-05-14T12:47:18","slug":"taula-escolar-twist-oval","status":"publish","type":"product","link":"https:\/\/mobensescolar.com\/ca\/producto\/taula-escolar-twist-oval\/","title":{"rendered":"Taula Escolar TWIST OVAL"},"content":{"rendered":"<div class=\"container\">\n<div class=\"row\">\n<div class=\"col-md-6 \u00f2fset-md-3 col-xl-4 \u00f2fset-xl-4\">\n<p>La <strong>Taula Escolar TWIST OVAL<\/strong> \u00e9s l&#8217;elecci\u00f3 ideal per a centres educatius que busquen <strong>mobiliari escolar<\/strong> vers\u00e0til, resistent i dissenyat per fomentar el treball en equip.<\/p>\n<p>T\u00e9 una <strong>forma ovalada per\u00f2 amb un extrem amb un tall angular que <\/strong>facilita l&#8217;acoblament amb altres taules. Es combina amb els models <strong>Disc Up<\/strong> i <strong>Team<\/strong>, creant espais d&#8217;aprenentatge din\u00e0mics i col\u00b7laboratius.<\/p>\n<p>El seu disseny <strong>abatible<\/strong> facilita l&#8217;emmagatzematge i optimitza l&#8217;\u00fas de l&#8217;espai a les aules de col\u00b7legis, instituts i acad\u00e8mies. A m\u00e9s, est\u00e0 equipada amb <strong>rodes amb frens<\/strong>, cosa que permet una mobilitat total amb la seguretat d&#8217;un ancoratge estable. La seva <strong>estructura met\u00e0l\u00b7lica soldada<\/strong> garanteix una gran resist\u00e8ncia i durabilitat, mentre que la seva opci\u00f3 de <strong>acabat retolable<\/strong> converteix la superf\u00edcie en una eina ideal per a l&#8217;ensenyament interactiu.<\/p>\n<p><strong> <\/strong><\/p>\n<p><strong>Caracter\u00edstiques:<\/strong><\/p>\n<p>\u2714\ufe0f <strong>Forma ovalada amb extrem en mitja lluna<\/strong>: Perfecta per crear entorns de treball col\u00b7laboratius.<br \/>\n\u2714\ufe0f <strong>Abatible<\/strong>: F\u00e0cil d&#8217;emmagatzemar i optimitzar l&#8217;espai a l&#8217;aula.<br \/>\n\u2714\ufe0f <strong>Rodes amb frens<\/strong>: Mobilitat total amb seguretat i estabilitat.<br \/>\n\u2714\ufe0f <strong>Estructura met\u00e0l\u00b7lica soldada<\/strong>: Gran resist\u00e8ncia i durabilitat.<br \/>\n\u2714\ufe0f <strong>Opcional acabat retolable<\/strong>: Superf\u00edcie ideal per a escriptura i treball interactiu.<br \/>\n\u2714\ufe0f <strong>Combinable amb Disc Up i Team<\/strong>: Per configurar espais d&#8217;aprenentatge flexibles i col\u00b7laboratius.<br \/>\n\u2714\ufe0f <strong>Versatilitat<\/strong>: Ideal com <strong>taula de col\u00b7legi, taula d&#8217;institut, taula d&#8217;acad\u00e8mia o taula per a aules<\/strong> a qualsevol nivell educatiu.<\/p>\n<p>Si busques <strong>taules escolars<\/strong> innovadores i adaptables, la <strong>Taula Escolar TWIST OVAL<\/strong> \u00e9s la millor opci\u00f3 per transformar qualsevol aula en un entorn din\u00e0mic i funcional.<\/p>\n<p>&nbsp;<\/p>\n<p><strong> <\/strong><strong>Color:<\/strong><\/p>\n<p>CDF Blanc<\/p>\n<p>Fen\u00f2lic Blanc<\/p>\n<p>Fen\u00f2lic fusta n\u00f2rdic<\/p>\n<p>Fen\u00f2lic retolable<\/p>\n<p>&nbsp;<\/p>\n<p>&nbsp;<\/p>\n<p><strong>Talles<\/strong><\/p>\n<p><strong>T2: <\/strong>Per nens de <strong>3 a 5 anys.<\/strong><\/p>\n<p><strong>T3: <\/strong>Per nens de <strong>5 a 6 anys<\/strong>.<\/p>\n<p><strong>T4<\/strong>: Per a alumnes de <strong>prim\u00e0ria<\/strong> de <strong>6 a 8 anys<\/strong>.<\/p>\n<p><strong>T5<\/strong>: Per a alumnes de <strong>prim\u00e0ria<\/strong> de <strong>8 a 11 anys<\/strong>.<\/p>\n<p><strong>T6<\/strong>: Per a alumnes de <strong>secund\u00e0ria<\/strong> i estudis superiors (+11 anys).<br \/>\n&nbsp;<\/p>\n<h3>Taula combinable amb:<\/h3>\n<p><img decoding=\"async\" class=\"emoji\" role=\"img\" draggable=\"false\" src=\"https:\/\/s.w.org\/images\/core\/emoji\/15.0.3\/svg\/1f449.svg\" alt=\" \" \/ fetchpriority=\"high\"> <a href=\"\/es\/producto\/- UP<\/a><\/p>\n<p><img decoding=\"async\" class=\"emoji\" role=\"img\" draggable=\"false\" src=\"https:\/\/s.w.org\/images\/core\/emoji\/15.0.3\/svg\/1f449.svg\" alt=\" \" \/ loading=\"lazy\" fetchpriority=\"low\"> <a href=\"\/es\/producto\/mesa TEAM<\/a><\/p>\n<\/div>\n<\/div>\n<\/div>\n","protected":false},"excerpt":{"rendered":"<p>La Taula Escolar TWIST OVAL \u00e9s l&#8217;elecci\u00f3 ideal per a centres educatius que busquen mobiliari escolar vers\u00e0til, resistent i dissenyat per fomentar el treball en equip. T\u00e9 una forma ovalada per\u00f2 amb un extrem amb un tall angular que facilita l&#8217;acoblament amb altres taules. Es combina amb els models Disc Up i Team, creant espais &#8230; <a title=\"Taula Escolar TWIST OVAL\" class=\"read-more\" href=\"https:\/\/mobensescolar.com\/ca\/producto\/taula-escolar-twist-oval\/\" aria-label=\"M\u00e9s informaci\u00f3 sobre Taula Escolar TWIST OVAL\">Llegiu m\u00e9s<\/a><\/p>\n","protected":false},"featured_media":3204,"comment_status":"open","ping_status":"closed","template":"","meta":{"_acf_changed":false},"product_brand":[],"product_cat":[27],"product_tag":[],"class_list":{"0":"post-3199","1":"product","2":"type-product","3":"status-publish","4":"has-post-thumbnail","6":"product_cat-taules","8":"first","9":"instock","10":"taxable","11":"shipping-taxable","12":"purchasable","13":"product-type-simple"},"supplier_id":null,"supplier_sku":"","barcode":null,"atum_controlled":true,"out_stock_date":null,"out_stock_threshold":null,"inheritable":false,"inbound_stock":0,"stock_on_hold":0,"sold_today":0,"sales_last_days":0,"reserved_stock":0,"customer_returns":0,"warehouse_damage":0,"lost_in_post":0,"other_logs":0,"out_stock_days":0,"lost_sales":0,"has_location":false,"update_date":"2026-04-29T00:11:27","atum_locations":[],"atum_stock_status":"instock","restock_status":false,"low_stock_amount":"","sales_update_date":"2026-04-29T00:11:27","calc_backorders":null,"acf":[],"yoast_head":"<!-- This site is optimized with the Yoast SEO plugin v24.4 - https:\/\/yoast.com\/wordpress\/plugins\/seo\/ -->\n<title>Taula Escolar TWIST OVAL - Mobens<\/title>\n<meta name=\"robots\" content=\"index, follow, max-snippet:-1, max-image-preview:large, max-video-preview:-1\" \/>\n<link rel=\"canonical\" href=\"https:\/\/mobensescolar.com\/ca\/producto\/taula-escolar-twist-oval\/\" \/>\n<meta property=\"og:locale\" content=\"ca_ES\" \/>\n<meta property=\"og:type\" content=\"article\" \/>\n<meta property=\"og:title\" content=\"Taula Escolar TWIST OVAL - Mobens\" \/>\n<meta property=\"og:description\" content=\"La Taula Escolar TWIST OVAL \u00e9s l&#8217;elecci\u00f3 ideal per a centres educatius que busquen mobiliari escolar vers\u00e0til, resistent i dissenyat per fomentar el treball en equip. T\u00e9 una forma ovalada per\u00f2 amb un extrem amb un tall angular que facilita l&#8217;acoblament amb altres taules. Es combina amb els models Disc Up i Team, creant espais ... Llegiu m\u00e9s\" \/>\n<meta property=\"og:url\" content=\"https:\/\/mobensescolar.com\/ca\/producto\/taula-escolar-twist-oval\/\" \/>\n<meta property=\"og:site_name\" content=\"Mobens\" \/>\n<meta property=\"article:modified_time\" content=\"2025-05-14T12:47:18+00:00\" \/>\n<meta property=\"og:image\" content=\"https:\/\/mobensescolar.com\/wp-content\/uploads\/2024\/12\/twist-oval-fen-bl-basic.jpg\" \/>\n\t<meta property=\"og:image:width\" content=\"1067\" \/>\n\t<meta property=\"og:image:height\" content=\"1020\" \/>\n\t<meta property=\"og:image:type\" content=\"image\/jpeg\" \/>\n<meta name=\"twitter:card\" content=\"summary_large_image\" \/>\n<meta name=\"twitter:label1\" content=\"Temps estimat de lectura\" \/>\n\t<meta name=\"twitter:data1\" content=\"1 minut\" \/>\n<script type=\"application\/ld+json\" class=\"yoast-schema-graph\">{\"@context\":\"https:\/\/schema.org\",\"@graph\":[{\"@type\":\"WebPage\",\"@id\":\"https:\/\/mobensescolar.com\/ca\/producto\/taula-escolar-twist-oval\/\",\"url\":\"https:\/\/mobensescolar.com\/ca\/producto\/taula-escolar-twist-oval\/\",\"name\":\"Taula Escolar TWIST OVAL - Mobens\",\"isPartOf\":{\"@id\":\"https:\/\/mobensescolar.com\/ca\/#website\"},\"primaryImageOfPage\":{\"@id\":\"https:\/\/mobensescolar.com\/ca\/producto\/taula-escolar-twist-oval\/#primaryimage\"},\"image\":{\"@id\":\"https:\/\/mobensescolar.com\/ca\/producto\/taula-escolar-twist-oval\/#primaryimage\"},\"thumbnailUrl\":\"https:\/\/mobensescolar.com\/wp-content\/uploads\/2024\/12\/twist-oval-fen-bl-basic.jpg\",\"datePublished\":\"2024-12-16T17:31:16+00:00\",\"dateModified\":\"2025-05-14T12:47:18+00:00\",\"breadcrumb\":{\"@id\":\"https:\/\/mobensescolar.com\/ca\/producto\/taula-escolar-twist-oval\/#breadcrumb\"},\"inLanguage\":\"ca\",\"potentialAction\":[{\"@type\":\"ReadAction\",\"target\":[\"https:\/\/mobensescolar.com\/ca\/producto\/taula-escolar-twist-oval\/\"]}]},{\"@type\":\"ImageObject\",\"inLanguage\":\"ca\",\"@id\":\"https:\/\/mobensescolar.com\/ca\/producto\/taula-escolar-twist-oval\/#primaryimage\",\"url\":\"https:\/\/mobensescolar.com\/wp-content\/uploads\/2024\/12\/twist-oval-fen-bl-basic.jpg\",\"contentUrl\":\"https:\/\/mobensescolar.com\/wp-content\/uploads\/2024\/12\/twist-oval-fen-bl-basic.jpg\",\"width\":1067,\"height\":1020},{\"@type\":\"BreadcrumbList\",\"@id\":\"https:\/\/mobensescolar.com\/ca\/producto\/taula-escolar-twist-oval\/#breadcrumb\",\"itemListElement\":[{\"@type\":\"ListItem\",\"position\":1,\"name\":\"Inici\",\"item\":\"https:\/\/mobensescolar.com\/ca\/homepage\/\"},{\"@type\":\"ListItem\",\"position\":2,\"name\":\"Botiga\",\"item\":\"https:\/\/mobensescolar.com\/ca\/botiga\/\"},{\"@type\":\"ListItem\",\"position\":3,\"name\":\"Taula Escolar TWIST OVAL\"}]},{\"@type\":\"WebSite\",\"@id\":\"https:\/\/mobensescolar.com\/ca\/#website\",\"url\":\"https:\/\/mobensescolar.com\/ca\/\",\"name\":\"Mobens School\",\"description\":\"\",\"publisher\":{\"@id\":\"https:\/\/mobensescolar.com\/ca\/#organization\"},\"potentialAction\":[{\"@type\":\"SearchAction\",\"target\":{\"@type\":\"EntryPoint\",\"urlTemplate\":\"https:\/\/mobensescolar.com\/ca\/?s={search_term_string}\"},\"query-input\":{\"@type\":\"PropertyValueSpecification\",\"valueRequired\":true,\"valueName\":\"search_term_string\"}}],\"inLanguage\":\"ca\"},{\"@type\":\"Organization\",\"@id\":\"https:\/\/mobensescolar.com\/ca\/#organization\",\"name\":\"Mobens School\",\"url\":\"https:\/\/mobensescolar.com\/ca\/\",\"logo\":{\"@type\":\"ImageObject\",\"inLanguage\":\"ca\",\"@id\":\"https:\/\/mobensescolar.com\/ca\/#\/schema\/logo\/image\/\",\"url\":\"https:\/\/mobensescolar.com\/wp-content\/uploads\/2024\/10\/logo-mobens.webp\",\"contentUrl\":\"https:\/\/mobensescolar.com\/wp-content\/uploads\/2024\/10\/logo-mobens.webp\",\"width\":181,\"height\":181,\"caption\":\"Mobens School\"},\"image\":{\"@id\":\"https:\/\/mobensescolar.com\/ca\/#\/schema\/logo\/image\/\"},\"sameAs\":[\"https:\/\/www.instagram.com\/mobens.school\/\"]}]}<\/script>\n<!-- \/ Yoast SEO plugin. -->","yoast_head_json":{"title":"Taula Escolar TWIST OVAL - Mobens","robots":{"index":"index","follow":"follow","max-snippet":"max-snippet:-1","max-image-preview":"max-image-preview:large","max-video-preview":"max-video-preview:-1"},"canonical":"https:\/\/mobensescolar.com\/ca\/producto\/taula-escolar-twist-oval\/","og_locale":"ca_ES","og_type":"article","og_title":"Taula Escolar TWIST OVAL - Mobens","og_description":"La Taula Escolar TWIST OVAL \u00e9s l&#8217;elecci\u00f3 ideal per a centres educatius que busquen mobiliari escolar vers\u00e0til, resistent i dissenyat per fomentar el treball en equip. T\u00e9 una forma ovalada per\u00f2 amb un extrem amb un tall angular que facilita l&#8217;acoblament amb altres taules. Es combina amb els models Disc Up i Team, creant espais ... Llegiu m\u00e9s","og_url":"https:\/\/mobensescolar.com\/ca\/producto\/taula-escolar-twist-oval\/","og_site_name":"Mobens","article_modified_time":"2025-05-14T12:47:18+00:00","og_image":[{"width":1067,"height":1020,"url":"https:\/\/mobensescolar.com\/wp-content\/uploads\/2024\/12\/twist-oval-fen-bl-basic.jpg","type":"image\/jpeg"}],"twitter_card":"summary_large_image","twitter_misc":{"Temps estimat de lectura":"1 minut"},"schema":{"@context":"https:\/\/schema.org","@graph":[{"@type":"WebPage","@id":"https:\/\/mobensescolar.com\/ca\/producto\/taula-escolar-twist-oval\/","url":"https:\/\/mobensescolar.com\/ca\/producto\/taula-escolar-twist-oval\/","name":"Taula Escolar TWIST OVAL - Mobens","isPartOf":{"@id":"https:\/\/mobensescolar.com\/ca\/#website"},"primaryImageOfPage":{"@id":"https:\/\/mobensescolar.com\/ca\/producto\/taula-escolar-twist-oval\/#primaryimage"},"image":{"@id":"https:\/\/mobensescolar.com\/ca\/producto\/taula-escolar-twist-oval\/#primaryimage"},"thumbnailUrl":"https:\/\/mobensescolar.com\/wp-content\/uploads\/2024\/12\/twist-oval-fen-bl-basic.jpg","datePublished":"2024-12-16T17:31:16+00:00","dateModified":"2025-05-14T12:47:18+00:00","breadcrumb":{"@id":"https:\/\/mobensescolar.com\/ca\/producto\/taula-escolar-twist-oval\/#breadcrumb"},"inLanguage":"ca","potentialAction":[{"@type":"ReadAction","target":["https:\/\/mobensescolar.com\/ca\/producto\/taula-escolar-twist-oval\/"]}]},{"@type":"ImageObject","inLanguage":"ca","@id":"https:\/\/mobensescolar.com\/ca\/producto\/taula-escolar-twist-oval\/#primaryimage","url":"https:\/\/mobensescolar.com\/wp-content\/uploads\/2024\/12\/twist-oval-fen-bl-basic.jpg","contentUrl":"https:\/\/mobensescolar.com\/wp-content\/uploads\/2024\/12\/twist-oval-fen-bl-basic.jpg","width":1067,"height":1020},{"@type":"BreadcrumbList","@id":"https:\/\/mobensescolar.com\/ca\/producto\/taula-escolar-twist-oval\/#breadcrumb","itemListElement":[{"@type":"ListItem","position":1,"name":"Inici","item":"https:\/\/mobensescolar.com\/ca\/homepage\/"},{"@type":"ListItem","position":2,"name":"Botiga","item":"https:\/\/mobensescolar.com\/ca\/botiga\/"},{"@type":"ListItem","position":3,"name":"Taula Escolar TWIST OVAL"}]},{"@type":"WebSite","@id":"https:\/\/mobensescolar.com\/ca\/#website","url":"https:\/\/mobensescolar.com\/ca\/","name":"Mobens School","description":"","publisher":{"@id":"https:\/\/mobensescolar.com\/ca\/#organization"},"potentialAction":[{"@type":"SearchAction","target":{"@type":"EntryPoint","urlTemplate":"https:\/\/mobensescolar.com\/ca\/?s={search_term_string}"},"query-input":{"@type":"PropertyValueSpecification","valueRequired":true,"valueName":"search_term_string"}}],"inLanguage":"ca"},{"@type":"Organization","@id":"https:\/\/mobensescolar.com\/ca\/#organization","name":"Mobens School","url":"https:\/\/mobensescolar.com\/ca\/","logo":{"@type":"ImageObject","inLanguage":"ca","@id":"https:\/\/mobensescolar.com\/ca\/#\/schema\/logo\/image\/","url":"https:\/\/mobensescolar.com\/wp-content\/uploads\/2024\/10\/logo-mobens.webp","contentUrl":"https:\/\/mobensescolar.com\/wp-content\/uploads\/2024\/10\/logo-mobens.webp","width":181,"height":181,"caption":"Mobens School"},"image":{"@id":"https:\/\/mobensescolar.com\/ca\/#\/schema\/logo\/image\/"},"sameAs":["https:\/\/www.instagram.com\/mobens.school\/"]}]}},"_links":{"self":[{"href":"https:\/\/mobensescolar.com\/ca\/wp-json\/wp\/v2\/product\/3199","targetHints":{"allow":["GET"]}}],"collection":[{"href":"https:\/\/mobensescolar.com\/ca\/wp-json\/wp\/v2\/product"}],"about":[{"href":"https:\/\/mobensescolar.com\/ca\/wp-json\/wp\/v2\/types\/product"}],"replies":[{"embeddable":true,"href":"https:\/\/mobensescolar.com\/ca\/wp-json\/wp\/v2\/comments?post=3199"}],"version-history":[{"count":1,"href":"https:\/\/mobensescolar.com\/ca\/wp-json\/wp\/v2\/product\/3199\/revisions"}],"predecessor-version":[{"id":3577,"href":"https:\/\/mobensescolar.com\/ca\/wp-json\/wp\/v2\/product\/3199\/revisions\/3577"}],"wp:featuredmedia":[{"embeddable":true,"href":"https:\/\/mobensescolar.com\/ca\/wp-json\/wp\/v2\/media\/3204"}],"wp:attachment":[{"href":"https:\/\/mobensescolar.com\/ca\/wp-json\/wp\/v2\/media?parent=3199"}],"wp:term":[{"taxonomy":"product_brand","embeddable":true,"href":"https:\/\/mobensescolar.com\/ca\/wp-json\/wp\/v2\/product_brand?post=3199"},{"taxonomy":"product_cat","embeddable":true,"href":"https:\/\/mobensescolar.com\/ca\/wp-json\/wp\/v2\/product_cat?post=3199"},{"taxonomy":"product_tag","embeddable":true,"href":"https:\/\/mobensescolar.com\/ca\/wp-json\/wp\/v2\/product_tag?post=3199"}],"curies":[{"name":"wp","href":"https:\/\/api.w.org\/{rel}","templated":true}]}}