{"id":3356,"date":"2024-12-16T20:24:27","date_gmt":"2024-12-16T19:24:27","guid":{"rendered":"http:\/\/mobensescolar.com\/?post_type=product&#038;p=3356"},"modified":"2025-05-14T14:47:21","modified_gmt":"2025-05-14T12:47:21","slug":"taula-infantil-kiddy-r","status":"publish","type":"product","link":"https:\/\/mobensescolar.com\/ca\/producto\/taula-infantil-kiddy-r\/","title":{"rendered":"Taula Infantil Kiddy R"},"content":{"rendered":"<div class=\"container\">\n<div class=\"row\">\n<div class=\"col-md-6 \u00f2fset-md-3 col-xl-4 \u00f2fset-xl-4\">\n<p>La <strong>Taula escolar Kiddy R<\/strong> \u00e9s una opci\u00f3 vers\u00e0til dins del <strong>mobiliari escolar per a infantil.<\/strong> Dissenyada per proporcionar un entorn segur i funcional a <strong>aules infantils.<\/strong>El seu disseny modular permet combinar-se amb les <strong>taules Kiddy G, Kiddy T, Kiddy i <strong>aula col\u00b7laborativa<\/strong>.<\/p>\n<p>&nbsp;<\/p>\n<p><strong>Caracter\u00edstiques:<\/strong><\/p>\n<p>\u2705 <strong>Disseny ergon\u00f2mic i segur:<\/strong> Cants arrodonits sense arestes vives per a m\u00e9s protecci\u00f3.<br \/>\n\u2705 <strong>Estructura resistent:<\/strong> Potes amb platines met\u00e0l\u00b7liques soldades que garanteixen estabilitat i durabilitat.<br \/>\n\u2705 <strong>Superf\u00edcie de melamina de f\u00e0cil neteja:<\/strong> Resistent a l&#8217;\u00fas diari en entorns infantils.<br \/>\n\u2705 <strong>Configuraci\u00f3 col\u00b7laborativa:<\/strong> Possibilitat de combinar-se amb <strong>Kiddy G, Kiddy T, Kiddy C i Kiddy E<\/strong> per optimitzar l&#8217;espai i fomentar el treball en equip.<br \/>\n\u2705 <strong>Versatilitat a l&#8217;aula:<\/strong> Ideal com <strong>taula de col\u00b7legi<\/strong>, <strong>taula col\u00b7laborativa<\/strong> i <strong>taula escolar col\u00b7laborativa<\/strong>.<\/p>\n<p><strong> <\/strong><\/p>\n<p><strong>Color estructura:<\/strong><\/p>\n<p>Blanc.<br \/>\n&nbsp;<\/p>\n<h3>Taula combinable amb:<\/h3>\n<p><img decoding=\"async\" class=\"emoji\" role=\"img\" draggable=\"false\" src=\"https:\/\/s.w.org\/images\/core\/emoji\/15.0.3\/svg\/1f449.svg\" alt=\" \" \/ fetchpriority=\"high\"> <a href=\"\/es\/producto\/mesa C<\/a><\/p>\n<p><img decoding=\"async\" class=\"emoji\" role=\"img\" draggable=\"false\" src=\"https:\/\/s.w.org\/images\/core\/emoji\/15.0.3\/svg\/1f449.svg\" alt=\" \" \/ loading=\"lazy\" fetchpriority=\"low\"> <a href=\"\/es\/producto\/mesa T<\/a><\/p>\n<p><img decoding=\"async\" class=\"emoji\" role=\"img\" draggable=\"false\" src=\"https:\/\/s.w.org\/images\/core\/emoji\/15.0.3\/svg\/1f449.svg\" alt=\" \" \/ loading=\"lazy\" fetchpriority=\"low\"> <a href=\"\/es\/producto\/taula KIDDY I ECLIPSE<\/a><\/p>\n<p><img decoding=\"async\" class=\"emoji\" role=\"img\" draggable=\"false\" src=\"https:\/\/s.w.org\/images\/core\/emoji\/15.0.3\/svg\/1f449.svg\" alt=\" \" \/ loading=\"lazy\" fetchpriority=\"low\"> <a href=\"\/es\/producto\/mesa G<\/a><\/p>\n<\/div>\n<\/div>\n<\/div>\n","protected":false},"excerpt":{"rendered":"<p>La Taula escolar Kiddy R \u00e9s una opci\u00f3 vers\u00e0til dins del mobiliari escolar per a infantil. Dissenyada per proporcionar un entorn segur i funcional a aules infantils.El seu disseny modular permet combinar-se amb les taules Kiddy G, Kiddy T, Kiddy i aula col\u00b7laborativa. &nbsp; Caracter\u00edstiques: \u2705 Disseny ergon\u00f2mic i segur: Cants arrodonits sense arestes vives &#8230; <a title=\"Taula Infantil Kiddy R\" class=\"read-more\" href=\"https:\/\/mobensescolar.com\/ca\/producto\/taula-infantil-kiddy-r\/\" aria-label=\"M\u00e9s informaci\u00f3 sobre Taula Infantil Kiddy R\">Llegiu m\u00e9s<\/a><\/p>\n","protected":false},"featured_media":3361,"comment_status":"open","ping_status":"closed","template":"","meta":{"_acf_changed":false},"product_brand":[],"product_cat":[27],"product_tag":[],"class_list":{"0":"post-3356","1":"product","2":"type-product","3":"status-publish","4":"has-post-thumbnail","6":"product_cat-taules","8":"first","9":"instock","10":"taxable","11":"shipping-taxable","12":"purchasable","13":"product-type-simple"},"supplier_id":null,"supplier_sku":"","barcode":null,"atum_controlled":true,"out_stock_date":null,"out_stock_threshold":null,"inheritable":false,"inbound_stock":0,"stock_on_hold":0,"sold_today":0,"sales_last_days":0,"reserved_stock":0,"customer_returns":0,"warehouse_damage":0,"lost_in_post":0,"other_logs":0,"out_stock_days":0,"lost_sales":0,"has_location":false,"update_date":"2026-04-29T00:11:22","atum_locations":[],"atum_stock_status":"instock","restock_status":false,"low_stock_amount":"","sales_update_date":"2026-04-29T00:11:22","calc_backorders":null,"acf":[],"yoast_head":"<!-- This site is optimized with the Yoast SEO plugin v24.4 - https:\/\/yoast.com\/wordpress\/plugins\/seo\/ -->\n<title>Taula Infantil Kiddy R - Mobens<\/title>\n<meta name=\"robots\" content=\"index, follow, max-snippet:-1, max-image-preview:large, max-video-preview:-1\" \/>\n<link rel=\"canonical\" href=\"https:\/\/mobensescolar.com\/ca\/producto\/taula-infantil-kiddy-r\/\" \/>\n<meta property=\"og:locale\" content=\"ca_ES\" \/>\n<meta property=\"og:type\" content=\"article\" \/>\n<meta property=\"og:title\" content=\"Taula Infantil Kiddy R - Mobens\" \/>\n<meta property=\"og:description\" content=\"La Taula escolar Kiddy R \u00e9s una opci\u00f3 vers\u00e0til dins del mobiliari escolar per a infantil. Dissenyada per proporcionar un entorn segur i funcional a aules infantils.El seu disseny modular permet combinar-se amb les taules Kiddy G, Kiddy T, Kiddy i aula col\u00b7laborativa. &nbsp; Caracter\u00edstiques: \u2705 Disseny ergon\u00f2mic i segur: Cants arrodonits sense arestes vives ... Llegiu m\u00e9s\" \/>\n<meta property=\"og:url\" content=\"https:\/\/mobensescolar.com\/ca\/producto\/taula-infantil-kiddy-r\/\" \/>\n<meta property=\"og:site_name\" content=\"Mobens\" \/>\n<meta property=\"article:modified_time\" content=\"2025-05-14T12:47:21+00:00\" \/>\n<meta property=\"og:image\" content=\"https:\/\/mobensescolar.com\/wp-content\/uploads\/2024\/12\/kiddy-r-cdf-bl-basic.jpg\" \/>\n\t<meta property=\"og:image:width\" content=\"1067\" \/>\n\t<meta property=\"og:image:height\" content=\"1020\" \/>\n\t<meta property=\"og:image:type\" content=\"image\/jpeg\" \/>\n<meta name=\"twitter:card\" content=\"summary_large_image\" \/>\n<meta name=\"twitter:label1\" content=\"Temps estimat de lectura\" \/>\n\t<meta name=\"twitter:data1\" content=\"1 minut\" \/>\n<script type=\"application\/ld+json\" class=\"yoast-schema-graph\">{\"@context\":\"https:\/\/schema.org\",\"@graph\":[{\"@type\":\"WebPage\",\"@id\":\"https:\/\/mobensescolar.com\/ca\/producto\/taula-infantil-kiddy-r\/\",\"url\":\"https:\/\/mobensescolar.com\/ca\/producto\/taula-infantil-kiddy-r\/\",\"name\":\"Taula Infantil Kiddy R - Mobens\",\"isPartOf\":{\"@id\":\"https:\/\/mobensescolar.com\/ca\/#website\"},\"primaryImageOfPage\":{\"@id\":\"https:\/\/mobensescolar.com\/ca\/producto\/taula-infantil-kiddy-r\/#primaryimage\"},\"image\":{\"@id\":\"https:\/\/mobensescolar.com\/ca\/producto\/taula-infantil-kiddy-r\/#primaryimage\"},\"thumbnailUrl\":\"https:\/\/mobensescolar.com\/wp-content\/uploads\/2024\/12\/kiddy-r-cdf-bl-basic.jpg\",\"datePublished\":\"2024-12-16T19:24:27+00:00\",\"dateModified\":\"2025-05-14T12:47:21+00:00\",\"breadcrumb\":{\"@id\":\"https:\/\/mobensescolar.com\/ca\/producto\/taula-infantil-kiddy-r\/#breadcrumb\"},\"inLanguage\":\"ca\",\"potentialAction\":[{\"@type\":\"ReadAction\",\"target\":[\"https:\/\/mobensescolar.com\/ca\/producto\/taula-infantil-kiddy-r\/\"]}]},{\"@type\":\"ImageObject\",\"inLanguage\":\"ca\",\"@id\":\"https:\/\/mobensescolar.com\/ca\/producto\/taula-infantil-kiddy-r\/#primaryimage\",\"url\":\"https:\/\/mobensescolar.com\/wp-content\/uploads\/2024\/12\/kiddy-r-cdf-bl-basic.jpg\",\"contentUrl\":\"https:\/\/mobensescolar.com\/wp-content\/uploads\/2024\/12\/kiddy-r-cdf-bl-basic.jpg\",\"width\":1067,\"height\":1020},{\"@type\":\"BreadcrumbList\",\"@id\":\"https:\/\/mobensescolar.com\/ca\/producto\/taula-infantil-kiddy-r\/#breadcrumb\",\"itemListElement\":[{\"@type\":\"ListItem\",\"position\":1,\"name\":\"Inici\",\"item\":\"https:\/\/mobensescolar.com\/ca\/homepage\/\"},{\"@type\":\"ListItem\",\"position\":2,\"name\":\"Botiga\",\"item\":\"https:\/\/mobensescolar.com\/ca\/botiga\/\"},{\"@type\":\"ListItem\",\"position\":3,\"name\":\"Taula Infantil Kiddy R\"}]},{\"@type\":\"WebSite\",\"@id\":\"https:\/\/mobensescolar.com\/ca\/#website\",\"url\":\"https:\/\/mobensescolar.com\/ca\/\",\"name\":\"Mobens School\",\"description\":\"\",\"publisher\":{\"@id\":\"https:\/\/mobensescolar.com\/ca\/#organization\"},\"potentialAction\":[{\"@type\":\"SearchAction\",\"target\":{\"@type\":\"EntryPoint\",\"urlTemplate\":\"https:\/\/mobensescolar.com\/ca\/?s={search_term_string}\"},\"query-input\":{\"@type\":\"PropertyValueSpecification\",\"valueRequired\":true,\"valueName\":\"search_term_string\"}}],\"inLanguage\":\"ca\"},{\"@type\":\"Organization\",\"@id\":\"https:\/\/mobensescolar.com\/ca\/#organization\",\"name\":\"Mobens School\",\"url\":\"https:\/\/mobensescolar.com\/ca\/\",\"logo\":{\"@type\":\"ImageObject\",\"inLanguage\":\"ca\",\"@id\":\"https:\/\/mobensescolar.com\/ca\/#\/schema\/logo\/image\/\",\"url\":\"https:\/\/mobensescolar.com\/wp-content\/uploads\/2024\/10\/logo-mobens.webp\",\"contentUrl\":\"https:\/\/mobensescolar.com\/wp-content\/uploads\/2024\/10\/logo-mobens.webp\",\"width\":181,\"height\":181,\"caption\":\"Mobens School\"},\"image\":{\"@id\":\"https:\/\/mobensescolar.com\/ca\/#\/schema\/logo\/image\/\"},\"sameAs\":[\"https:\/\/www.instagram.com\/mobens.school\/\"]}]}<\/script>\n<!-- \/ Yoast SEO plugin. -->","yoast_head_json":{"title":"Taula Infantil Kiddy R - Mobens","robots":{"index":"index","follow":"follow","max-snippet":"max-snippet:-1","max-image-preview":"max-image-preview:large","max-video-preview":"max-video-preview:-1"},"canonical":"https:\/\/mobensescolar.com\/ca\/producto\/taula-infantil-kiddy-r\/","og_locale":"ca_ES","og_type":"article","og_title":"Taula Infantil Kiddy R - Mobens","og_description":"La Taula escolar Kiddy R \u00e9s una opci\u00f3 vers\u00e0til dins del mobiliari escolar per a infantil. Dissenyada per proporcionar un entorn segur i funcional a aules infantils.El seu disseny modular permet combinar-se amb les taules Kiddy G, Kiddy T, Kiddy i aula col\u00b7laborativa. &nbsp; Caracter\u00edstiques: \u2705 Disseny ergon\u00f2mic i segur: Cants arrodonits sense arestes vives ... Llegiu m\u00e9s","og_url":"https:\/\/mobensescolar.com\/ca\/producto\/taula-infantil-kiddy-r\/","og_site_name":"Mobens","article_modified_time":"2025-05-14T12:47:21+00:00","og_image":[{"width":1067,"height":1020,"url":"https:\/\/mobensescolar.com\/wp-content\/uploads\/2024\/12\/kiddy-r-cdf-bl-basic.jpg","type":"image\/jpeg"}],"twitter_card":"summary_large_image","twitter_misc":{"Temps estimat de lectura":"1 minut"},"schema":{"@context":"https:\/\/schema.org","@graph":[{"@type":"WebPage","@id":"https:\/\/mobensescolar.com\/ca\/producto\/taula-infantil-kiddy-r\/","url":"https:\/\/mobensescolar.com\/ca\/producto\/taula-infantil-kiddy-r\/","name":"Taula Infantil Kiddy R - Mobens","isPartOf":{"@id":"https:\/\/mobensescolar.com\/ca\/#website"},"primaryImageOfPage":{"@id":"https:\/\/mobensescolar.com\/ca\/producto\/taula-infantil-kiddy-r\/#primaryimage"},"image":{"@id":"https:\/\/mobensescolar.com\/ca\/producto\/taula-infantil-kiddy-r\/#primaryimage"},"thumbnailUrl":"https:\/\/mobensescolar.com\/wp-content\/uploads\/2024\/12\/kiddy-r-cdf-bl-basic.jpg","datePublished":"2024-12-16T19:24:27+00:00","dateModified":"2025-05-14T12:47:21+00:00","breadcrumb":{"@id":"https:\/\/mobensescolar.com\/ca\/producto\/taula-infantil-kiddy-r\/#breadcrumb"},"inLanguage":"ca","potentialAction":[{"@type":"ReadAction","target":["https:\/\/mobensescolar.com\/ca\/producto\/taula-infantil-kiddy-r\/"]}]},{"@type":"ImageObject","inLanguage":"ca","@id":"https:\/\/mobensescolar.com\/ca\/producto\/taula-infantil-kiddy-r\/#primaryimage","url":"https:\/\/mobensescolar.com\/wp-content\/uploads\/2024\/12\/kiddy-r-cdf-bl-basic.jpg","contentUrl":"https:\/\/mobensescolar.com\/wp-content\/uploads\/2024\/12\/kiddy-r-cdf-bl-basic.jpg","width":1067,"height":1020},{"@type":"BreadcrumbList","@id":"https:\/\/mobensescolar.com\/ca\/producto\/taula-infantil-kiddy-r\/#breadcrumb","itemListElement":[{"@type":"ListItem","position":1,"name":"Inici","item":"https:\/\/mobensescolar.com\/ca\/homepage\/"},{"@type":"ListItem","position":2,"name":"Botiga","item":"https:\/\/mobensescolar.com\/ca\/botiga\/"},{"@type":"ListItem","position":3,"name":"Taula Infantil Kiddy R"}]},{"@type":"WebSite","@id":"https:\/\/mobensescolar.com\/ca\/#website","url":"https:\/\/mobensescolar.com\/ca\/","name":"Mobens School","description":"","publisher":{"@id":"https:\/\/mobensescolar.com\/ca\/#organization"},"potentialAction":[{"@type":"SearchAction","target":{"@type":"EntryPoint","urlTemplate":"https:\/\/mobensescolar.com\/ca\/?s={search_term_string}"},"query-input":{"@type":"PropertyValueSpecification","valueRequired":true,"valueName":"search_term_string"}}],"inLanguage":"ca"},{"@type":"Organization","@id":"https:\/\/mobensescolar.com\/ca\/#organization","name":"Mobens School","url":"https:\/\/mobensescolar.com\/ca\/","logo":{"@type":"ImageObject","inLanguage":"ca","@id":"https:\/\/mobensescolar.com\/ca\/#\/schema\/logo\/image\/","url":"https:\/\/mobensescolar.com\/wp-content\/uploads\/2024\/10\/logo-mobens.webp","contentUrl":"https:\/\/mobensescolar.com\/wp-content\/uploads\/2024\/10\/logo-mobens.webp","width":181,"height":181,"caption":"Mobens School"},"image":{"@id":"https:\/\/mobensescolar.com\/ca\/#\/schema\/logo\/image\/"},"sameAs":["https:\/\/www.instagram.com\/mobens.school\/"]}]}},"_links":{"self":[{"href":"https:\/\/mobensescolar.com\/ca\/wp-json\/wp\/v2\/product\/3356","targetHints":{"allow":["GET"]}}],"collection":[{"href":"https:\/\/mobensescolar.com\/ca\/wp-json\/wp\/v2\/product"}],"about":[{"href":"https:\/\/mobensescolar.com\/ca\/wp-json\/wp\/v2\/types\/product"}],"replies":[{"embeddable":true,"href":"https:\/\/mobensescolar.com\/ca\/wp-json\/wp\/v2\/comments?post=3356"}],"version-history":[{"count":0,"href":"https:\/\/mobensescolar.com\/ca\/wp-json\/wp\/v2\/product\/3356\/revisions"}],"wp:featuredmedia":[{"embeddable":true,"href":"https:\/\/mobensescolar.com\/ca\/wp-json\/wp\/v2\/media\/3361"}],"wp:attachment":[{"href":"https:\/\/mobensescolar.com\/ca\/wp-json\/wp\/v2\/media?parent=3356"}],"wp:term":[{"taxonomy":"product_brand","embeddable":true,"href":"https:\/\/mobensescolar.com\/ca\/wp-json\/wp\/v2\/product_brand?post=3356"},{"taxonomy":"product_cat","embeddable":true,"href":"https:\/\/mobensescolar.com\/ca\/wp-json\/wp\/v2\/product_cat?post=3356"},{"taxonomy":"product_tag","embeddable":true,"href":"https:\/\/mobensescolar.com\/ca\/wp-json\/wp\/v2\/product_tag?post=3356"}],"curies":[{"name":"wp","href":"https:\/\/api.w.org\/{rel}","templated":true}]}}