{"id":3363,"date":"2024-12-16T20:27:58","date_gmt":"2024-12-16T19:27:58","guid":{"rendered":"http:\/\/mobensescolar.com\/?post_type=product&#038;p=3363"},"modified":"2025-05-14T14:47:23","modified_gmt":"2025-05-14T12:47:23","slug":"taula-escolar-kiddy-g","status":"publish","type":"product","link":"https:\/\/mobensescolar.com\/ca\/producto\/taula-escolar-kiddy-g\/","title":{"rendered":"Taula Escolar KIDDY G"},"content":{"rendered":"<div class=\"container\">\n<div class=\"row\">\n<div class=\"col-md-6 \u00f2fset-md-3 col-xl-4 \u00f2fset-xl-4\">\n<p>La <strong>Taula Escolar KIDDY G<\/strong> \u00e9s una opci\u00f3 ideal dins del <strong>mobiliari escolar<\/strong> dissenyat per a educaci\u00f3 infantil i escoles bressol. La seva estructura ergon\u00f2mica i el seu disseny col\u00b7laboratiu permeten la creaci\u00f3 despais din\u00e0mics i flexibles, fomentant la interacci\u00f3 entre els nens. Gr\u00e0cies a la seva versatilitat, aquesta <strong>taula escolar<\/strong> es pot combinar amb altres models de la s\u00e8rie <strong>Kiddy<\/strong> per formar noves configuracions a l&#8217;aula. \u00c9s perfecta per a qualsevol <strong>aula col\u00b7laborativa<\/strong>, ajudant a crear entorns d&#8217;aprenentatge c\u00f2modes, segurs i adaptats a les necessitats dels m\u00e9s petits.<\/p>\n<p><strong> <\/strong><\/p>\n<p><em><strong>Crea una Aula Col\u00b7laborativa amb la S\u00e8rie KIDDY<\/strong><\/em><\/p>\n<p>La <strong>Taula KIDDY G<\/strong> \u00e9s m\u00e9s que una simple <strong>taula col\u00b7laborativa<\/strong>; el disseny permet adaptar-se a diferents necessitats, combinant-se amb altres models de la l\u00ednia Kiddy per maximitzar l&#8217;espai a l&#8217;aula. Si busques <strong>mobiliari per a escola bressol<\/strong> que combini seguretat, funcionalitat i versatilitat, aquest model \u00e9s l&#8217;elecci\u00f3 ideal.<\/p>\n<p>&nbsp;<\/p>\n<p><strong>Caracter\u00edstiques:<\/strong><\/p>\n<p>\u2705 <strong>Disseny ergon\u00f2mic i segur:<\/strong> Pensada per a nens, amb vores arrodonides i materials resistents.<br \/>\n\u2705 <strong>Fomenta la col\u00b7laboraci\u00f3:<\/strong> Ideal per crear espais d&#8217;aprenentatge interactius i din\u00e0mics.<br \/>\n\u2705 <strong>Materials duradors:<\/strong> Estructura s\u00f2lida i acabats de qualitat per a un \u00fas prolongat.<br \/>\n\u2705 <strong>Colors cridaners i atractius:<\/strong> Dissenyada per estimular la creativitat i la participaci\u00f3 a l&#8217;aula.<br \/>\n\u2705 <strong>Combinable amb altres models:<\/strong> Compatible amb les taules <strong>Kiddy T, Kiddy C, Kiddy E i Kiddy SC<\/strong>, permetent m\u00faltiples configuracions.<br \/>\n\u2705 <strong>F\u00e0cil de netejar:<\/strong> Superf\u00edcie resistent a l&#8217;\u00fas diari en escoles bressol i escoles.<br \/>\n&nbsp;<\/p>\n<h3>Taula combinable amb:<\/h3>\n<p><img decoding=\"async\" class=\"emoji\" role=\"img\" draggable=\"false\" src=\"https:\/\/s.w.org\/images\/core\/emoji\/15.0.3\/svg\/1f449.svg\" alt=\" \" \/ fetchpriority=\"high\"> <a href=\"\/s\/producto\/taula SC<\/a><\/p>\n<p><img decoding=\"async\" class=\"emoji\" role=\"img\" draggable=\"false\" src=\"https:\/\/s.w.org\/images\/core\/emoji\/15.0.3\/svg\/1f449.svg\" alt=\" \" \/ loading=\"lazy\" fetchpriority=\"low\"> <a href=\"\/es\/producto\/mesa T<\/a><\/p>\n<p><img decoding=\"async\" class=\"emoji\" role=\"img\" draggable=\"false\" src=\"https:\/\/s.w.org\/images\/core\/emoji\/15.0.3\/svg\/1f449.svg\" alt=\" \" \/ loading=\"lazy\" fetchpriority=\"low\"> <a href=\"\/es\/producto\/taula KIDDY I ECLIPSE<\/a><\/p>\n<p><img decoding=\"async\" class=\"emoji\" role=\"img\" draggable=\"false\" src=\"https:\/\/s.w.org\/images\/core\/emoji\/15.0.3\/svg\/1f449.svg\" alt=\" \" \/ loading=\"lazy\" fetchpriority=\"low\"> <a href=\"\/es\/producto\/mesa C<\/a><\/p>\n<\/div>\n<\/div>\n<\/div>\n","protected":false},"excerpt":{"rendered":"<p>La Taula Escolar KIDDY G \u00e9s una opci\u00f3 ideal dins del mobiliari escolar dissenyat per a educaci\u00f3 infantil i escoles bressol. La seva estructura ergon\u00f2mica i el seu disseny col\u00b7laboratiu permeten la creaci\u00f3 despais din\u00e0mics i flexibles, fomentant la interacci\u00f3 entre els nens. Gr\u00e0cies a la seva versatilitat, aquesta taula escolar es pot combinar amb &#8230; <a title=\"Taula Escolar KIDDY G\" class=\"read-more\" href=\"https:\/\/mobensescolar.com\/ca\/producto\/taula-escolar-kiddy-g\/\" aria-label=\"M\u00e9s informaci\u00f3 sobre Taula Escolar KIDDY G\">Llegiu m\u00e9s<\/a><\/p>\n","protected":false},"featured_media":3364,"comment_status":"open","ping_status":"closed","template":"","meta":{"_acf_changed":false},"product_brand":[],"product_cat":[27],"product_tag":[],"class_list":{"0":"post-3363","1":"product","2":"type-product","3":"status-publish","4":"has-post-thumbnail","6":"product_cat-taules","8":"first","9":"instock","10":"taxable","11":"shipping-taxable","12":"purchasable","13":"product-type-simple"},"supplier_id":null,"supplier_sku":"","barcode":null,"atum_controlled":true,"out_stock_date":null,"out_stock_threshold":null,"inheritable":false,"inbound_stock":0,"stock_on_hold":0,"sold_today":0,"sales_last_days":0,"reserved_stock":0,"customer_returns":0,"warehouse_damage":0,"lost_in_post":0,"other_logs":0,"out_stock_days":0,"lost_sales":0,"has_location":false,"update_date":"2026-04-29T00:11:22","atum_locations":[],"atum_stock_status":"instock","restock_status":false,"low_stock_amount":"","sales_update_date":"2026-04-29T00:11:22","calc_backorders":null,"acf":[],"yoast_head":"<!-- This site is optimized with the Yoast SEO plugin v24.4 - https:\/\/yoast.com\/wordpress\/plugins\/seo\/ -->\n<title>Taula Escolar KIDDY G - Mobens<\/title>\n<meta name=\"robots\" content=\"index, follow, max-snippet:-1, max-image-preview:large, max-video-preview:-1\" \/>\n<link rel=\"canonical\" href=\"https:\/\/mobensescolar.com\/ca\/producto\/taula-escolar-kiddy-g\/\" \/>\n<meta property=\"og:locale\" content=\"ca_ES\" \/>\n<meta property=\"og:type\" content=\"article\" \/>\n<meta property=\"og:title\" content=\"Taula Escolar KIDDY G - Mobens\" \/>\n<meta property=\"og:description\" content=\"La Taula Escolar KIDDY G \u00e9s una opci\u00f3 ideal dins del mobiliari escolar dissenyat per a educaci\u00f3 infantil i escoles bressol. La seva estructura ergon\u00f2mica i el seu disseny col\u00b7laboratiu permeten la creaci\u00f3 despais din\u00e0mics i flexibles, fomentant la interacci\u00f3 entre els nens. Gr\u00e0cies a la seva versatilitat, aquesta taula escolar es pot combinar amb ... Llegiu m\u00e9s\" \/>\n<meta property=\"og:url\" content=\"https:\/\/mobensescolar.com\/ca\/producto\/taula-escolar-kiddy-g\/\" \/>\n<meta property=\"og:site_name\" content=\"Mobens\" \/>\n<meta property=\"article:modified_time\" content=\"2025-05-14T12:47:23+00:00\" \/>\n<meta property=\"og:image\" content=\"https:\/\/mobensescolar.com\/wp-content\/uploads\/2024\/12\/kiddy-g-cdf-bl-basic.jpg\" \/>\n\t<meta property=\"og:image:width\" content=\"1067\" \/>\n\t<meta property=\"og:image:height\" content=\"1020\" \/>\n\t<meta property=\"og:image:type\" content=\"image\/jpeg\" \/>\n<meta name=\"twitter:card\" content=\"summary_large_image\" \/>\n<meta name=\"twitter:label1\" content=\"Temps estimat de lectura\" \/>\n\t<meta name=\"twitter:data1\" content=\"1 minut\" \/>\n<script type=\"application\/ld+json\" class=\"yoast-schema-graph\">{\"@context\":\"https:\/\/schema.org\",\"@graph\":[{\"@type\":\"WebPage\",\"@id\":\"https:\/\/mobensescolar.com\/ca\/producto\/taula-escolar-kiddy-g\/\",\"url\":\"https:\/\/mobensescolar.com\/ca\/producto\/taula-escolar-kiddy-g\/\",\"name\":\"Taula Escolar KIDDY G - Mobens\",\"isPartOf\":{\"@id\":\"https:\/\/mobensescolar.com\/ca\/#website\"},\"primaryImageOfPage\":{\"@id\":\"https:\/\/mobensescolar.com\/ca\/producto\/taula-escolar-kiddy-g\/#primaryimage\"},\"image\":{\"@id\":\"https:\/\/mobensescolar.com\/ca\/producto\/taula-escolar-kiddy-g\/#primaryimage\"},\"thumbnailUrl\":\"https:\/\/mobensescolar.com\/wp-content\/uploads\/2024\/12\/kiddy-g-cdf-bl-basic.jpg\",\"datePublished\":\"2024-12-16T19:27:58+00:00\",\"dateModified\":\"2025-05-14T12:47:23+00:00\",\"breadcrumb\":{\"@id\":\"https:\/\/mobensescolar.com\/ca\/producto\/taula-escolar-kiddy-g\/#breadcrumb\"},\"inLanguage\":\"ca\",\"potentialAction\":[{\"@type\":\"ReadAction\",\"target\":[\"https:\/\/mobensescolar.com\/ca\/producto\/taula-escolar-kiddy-g\/\"]}]},{\"@type\":\"ImageObject\",\"inLanguage\":\"ca\",\"@id\":\"https:\/\/mobensescolar.com\/ca\/producto\/taula-escolar-kiddy-g\/#primaryimage\",\"url\":\"https:\/\/mobensescolar.com\/wp-content\/uploads\/2024\/12\/kiddy-g-cdf-bl-basic.jpg\",\"contentUrl\":\"https:\/\/mobensescolar.com\/wp-content\/uploads\/2024\/12\/kiddy-g-cdf-bl-basic.jpg\",\"width\":1067,\"height\":1020},{\"@type\":\"BreadcrumbList\",\"@id\":\"https:\/\/mobensescolar.com\/ca\/producto\/taula-escolar-kiddy-g\/#breadcrumb\",\"itemListElement\":[{\"@type\":\"ListItem\",\"position\":1,\"name\":\"Inici\",\"item\":\"https:\/\/mobensescolar.com\/ca\/homepage\/\"},{\"@type\":\"ListItem\",\"position\":2,\"name\":\"Botiga\",\"item\":\"https:\/\/mobensescolar.com\/ca\/botiga\/\"},{\"@type\":\"ListItem\",\"position\":3,\"name\":\"Taula Escolar KIDDY G\"}]},{\"@type\":\"WebSite\",\"@id\":\"https:\/\/mobensescolar.com\/ca\/#website\",\"url\":\"https:\/\/mobensescolar.com\/ca\/\",\"name\":\"Mobens School\",\"description\":\"\",\"publisher\":{\"@id\":\"https:\/\/mobensescolar.com\/ca\/#organization\"},\"potentialAction\":[{\"@type\":\"SearchAction\",\"target\":{\"@type\":\"EntryPoint\",\"urlTemplate\":\"https:\/\/mobensescolar.com\/ca\/?s={search_term_string}\"},\"query-input\":{\"@type\":\"PropertyValueSpecification\",\"valueRequired\":true,\"valueName\":\"search_term_string\"}}],\"inLanguage\":\"ca\"},{\"@type\":\"Organization\",\"@id\":\"https:\/\/mobensescolar.com\/ca\/#organization\",\"name\":\"Mobens School\",\"url\":\"https:\/\/mobensescolar.com\/ca\/\",\"logo\":{\"@type\":\"ImageObject\",\"inLanguage\":\"ca\",\"@id\":\"https:\/\/mobensescolar.com\/ca\/#\/schema\/logo\/image\/\",\"url\":\"https:\/\/mobensescolar.com\/wp-content\/uploads\/2024\/10\/logo-mobens.webp\",\"contentUrl\":\"https:\/\/mobensescolar.com\/wp-content\/uploads\/2024\/10\/logo-mobens.webp\",\"width\":181,\"height\":181,\"caption\":\"Mobens School\"},\"image\":{\"@id\":\"https:\/\/mobensescolar.com\/ca\/#\/schema\/logo\/image\/\"},\"sameAs\":[\"https:\/\/www.instagram.com\/mobens.school\/\"]}]}<\/script>\n<!-- \/ Yoast SEO plugin. -->","yoast_head_json":{"title":"Taula Escolar KIDDY G - Mobens","robots":{"index":"index","follow":"follow","max-snippet":"max-snippet:-1","max-image-preview":"max-image-preview:large","max-video-preview":"max-video-preview:-1"},"canonical":"https:\/\/mobensescolar.com\/ca\/producto\/taula-escolar-kiddy-g\/","og_locale":"ca_ES","og_type":"article","og_title":"Taula Escolar KIDDY G - Mobens","og_description":"La Taula Escolar KIDDY G \u00e9s una opci\u00f3 ideal dins del mobiliari escolar dissenyat per a educaci\u00f3 infantil i escoles bressol. La seva estructura ergon\u00f2mica i el seu disseny col\u00b7laboratiu permeten la creaci\u00f3 despais din\u00e0mics i flexibles, fomentant la interacci\u00f3 entre els nens. Gr\u00e0cies a la seva versatilitat, aquesta taula escolar es pot combinar amb ... Llegiu m\u00e9s","og_url":"https:\/\/mobensescolar.com\/ca\/producto\/taula-escolar-kiddy-g\/","og_site_name":"Mobens","article_modified_time":"2025-05-14T12:47:23+00:00","og_image":[{"width":1067,"height":1020,"url":"https:\/\/mobensescolar.com\/wp-content\/uploads\/2024\/12\/kiddy-g-cdf-bl-basic.jpg","type":"image\/jpeg"}],"twitter_card":"summary_large_image","twitter_misc":{"Temps estimat de lectura":"1 minut"},"schema":{"@context":"https:\/\/schema.org","@graph":[{"@type":"WebPage","@id":"https:\/\/mobensescolar.com\/ca\/producto\/taula-escolar-kiddy-g\/","url":"https:\/\/mobensescolar.com\/ca\/producto\/taula-escolar-kiddy-g\/","name":"Taula Escolar KIDDY G - Mobens","isPartOf":{"@id":"https:\/\/mobensescolar.com\/ca\/#website"},"primaryImageOfPage":{"@id":"https:\/\/mobensescolar.com\/ca\/producto\/taula-escolar-kiddy-g\/#primaryimage"},"image":{"@id":"https:\/\/mobensescolar.com\/ca\/producto\/taula-escolar-kiddy-g\/#primaryimage"},"thumbnailUrl":"https:\/\/mobensescolar.com\/wp-content\/uploads\/2024\/12\/kiddy-g-cdf-bl-basic.jpg","datePublished":"2024-12-16T19:27:58+00:00","dateModified":"2025-05-14T12:47:23+00:00","breadcrumb":{"@id":"https:\/\/mobensescolar.com\/ca\/producto\/taula-escolar-kiddy-g\/#breadcrumb"},"inLanguage":"ca","potentialAction":[{"@type":"ReadAction","target":["https:\/\/mobensescolar.com\/ca\/producto\/taula-escolar-kiddy-g\/"]}]},{"@type":"ImageObject","inLanguage":"ca","@id":"https:\/\/mobensescolar.com\/ca\/producto\/taula-escolar-kiddy-g\/#primaryimage","url":"https:\/\/mobensescolar.com\/wp-content\/uploads\/2024\/12\/kiddy-g-cdf-bl-basic.jpg","contentUrl":"https:\/\/mobensescolar.com\/wp-content\/uploads\/2024\/12\/kiddy-g-cdf-bl-basic.jpg","width":1067,"height":1020},{"@type":"BreadcrumbList","@id":"https:\/\/mobensescolar.com\/ca\/producto\/taula-escolar-kiddy-g\/#breadcrumb","itemListElement":[{"@type":"ListItem","position":1,"name":"Inici","item":"https:\/\/mobensescolar.com\/ca\/homepage\/"},{"@type":"ListItem","position":2,"name":"Botiga","item":"https:\/\/mobensescolar.com\/ca\/botiga\/"},{"@type":"ListItem","position":3,"name":"Taula Escolar KIDDY G"}]},{"@type":"WebSite","@id":"https:\/\/mobensescolar.com\/ca\/#website","url":"https:\/\/mobensescolar.com\/ca\/","name":"Mobens School","description":"","publisher":{"@id":"https:\/\/mobensescolar.com\/ca\/#organization"},"potentialAction":[{"@type":"SearchAction","target":{"@type":"EntryPoint","urlTemplate":"https:\/\/mobensescolar.com\/ca\/?s={search_term_string}"},"query-input":{"@type":"PropertyValueSpecification","valueRequired":true,"valueName":"search_term_string"}}],"inLanguage":"ca"},{"@type":"Organization","@id":"https:\/\/mobensescolar.com\/ca\/#organization","name":"Mobens School","url":"https:\/\/mobensescolar.com\/ca\/","logo":{"@type":"ImageObject","inLanguage":"ca","@id":"https:\/\/mobensescolar.com\/ca\/#\/schema\/logo\/image\/","url":"https:\/\/mobensescolar.com\/wp-content\/uploads\/2024\/10\/logo-mobens.webp","contentUrl":"https:\/\/mobensescolar.com\/wp-content\/uploads\/2024\/10\/logo-mobens.webp","width":181,"height":181,"caption":"Mobens School"},"image":{"@id":"https:\/\/mobensescolar.com\/ca\/#\/schema\/logo\/image\/"},"sameAs":["https:\/\/www.instagram.com\/mobens.school\/"]}]}},"_links":{"self":[{"href":"https:\/\/mobensescolar.com\/ca\/wp-json\/wp\/v2\/product\/3363","targetHints":{"allow":["GET"]}}],"collection":[{"href":"https:\/\/mobensescolar.com\/ca\/wp-json\/wp\/v2\/product"}],"about":[{"href":"https:\/\/mobensescolar.com\/ca\/wp-json\/wp\/v2\/types\/product"}],"replies":[{"embeddable":true,"href":"https:\/\/mobensescolar.com\/ca\/wp-json\/wp\/v2\/comments?post=3363"}],"version-history":[{"count":0,"href":"https:\/\/mobensescolar.com\/ca\/wp-json\/wp\/v2\/product\/3363\/revisions"}],"wp:featuredmedia":[{"embeddable":true,"href":"https:\/\/mobensescolar.com\/ca\/wp-json\/wp\/v2\/media\/3364"}],"wp:attachment":[{"href":"https:\/\/mobensescolar.com\/ca\/wp-json\/wp\/v2\/media?parent=3363"}],"wp:term":[{"taxonomy":"product_brand","embeddable":true,"href":"https:\/\/mobensescolar.com\/ca\/wp-json\/wp\/v2\/product_brand?post=3363"},{"taxonomy":"product_cat","embeddable":true,"href":"https:\/\/mobensescolar.com\/ca\/wp-json\/wp\/v2\/product_cat?post=3363"},{"taxonomy":"product_tag","embeddable":true,"href":"https:\/\/mobensescolar.com\/ca\/wp-json\/wp\/v2\/product_tag?post=3363"}],"curies":[{"name":"wp","href":"https:\/\/api.w.org\/{rel}","templated":true}]}}