{"id":3370,"date":"2024-12-16T20:31:13","date_gmt":"2024-12-16T19:31:13","guid":{"rendered":"http:\/\/mobensescolar.com\/?post_type=product&#038;p=3370"},"modified":"2025-05-14T14:47:23","modified_gmt":"2025-05-14T12:47:23","slug":"taula-escolar-kiddy-t","status":"publish","type":"product","link":"https:\/\/mobensescolar.com\/ca\/producto\/taula-escolar-kiddy-t\/","title":{"rendered":"Taula Escolar Kiddy T"},"content":{"rendered":"<div class=\"container\">\n<div class=\"row\">\n<div class=\"col-md-6 \u00f2fset-md-3 col-xl-4 \u00f2fset-xl-4\">\n<p>La <strong>Taula Infantil Kiddy T<\/strong> \u00e9s una opci\u00f3 innovadora dins del <strong>mobiliari escolar<\/strong>, dissenyada per oferir <strong>seguretat, resist\u00e8ncia i flexibilitat<\/strong> a <strong>aules d&#8217;infantil i col\u00b7legis<\/strong>.<\/p>\n<p>La seva estructura met\u00e0l\u00b7lica amb <strong>placa d&#8217;ancoratge soldada<\/strong> i el seu tauler de <strong>CDF blanc d&#8217;alta densitat<\/strong> garanteixen una taula <strong>duradora i funcional<\/strong> per a un \u00fas intensiu.<\/p>\n<p>Gr\u00e0cies al seu disseny en forma de <strong>trapezi<\/strong>, la <strong>Taula Kiddy T<\/strong> permet combinar diverses unitats per crear espais din\u00e0mics en una <strong>aula col\u00b7laborativa<\/strong>. A m\u00e9s, \u00e9s <strong>combinable amb els models Kiddy C, Kiddy E, Kiddy SC, Kiddy M<\/strong>, facilitant la creaci\u00f3 de configuracions adaptades a diferents metodologies d&#8217;ensenyament.<\/p>\n<p><strong> <\/strong><\/p>\n<p><strong>Caracter\u00edstiques:<\/strong><\/p>\n<p>\u2705 <strong>Disseny ergon\u00f2mic i segur:<\/strong> Sense arestes vives, proporcionant m\u00e9s protecci\u00f3 per als m\u00e9s petits.<br \/>\n\u2705 <strong>Estructura met\u00e0l\u00b7lica resistent:<\/strong> Tub de <strong>\u00f840 x 1,5mm<\/strong>, pintat en epoxy blanc microtexturat RAL 9010 per a m\u00e9s durabilitat.<br \/>\n\u2705 <strong>Superf\u00edcie de CDF blanc d&#8217;alta densitat:<\/strong> <strong>16,4mm de gruix<\/strong>, resistent a l&#8217;\u00fas intensiu i f\u00e0cil de netejar.<br \/>\n\u2705 <strong>Configuraci\u00f3 modular:<\/strong> El seu disseny permet agrupar diverses taules per formar espais col\u00b7laboratius dins de l&#8217;aula.<br \/>\n\u2705 <strong>Combinable amb els models Kiddy C, Kiddy E, Kiddy SC, Kiddy M:<\/strong> Possibilitat de personalitzar la disposici\u00f3 en funci\u00f3 de les necessitats de l&#8217;aula.<br \/>\n\u2705 <strong>Versatilitat a l&#8217;aula:<\/strong> Ideal com <strong>taula de col\u00b7legi<\/strong>, <strong>taula escolar col\u00b7laborativa<\/strong> i <strong>taula per a aules col\u00b7laboratives<\/strong>.<\/p>\n<p><strong> <\/strong><\/p>\n<p><strong>Color estructura:<\/strong><\/p>\n<p>Blanc<\/p>\n<p>&nbsp;<\/p>\n<h3>Taula combinable amb:<\/h3>\n<p><img decoding=\"async\" class=\"emoji\" role=\"img\" draggable=\"false\" src=\"https:\/\/s.w.org\/images\/core\/emoji\/15.0.3\/svg\/1f449.svg\" alt=\" \" \/ fetchpriority=\"high\"> <a href=\"\/es\/producto\/mesa C<\/a><\/p>\n<p><img decoding=\"async\" class=\"emoji\" role=\"img\" draggable=\"false\" src=\"https:\/\/s.w.org\/images\/core\/emoji\/15.0.3\/svg\/1f449.svg\" alt=\" \" \/ loading=\"lazy\" fetchpriority=\"low\"> <a href=\"\/s\/producto\/taula SC<\/a><\/p>\n<p><img decoding=\"async\" class=\"emoji\" role=\"img\" draggable=\"false\" src=\"https:\/\/s.w.org\/images\/core\/emoji\/15.0.3\/svg\/1f449.svg\" alt=\" \" \/ loading=\"lazy\" fetchpriority=\"low\"> <a href=\"\/es\/producto\/taula KIDDY I ECLIPSE<\/a><\/p>\n<p><img decoding=\"async\" class=\"emoji\" role=\"img\" draggable=\"false\" src=\"https:\/\/s.w.org\/images\/core\/emoji\/15.0.3\/svg\/1f449.svg\" alt=\" \" \/ loading=\"lazy\" fetchpriority=\"low\"> <a href=\"\/es\/producto\/mesa M<\/a><\/p>\n<\/div>\n<\/div>\n<\/div>\n","protected":false},"excerpt":{"rendered":"<p>La Taula Infantil Kiddy T \u00e9s una opci\u00f3 innovadora dins del mobiliari escolar, dissenyada per oferir seguretat, resist\u00e8ncia i flexibilitat a aules d&#8217;infantil i col\u00b7legis. La seva estructura met\u00e0l\u00b7lica amb placa d&#8217;ancoratge soldada i el seu tauler de CDF blanc d&#8217;alta densitat garanteixen una taula duradora i funcional per a un \u00fas intensiu. Gr\u00e0cies al &#8230; <a title=\"Taula Escolar Kiddy T\" class=\"read-more\" href=\"https:\/\/mobensescolar.com\/ca\/producto\/taula-escolar-kiddy-t\/\" aria-label=\"M\u00e9s informaci\u00f3 sobre Taula Escolar Kiddy T\">Llegiu m\u00e9s<\/a><\/p>\n","protected":false},"featured_media":3375,"comment_status":"open","ping_status":"closed","template":"","meta":{"_acf_changed":false},"product_brand":[],"product_cat":[27],"product_tag":[],"class_list":{"0":"post-3370","1":"product","2":"type-product","3":"status-publish","4":"has-post-thumbnail","6":"product_cat-taules","8":"first","9":"instock","10":"taxable","11":"shipping-taxable","12":"purchasable","13":"product-type-simple"},"supplier_id":null,"supplier_sku":"","barcode":null,"atum_controlled":true,"out_stock_date":null,"out_stock_threshold":null,"inheritable":false,"inbound_stock":0,"stock_on_hold":0,"sold_today":0,"sales_last_days":0,"reserved_stock":0,"customer_returns":0,"warehouse_damage":0,"lost_in_post":0,"other_logs":0,"out_stock_days":0,"lost_sales":0,"has_location":false,"update_date":"2026-04-29T00:11:22","atum_locations":[],"atum_stock_status":"instock","restock_status":false,"low_stock_amount":"","sales_update_date":"2026-04-29T00:11:22","calc_backorders":null,"acf":[],"yoast_head":"<!-- This site is optimized with the Yoast SEO plugin v24.4 - https:\/\/yoast.com\/wordpress\/plugins\/seo\/ -->\n<title>Taula Escolar Kiddy T - Mobens<\/title>\n<meta name=\"robots\" content=\"index, follow, max-snippet:-1, max-image-preview:large, max-video-preview:-1\" \/>\n<link rel=\"canonical\" href=\"https:\/\/mobensescolar.com\/ca\/producto\/taula-escolar-kiddy-t\/\" \/>\n<meta property=\"og:locale\" content=\"ca_ES\" \/>\n<meta property=\"og:type\" content=\"article\" \/>\n<meta property=\"og:title\" content=\"Taula Escolar Kiddy T - Mobens\" \/>\n<meta property=\"og:description\" content=\"La Taula Infantil Kiddy T \u00e9s una opci\u00f3 innovadora dins del mobiliari escolar, dissenyada per oferir seguretat, resist\u00e8ncia i flexibilitat a aules d&#8217;infantil i col\u00b7legis. La seva estructura met\u00e0l\u00b7lica amb placa d&#8217;ancoratge soldada i el seu tauler de CDF blanc d&#8217;alta densitat garanteixen una taula duradora i funcional per a un \u00fas intensiu. Gr\u00e0cies al ... Llegiu m\u00e9s\" \/>\n<meta property=\"og:url\" content=\"https:\/\/mobensescolar.com\/ca\/producto\/taula-escolar-kiddy-t\/\" \/>\n<meta property=\"og:site_name\" content=\"Mobens\" \/>\n<meta property=\"article:modified_time\" content=\"2025-05-14T12:47:23+00:00\" \/>\n<meta property=\"og:image\" content=\"https:\/\/mobensescolar.com\/wp-content\/uploads\/2024\/12\/kiddy-t-cdf-bl-basic.jpg\" \/>\n\t<meta property=\"og:image:width\" content=\"1067\" \/>\n\t<meta property=\"og:image:height\" content=\"1020\" \/>\n\t<meta property=\"og:image:type\" content=\"image\/jpeg\" \/>\n<meta name=\"twitter:card\" content=\"summary_large_image\" \/>\n<meta name=\"twitter:label1\" content=\"Temps estimat de lectura\" \/>\n\t<meta name=\"twitter:data1\" content=\"1 minut\" \/>\n<script type=\"application\/ld+json\" class=\"yoast-schema-graph\">{\"@context\":\"https:\/\/schema.org\",\"@graph\":[{\"@type\":\"WebPage\",\"@id\":\"https:\/\/mobensescolar.com\/ca\/producto\/taula-escolar-kiddy-t\/\",\"url\":\"https:\/\/mobensescolar.com\/ca\/producto\/taula-escolar-kiddy-t\/\",\"name\":\"Taula Escolar Kiddy T - Mobens\",\"isPartOf\":{\"@id\":\"https:\/\/mobensescolar.com\/ca\/#website\"},\"primaryImageOfPage\":{\"@id\":\"https:\/\/mobensescolar.com\/ca\/producto\/taula-escolar-kiddy-t\/#primaryimage\"},\"image\":{\"@id\":\"https:\/\/mobensescolar.com\/ca\/producto\/taula-escolar-kiddy-t\/#primaryimage\"},\"thumbnailUrl\":\"https:\/\/mobensescolar.com\/wp-content\/uploads\/2024\/12\/kiddy-t-cdf-bl-basic.jpg\",\"datePublished\":\"2024-12-16T19:31:13+00:00\",\"dateModified\":\"2025-05-14T12:47:23+00:00\",\"breadcrumb\":{\"@id\":\"https:\/\/mobensescolar.com\/ca\/producto\/taula-escolar-kiddy-t\/#breadcrumb\"},\"inLanguage\":\"ca\",\"potentialAction\":[{\"@type\":\"ReadAction\",\"target\":[\"https:\/\/mobensescolar.com\/ca\/producto\/taula-escolar-kiddy-t\/\"]}]},{\"@type\":\"ImageObject\",\"inLanguage\":\"ca\",\"@id\":\"https:\/\/mobensescolar.com\/ca\/producto\/taula-escolar-kiddy-t\/#primaryimage\",\"url\":\"https:\/\/mobensescolar.com\/wp-content\/uploads\/2024\/12\/kiddy-t-cdf-bl-basic.jpg\",\"contentUrl\":\"https:\/\/mobensescolar.com\/wp-content\/uploads\/2024\/12\/kiddy-t-cdf-bl-basic.jpg\",\"width\":1067,\"height\":1020},{\"@type\":\"BreadcrumbList\",\"@id\":\"https:\/\/mobensescolar.com\/ca\/producto\/taula-escolar-kiddy-t\/#breadcrumb\",\"itemListElement\":[{\"@type\":\"ListItem\",\"position\":1,\"name\":\"Inici\",\"item\":\"https:\/\/mobensescolar.com\/ca\/homepage\/\"},{\"@type\":\"ListItem\",\"position\":2,\"name\":\"Botiga\",\"item\":\"https:\/\/mobensescolar.com\/ca\/botiga\/\"},{\"@type\":\"ListItem\",\"position\":3,\"name\":\"Taula Escolar Kiddy T\"}]},{\"@type\":\"WebSite\",\"@id\":\"https:\/\/mobensescolar.com\/ca\/#website\",\"url\":\"https:\/\/mobensescolar.com\/ca\/\",\"name\":\"Mobens School\",\"description\":\"\",\"publisher\":{\"@id\":\"https:\/\/mobensescolar.com\/ca\/#organization\"},\"potentialAction\":[{\"@type\":\"SearchAction\",\"target\":{\"@type\":\"EntryPoint\",\"urlTemplate\":\"https:\/\/mobensescolar.com\/ca\/?s={search_term_string}\"},\"query-input\":{\"@type\":\"PropertyValueSpecification\",\"valueRequired\":true,\"valueName\":\"search_term_string\"}}],\"inLanguage\":\"ca\"},{\"@type\":\"Organization\",\"@id\":\"https:\/\/mobensescolar.com\/ca\/#organization\",\"name\":\"Mobens School\",\"url\":\"https:\/\/mobensescolar.com\/ca\/\",\"logo\":{\"@type\":\"ImageObject\",\"inLanguage\":\"ca\",\"@id\":\"https:\/\/mobensescolar.com\/ca\/#\/schema\/logo\/image\/\",\"url\":\"https:\/\/mobensescolar.com\/wp-content\/uploads\/2024\/10\/logo-mobens.webp\",\"contentUrl\":\"https:\/\/mobensescolar.com\/wp-content\/uploads\/2024\/10\/logo-mobens.webp\",\"width\":181,\"height\":181,\"caption\":\"Mobens School\"},\"image\":{\"@id\":\"https:\/\/mobensescolar.com\/ca\/#\/schema\/logo\/image\/\"},\"sameAs\":[\"https:\/\/www.instagram.com\/mobens.school\/\"]}]}<\/script>\n<!-- \/ Yoast SEO plugin. -->","yoast_head_json":{"title":"Taula Escolar Kiddy T - Mobens","robots":{"index":"index","follow":"follow","max-snippet":"max-snippet:-1","max-image-preview":"max-image-preview:large","max-video-preview":"max-video-preview:-1"},"canonical":"https:\/\/mobensescolar.com\/ca\/producto\/taula-escolar-kiddy-t\/","og_locale":"ca_ES","og_type":"article","og_title":"Taula Escolar Kiddy T - Mobens","og_description":"La Taula Infantil Kiddy T \u00e9s una opci\u00f3 innovadora dins del mobiliari escolar, dissenyada per oferir seguretat, resist\u00e8ncia i flexibilitat a aules d&#8217;infantil i col\u00b7legis. La seva estructura met\u00e0l\u00b7lica amb placa d&#8217;ancoratge soldada i el seu tauler de CDF blanc d&#8217;alta densitat garanteixen una taula duradora i funcional per a un \u00fas intensiu. Gr\u00e0cies al ... Llegiu m\u00e9s","og_url":"https:\/\/mobensescolar.com\/ca\/producto\/taula-escolar-kiddy-t\/","og_site_name":"Mobens","article_modified_time":"2025-05-14T12:47:23+00:00","og_image":[{"width":1067,"height":1020,"url":"https:\/\/mobensescolar.com\/wp-content\/uploads\/2024\/12\/kiddy-t-cdf-bl-basic.jpg","type":"image\/jpeg"}],"twitter_card":"summary_large_image","twitter_misc":{"Temps estimat de lectura":"1 minut"},"schema":{"@context":"https:\/\/schema.org","@graph":[{"@type":"WebPage","@id":"https:\/\/mobensescolar.com\/ca\/producto\/taula-escolar-kiddy-t\/","url":"https:\/\/mobensescolar.com\/ca\/producto\/taula-escolar-kiddy-t\/","name":"Taula Escolar Kiddy T - Mobens","isPartOf":{"@id":"https:\/\/mobensescolar.com\/ca\/#website"},"primaryImageOfPage":{"@id":"https:\/\/mobensescolar.com\/ca\/producto\/taula-escolar-kiddy-t\/#primaryimage"},"image":{"@id":"https:\/\/mobensescolar.com\/ca\/producto\/taula-escolar-kiddy-t\/#primaryimage"},"thumbnailUrl":"https:\/\/mobensescolar.com\/wp-content\/uploads\/2024\/12\/kiddy-t-cdf-bl-basic.jpg","datePublished":"2024-12-16T19:31:13+00:00","dateModified":"2025-05-14T12:47:23+00:00","breadcrumb":{"@id":"https:\/\/mobensescolar.com\/ca\/producto\/taula-escolar-kiddy-t\/#breadcrumb"},"inLanguage":"ca","potentialAction":[{"@type":"ReadAction","target":["https:\/\/mobensescolar.com\/ca\/producto\/taula-escolar-kiddy-t\/"]}]},{"@type":"ImageObject","inLanguage":"ca","@id":"https:\/\/mobensescolar.com\/ca\/producto\/taula-escolar-kiddy-t\/#primaryimage","url":"https:\/\/mobensescolar.com\/wp-content\/uploads\/2024\/12\/kiddy-t-cdf-bl-basic.jpg","contentUrl":"https:\/\/mobensescolar.com\/wp-content\/uploads\/2024\/12\/kiddy-t-cdf-bl-basic.jpg","width":1067,"height":1020},{"@type":"BreadcrumbList","@id":"https:\/\/mobensescolar.com\/ca\/producto\/taula-escolar-kiddy-t\/#breadcrumb","itemListElement":[{"@type":"ListItem","position":1,"name":"Inici","item":"https:\/\/mobensescolar.com\/ca\/homepage\/"},{"@type":"ListItem","position":2,"name":"Botiga","item":"https:\/\/mobensescolar.com\/ca\/botiga\/"},{"@type":"ListItem","position":3,"name":"Taula Escolar Kiddy T"}]},{"@type":"WebSite","@id":"https:\/\/mobensescolar.com\/ca\/#website","url":"https:\/\/mobensescolar.com\/ca\/","name":"Mobens School","description":"","publisher":{"@id":"https:\/\/mobensescolar.com\/ca\/#organization"},"potentialAction":[{"@type":"SearchAction","target":{"@type":"EntryPoint","urlTemplate":"https:\/\/mobensescolar.com\/ca\/?s={search_term_string}"},"query-input":{"@type":"PropertyValueSpecification","valueRequired":true,"valueName":"search_term_string"}}],"inLanguage":"ca"},{"@type":"Organization","@id":"https:\/\/mobensescolar.com\/ca\/#organization","name":"Mobens School","url":"https:\/\/mobensescolar.com\/ca\/","logo":{"@type":"ImageObject","inLanguage":"ca","@id":"https:\/\/mobensescolar.com\/ca\/#\/schema\/logo\/image\/","url":"https:\/\/mobensescolar.com\/wp-content\/uploads\/2024\/10\/logo-mobens.webp","contentUrl":"https:\/\/mobensescolar.com\/wp-content\/uploads\/2024\/10\/logo-mobens.webp","width":181,"height":181,"caption":"Mobens School"},"image":{"@id":"https:\/\/mobensescolar.com\/ca\/#\/schema\/logo\/image\/"},"sameAs":["https:\/\/www.instagram.com\/mobens.school\/"]}]}},"_links":{"self":[{"href":"https:\/\/mobensescolar.com\/ca\/wp-json\/wp\/v2\/product\/3370","targetHints":{"allow":["GET"]}}],"collection":[{"href":"https:\/\/mobensescolar.com\/ca\/wp-json\/wp\/v2\/product"}],"about":[{"href":"https:\/\/mobensescolar.com\/ca\/wp-json\/wp\/v2\/types\/product"}],"replies":[{"embeddable":true,"href":"https:\/\/mobensescolar.com\/ca\/wp-json\/wp\/v2\/comments?post=3370"}],"version-history":[{"count":1,"href":"https:\/\/mobensescolar.com\/ca\/wp-json\/wp\/v2\/product\/3370\/revisions"}],"predecessor-version":[{"id":3377,"href":"https:\/\/mobensescolar.com\/ca\/wp-json\/wp\/v2\/product\/3370\/revisions\/3377"}],"wp:featuredmedia":[{"embeddable":true,"href":"https:\/\/mobensescolar.com\/ca\/wp-json\/wp\/v2\/media\/3375"}],"wp:attachment":[{"href":"https:\/\/mobensescolar.com\/ca\/wp-json\/wp\/v2\/media?parent=3370"}],"wp:term":[{"taxonomy":"product_brand","embeddable":true,"href":"https:\/\/mobensescolar.com\/ca\/wp-json\/wp\/v2\/product_brand?post=3370"},{"taxonomy":"product_cat","embeddable":true,"href":"https:\/\/mobensescolar.com\/ca\/wp-json\/wp\/v2\/product_cat?post=3370"},{"taxonomy":"product_tag","embeddable":true,"href":"https:\/\/mobensescolar.com\/ca\/wp-json\/wp\/v2\/product_tag?post=3370"}],"curies":[{"name":"wp","href":"https:\/\/api.w.org\/{rel}","templated":true}]}}