{"id":4676,"date":"2026-03-11T14:08:55","date_gmt":"2026-03-11T13:08:55","guid":{"rendered":"https:\/\/mobensescolar.com\/?post_type=product&#038;p=4676"},"modified":"2026-03-26T15:46:53","modified_gmt":"2026-03-26T14:46:53","slug":"mesa-escolar-alta-haus","status":"publish","type":"product","link":"https:\/\/mobensescolar.com\/ca\/producto\/mesa-escolar-alta-haus\/","title":{"rendered":"Mesa escolar alta HAUS"},"content":{"rendered":"\t\t<div data-elementor-type=\"wp-post\" data-elementor-id=\"4676\" class=\"elementor elementor-4676\">\n\t\t\t\t<div class=\"elementor-element elementor-element-f514243 e-flex e-con-boxed e-con e-parent\" data-id=\"f514243\" data-element_type=\"container\" data-e-type=\"container\">\n\t\t\t\t\t<div class=\"e-con-inner\">\n\t\t\t\t<div class=\"elementor-element elementor-element-58f2f5e4 elementor-widget elementor-widget-text-editor\" data-id=\"58f2f5e4\" data-element_type=\"widget\" data-e-type=\"widget\" data-widget_type=\"text-editor.default\">\n\t\t\t\t<div class=\"elementor-widget-container\">\n\t\t\t\t\t\t\t\t\t<div class=\"container\"><div class=\"row\"><div class=\"col-md-6 offset-md-3 col-xl-4 offset-xl-4\"><p data-start=\"141\" data-end=\"281\">La <strong data-start=\"144\" data-end=\"170\">Mesa Escolar Alta HAUS<\/strong> traslada el lenguaje arquitect\u00f3nico de la colecci\u00f3n HAUS a un formato elevado, din\u00e1mico y altamente funcional.<\/p><p data-start=\"283\" data-end=\"467\">Su estructura superior en forma de marco no solo define su car\u00e1cter, sino que genera un entorno de trabajo vers\u00e1til que fomenta la colaboraci\u00f3n, la creatividad y el aprendizaje activo.<\/p><p data-start=\"469\" data-end=\"638\">Dise\u00f1ada para adaptarse a <strong data-start=\"495\" data-end=\"564\">aulas innovadoras, espacios maker y entornos educativos flexibles<\/strong>, esta mesa combina <strong data-start=\"584\" data-end=\"619\">movilidad, resistencia y dise\u00f1o<\/strong> en una sola pieza.<\/p><hr data-start=\"640\" data-end=\"643\" \/><h3 data-section-id=\"1ncv0j9\" data-start=\"645\" data-end=\"656\">Medidas<\/h3><ul data-start=\"657\" data-end=\"723\"><li data-section-id=\"x51pnx\" data-start=\"657\" data-end=\"678\"><p data-start=\"659\" data-end=\"678\"><strong data-start=\"659\" data-end=\"668\">Alto:<\/strong> 1800 mm<\/p><\/li><li data-section-id=\"102bpp7\" data-start=\"679\" data-end=\"701\"><p data-start=\"681\" data-end=\"701\"><strong data-start=\"681\" data-end=\"691\">Ancho:<\/strong> 2000 mm<\/p><\/li><li data-section-id=\"1tol4x2\" data-start=\"702\" data-end=\"723\"><p data-start=\"704\" data-end=\"723\"><strong data-start=\"704\" data-end=\"714\">Fondo:<\/strong> 800 mm<\/p><\/li><\/ul><hr data-start=\"725\" data-end=\"728\" \/><h3 data-section-id=\"5zrtkg\" data-start=\"730\" data-end=\"753\">Descripci\u00f3n t\u00e9cnica<\/h3><ul data-start=\"754\" data-end=\"1141\"><li data-section-id=\"4gek8c\" data-start=\"754\" data-end=\"810\"><p data-start=\"756\" data-end=\"810\">Estructura completa en hierro estructural de <strong data-start=\"801\" data-end=\"810\">40 mm<\/strong><\/p><\/li><li data-section-id=\"1w7oc1z\" data-start=\"811\" data-end=\"867\"><p data-start=\"813\" data-end=\"867\">Sistema de soldadura reforzada para m\u00e1xima estabilidad<\/p><\/li><li data-section-id=\"1mol3nh\" data-start=\"868\" data-end=\"928\"><p data-start=\"870\" data-end=\"928\">Acabado con <strong data-start=\"882\" data-end=\"928\">pintura epoxi en polvo de alta resistencia<\/strong><\/p><\/li><li data-section-id=\"hd567y\" data-start=\"929\" data-end=\"981\"><p data-start=\"931\" data-end=\"981\">Sobre de trabajo en tablero de <strong data-start=\"962\" data-end=\"981\">30 mm de grosor<\/strong><\/p><\/li><li data-section-id=\"1rrlhvq\" data-start=\"982\" data-end=\"1033\"><p data-start=\"984\" data-end=\"1033\"><strong data-start=\"984\" data-end=\"1015\">4 ruedas giratorias \u00d8125 mm<\/strong> de uso industrial<\/p><\/li><li data-section-id=\"bbfz6\" data-start=\"1034\" data-end=\"1087\"><p data-start=\"1036\" data-end=\"1087\">Sistema de <strong data-start=\"1047\" data-end=\"1066\">freno integrado<\/strong> para fijaci\u00f3n segura<\/p><\/li><li data-section-id=\"123vole\" data-start=\"1088\" data-end=\"1141\"><p data-start=\"1090\" data-end=\"1141\">Preparada para uso intensivo en entornos educativos<\/p><\/li><\/ul><hr data-start=\"1143\" data-end=\"1146\" \/><h3 data-section-id=\"1xlc856\" data-start=\"1148\" data-end=\"1173\">Materiales y acabados<\/h3><ul data-start=\"1174\" data-end=\"1301\"><li data-section-id=\"ny9lxj\" data-start=\"1174\" data-end=\"1218\"><p data-start=\"1176\" data-end=\"1218\">\u26ab Estructura met\u00e1lica en perfil de 40 mm<\/p><\/li><li data-section-id=\"7a7c38\" data-start=\"1219\" data-end=\"1260\"><p data-start=\"1221\" data-end=\"1260\">Sobre en acabado <strong data-start=\"1238\" data-end=\"1258\">Maple Blanc Balm<\/strong><\/p><\/li><li data-section-id=\"1k04igq\" data-start=\"1261\" data-end=\"1301\"><p data-start=\"1263\" data-end=\"1301\">Tablero de alta resistencia de 30 mm<\/p><\/li><\/ul><hr data-start=\"1303\" data-end=\"1306\" \/><h3 data-section-id=\"1fg5vx7\" data-start=\"1308\" data-end=\"1332\">Ventajas funcionales<\/h3><p data-start=\"1333\" data-end=\"1567\">\u2714 Movilidad total gracias a ruedas industriales<br data-start=\"1380\" data-end=\"1383\" \/>\u2714 Sistema de freno para m\u00e1xima estabilidad en uso<br data-start=\"1432\" data-end=\"1435\" \/>\u2714 Estructura robusta y duradera<br data-start=\"1466\" data-end=\"1469\" \/>\u2714 Dise\u00f1o alineado con la identidad HAUS<br data-start=\"1508\" data-end=\"1511\" \/>\u2714 Ideal para metodolog\u00edas activas y espacios flexibles<\/p><hr data-start=\"1569\" data-end=\"1572\" \/><h3 data-section-id=\"tgyw21\" data-start=\"1574\" data-end=\"1607\">Fabricaci\u00f3n y personalizaci\u00f3n<\/h3><p data-start=\"1608\" data-end=\"1637\"><strong data-start=\"1608\" data-end=\"1637\">Fabricaci\u00f3n propia Mobens<\/strong><\/p><p data-start=\"1639\" data-end=\"1677\">Adaptamos el producto a cada proyecto:<\/p><ul data-start=\"1678\" data-end=\"1806\"><li data-section-id=\"jn8rtz\" data-start=\"1678\" data-end=\"1704\"><p data-start=\"1680\" data-end=\"1704\">Medidas personalizadas<\/p><\/li><li data-section-id=\"17undgq\" data-start=\"1705\" data-end=\"1736\"><p data-start=\"1707\" data-end=\"1736\">Configuraciones espec\u00edficas<\/p><\/li><li data-section-id=\"15u243r\" data-start=\"1737\" data-end=\"1771\"><p data-start=\"1739\" data-end=\"1771\">Colores de estructura a elegir<\/p><\/li><li data-section-id=\"147zumf\" data-start=\"1772\" data-end=\"1806\"><p data-start=\"1774\" data-end=\"1806\">Diferentes acabados de tablero<\/p><\/li><\/ul><p>\u00a0<\/p><h3>Mobens dise\u00f1a y fabrica espacios educativos pensados para durar.<\/h3><\/div><\/div><\/div>\t\t\t\t\t\t\t\t<\/div>\n\t\t\t\t<\/div>\n\t\t\t\t\t<\/div>\n\t\t\t\t<\/div>\n\t\t\t\t<\/div>\n\t\t","protected":false},"excerpt":{"rendered":"<p>La Mesa Escolar Alta HAUS traslada el lenguaje arquitect\u00f3nico de la colecci\u00f3n HAUS a un formato elevado, din\u00e1mico y altamente funcional. Su estructura superior en forma de marco no solo define su car\u00e1cter, sino que genera un entorno de trabajo vers\u00e1til que fomenta la colaboraci\u00f3n, la creatividad y el aprendizaje activo. Dise\u00f1ada para adaptarse a &#8230; <a title=\"Mesa escolar alta HAUS\" class=\"read-more\" href=\"https:\/\/mobensescolar.com\/ca\/producto\/mesa-escolar-alta-haus\/\" aria-label=\"M\u00e9s informaci\u00f3 sobre Mesa escolar alta HAUS\">Llegiu m\u00e9s<\/a><\/p>\n","protected":false},"featured_media":5242,"comment_status":"open","ping_status":"closed","template":"","meta":{"_acf_changed":false},"product_brand":[],"product_cat":[64,39,69],"product_tag":[],"class_list":{"0":"post-4676","1":"product","2":"type-product","3":"status-publish","4":"has-post-thumbnail","6":"product_cat-coleccion-mobens","7":"product_cat-mesas-escolares","8":"product_cat-zonas-chill","10":"first","11":"instock","12":"taxable","13":"shipping-taxable","14":"purchasable","15":"product-type-simple"},"supplier_id":null,"supplier_sku":"","barcode":null,"atum_controlled":true,"out_stock_date":null,"out_stock_threshold":null,"inheritable":false,"inbound_stock":0,"stock_on_hold":0,"sold_today":0,"sales_last_days":0,"reserved_stock":0,"customer_returns":0,"warehouse_damage":0,"lost_in_post":0,"other_logs":0,"out_stock_days":0,"lost_sales":0,"has_location":false,"update_date":"2026-04-29T00:11:25","atum_locations":[],"atum_stock_status":"instock","restock_status":false,"low_stock_amount":"","sales_update_date":"2026-04-29T00:11:25","calc_backorders":null,"acf":[],"yoast_head":"<!-- This site is optimized with the Yoast SEO plugin v24.4 - https:\/\/yoast.com\/wordpress\/plugins\/seo\/ -->\n<title>Mesa escolar alta HAUS - Mobens<\/title>\n<meta name=\"description\" content=\"Mesa alta m\u00f3vil con estructura arquitect\u00f3nica La MESA ALTA HAUS mantiene la identidad estructural de la colecci\u00f3n HAUS y la adapta a un formato m\u00e1s din\u00e1mico y vers\u00e1til.\" \/>\n<meta name=\"robots\" content=\"index, follow, max-snippet:-1, max-image-preview:large, max-video-preview:-1\" \/>\n<link rel=\"canonical\" href=\"https:\/\/mobensescolar.com\/ca\/producto\/mesa-escolar-alta-haus\/\" \/>\n<meta property=\"og:locale\" content=\"ca_ES\" \/>\n<meta property=\"og:type\" content=\"article\" \/>\n<meta property=\"og:title\" content=\"Mesa escolar alta HAUS - Mobens\" \/>\n<meta property=\"og:description\" content=\"Mesa alta m\u00f3vil con estructura arquitect\u00f3nica La MESA ALTA HAUS mantiene la identidad estructural de la colecci\u00f3n HAUS y la adapta a un formato m\u00e1s din\u00e1mico y vers\u00e1til.\" \/>\n<meta property=\"og:url\" content=\"https:\/\/mobensescolar.com\/ca\/producto\/mesa-escolar-alta-haus\/\" \/>\n<meta property=\"og:site_name\" content=\"Mobens\" \/>\n<meta property=\"article:modified_time\" content=\"2026-03-26T14:46:53+00:00\" \/>\n<meta property=\"og:image\" content=\"https:\/\/mobensescolar.com\/wp-content\/uploads\/2026\/03\/Mesa-alta-Haus-copia.png\" \/>\n\t<meta property=\"og:image:width\" content=\"1024\" \/>\n\t<meta property=\"og:image:height\" content=\"1024\" \/>\n\t<meta property=\"og:image:type\" content=\"image\/png\" \/>\n<meta name=\"twitter:card\" content=\"summary_large_image\" \/>\n<meta name=\"twitter:label1\" content=\"Temps estimat de lectura\" \/>\n\t<meta name=\"twitter:data1\" content=\"2 minuts\" \/>\n<script type=\"application\/ld+json\" class=\"yoast-schema-graph\">{\"@context\":\"https:\/\/schema.org\",\"@graph\":[{\"@type\":\"WebPage\",\"@id\":\"https:\/\/mobensescolar.com\/ca\/producto\/mesa-escolar-alta-haus\/\",\"url\":\"https:\/\/mobensescolar.com\/ca\/producto\/mesa-escolar-alta-haus\/\",\"name\":\"Mesa escolar alta HAUS - Mobens\",\"isPartOf\":{\"@id\":\"https:\/\/mobensescolar.com\/ca\/#website\"},\"primaryImageOfPage\":{\"@id\":\"https:\/\/mobensescolar.com\/ca\/producto\/mesa-escolar-alta-haus\/#primaryimage\"},\"image\":{\"@id\":\"https:\/\/mobensescolar.com\/ca\/producto\/mesa-escolar-alta-haus\/#primaryimage\"},\"thumbnailUrl\":\"https:\/\/mobensescolar.com\/wp-content\/uploads\/2026\/03\/Mesa-alta-Haus-copia.png\",\"datePublished\":\"2026-03-11T13:08:55+00:00\",\"dateModified\":\"2026-03-26T14:46:53+00:00\",\"description\":\"Mesa alta m\u00f3vil con estructura arquitect\u00f3nica La MESA ALTA HAUS mantiene la identidad estructural de la colecci\u00f3n HAUS y la adapta a un formato m\u00e1s din\u00e1mico y vers\u00e1til.\",\"breadcrumb\":{\"@id\":\"https:\/\/mobensescolar.com\/ca\/producto\/mesa-escolar-alta-haus\/#breadcrumb\"},\"inLanguage\":\"ca\",\"potentialAction\":[{\"@type\":\"ReadAction\",\"target\":[\"https:\/\/mobensescolar.com\/ca\/producto\/mesa-escolar-alta-haus\/\"]}]},{\"@type\":\"ImageObject\",\"inLanguage\":\"ca\",\"@id\":\"https:\/\/mobensescolar.com\/ca\/producto\/mesa-escolar-alta-haus\/#primaryimage\",\"url\":\"https:\/\/mobensescolar.com\/wp-content\/uploads\/2026\/03\/Mesa-alta-Haus-copia.png\",\"contentUrl\":\"https:\/\/mobensescolar.com\/wp-content\/uploads\/2026\/03\/Mesa-alta-Haus-copia.png\",\"width\":1024,\"height\":1024},{\"@type\":\"BreadcrumbList\",\"@id\":\"https:\/\/mobensescolar.com\/ca\/producto\/mesa-escolar-alta-haus\/#breadcrumb\",\"itemListElement\":[{\"@type\":\"ListItem\",\"position\":1,\"name\":\"Inici\",\"item\":\"https:\/\/mobensescolar.com\/ca\/homepage\/\"},{\"@type\":\"ListItem\",\"position\":2,\"name\":\"Botiga\",\"item\":\"https:\/\/mobensescolar.com\/ca\/botiga\/\"},{\"@type\":\"ListItem\",\"position\":3,\"name\":\"Mesa escolar alta HAUS\"}]},{\"@type\":\"WebSite\",\"@id\":\"https:\/\/mobensescolar.com\/ca\/#website\",\"url\":\"https:\/\/mobensescolar.com\/ca\/\",\"name\":\"Mobens School\",\"description\":\"\",\"publisher\":{\"@id\":\"https:\/\/mobensescolar.com\/ca\/#organization\"},\"potentialAction\":[{\"@type\":\"SearchAction\",\"target\":{\"@type\":\"EntryPoint\",\"urlTemplate\":\"https:\/\/mobensescolar.com\/ca\/?s={search_term_string}\"},\"query-input\":{\"@type\":\"PropertyValueSpecification\",\"valueRequired\":true,\"valueName\":\"search_term_string\"}}],\"inLanguage\":\"ca\"},{\"@type\":\"Organization\",\"@id\":\"https:\/\/mobensescolar.com\/ca\/#organization\",\"name\":\"Mobens School\",\"url\":\"https:\/\/mobensescolar.com\/ca\/\",\"logo\":{\"@type\":\"ImageObject\",\"inLanguage\":\"ca\",\"@id\":\"https:\/\/mobensescolar.com\/ca\/#\/schema\/logo\/image\/\",\"url\":\"https:\/\/mobensescolar.com\/wp-content\/uploads\/2024\/10\/logo-mobens.webp\",\"contentUrl\":\"https:\/\/mobensescolar.com\/wp-content\/uploads\/2024\/10\/logo-mobens.webp\",\"width\":181,\"height\":181,\"caption\":\"Mobens School\"},\"image\":{\"@id\":\"https:\/\/mobensescolar.com\/ca\/#\/schema\/logo\/image\/\"},\"sameAs\":[\"https:\/\/www.instagram.com\/mobens.school\/\"]}]}<\/script>\n<!-- \/ Yoast SEO plugin. -->","yoast_head_json":{"title":"Mesa escolar alta HAUS - Mobens","description":"Mesa alta m\u00f3vil con estructura arquitect\u00f3nica La MESA ALTA HAUS mantiene la identidad estructural de la colecci\u00f3n HAUS y la adapta a un formato m\u00e1s din\u00e1mico y vers\u00e1til.","robots":{"index":"index","follow":"follow","max-snippet":"max-snippet:-1","max-image-preview":"max-image-preview:large","max-video-preview":"max-video-preview:-1"},"canonical":"https:\/\/mobensescolar.com\/ca\/producto\/mesa-escolar-alta-haus\/","og_locale":"ca_ES","og_type":"article","og_title":"Mesa escolar alta HAUS - Mobens","og_description":"Mesa alta m\u00f3vil con estructura arquitect\u00f3nica La MESA ALTA HAUS mantiene la identidad estructural de la colecci\u00f3n HAUS y la adapta a un formato m\u00e1s din\u00e1mico y vers\u00e1til.","og_url":"https:\/\/mobensescolar.com\/ca\/producto\/mesa-escolar-alta-haus\/","og_site_name":"Mobens","article_modified_time":"2026-03-26T14:46:53+00:00","og_image":[{"width":1024,"height":1024,"url":"https:\/\/mobensescolar.com\/wp-content\/uploads\/2026\/03\/Mesa-alta-Haus-copia.png","type":"image\/png"}],"twitter_card":"summary_large_image","twitter_misc":{"Temps estimat de lectura":"2 minuts"},"schema":{"@context":"https:\/\/schema.org","@graph":[{"@type":"WebPage","@id":"https:\/\/mobensescolar.com\/ca\/producto\/mesa-escolar-alta-haus\/","url":"https:\/\/mobensescolar.com\/ca\/producto\/mesa-escolar-alta-haus\/","name":"Mesa escolar alta HAUS - Mobens","isPartOf":{"@id":"https:\/\/mobensescolar.com\/ca\/#website"},"primaryImageOfPage":{"@id":"https:\/\/mobensescolar.com\/ca\/producto\/mesa-escolar-alta-haus\/#primaryimage"},"image":{"@id":"https:\/\/mobensescolar.com\/ca\/producto\/mesa-escolar-alta-haus\/#primaryimage"},"thumbnailUrl":"https:\/\/mobensescolar.com\/wp-content\/uploads\/2026\/03\/Mesa-alta-Haus-copia.png","datePublished":"2026-03-11T13:08:55+00:00","dateModified":"2026-03-26T14:46:53+00:00","description":"Mesa alta m\u00f3vil con estructura arquitect\u00f3nica La MESA ALTA HAUS mantiene la identidad estructural de la colecci\u00f3n HAUS y la adapta a un formato m\u00e1s din\u00e1mico y vers\u00e1til.","breadcrumb":{"@id":"https:\/\/mobensescolar.com\/ca\/producto\/mesa-escolar-alta-haus\/#breadcrumb"},"inLanguage":"ca","potentialAction":[{"@type":"ReadAction","target":["https:\/\/mobensescolar.com\/ca\/producto\/mesa-escolar-alta-haus\/"]}]},{"@type":"ImageObject","inLanguage":"ca","@id":"https:\/\/mobensescolar.com\/ca\/producto\/mesa-escolar-alta-haus\/#primaryimage","url":"https:\/\/mobensescolar.com\/wp-content\/uploads\/2026\/03\/Mesa-alta-Haus-copia.png","contentUrl":"https:\/\/mobensescolar.com\/wp-content\/uploads\/2026\/03\/Mesa-alta-Haus-copia.png","width":1024,"height":1024},{"@type":"BreadcrumbList","@id":"https:\/\/mobensescolar.com\/ca\/producto\/mesa-escolar-alta-haus\/#breadcrumb","itemListElement":[{"@type":"ListItem","position":1,"name":"Inici","item":"https:\/\/mobensescolar.com\/ca\/homepage\/"},{"@type":"ListItem","position":2,"name":"Botiga","item":"https:\/\/mobensescolar.com\/ca\/botiga\/"},{"@type":"ListItem","position":3,"name":"Mesa escolar alta HAUS"}]},{"@type":"WebSite","@id":"https:\/\/mobensescolar.com\/ca\/#website","url":"https:\/\/mobensescolar.com\/ca\/","name":"Mobens School","description":"","publisher":{"@id":"https:\/\/mobensescolar.com\/ca\/#organization"},"potentialAction":[{"@type":"SearchAction","target":{"@type":"EntryPoint","urlTemplate":"https:\/\/mobensescolar.com\/ca\/?s={search_term_string}"},"query-input":{"@type":"PropertyValueSpecification","valueRequired":true,"valueName":"search_term_string"}}],"inLanguage":"ca"},{"@type":"Organization","@id":"https:\/\/mobensescolar.com\/ca\/#organization","name":"Mobens School","url":"https:\/\/mobensescolar.com\/ca\/","logo":{"@type":"ImageObject","inLanguage":"ca","@id":"https:\/\/mobensescolar.com\/ca\/#\/schema\/logo\/image\/","url":"https:\/\/mobensescolar.com\/wp-content\/uploads\/2024\/10\/logo-mobens.webp","contentUrl":"https:\/\/mobensescolar.com\/wp-content\/uploads\/2024\/10\/logo-mobens.webp","width":181,"height":181,"caption":"Mobens School"},"image":{"@id":"https:\/\/mobensescolar.com\/ca\/#\/schema\/logo\/image\/"},"sameAs":["https:\/\/www.instagram.com\/mobens.school\/"]}]}},"_links":{"self":[{"href":"https:\/\/mobensescolar.com\/ca\/wp-json\/wp\/v2\/product\/4676","targetHints":{"allow":["GET"]}}],"collection":[{"href":"https:\/\/mobensescolar.com\/ca\/wp-json\/wp\/v2\/product"}],"about":[{"href":"https:\/\/mobensescolar.com\/ca\/wp-json\/wp\/v2\/types\/product"}],"replies":[{"embeddable":true,"href":"https:\/\/mobensescolar.com\/ca\/wp-json\/wp\/v2\/comments?post=4676"}],"version-history":[{"count":3,"href":"https:\/\/mobensescolar.com\/ca\/wp-json\/wp\/v2\/product\/4676\/revisions"}],"predecessor-version":[{"id":5244,"href":"https:\/\/mobensescolar.com\/ca\/wp-json\/wp\/v2\/product\/4676\/revisions\/5244"}],"wp:featuredmedia":[{"embeddable":true,"href":"https:\/\/mobensescolar.com\/ca\/wp-json\/wp\/v2\/media\/5242"}],"wp:attachment":[{"href":"https:\/\/mobensescolar.com\/ca\/wp-json\/wp\/v2\/media?parent=4676"}],"wp:term":[{"taxonomy":"product_brand","embeddable":true,"href":"https:\/\/mobensescolar.com\/ca\/wp-json\/wp\/v2\/product_brand?post=4676"},{"taxonomy":"product_cat","embeddable":true,"href":"https:\/\/mobensescolar.com\/ca\/wp-json\/wp\/v2\/product_cat?post=4676"},{"taxonomy":"product_tag","embeddable":true,"href":"https:\/\/mobensescolar.com\/ca\/wp-json\/wp\/v2\/product_tag?post=4676"}],"curies":[{"name":"wp","href":"https:\/\/api.w.org\/{rel}","templated":true}]}}