{"id":4985,"date":"2026-03-18T08:49:07","date_gmt":"2026-03-18T07:49:07","guid":{"rendered":"https:\/\/mobensescolar.com\/?post_type=product&#038;p=4985"},"modified":"2026-03-19T09:06:13","modified_gmt":"2026-03-19T08:06:13","slug":"cub-one-puf-modular","status":"publish","type":"product","link":"https:\/\/mobensescolar.com\/ca\/producto\/cub-one-puf-modular\/","title":{"rendered":"CUB ONE \u2013 Puf modular"},"content":{"rendered":"<div class=\"container\">\n<div class=\"row\">\n<div class=\"col-md-6 offset-md-3 col-xl-4 offset-xl-4\"><\/div>\n<h2 data-section-id=\"1qmgavd\" data-start=\"148\" data-end=\"176\"><strong data-start=\"151\" data-end=\"176\">CUB ONE \u2013 Puf modular<\/strong><\/h2>\n<h3 data-section-id=\"x69w23\" data-start=\"178\" data-end=\"196\">\ud83d\udcdd Descripci\u00f3n<\/h3>\n<p data-start=\"198\" data-end=\"317\">El <strong data-start=\"201\" data-end=\"212\">CUB ONE<\/strong> es un asiento individual dise\u00f1ado para aportar confort, versatilidad y dise\u00f1o a los espacios educativos.<\/p>\n<p data-start=\"319\" data-end=\"480\">Forma parte de la familia CUB de Mobens, pensada para crear zonas din\u00e1micas dentro del aula como rincones de lectura, espacios colaborativos o \u00e1reas de descanso.<\/p>\n<p data-start=\"482\" data-end=\"657\">Su dise\u00f1o compacto y robusto, junto con un tapizado t\u00e9cnico en tono azul tejano, lo convierten en una soluci\u00f3n resistente y atractiva para uso intensivo en entornos escolares.<\/p>\n<hr data-start=\"659\" data-end=\"662\" \/>\n<h3 data-section-id=\"15nq7iw\" data-start=\"664\" data-end=\"678\">\ud83d\udcd0 Medidas<\/h3>\n<ul data-start=\"680\" data-end=\"732\">\n<li data-section-id=\"m9boen\" data-start=\"680\" data-end=\"697\">\n<p data-start=\"682\" data-end=\"697\">Ancho: 600 mm<\/p>\n<\/li>\n<li data-section-id=\"18y3wuo\" data-start=\"698\" data-end=\"714\">\n<p data-start=\"700\" data-end=\"714\">Alto: 400 mm<\/p>\n<\/li>\n<li data-section-id=\"9va18r\" data-start=\"715\" data-end=\"732\">\n<p data-start=\"717\" data-end=\"732\">Fondo: 500 mm<\/p>\n<\/li>\n<\/ul>\n<hr data-start=\"734\" data-end=\"737\" \/>\n<h3 data-section-id=\"19qd9ep\" data-start=\"739\" data-end=\"761\">\ud83d\udd39 Caracter\u00edsticas<\/h3>\n<ul data-start=\"763\" data-end=\"1011\">\n<li data-section-id=\"zwt1i\" data-start=\"763\" data-end=\"793\">\n<p data-start=\"765\" data-end=\"793\">Asiento individual modular<\/p>\n<\/li>\n<li data-section-id=\"xmdwah\" data-start=\"794\" data-end=\"846\">\n<p data-start=\"796\" data-end=\"846\">Estructura resistente para uso escolar intensivo<\/p>\n<\/li>\n<li data-section-id=\"1q0tstx\" data-start=\"847\" data-end=\"887\">\n<p data-start=\"849\" data-end=\"887\">Tapizado t\u00e9cnico de alta durabilidad<\/p>\n<\/li>\n<li data-section-id=\"e3gvtd\" data-start=\"888\" data-end=\"941\">\n<p data-start=\"890\" data-end=\"941\">Acabado en tono azul tejano (l\u00ednea Reading Chill)<\/p>\n<\/li>\n<li data-section-id=\"yjgbcn\" data-start=\"942\" data-end=\"965\">\n<p data-start=\"944\" data-end=\"965\">Costuras reforzadas<\/p>\n<\/li>\n<li data-section-id=\"z9mlip\" data-start=\"966\" data-end=\"993\">\n<p data-start=\"968\" data-end=\"993\">Bordes suaves y seguros<\/p>\n<\/li>\n<li data-section-id=\"119zu4\" data-start=\"994\" data-end=\"1011\">\n<p data-start=\"996\" data-end=\"1011\">Patas ocultas<\/p>\n<\/li>\n<\/ul>\n<hr data-start=\"1013\" data-end=\"1016\" \/>\n<h3 data-section-id=\"1ucxnq6\" data-start=\"1018\" data-end=\"1037\">\ud83c\udfaf Aplicaciones<\/h3>\n<ul data-start=\"1039\" data-end=\"1129\">\n<li data-section-id=\"ktw4a8\" data-start=\"1039\" data-end=\"1062\">\n<p data-start=\"1041\" data-end=\"1062\">Rincones de lectura<\/p>\n<\/li>\n<li data-section-id=\"dcq8kf\" data-start=\"1063\" data-end=\"1080\">\n<p data-start=\"1065\" data-end=\"1080\">Aulas din\u00e1mas<\/p>\n<\/li>\n<li data-section-id=\"16qkou0\" data-start=\"1081\" data-end=\"1106\">\n<p data-start=\"1083\" data-end=\"1106\">Bibliotecas escolares<\/p>\n<\/li>\n<li data-section-id=\"1swttyw\" data-start=\"1107\" data-end=\"1129\">\n<p data-start=\"1109\" data-end=\"1129\">Espacios chill-out<\/p>\n<\/li>\n<\/ul>\n<h3><\/h3>\n<h3><\/h3>\n<h3>Mobens dise\u00f1a y fabrica espacios educativos pensados para durar.<\/h3>\n<\/div>\n<\/div>\n","protected":false},"excerpt":{"rendered":"<p>\ud83d\udc49 <strong data-start=\"2140\" data-end=\"2151\">CUB ONE<\/strong><br data-start=\"2151\" data-end=\"2154\" \/>Asiento individual modular tapizado, ideal para zonas de lectura y espacios din\u00e1micos en entornos educativos.<\/p>\n","protected":false},"featured_media":4986,"comment_status":"closed","ping_status":"closed","template":"","meta":{"_acf_changed":false},"product_brand":[],"product_cat":[48,64,69],"product_tag":[],"class_list":{"0":"post-4985","1":"product","2":"type-product","3":"status-publish","4":"has-post-thumbnail","6":"product_cat-almacenaje-escolar","7":"product_cat-coleccion-mobens","8":"product_cat-zonas-chill","10":"first","11":"instock","12":"taxable","13":"shipping-taxable","14":"purchasable","15":"product-type-simple"},"supplier_id":null,"supplier_sku":"","barcode":null,"atum_controlled":true,"out_stock_date":null,"out_stock_threshold":null,"inheritable":false,"inbound_stock":0,"stock_on_hold":0,"sold_today":0,"sales_last_days":0,"reserved_stock":0,"customer_returns":0,"warehouse_damage":0,"lost_in_post":0,"other_logs":0,"out_stock_days":0,"lost_sales":0,"has_location":false,"update_date":"2026-04-29T00:11:24","atum_locations":[],"atum_stock_status":"instock","restock_status":false,"low_stock_amount":"","sales_update_date":"2026-04-29T00:11:23","calc_backorders":null,"acf":[],"yoast_head":"<!-- This site is optimized with the Yoast SEO plugin v24.4 - https:\/\/yoast.com\/wordpress\/plugins\/seo\/ -->\n<title>CUB ONE \u2013 Puf modular - Mobens<\/title>\n<meta name=\"robots\" content=\"index, follow, max-snippet:-1, max-image-preview:large, max-video-preview:-1\" \/>\n<link rel=\"canonical\" href=\"https:\/\/mobensescolar.com\/ca\/producto\/cub-one-puf-modular\/\" \/>\n<meta property=\"og:locale\" content=\"ca_ES\" \/>\n<meta property=\"og:type\" content=\"article\" \/>\n<meta property=\"og:title\" content=\"CUB ONE \u2013 Puf modular - Mobens\" \/>\n<meta property=\"og:description\" content=\"\ud83d\udc49 CUB ONEAsiento individual modular tapizado, ideal para zonas de lectura y espacios din\u00e1micos en entornos educativos.\" \/>\n<meta property=\"og:url\" content=\"https:\/\/mobensescolar.com\/ca\/producto\/cub-one-puf-modular\/\" \/>\n<meta property=\"og:site_name\" content=\"Mobens\" \/>\n<meta property=\"article:modified_time\" content=\"2026-03-19T08:06:13+00:00\" \/>\n<meta property=\"og:image\" content=\"https:\/\/mobensescolar.com\/wp-content\/uploads\/2026\/03\/Cub-ONE.png\" \/>\n\t<meta property=\"og:image:width\" content=\"1536\" \/>\n\t<meta property=\"og:image:height\" content=\"1024\" \/>\n\t<meta property=\"og:image:type\" content=\"image\/png\" \/>\n<meta name=\"twitter:card\" content=\"summary_large_image\" \/>\n<meta name=\"twitter:label1\" content=\"Temps estimat de lectura\" \/>\n\t<meta name=\"twitter:data1\" content=\"1 minut\" \/>\n<script type=\"application\/ld+json\" class=\"yoast-schema-graph\">{\"@context\":\"https:\/\/schema.org\",\"@graph\":[{\"@type\":\"WebPage\",\"@id\":\"https:\/\/mobensescolar.com\/ca\/producto\/cub-one-puf-modular\/\",\"url\":\"https:\/\/mobensescolar.com\/ca\/producto\/cub-one-puf-modular\/\",\"name\":\"CUB ONE \u2013 Puf modular - Mobens\",\"isPartOf\":{\"@id\":\"https:\/\/mobensescolar.com\/ca\/#website\"},\"primaryImageOfPage\":{\"@id\":\"https:\/\/mobensescolar.com\/ca\/producto\/cub-one-puf-modular\/#primaryimage\"},\"image\":{\"@id\":\"https:\/\/mobensescolar.com\/ca\/producto\/cub-one-puf-modular\/#primaryimage\"},\"thumbnailUrl\":\"https:\/\/mobensescolar.com\/wp-content\/uploads\/2026\/03\/Cub-ONE.png\",\"datePublished\":\"2026-03-18T07:49:07+00:00\",\"dateModified\":\"2026-03-19T08:06:13+00:00\",\"breadcrumb\":{\"@id\":\"https:\/\/mobensescolar.com\/ca\/producto\/cub-one-puf-modular\/#breadcrumb\"},\"inLanguage\":\"ca\",\"potentialAction\":[{\"@type\":\"ReadAction\",\"target\":[\"https:\/\/mobensescolar.com\/ca\/producto\/cub-one-puf-modular\/\"]}]},{\"@type\":\"ImageObject\",\"inLanguage\":\"ca\",\"@id\":\"https:\/\/mobensescolar.com\/ca\/producto\/cub-one-puf-modular\/#primaryimage\",\"url\":\"https:\/\/mobensescolar.com\/wp-content\/uploads\/2026\/03\/Cub-ONE.png\",\"contentUrl\":\"https:\/\/mobensescolar.com\/wp-content\/uploads\/2026\/03\/Cub-ONE.png\",\"width\":1536,\"height\":1024},{\"@type\":\"BreadcrumbList\",\"@id\":\"https:\/\/mobensescolar.com\/ca\/producto\/cub-one-puf-modular\/#breadcrumb\",\"itemListElement\":[{\"@type\":\"ListItem\",\"position\":1,\"name\":\"Inici\",\"item\":\"https:\/\/mobensescolar.com\/ca\/homepage\/\"},{\"@type\":\"ListItem\",\"position\":2,\"name\":\"Botiga\",\"item\":\"https:\/\/mobensescolar.com\/ca\/botiga\/\"},{\"@type\":\"ListItem\",\"position\":3,\"name\":\"CUB ONE \u2013 Puf modular\"}]},{\"@type\":\"WebSite\",\"@id\":\"https:\/\/mobensescolar.com\/ca\/#website\",\"url\":\"https:\/\/mobensescolar.com\/ca\/\",\"name\":\"Mobens School\",\"description\":\"\",\"publisher\":{\"@id\":\"https:\/\/mobensescolar.com\/ca\/#organization\"},\"potentialAction\":[{\"@type\":\"SearchAction\",\"target\":{\"@type\":\"EntryPoint\",\"urlTemplate\":\"https:\/\/mobensescolar.com\/ca\/?s={search_term_string}\"},\"query-input\":{\"@type\":\"PropertyValueSpecification\",\"valueRequired\":true,\"valueName\":\"search_term_string\"}}],\"inLanguage\":\"ca\"},{\"@type\":\"Organization\",\"@id\":\"https:\/\/mobensescolar.com\/ca\/#organization\",\"name\":\"Mobens School\",\"url\":\"https:\/\/mobensescolar.com\/ca\/\",\"logo\":{\"@type\":\"ImageObject\",\"inLanguage\":\"ca\",\"@id\":\"https:\/\/mobensescolar.com\/ca\/#\/schema\/logo\/image\/\",\"url\":\"https:\/\/mobensescolar.com\/wp-content\/uploads\/2024\/10\/logo-mobens.webp\",\"contentUrl\":\"https:\/\/mobensescolar.com\/wp-content\/uploads\/2024\/10\/logo-mobens.webp\",\"width\":181,\"height\":181,\"caption\":\"Mobens School\"},\"image\":{\"@id\":\"https:\/\/mobensescolar.com\/ca\/#\/schema\/logo\/image\/\"},\"sameAs\":[\"https:\/\/www.instagram.com\/mobens.school\/\"]}]}<\/script>\n<!-- \/ Yoast SEO plugin. -->","yoast_head_json":{"title":"CUB ONE \u2013 Puf modular - Mobens","robots":{"index":"index","follow":"follow","max-snippet":"max-snippet:-1","max-image-preview":"max-image-preview:large","max-video-preview":"max-video-preview:-1"},"canonical":"https:\/\/mobensescolar.com\/ca\/producto\/cub-one-puf-modular\/","og_locale":"ca_ES","og_type":"article","og_title":"CUB ONE \u2013 Puf modular - Mobens","og_description":"\ud83d\udc49 CUB ONEAsiento individual modular tapizado, ideal para zonas de lectura y espacios din\u00e1micos en entornos educativos.","og_url":"https:\/\/mobensescolar.com\/ca\/producto\/cub-one-puf-modular\/","og_site_name":"Mobens","article_modified_time":"2026-03-19T08:06:13+00:00","og_image":[{"width":1536,"height":1024,"url":"https:\/\/mobensescolar.com\/wp-content\/uploads\/2026\/03\/Cub-ONE.png","type":"image\/png"}],"twitter_card":"summary_large_image","twitter_misc":{"Temps estimat de lectura":"1 minut"},"schema":{"@context":"https:\/\/schema.org","@graph":[{"@type":"WebPage","@id":"https:\/\/mobensescolar.com\/ca\/producto\/cub-one-puf-modular\/","url":"https:\/\/mobensescolar.com\/ca\/producto\/cub-one-puf-modular\/","name":"CUB ONE \u2013 Puf modular - Mobens","isPartOf":{"@id":"https:\/\/mobensescolar.com\/ca\/#website"},"primaryImageOfPage":{"@id":"https:\/\/mobensescolar.com\/ca\/producto\/cub-one-puf-modular\/#primaryimage"},"image":{"@id":"https:\/\/mobensescolar.com\/ca\/producto\/cub-one-puf-modular\/#primaryimage"},"thumbnailUrl":"https:\/\/mobensescolar.com\/wp-content\/uploads\/2026\/03\/Cub-ONE.png","datePublished":"2026-03-18T07:49:07+00:00","dateModified":"2026-03-19T08:06:13+00:00","breadcrumb":{"@id":"https:\/\/mobensescolar.com\/ca\/producto\/cub-one-puf-modular\/#breadcrumb"},"inLanguage":"ca","potentialAction":[{"@type":"ReadAction","target":["https:\/\/mobensescolar.com\/ca\/producto\/cub-one-puf-modular\/"]}]},{"@type":"ImageObject","inLanguage":"ca","@id":"https:\/\/mobensescolar.com\/ca\/producto\/cub-one-puf-modular\/#primaryimage","url":"https:\/\/mobensescolar.com\/wp-content\/uploads\/2026\/03\/Cub-ONE.png","contentUrl":"https:\/\/mobensescolar.com\/wp-content\/uploads\/2026\/03\/Cub-ONE.png","width":1536,"height":1024},{"@type":"BreadcrumbList","@id":"https:\/\/mobensescolar.com\/ca\/producto\/cub-one-puf-modular\/#breadcrumb","itemListElement":[{"@type":"ListItem","position":1,"name":"Inici","item":"https:\/\/mobensescolar.com\/ca\/homepage\/"},{"@type":"ListItem","position":2,"name":"Botiga","item":"https:\/\/mobensescolar.com\/ca\/botiga\/"},{"@type":"ListItem","position":3,"name":"CUB ONE \u2013 Puf modular"}]},{"@type":"WebSite","@id":"https:\/\/mobensescolar.com\/ca\/#website","url":"https:\/\/mobensescolar.com\/ca\/","name":"Mobens School","description":"","publisher":{"@id":"https:\/\/mobensescolar.com\/ca\/#organization"},"potentialAction":[{"@type":"SearchAction","target":{"@type":"EntryPoint","urlTemplate":"https:\/\/mobensescolar.com\/ca\/?s={search_term_string}"},"query-input":{"@type":"PropertyValueSpecification","valueRequired":true,"valueName":"search_term_string"}}],"inLanguage":"ca"},{"@type":"Organization","@id":"https:\/\/mobensescolar.com\/ca\/#organization","name":"Mobens School","url":"https:\/\/mobensescolar.com\/ca\/","logo":{"@type":"ImageObject","inLanguage":"ca","@id":"https:\/\/mobensescolar.com\/ca\/#\/schema\/logo\/image\/","url":"https:\/\/mobensescolar.com\/wp-content\/uploads\/2024\/10\/logo-mobens.webp","contentUrl":"https:\/\/mobensescolar.com\/wp-content\/uploads\/2024\/10\/logo-mobens.webp","width":181,"height":181,"caption":"Mobens School"},"image":{"@id":"https:\/\/mobensescolar.com\/ca\/#\/schema\/logo\/image\/"},"sameAs":["https:\/\/www.instagram.com\/mobens.school\/"]}]}},"_links":{"self":[{"href":"https:\/\/mobensescolar.com\/ca\/wp-json\/wp\/v2\/product\/4985","targetHints":{"allow":["GET"]}}],"collection":[{"href":"https:\/\/mobensescolar.com\/ca\/wp-json\/wp\/v2\/product"}],"about":[{"href":"https:\/\/mobensescolar.com\/ca\/wp-json\/wp\/v2\/types\/product"}],"replies":[{"embeddable":true,"href":"https:\/\/mobensescolar.com\/ca\/wp-json\/wp\/v2\/comments?post=4985"}],"version-history":[{"count":2,"href":"https:\/\/mobensescolar.com\/ca\/wp-json\/wp\/v2\/product\/4985\/revisions"}],"predecessor-version":[{"id":4996,"href":"https:\/\/mobensescolar.com\/ca\/wp-json\/wp\/v2\/product\/4985\/revisions\/4996"}],"wp:featuredmedia":[{"embeddable":true,"href":"https:\/\/mobensescolar.com\/ca\/wp-json\/wp\/v2\/media\/4986"}],"wp:attachment":[{"href":"https:\/\/mobensescolar.com\/ca\/wp-json\/wp\/v2\/media?parent=4985"}],"wp:term":[{"taxonomy":"product_brand","embeddable":true,"href":"https:\/\/mobensescolar.com\/ca\/wp-json\/wp\/v2\/product_brand?post=4985"},{"taxonomy":"product_cat","embeddable":true,"href":"https:\/\/mobensescolar.com\/ca\/wp-json\/wp\/v2\/product_cat?post=4985"},{"taxonomy":"product_tag","embeddable":true,"href":"https:\/\/mobensescolar.com\/ca\/wp-json\/wp\/v2\/product_tag?post=4985"}],"curies":[{"name":"wp","href":"https:\/\/api.w.org\/{rel}","templated":true}]}}