{"id":614,"date":"2024-09-22T18:21:07","date_gmt":"2024-09-22T16:21:07","guid":{"rendered":"http:\/\/mobensescolar.com\/home\/"},"modified":"2026-03-24T17:18:00","modified_gmt":"2026-03-24T16:18:00","slug":"mobens-school","status":"publish","type":"page","link":"https:\/\/mobensescolar.com\/es\/","title":{"rendered":"Mobens School"},"content":{"rendered":"\t\t<div data-elementor-type=\"wp-post\" data-elementor-id=\"614\" class=\"elementor elementor-614\">\n\t\t\t\t<div class=\"elementor-element elementor-element-7140779 e-con-full e-flex e-con e-parent\" data-id=\"7140779\" data-element_type=\"container\" data-e-type=\"container\" data-settings=\"{&quot;background_background&quot;:&quot;classic&quot;}\">\n\t\t<div class=\"elementor-element elementor-element-c4da664 e-con-full e-flex e-con e-child\" data-id=\"c4da664\" data-element_type=\"container\" data-e-type=\"container\">\n\t\t\t\t<div class=\"elementor-element elementor-element-f6a4593 elementor-widget elementor-widget-text-editor\" data-id=\"f6a4593\" data-element_type=\"widget\" data-e-type=\"widget\" data-widget_type=\"text-editor.default\">\n\t\t\t\t<div class=\"elementor-widget-container\">\n\t\t\t\t\t\t\t\t\tProveedor acreditado por el Consorcio de Educaci\u00f3n de Barcelona\t\t\t\t\t\t\t\t<\/div>\n\t\t\t\t<\/div>\n\t\t\t\t<\/div>\n\t\t<div class=\"elementor-element elementor-element-a3dc317 e-con-full e-flex e-con e-child\" data-id=\"a3dc317\" data-element_type=\"container\" data-e-type=\"container\">\n\t\t\t\t<div class=\"elementor-element elementor-element-d4a46e4 elementor-widget elementor-widget-image\" data-id=\"d4a46e4\" data-element_type=\"widget\" data-e-type=\"widget\" data-widget_type=\"image.default\">\n\t\t\t\t<div class=\"elementor-widget-container\">\n\t\t\t\t\t\t\t\t\t\t\t\t\t\t\t<img fetchpriority=\"high\" decoding=\"async\" width=\"1281\" height=\"373\" src=\"https:\/\/mobensescolar.com\/wp-content\/uploads\/2025\/02\/CEB_logo_blau.png\" class=\"attachment-full size-full wp-image-3727\" alt=\"\" srcset=\"https:\/\/mobensescolar.com\/wp-content\/uploads\/2025\/02\/CEB_logo_blau.png 1281w, https:\/\/mobensescolar.com\/wp-content\/uploads\/2025\/02\/CEB_logo_blau-300x87.png 300w, https:\/\/mobensescolar.com\/wp-content\/uploads\/2025\/02\/CEB_logo_blau-1024x298.png 1024w, https:\/\/mobensescolar.com\/wp-content\/uploads\/2025\/02\/CEB_logo_blau-768x224.png 768w, https:\/\/mobensescolar.com\/wp-content\/uploads\/2025\/02\/CEB_logo_blau-600x175.png 600w\" sizes=\"(max-width: 1281px) 100vw, 1281px\" \/ loading=\"lazy\">\t\t\t\t\t\t\t\t\t\t\t\t\t\t\t<\/div>\n\t\t\t\t<\/div>\n\t\t\t\t<\/div>\n\t\t\t\t<\/div>\n\t\t<div class=\"elementor-element elementor-element-eb775e5 e-con-full e-flex e-con e-parent\" data-id=\"eb775e5\" data-element_type=\"container\" data-e-type=\"container\" data-settings=\"{&quot;background_background&quot;:&quot;classic&quot;}\">\n\t\t<div class=\"elementor-element elementor-element-c694138 e-con-full e-flex e-con e-child\" data-id=\"c694138\" data-element_type=\"container\" data-e-type=\"container\">\n\t\t\t\t<div class=\"elementor-element elementor-element-8d47b60 elementor-widget elementor-widget-heading\" data-id=\"8d47b60\" data-element_type=\"widget\" data-e-type=\"widget\" data-widget_type=\"heading.default\">\n\t\t\t\t<div class=\"elementor-widget-container\">\n\t\t\t\t\t<h1 class=\"elementor-heading-title elementor-size-default\"> transformamos espacios educativos reales<\/h1>\t\t\t\t<\/div>\n\t\t\t\t<\/div>\n\t\t\t\t<div class=\"elementor-element elementor-element-3efec5e elementor-widget__width-initial elementor-widget elementor-widget-text-editor\" data-id=\"3efec5e\" data-element_type=\"widget\" data-e-type=\"widget\" data-widget_type=\"text-editor.default\">\n\t\t\t\t<div class=\"elementor-widget-container\">\n\t\t\t\t\t\t\t\t\tFabricamos, restauramos e instalamos mobiliario escolar pensado para durar\t\t\t\t\t\t\t\t<\/div>\n\t\t\t\t<\/div>\n\t\t\t\t<\/div>\n\t\t\t\t<\/div>\n\t\t<div class=\"elementor-element elementor-element-8a8acee e-con-full e-flex e-con e-parent\" data-id=\"8a8acee\" data-element_type=\"container\" data-e-type=\"container\" id=\"carousel-home\" data-settings=\"{&quot;background_background&quot;:&quot;slideshow&quot;,&quot;background_slideshow_gallery&quot;:[{&quot;id&quot;:5050,&quot;url&quot;:&quot;https:\\\/\\\/mobensescolar.com\\\/wp-content\\\/uploads\\\/2026\\\/03\\\/Peanut-table-sala.png&quot;},{&quot;id&quot;:5055,&quot;url&quot;:&quot;https:\\\/\\\/mobensescolar.com\\\/wp-content\\\/uploads\\\/2026\\\/03\\\/cubsala.png&quot;},{&quot;id&quot;:5057,&quot;url&quot;:&quot;https:\\\/\\\/mobensescolar.com\\\/wp-content\\\/uploads\\\/2026\\\/03\\\/greenpointaula.png&quot;},{&quot;id&quot;:5059,&quot;url&quot;:&quot;https:\\\/\\\/mobensescolar.com\\\/wp-content\\\/uploads\\\/2026\\\/03\\\/9F4D5C3D-4728-4FBF-A468-7A02ECF95B31.png&quot;}],&quot;background_slideshow_lazyload&quot;:&quot;yes&quot;,&quot;background_slideshow_loop&quot;:&quot;yes&quot;,&quot;background_slideshow_slide_duration&quot;:5000,&quot;background_slideshow_slide_transition&quot;:&quot;fade&quot;,&quot;background_slideshow_transition_duration&quot;:500}\">\n\t\t\t\t<\/div>\n\t\t<div class=\"elementor-element elementor-element-a27d531 e-con-full e-flex e-con e-parent\" data-id=\"a27d531\" data-element_type=\"container\" data-e-type=\"container\">\n\t\t\t\t<div class=\"elementor-element elementor-element-adcef7b elementor-widget elementor-widget-heading\" data-id=\"adcef7b\" data-element_type=\"widget\" data-e-type=\"widget\" data-widget_type=\"heading.default\">\n\t\t\t\t<div class=\"elementor-widget-container\">\n\t\t\t\t\t<h2 class=\"elementor-heading-title elementor-size-default\">Best Sellers<\/h2>\t\t\t\t<\/div>\n\t\t\t\t<\/div>\n\t\t\t\t<div class=\"elementor-element elementor-element-8f28a9a elementor-widget elementor-widget-html\" data-id=\"8f28a9a\" data-element_type=\"widget\" data-e-type=\"widget\" data-widget_type=\"html.default\">\n\t\t\t\t<div class=\"elementor-widget-container\">\n\t\t\t\t\t<div class=\"featured-products-row\">\n    <div class=\"custom-featured-products\"><div class=\"featured-product\"><a href=\"https:\/\/mobensescolar.com\/es\/producto\/cubbi-cart\/\" class=\"product-image\"><img loading=\"lazy\" width=\"300\" height=\"300\" src=\"https:\/\/mobensescolar.com\/wp-content\/uploads\/2026\/03\/Cubbi-Cart-300x300.jpg\" class=\"attachment-medium size-medium wp-post-image\" alt=\"\" srcset=\"https:\/\/mobensescolar.com\/wp-content\/uploads\/2026\/03\/Cubbi-Cart-300x300.jpg 300w, https:\/\/mobensescolar.com\/wp-content\/uploads\/2026\/03\/Cubbi-Cart-1024x1024.jpg 1024w, https:\/\/mobensescolar.com\/wp-content\/uploads\/2026\/03\/Cubbi-Cart-150x150.jpg 150w, https:\/\/mobensescolar.com\/wp-content\/uploads\/2026\/03\/Cubbi-Cart-768x768.jpg 768w, https:\/\/mobensescolar.com\/wp-content\/uploads\/2026\/03\/Cubbi-Cart-1536x1536.jpg 1536w, https:\/\/mobensescolar.com\/wp-content\/uploads\/2026\/03\/Cubbi-Cart-2048x2048.jpg 2048w, https:\/\/mobensescolar.com\/wp-content\/uploads\/2026\/03\/Cubbi-Cart-600x600.jpg 600w, https:\/\/mobensescolar.com\/wp-content\/uploads\/2026\/03\/Cubbi-Cart-100x100.jpg 100w\" sizes=\"auto, (max-width: 300px) 100vw, 300px\" loading=\"lazy\" decoding=\"async\" fetchpriority=\"low\" \/><\/a><h2><a href=\"https:\/\/mobensescolar.com\/es\/producto\/cubbi-cart\/\">Cubbi Cart<\/a><\/h2><p class=\"product-description\">CUBBI CART Carro organizador escolar m\u00f3vil para aulas, bibliotecas y...<\/p><\/div><div class=\"featured-product\"><a href=\"https:\/\/mobensescolar.com\/es\/producto\/estanteria-escolar-baja-orden-low-estantes\/\" class=\"product-image\"><img loading=\"lazy\" width=\"300\" height=\"300\" src=\"https:\/\/mobensescolar.com\/wp-content\/uploads\/2026\/03\/Estanteria-escolar-con-estantes-300x300.jpg\" class=\"attachment-medium size-medium wp-post-image\" alt=\"Estanteria-escolar-con-estantes\" srcset=\"https:\/\/mobensescolar.com\/wp-content\/uploads\/2026\/03\/Estanteria-escolar-con-estantes-300x300.jpg 300w, https:\/\/mobensescolar.com\/wp-content\/uploads\/2026\/03\/Estanteria-escolar-con-estantes-150x150.jpg 150w, https:\/\/mobensescolar.com\/wp-content\/uploads\/2026\/03\/Estanteria-escolar-con-estantes-768x770.jpg 768w, https:\/\/mobensescolar.com\/wp-content\/uploads\/2026\/03\/Estanteria-escolar-con-estantes-600x602.jpg 600w, https:\/\/mobensescolar.com\/wp-content\/uploads\/2026\/03\/Estanteria-escolar-con-estantes-100x100.jpg 100w, https:\/\/mobensescolar.com\/wp-content\/uploads\/2026\/03\/Estanteria-escolar-con-estantes.jpg 940w\" sizes=\"auto, (max-width: 300px) 100vw, 300px\" loading=\"lazy\" decoding=\"async\" fetchpriority=\"low\" \/><\/a><h2><a href=\"https:\/\/mobensescolar.com\/es\/producto\/estanteria-escolar-baja-orden-low-estantes\/\">Estanter\u00eda escolar baja ORDEN LOW ESTANTES<\/a><\/h2><p class=\"product-description\">ORDEN LOW ESTANTES El ORDEN LOW ESTANTES es una estanter\u00eda...<\/p><\/div><div class=\"featured-product\"><a href=\"https:\/\/mobensescolar.com\/es\/producto\/armario-escolar-de-almacenaje-para-aulas-orden-high-mix\/\" class=\"product-image\"><img loading=\"lazy\" width=\"300\" height=\"300\" src=\"https:\/\/mobensescolar.com\/wp-content\/uploads\/2026\/03\/Armario-escolar-de-almacenaje-con-estanteria-300x300.jpg\" class=\"attachment-medium size-medium wp-post-image\" alt=\"Armario-escolar-de-almacenaje-con-estanteria\" srcset=\"https:\/\/mobensescolar.com\/wp-content\/uploads\/2026\/03\/Armario-escolar-de-almacenaje-con-estanteria-300x300.jpg 300w, https:\/\/mobensescolar.com\/wp-content\/uploads\/2026\/03\/Armario-escolar-de-almacenaje-con-estanteria-150x150.jpg 150w, https:\/\/mobensescolar.com\/wp-content\/uploads\/2026\/03\/Armario-escolar-de-almacenaje-con-estanteria-768x769.jpg 768w, https:\/\/mobensescolar.com\/wp-content\/uploads\/2026\/03\/Armario-escolar-de-almacenaje-con-estanteria-600x601.jpg 600w, https:\/\/mobensescolar.com\/wp-content\/uploads\/2026\/03\/Armario-escolar-de-almacenaje-con-estanteria-100x100.jpg 100w, https:\/\/mobensescolar.com\/wp-content\/uploads\/2026\/03\/Armario-escolar-de-almacenaje-con-estanteria.jpg 940w\" sizes=\"auto, (max-width: 300px) 100vw, 300px\" loading=\"lazy\" decoding=\"async\" fetchpriority=\"low\" \/><\/a><h2><a href=\"https:\/\/mobensescolar.com\/es\/producto\/armario-escolar-de-almacenaje-para-aulas-orden-high-mix\/\">Armario escolar de almacenaje para aulas ORDEN HIGH MIX<\/a><\/h2><p class=\"product-description\">El ORDEN HIGH MIX es un mueble de almacenamiento dise\u00f1ado...<\/p><\/div><div class=\"featured-product\"><a href=\"https:\/\/mobensescolar.com\/es\/producto\/mesa-escolar-redonda-colaborativa-team-table\/\" class=\"product-image\"><img loading=\"lazy\" width=\"300\" height=\"300\" src=\"https:\/\/mobensescolar.com\/wp-content\/uploads\/2026\/03\/Mesa-escolar-colaborativa-team-table-300x300.jpg\" class=\"attachment-medium size-medium wp-post-image\" alt=\"Mesa-escolar-colaborativa-team-table\" srcset=\"https:\/\/mobensescolar.com\/wp-content\/uploads\/2026\/03\/Mesa-escolar-colaborativa-team-table-300x300.jpg 300w, https:\/\/mobensescolar.com\/wp-content\/uploads\/2026\/03\/Mesa-escolar-colaborativa-team-table-150x150.jpg 150w, https:\/\/mobensescolar.com\/wp-content\/uploads\/2026\/03\/Mesa-escolar-colaborativa-team-table-768x770.jpg 768w, https:\/\/mobensescolar.com\/wp-content\/uploads\/2026\/03\/Mesa-escolar-colaborativa-team-table-600x601.jpg 600w, https:\/\/mobensescolar.com\/wp-content\/uploads\/2026\/03\/Mesa-escolar-colaborativa-team-table-100x100.jpg 100w, https:\/\/mobensescolar.com\/wp-content\/uploads\/2026\/03\/Mesa-escolar-colaborativa-team-table.jpg 938w\" sizes=\"auto, (max-width: 300px) 100vw, 300px\" loading=\"lazy\" decoding=\"async\" fetchpriority=\"low\" \/><\/a><h2><a href=\"https:\/\/mobensescolar.com\/es\/producto\/mesa-escolar-redonda-colaborativa-team-table\/\">Mesa escolar redonda colaborativa TEAM TABLE<\/a><\/h2><p class=\"product-description\">Mesa redonda colaborativa de alta resistencia para entornos educativos La...<\/p><\/div><div class=\"featured-product\"><a href=\"https:\/\/mobensescolar.com\/es\/producto\/mesa-escolar-colaborativa-peanut\/\" class=\"product-image\"><img loading=\"lazy\" width=\"300\" height=\"298\" src=\"https:\/\/mobensescolar.com\/wp-content\/uploads\/2026\/03\/Mesa-escolar-colaborativa-peanut-300x298.jpg\" class=\"attachment-medium size-medium wp-post-image\" alt=\"Mesa-escolar-colaborativa-peanut\" srcset=\"https:\/\/mobensescolar.com\/wp-content\/uploads\/2026\/03\/Mesa-escolar-colaborativa-peanut-300x298.jpg 300w, https:\/\/mobensescolar.com\/wp-content\/uploads\/2026\/03\/Mesa-escolar-colaborativa-peanut-150x150.jpg 150w, https:\/\/mobensescolar.com\/wp-content\/uploads\/2026\/03\/Mesa-escolar-colaborativa-peanut-768x764.jpg 768w, https:\/\/mobensescolar.com\/wp-content\/uploads\/2026\/03\/Mesa-escolar-colaborativa-peanut-600x597.jpg 600w, https:\/\/mobensescolar.com\/wp-content\/uploads\/2026\/03\/Mesa-escolar-colaborativa-peanut-100x100.jpg 100w, https:\/\/mobensescolar.com\/wp-content\/uploads\/2026\/03\/Mesa-escolar-colaborativa-peanut.jpg 939w\" sizes=\"auto, (max-width: 300px) 100vw, 300px\" loading=\"lazy\" decoding=\"async\" fetchpriority=\"low\" \/><\/a><h2><a href=\"https:\/\/mobensescolar.com\/es\/producto\/mesa-escolar-colaborativa-peanut\/\">Mesa escolar colaborativa PEANUT<\/a><\/h2><p class=\"product-description\">Mesa org\u00e1nica colaborativa para espacios educativos din\u00e1micos La PEANUT TABLE...<\/p><\/div><div class=\"featured-product\"><a href=\"https:\/\/mobensescolar.com\/es\/producto\/mobiliario-escolar-reading-chill\/\" class=\"product-image\"><img loading=\"lazy\" width=\"300\" height=\"300\" src=\"https:\/\/mobensescolar.com\/wp-content\/uploads\/2026\/03\/Reading-Chill-sin-fondo-300x300.png\" class=\"attachment-medium size-medium wp-post-image\" alt=\"\" srcset=\"https:\/\/mobensescolar.com\/wp-content\/uploads\/2026\/03\/Reading-Chill-sin-fondo-300x300.png 300w, https:\/\/mobensescolar.com\/wp-content\/uploads\/2026\/03\/Reading-Chill-sin-fondo-150x150.png 150w, https:\/\/mobensescolar.com\/wp-content\/uploads\/2026\/03\/Reading-Chill-sin-fondo-768x768.png 768w, https:\/\/mobensescolar.com\/wp-content\/uploads\/2026\/03\/Reading-Chill-sin-fondo-600x600.png 600w, https:\/\/mobensescolar.com\/wp-content\/uploads\/2026\/03\/Reading-Chill-sin-fondo-100x100.png 100w, https:\/\/mobensescolar.com\/wp-content\/uploads\/2026\/03\/Reading-Chill-sin-fondo.png 1024w\" sizes=\"auto, (max-width: 300px) 100vw, 300px\" loading=\"lazy\" decoding=\"async\" fetchpriority=\"low\" \/><\/a><h2><a href=\"https:\/\/mobensescolar.com\/es\/producto\/mobiliario-escolar-reading-chill\/\">Reading Chill<\/a><\/h2><p class=\"product-description\">Mueble de lectura escolar modular para crear espacios de calma,...<\/p><\/div><\/div>\n<\/div>\n\n\t\t\t\t<\/div>\n\t\t\t\t<\/div>\n\t\t\t\t<\/div>\n\t\t<div class=\"elementor-element elementor-element-734c122 e-con-full e-flex e-con e-parent\" data-id=\"734c122\" data-element_type=\"container\" data-e-type=\"container\" data-settings=\"{&quot;background_background&quot;:&quot;classic&quot;}\">\n\t\t<div class=\"elementor-element elementor-element-14e5023 e-con-full e-flex e-con e-child\" data-id=\"14e5023\" data-element_type=\"container\" data-e-type=\"container\">\n\t\t<div class=\"elementor-element elementor-element-10f5f8f e-con-full e-flex e-con e-child\" data-id=\"10f5f8f\" data-element_type=\"container\" data-e-type=\"container\">\n\t\t\t\t<div class=\"elementor-element elementor-element-565b88e elementor-widget__width-initial elementor-widget elementor-widget-heading\" data-id=\"565b88e\" data-element_type=\"widget\" data-e-type=\"widget\" data-widget_type=\"heading.default\">\n\t\t\t\t<div class=\"elementor-widget-container\">\n\t\t\t\t\t<h2 class=\"elementor-heading-title elementor-size-default\">Equipaci\u00f3n Escolar<br>Funcional  y Duradero<\/h2>\t\t\t\t<\/div>\n\t\t\t\t<\/div>\n\t\t\t\t<div class=\"elementor-element elementor-element-5fb17d4 elementor-widget__width-initial elementor-widget elementor-widget-text-editor\" data-id=\"5fb17d4\" data-element_type=\"widget\" data-e-type=\"widget\" data-widget_type=\"text-editor.default\">\n\t\t\t\t<div class=\"elementor-widget-container\">\n\t\t\t\t\t\t\t\t\t<p>Encuentra el mobiliario perfecto para fomentar la organizaci\u00f3n, la comodidad y la concentraci\u00f3n en cada aula<\/p>\t\t\t\t\t\t\t\t<\/div>\n\t\t\t\t<\/div>\n\t\t\t\t<\/div>\n\t\t<div class=\"elementor-element elementor-element-60b461d e-con-full e-flex e-con e-child\" data-id=\"60b461d\" data-element_type=\"container\" data-e-type=\"container\">\n\t\t\t\t<div class=\"elementor-element elementor-element-e671f03 elementor-widget elementor-widget-image\" data-id=\"e671f03\" data-element_type=\"widget\" data-e-type=\"widget\" data-widget_type=\"image.default\">\n\t\t\t\t<div class=\"elementor-widget-container\">\n\t\t\t\t\t\t\t\t\t\t\t\t\t\t\t<img loading=\"lazy\" decoding=\"async\" width=\"1024\" height=\"1024\" src=\"https:\/\/mobensescolar.com\/wp-content\/uploads\/2026\/03\/Reading-Chill-sin-fondo.png\" class=\"attachment-full size-full wp-image-5009\" alt=\"\" srcset=\"https:\/\/mobensescolar.com\/wp-content\/uploads\/2026\/03\/Reading-Chill-sin-fondo.png 1024w, https:\/\/mobensescolar.com\/wp-content\/uploads\/2026\/03\/Reading-Chill-sin-fondo-300x300.png 300w, https:\/\/mobensescolar.com\/wp-content\/uploads\/2026\/03\/Reading-Chill-sin-fondo-150x150.png 150w, https:\/\/mobensescolar.com\/wp-content\/uploads\/2026\/03\/Reading-Chill-sin-fondo-768x768.png 768w, https:\/\/mobensescolar.com\/wp-content\/uploads\/2026\/03\/Reading-Chill-sin-fondo-600x600.png 600w, https:\/\/mobensescolar.com\/wp-content\/uploads\/2026\/03\/Reading-Chill-sin-fondo-100x100.png 100w\" sizes=\"auto, (max-width: 1024px) 100vw, 1024px\" loading=\"lazy\" \/ fetchpriority=\"low\">\t\t\t\t\t\t\t\t\t\t\t\t\t\t\t<\/div>\n\t\t\t\t<\/div>\n\t\t\t\t<div class=\"elementor-element elementor-element-ac8c091 elementor-widget-mobile__width-initial elementor-align-left elementor-widget elementor-widget-elementskit-button\" data-id=\"ac8c091\" data-element_type=\"widget\" data-e-type=\"widget\" data-widget_type=\"elementskit-button.default\">\n\t\t\t\t<div class=\"elementor-widget-container\">\n\t\t\t\t\t<div class=\"ekit-wid-con\" >\t\t<div class=\"ekit-btn-wraper\">\n\t\t\t\t\t\t\t<a href=\"\/es\/producto\/mobiliario-escolar-reading-chill\/\" class=\"elementskit-btn  whitespace--normal\" id=\"\">\n\t\t\t\t\tVer producto\t\t\t\t<\/a>\n\t\t\t\t\t<\/div>\n        <\/div>\t\t\t\t<\/div>\n\t\t\t\t<\/div>\n\t\t\t\t<\/div>\n\t\t\t\t<\/div>\n\t\t\t\t<\/div>\n\t\t<div class=\"elementor-element elementor-element-03b58ec e-con-full elementor-hidden-desktop elementor-hidden-laptop elementor-hidden-tablet elementor-hidden-mobile e-flex e-con e-parent\" data-id=\"03b58ec\" data-element_type=\"container\" data-e-type=\"container\">\n\t\t<div class=\"elementor-element elementor-element-abd790b e-con-full e-flex e-con e-child\" data-id=\"abd790b\" data-element_type=\"container\" data-e-type=\"container\">\n\t\t\t\t<div class=\"elementor-element elementor-element-452a980 elementor-widget elementor-widget-image\" data-id=\"452a980\" data-element_type=\"widget\" data-e-type=\"widget\" data-widget_type=\"image.default\">\n\t\t\t\t<div class=\"elementor-widget-container\">\n\t\t\t\t\t\t\t\t\t\t\t\t\t\t\t<img loading=\"lazy\" decoding=\"async\" width=\"698\" height=\"940\" src=\"https:\/\/mobensescolar.com\/wp-content\/uploads\/2024\/10\/aula-home.webp\" class=\"attachment-full size-full wp-image-335\" alt=\"\" srcset=\"https:\/\/mobensescolar.com\/wp-content\/uploads\/2024\/10\/aula-home.webp 698w, https:\/\/mobensescolar.com\/wp-content\/uploads\/2024\/10\/aula-home-223x300.webp 223w, https:\/\/mobensescolar.com\/wp-content\/uploads\/2024\/10\/aula-home-600x808.webp 600w\" sizes=\"auto, (max-width: 698px) 100vw, 698px\" loading=\"lazy\" \/ fetchpriority=\"low\">\t\t\t\t\t\t\t\t\t\t\t\t\t\t\t<\/div>\n\t\t\t\t<\/div>\n\t\t\t\t<\/div>\n\t\t<div class=\"elementor-element elementor-element-7516f6f e-con-full e-flex e-con e-child\" data-id=\"7516f6f\" data-element_type=\"container\" data-e-type=\"container\">\n\t\t<div class=\"elementor-element elementor-element-6e38472 e-con-full e-flex e-con e-child\" data-id=\"6e38472\" data-element_type=\"container\" data-e-type=\"container\">\n\t\t\t\t<div class=\"elementor-element elementor-element-6bb1612 elementor-widget__width-initial elementor-widget elementor-widget-heading\" data-id=\"6bb1612\" data-element_type=\"widget\" data-e-type=\"widget\" data-widget_type=\"heading.default\">\n\t\t\t\t<div class=\"elementor-widget-container\">\n\t\t\t\t\t<h2 class=\"elementor-heading-title elementor-size-default\">Mobiliario escolar para ambientes Innovadores<\/h2>\t\t\t\t<\/div>\n\t\t\t\t<\/div>\n\t\t\t\t<div class=\"elementor-element elementor-element-5a075b8 elementor-widget__width-initial elementor-widget elementor-widget-text-editor\" data-id=\"5a075b8\" data-element_type=\"widget\" data-e-type=\"widget\" data-widget_type=\"text-editor.default\">\n\t\t\t\t<div class=\"elementor-widget-container\">\n\t\t\t\t\t\t\t\t\t<p>Optimiza el espacio con muebles adaptados a las necesidades educativas actuales, combinando dise\u00f1o moderno Y resistencia<\/p>\t\t\t\t\t\t\t\t<\/div>\n\t\t\t\t<\/div>\n\t\t<div class=\"elementor-element elementor-element-8801aae e-con-full e-flex e-con e-child\" data-id=\"8801aae\" data-element_type=\"container\" data-e-type=\"container\">\n\t\t\t\t<div class=\"elementor-element elementor-element-369ddec elementor-align-center elementor-widget elementor-widget-elementskit-button\" data-id=\"369ddec\" data-element_type=\"widget\" data-e-type=\"widget\" data-widget_type=\"elementskit-button.default\">\n\t\t\t\t<div class=\"elementor-widget-container\">\n\t\t\t\t\t<div class=\"ekit-wid-con\" >\t\t<div class=\"ekit-btn-wraper\">\n\t\t\t\t\t\t\t<a href=\"\/categoria\/aprenentatge\" class=\"elementskit-btn  whitespace--normal\" id=\"\">\n\t\t\t\t\tAprenentatge\t\t\t\t<\/a>\n\t\t\t\t\t<\/div>\n        <\/div>\t\t\t\t<\/div>\n\t\t\t\t<\/div>\n\t\t\t\t<div class=\"elementor-element elementor-element-252df77 elementor-align-center elementor-widget elementor-widget-elementskit-button\" data-id=\"252df77\" data-element_type=\"widget\" data-e-type=\"widget\" data-widget_type=\"elementskit-button.default\">\n\t\t\t\t<div class=\"elementor-widget-container\">\n\t\t\t\t\t<div class=\"ekit-wid-con\" >\t\t<div class=\"ekit-btn-wraper\">\n\t\t\t\t\t\t\t<a href=\"\/categoria\/steam\" class=\"elementskit-btn  whitespace--normal\" id=\"\">\n\t\t\t\t\tS.T.E.A.M\t\t\t\t<\/a>\n\t\t\t\t\t<\/div>\n        <\/div>\t\t\t\t<\/div>\n\t\t\t\t<\/div>\n\t\t\t\t<div class=\"elementor-element elementor-element-091a859 elementor-align-center elementor-widget elementor-widget-elementskit-button\" data-id=\"091a859\" data-element_type=\"widget\" data-e-type=\"widget\" data-widget_type=\"elementskit-button.default\">\n\t\t\t\t<div class=\"elementor-widget-container\">\n\t\t\t\t\t<div class=\"ekit-wid-con\" >\t\t<div class=\"ekit-btn-wraper\">\n\t\t\t\t\t\t\t<a href=\"\/categoria\/tecnologia\" class=\"elementskit-btn  whitespace--normal\" id=\"\">\n\t\t\t\t\tTecnologia\t\t\t\t<\/a>\n\t\t\t\t\t<\/div>\n        <\/div>\t\t\t\t<\/div>\n\t\t\t\t<\/div>\n\t\t\t\t<div class=\"elementor-element elementor-element-da656b7 elementor-align-center elementor-widget elementor-widget-elementskit-button\" data-id=\"da656b7\" data-element_type=\"widget\" data-e-type=\"widget\" data-widget_type=\"elementskit-button.default\">\n\t\t\t\t<div class=\"elementor-widget-container\">\n\t\t\t\t\t<div class=\"ekit-wid-con\" >\t\t<div class=\"ekit-btn-wraper\">\n\t\t\t\t\t\t\t<a href=\"\/categoria\/mestre\" class=\"elementskit-btn  whitespace--normal\" id=\"\">\n\t\t\t\t\tMestre\t\t\t\t<\/a>\n\t\t\t\t\t<\/div>\n        <\/div>\t\t\t\t<\/div>\n\t\t\t\t<\/div>\n\t\t\t\t<\/div>\n\t\t<div class=\"elementor-element elementor-element-a3fd1b9 e-con-full e-flex e-con e-child\" data-id=\"a3fd1b9\" data-element_type=\"container\" data-e-type=\"container\">\n\t\t\t\t<div class=\"elementor-element elementor-element-451ce7c elementor-align-center elementor-widget elementor-widget-elementskit-button\" data-id=\"451ce7c\" data-element_type=\"widget\" data-e-type=\"widget\" data-widget_type=\"elementskit-button.default\">\n\t\t\t\t<div class=\"elementor-widget-container\">\n\t\t\t\t\t<div class=\"ekit-wid-con\" >\t\t<div class=\"ekit-btn-wraper\">\n\t\t\t\t\t\t\t<a href=\"\/categoria\/multi-ambient\" class=\"elementskit-btn  whitespace--normal\" id=\"\">\n\t\t\t\t\tMulti Ambient\t\t\t\t<\/a>\n\t\t\t\t\t<\/div>\n        <\/div>\t\t\t\t<\/div>\n\t\t\t\t<\/div>\n\t\t\t\t<div class=\"elementor-element elementor-element-4e50c89 elementor-align-center elementor-widget elementor-widget-elementskit-button\" data-id=\"4e50c89\" data-element_type=\"widget\" data-e-type=\"widget\" data-widget_type=\"elementskit-button.default\">\n\t\t\t\t<div class=\"elementor-widget-container\">\n\t\t\t\t\t<div class=\"ekit-wid-con\" >\t\t<div class=\"ekit-btn-wraper\">\n\t\t\t\t\t\t\t<a href=\"\/categoria\/cantina\" class=\"elementskit-btn  whitespace--normal\" id=\"\">\n\t\t\t\t\tCantina\t\t\t\t<\/a>\n\t\t\t\t\t<\/div>\n        <\/div>\t\t\t\t<\/div>\n\t\t\t\t<\/div>\n\t\t\t\t<div class=\"elementor-element elementor-element-e5a7017 elementor-align-center elementor-widget elementor-widget-elementskit-button\" data-id=\"e5a7017\" data-element_type=\"widget\" data-e-type=\"widget\" data-widget_type=\"elementskit-button.default\">\n\t\t\t\t<div class=\"elementor-widget-container\">\n\t\t\t\t\t<div class=\"ekit-wid-con\" >\t\t<div class=\"ekit-btn-wraper\">\n\t\t\t\t\t\t\t<a href=\"\/categoria\/pels-mes-petits\" class=\"elementskit-btn  whitespace--normal\" id=\"\">\n\t\t\t\t\tPels m\u00e9s petits\t\t\t\t<\/a>\n\t\t\t\t\t<\/div>\n        <\/div>\t\t\t\t<\/div>\n\t\t\t\t<\/div>\n\t\t\t\t<\/div>\n\t\t\t\t<\/div>\n\t\t\t\t<\/div>\n\t\t\t\t<\/div>\n\t\t\t\t<\/div>\n\t\t","protected":false},"excerpt":{"rendered":"<p>Proveedor acreditado por el Consorcio de Educaci\u00f3n de Barcelona transformamos espacios educativos reales Fabricamos, restauramos e instalamos mobiliario escolar pensado para durar Best Sellers Equipaci\u00f3n EscolarFuncional y Duradero Encuentra el mobiliario perfecto para fomentar la organizaci\u00f3n, la comodidad y la concentraci\u00f3n en cada aula Ver producto Mobiliario escolar para ambientes Innovadores Optimiza el espacio con &#8230; <a title=\"Reading Chill\" class=\"read-more\" href=\"https:\/\/mobensescolar.com\/es\/producto\/mobiliario-escolar-reading-chill\/\" aria-label=\"Leer m\u00e1s sobre Reading Chill\">Leer m\u00e1s<\/a><\/p>\n","protected":false},"author":1,"featured_media":0,"parent":0,"menu_order":0,"comment_status":"closed","ping_status":"closed","template":"elementor_header_footer","meta":{"_acf_changed":false,"footnotes":""},"class_list":["post-614","page","type-page","status-publish","hentry"],"acf":[],"yoast_head":"<!-- This site is optimized with the Yoast SEO plugin v24.4 - https:\/\/yoast.com\/wordpress\/plugins\/seo\/ -->\n<title>Mobens Escolar - Espacios educativos con mobiliario escolar funcional<\/title>\n<meta name=\"description\" content=\"Creamos espacios educativos inspiradores con mobiliario escolar funcional y ergon\u00f3mico, dise\u00f1ado para potenciar el aprendizaje y la creatividad de los alumnos.\" \/>\n<meta name=\"robots\" content=\"index, follow, max-snippet:-1, max-image-preview:large, max-video-preview:-1\" \/>\n<link rel=\"canonical\" href=\"https:\/\/mobensescolar.com\/es\/\" \/>\n<meta property=\"og:locale\" content=\"es_ES\" \/>\n<meta property=\"og:type\" content=\"article\" \/>\n<meta property=\"og:title\" content=\"Mobens Escolar - Espacios educativos con mobiliario escolar funcional\" \/>\n<meta property=\"og:description\" content=\"Creamos espacios educativos inspiradores con mobiliario escolar funcional y ergon\u00f3mico, dise\u00f1ado para potenciar el aprendizaje y la creatividad de los alumnos.\" \/>\n<meta property=\"og:url\" content=\"https:\/\/mobensescolar.com\/es\/\" \/>\n<meta property=\"og:site_name\" content=\"Mobens Escolar\" \/>\n<meta property=\"article:modified_time\" content=\"2026-03-24T16:18:00+00:00\" \/>\n<meta property=\"og:image\" content=\"https:\/\/mobensescolar.com\/wp-content\/uploads\/2025\/02\/CEB_logo_blau.png\" \/>\n\t<meta property=\"og:image:width\" content=\"1281\" \/>\n\t<meta property=\"og:image:height\" content=\"373\" \/>\n\t<meta property=\"og:image:type\" content=\"image\/png\" \/>\n<meta name=\"twitter:card\" content=\"summary_large_image\" \/>\n<meta name=\"twitter:label1\" content=\"Tiempo de lectura\" \/>\n\t<meta name=\"twitter:data1\" content=\"1 minuto\" \/>\n<script type=\"application\/ld+json\" class=\"yoast-schema-graph\">{\"@context\":\"https:\/\/schema.org\",\"@graph\":[{\"@type\":\"WebPage\",\"@id\":\"https:\/\/mobensescolar.com\/es\/\",\"url\":\"https:\/\/mobensescolar.com\/es\/\",\"name\":\"Mobens Escolar - Espacios educativos con mobiliario escolar funcional\",\"isPartOf\":{\"@id\":\"https:\/\/mobensescolar.com\/es\/#website\"},\"primaryImageOfPage\":{\"@id\":\"https:\/\/mobensescolar.com\/es\/#primaryimage\"},\"image\":{\"@id\":\"https:\/\/mobensescolar.com\/es\/#primaryimage\"},\"thumbnailUrl\":\"https:\/\/mobensescolar.com\/wp-content\/uploads\/2025\/02\/CEB_logo_blau.png\",\"datePublished\":\"2024-09-22T16:21:07+00:00\",\"dateModified\":\"2026-03-24T16:18:00+00:00\",\"description\":\"Creamos espacios educativos inspiradores con mobiliario escolar funcional y ergon\u00f3mico, dise\u00f1ado para potenciar el aprendizaje y la creatividad de los alumnos.\",\"breadcrumb\":{\"@id\":\"https:\/\/mobensescolar.com\/es\/#breadcrumb\"},\"inLanguage\":\"es\",\"potentialAction\":[{\"@type\":\"ReadAction\",\"target\":[\"https:\/\/mobensescolar.com\/es\/\"]}]},{\"@type\":\"ImageObject\",\"inLanguage\":\"es\",\"@id\":\"https:\/\/mobensescolar.com\/es\/#primaryimage\",\"url\":\"https:\/\/mobensescolar.com\/wp-content\/uploads\/2025\/02\/CEB_logo_blau.png\",\"contentUrl\":\"https:\/\/mobensescolar.com\/wp-content\/uploads\/2025\/02\/CEB_logo_blau.png\"},{\"@type\":\"BreadcrumbList\",\"@id\":\"https:\/\/mobensescolar.com\/es\/#breadcrumb\",\"itemListElement\":[{\"@type\":\"ListItem\",\"position\":1,\"name\":\"Inici\",\"item\":\"https:\/\/mobensescolar.com\/es\/mobens-school\/\"},{\"@type\":\"ListItem\",\"position\":2,\"name\":\"Mobens School\"}]},{\"@type\":\"WebSite\",\"@id\":\"https:\/\/mobensescolar.com\/es\/#website\",\"url\":\"https:\/\/mobensescolar.com\/es\/\",\"name\":\"Mobens School\",\"description\":\"\",\"publisher\":{\"@id\":\"https:\/\/mobensescolar.com\/es\/#organization\"},\"potentialAction\":[{\"@type\":\"SearchAction\",\"target\":{\"@type\":\"EntryPoint\",\"urlTemplate\":\"https:\/\/mobensescolar.com\/es\/?s={search_term_string}\"},\"query-input\":{\"@type\":\"PropertyValueSpecification\",\"valueRequired\":true,\"valueName\":\"search_term_string\"}}],\"inLanguage\":\"es\"},{\"@type\":\"Organization\",\"@id\":\"https:\/\/mobensescolar.com\/es\/#organization\",\"name\":\"Mobens School\",\"url\":\"https:\/\/mobensescolar.com\/es\/\",\"logo\":{\"@type\":\"ImageObject\",\"inLanguage\":\"es\",\"@id\":\"https:\/\/mobensescolar.com\/es\/#\/schema\/logo\/image\/\",\"url\":\"https:\/\/mobensescolar.com\/wp-content\/uploads\/2024\/10\/logo-mobens.webp\",\"contentUrl\":\"https:\/\/mobensescolar.com\/wp-content\/uploads\/2024\/10\/logo-mobens.webp\",\"width\":181,\"height\":181,\"caption\":\"Mobens School\"},\"image\":{\"@id\":\"https:\/\/mobensescolar.com\/es\/#\/schema\/logo\/image\/\"},\"sameAs\":[\"https:\/\/www.instagram.com\/mobens.school\/\"]}]}<\/script>\n<!-- \/ Yoast SEO plugin. -->","yoast_head_json":{"title":"Mobens Escolar - Espacios educativos con mobiliario escolar funcional","description":"Creamos espacios educativos inspiradores con mobiliario escolar funcional y ergon\u00f3mico, dise\u00f1ado para potenciar el aprendizaje y la creatividad de los alumnos.","robots":{"index":"index","follow":"follow","max-snippet":"max-snippet:-1","max-image-preview":"max-image-preview:large","max-video-preview":"max-video-preview:-1"},"canonical":"https:\/\/mobensescolar.com\/es\/","og_locale":"es_ES","og_type":"article","og_title":"Mobens Escolar - Espacios educativos con mobiliario escolar funcional","og_description":"Creamos espacios educativos inspiradores con mobiliario escolar funcional y ergon\u00f3mico, dise\u00f1ado para potenciar el aprendizaje y la creatividad de los alumnos.","og_url":"https:\/\/mobensescolar.com\/es\/","og_site_name":"Mobens Escolar","article_modified_time":"2026-03-24T16:18:00+00:00","og_image":[{"width":1281,"height":373,"url":"https:\/\/mobensescolar.com\/wp-content\/uploads\/2025\/02\/CEB_logo_blau.png","type":"image\/png"}],"twitter_card":"summary_large_image","twitter_misc":{"Tiempo de lectura":"1 minuto"},"schema":{"@context":"https:\/\/schema.org","@graph":[{"@type":"WebPage","@id":"https:\/\/mobensescolar.com\/es\/","url":"https:\/\/mobensescolar.com\/es\/","name":"Mobens Escolar - Espacios educativos con mobiliario escolar funcional","isPartOf":{"@id":"https:\/\/mobensescolar.com\/es\/#website"},"primaryImageOfPage":{"@id":"https:\/\/mobensescolar.com\/es\/#primaryimage"},"image":{"@id":"https:\/\/mobensescolar.com\/es\/#primaryimage"},"thumbnailUrl":"https:\/\/mobensescolar.com\/wp-content\/uploads\/2025\/02\/CEB_logo_blau.png","datePublished":"2024-09-22T16:21:07+00:00","dateModified":"2026-03-24T16:18:00+00:00","description":"Creamos espacios educativos inspiradores con mobiliario escolar funcional y ergon\u00f3mico, dise\u00f1ado para potenciar el aprendizaje y la creatividad de los alumnos.","breadcrumb":{"@id":"https:\/\/mobensescolar.com\/es\/#breadcrumb"},"inLanguage":"es","potentialAction":[{"@type":"ReadAction","target":["https:\/\/mobensescolar.com\/es\/"]}]},{"@type":"ImageObject","inLanguage":"es","@id":"https:\/\/mobensescolar.com\/es\/#primaryimage","url":"https:\/\/mobensescolar.com\/wp-content\/uploads\/2025\/02\/CEB_logo_blau.png","contentUrl":"https:\/\/mobensescolar.com\/wp-content\/uploads\/2025\/02\/CEB_logo_blau.png"},{"@type":"BreadcrumbList","@id":"https:\/\/mobensescolar.com\/es\/#breadcrumb","itemListElement":[{"@type":"ListItem","position":1,"name":"Inici","item":"https:\/\/mobensescolar.com\/es\/mobens-school\/"},{"@type":"ListItem","position":2,"name":"Mobens School"}]},{"@type":"WebSite","@id":"https:\/\/mobensescolar.com\/es\/#website","url":"https:\/\/mobensescolar.com\/es\/","name":"Mobens School","description":"","publisher":{"@id":"https:\/\/mobensescolar.com\/es\/#organization"},"potentialAction":[{"@type":"SearchAction","target":{"@type":"EntryPoint","urlTemplate":"https:\/\/mobensescolar.com\/es\/?s={search_term_string}"},"query-input":{"@type":"PropertyValueSpecification","valueRequired":true,"valueName":"search_term_string"}}],"inLanguage":"es"},{"@type":"Organization","@id":"https:\/\/mobensescolar.com\/es\/#organization","name":"Mobens School","url":"https:\/\/mobensescolar.com\/es\/","logo":{"@type":"ImageObject","inLanguage":"es","@id":"https:\/\/mobensescolar.com\/es\/#\/schema\/logo\/image\/","url":"https:\/\/mobensescolar.com\/wp-content\/uploads\/2024\/10\/logo-mobens.webp","contentUrl":"https:\/\/mobensescolar.com\/wp-content\/uploads\/2024\/10\/logo-mobens.webp","width":181,"height":181,"caption":"Mobens School"},"image":{"@id":"https:\/\/mobensescolar.com\/es\/#\/schema\/logo\/image\/"},"sameAs":["https:\/\/www.instagram.com\/mobens.school\/"]}]}},"_links":{"self":[{"href":"https:\/\/mobensescolar.com\/es\/wp-json\/wp\/v2\/pages\/614","targetHints":{"allow":["GET"]}}],"collection":[{"href":"https:\/\/mobensescolar.com\/es\/wp-json\/wp\/v2\/pages"}],"about":[{"href":"https:\/\/mobensescolar.com\/es\/wp-json\/wp\/v2\/types\/page"}],"author":[{"embeddable":true,"href":"https:\/\/mobensescolar.com\/es\/wp-json\/wp\/v2\/users\/1"}],"replies":[{"embeddable":true,"href":"https:\/\/mobensescolar.com\/es\/wp-json\/wp\/v2\/comments?post=614"}],"version-history":[{"count":3,"href":"https:\/\/mobensescolar.com\/es\/wp-json\/wp\/v2\/pages\/614\/revisions"}],"predecessor-version":[{"id":5179,"href":"https:\/\/mobensescolar.com\/es\/wp-json\/wp\/v2\/pages\/614\/revisions\/5179"}],"wp:attachment":[{"href":"https:\/\/mobensescolar.com\/es\/wp-json\/wp\/v2\/media?parent=614"}],"curies":[{"name":"wp","href":"https:\/\/api.w.org\/{rel}","templated":true}]}}