{"id":1457,"date":"2024-10-16T22:45:18","date_gmt":"2024-10-16T20:45:18","guid":{"rendered":"http:\/\/mobensescolar.com\/producte\/yang-doble\/"},"modified":"2025-06-17T13:56:43","modified_gmt":"2025-06-17T11:56:43","slug":"mesa-escolar-yang-doble","status":"publish","type":"product","link":"https:\/\/mobensescolar.com\/es\/producto\/mesa-escolar-yang-doble\/","title":{"rendered":"Mesa escolar YANG DOBLE"},"content":{"rendered":"<p>La <strong>mesa escolar YANG DUO<\/strong> formar parte de la oferta en mobiliario escolar para infantil y secundaria. Dise\u00f1ado para <strong>aulas de formaci\u00f3n, bibliotecas escolares y espacios educativos<\/strong> que fomentan el <strong>trabajo en equipo<\/strong>.<\/p>\n<p>Compuesta por la uni\u00f3n de dos mesas Yang, esta configuraci\u00f3n permite acomodar c\u00f3modamente hasta <strong>6 alumnos<\/strong>, ofreciendo una superficie de trabajo amplia y ergon\u00f3mica.<\/p>\n<p>Para quienes necesitan a\u00fan m\u00e1s espacio, se puede a\u00f1adir una <strong>mesa Wave<\/strong> en el centro, formando una gran <strong>mesa ovalada<\/strong> con capacidad para <strong>8 alumnos<\/strong>, ideal para actividades colaborativas y din\u00e1micas grupales.<\/p>\n<p><strong>Caracter\u00edsticas:<\/strong><\/p>\n<p>\u2714 <strong>Altura regulable<\/strong>, adapt\u00e1ndose a diferentes niveles educativos: infantil, primaria y secundaria.<br \/>\n\u2714 <strong>Dise\u00f1o modular<\/strong>, combinable con otras mesas para ampliar la superficie de trabajo.<br \/>\n\u2714 <strong>Superficie ergon\u00f3mica<\/strong>, ideal para fomentar la comodidad y concentraci\u00f3n de los alumnos.<br \/>\n\u2714 <strong>Estructura resistente y estable<\/strong>, fabricada con materiales de alta calidad para un uso intensivo.<br \/>\n\u2714 <strong>Apta para bibliotecas, aulas de formaci\u00f3n y espacios de trabajo colaborativo.<\/strong><\/p>\n<p>La mesa <strong>YANG DUO<\/strong> es una apuesta segura para cualquier entorno educativo que priorice la <strong>flexibilidad, la funcionalidad y el aprendizaje en equipo<\/strong>.<\/p>\n<p>&nbsp;<\/p>\n<p><strong>Tallas<\/strong><\/p>\n<p><strong>T1:<\/strong> Para ni\u00f1o de 1 a 3 a\u00f1os<\/p>\n<p><strong>T2: <\/strong>Para ni\u00f1os de <strong>3 a 5 a\u00f1os.<\/strong><\/p>\n<p><strong>T3: <\/strong>Para ni\u00f1os de <strong>5 a 6 a\u00f1os<\/strong>.<\/p>\n<p><strong>T4<\/strong>: Para alumnos de\u00a0<strong>primaria<\/strong>\u00a0de\u00a0<strong>6 a 8 a\u00f1os<\/strong>.<\/p>\n<p><strong>T5<\/strong>: Para alumnos de\u00a0<strong>primaria<\/strong>\u00a0de\u00a0<strong>8 a 11 a\u00f1os<\/strong>.<\/p>\n<p><strong>T6<\/strong>: Para alumnos de\u00a0<strong>secundaria<\/strong>\u00a0y estudios superiores (+11 a\u00f1os).<\/p>\n<p>&nbsp;<\/p>\n<p><strong>Color estructura<\/strong><\/p>\n<p>Gris met\u00e1lico<\/p>\n","protected":false},"excerpt":{"rendered":"<p>La mesa escolar YANG DUO formar parte de la oferta en mobiliario escolar para infantil y secundaria. Dise\u00f1ado para aulas de formaci\u00f3n, bibliotecas escolares y espacios educativos que fomentan el trabajo en equipo. Compuesta por la uni\u00f3n de dos mesas Yang, esta configuraci\u00f3n permite acomodar c\u00f3modamente hasta 6 alumnos, ofreciendo una superficie de trabajo amplia &#8230; <a title=\"Mesa escolar YANG DOBLE\" class=\"read-more\" href=\"https:\/\/mobensescolar.com\/es\/producto\/mesa-escolar-yang-doble\/\" aria-label=\"Leer m\u00e1s sobre Mesa escolar YANG DOBLE\">Leer m\u00e1s<\/a><\/p>\n","protected":false},"featured_media":1456,"comment_status":"closed","ping_status":"closed","template":"","meta":{"_acf_changed":false},"product_brand":[],"product_cat":[39],"product_tag":[],"class_list":{"0":"post-1457","1":"product","2":"type-product","3":"status-publish","4":"has-post-thumbnail","6":"product_cat-mesas-escolares","8":"first","9":"instock","10":"taxable","11":"shipping-taxable","12":"purchasable","13":"product-type-simple"},"supplier_id":null,"supplier_sku":"","barcode":null,"atum_controlled":true,"out_stock_date":null,"out_stock_threshold":null,"inheritable":false,"inbound_stock":0,"stock_on_hold":0,"sold_today":0,"sales_last_days":0,"reserved_stock":0,"customer_returns":0,"warehouse_damage":0,"lost_in_post":0,"other_logs":0,"out_stock_days":0,"lost_sales":0,"has_location":false,"update_date":"2026-04-29T00:11:22","atum_locations":[],"atum_stock_status":"instock","restock_status":false,"low_stock_amount":"","sales_update_date":"2026-04-29T00:11:22","calc_backorders":null,"acf":[],"yoast_head":"<!-- This site is optimized with the Yoast SEO plugin v24.4 - https:\/\/yoast.com\/wordpress\/plugins\/seo\/ -->\n<title>Mesa escolar YANG DOBLE - Mobens Escolar<\/title>\n<meta name=\"description\" content=\"La mesa escolar YANG DUO formar parte de la oferta en mobiliario escolar para infantil y secundaria. Dise\u00f1ado para aulas de formaci\u00f3n, bibliotecas escolares y espacios educativos que fomentan el trabajo en equipo.\" \/>\n<meta name=\"robots\" content=\"index, follow, max-snippet:-1, max-image-preview:large, max-video-preview:-1\" \/>\n<link rel=\"canonical\" href=\"https:\/\/mobensescolar.com\/es\/producto\/mesa-escolar-yang-doble\/\" \/>\n<meta property=\"og:locale\" content=\"es_ES\" \/>\n<meta property=\"og:type\" content=\"article\" \/>\n<meta property=\"og:title\" content=\"Mesa escolar YANG DOBLE - Mobens Escolar\" \/>\n<meta property=\"og:description\" content=\"La mesa escolar YANG DUO formar parte de la oferta en mobiliario escolar para infantil y secundaria. Dise\u00f1ado para aulas de formaci\u00f3n, bibliotecas escolares y espacios educativos que fomentan el trabajo en equipo.\" \/>\n<meta property=\"og:url\" content=\"https:\/\/mobensescolar.com\/es\/producto\/mesa-escolar-yang-doble\/\" \/>\n<meta property=\"og:site_name\" content=\"Mobens Escolar\" \/>\n<meta property=\"article:modified_time\" content=\"2025-06-17T11:56:43+00:00\" \/>\n<meta property=\"og:image\" content=\"https:\/\/mobensescolar.com\/wp-content\/uploads\/2024\/10\/yang1952x1000.webp\" \/>\n\t<meta property=\"og:image:width\" content=\"1000\" \/>\n\t<meta property=\"og:image:height\" content=\"1000\" \/>\n\t<meta property=\"og:image:type\" content=\"image\/webp\" \/>\n<meta name=\"twitter:card\" content=\"summary_large_image\" \/>\n<meta name=\"twitter:label1\" content=\"Tiempo de lectura\" \/>\n\t<meta name=\"twitter:data1\" content=\"2 minutos\" \/>\n<script type=\"application\/ld+json\" class=\"yoast-schema-graph\">{\"@context\":\"https:\/\/schema.org\",\"@graph\":[{\"@type\":\"WebPage\",\"@id\":\"https:\/\/mobensescolar.com\/es\/producto\/mesa-escolar-yang-doble\/\",\"url\":\"https:\/\/mobensescolar.com\/es\/producto\/mesa-escolar-yang-doble\/\",\"name\":\"Mesa escolar YANG DOBLE - Mobens Escolar\",\"isPartOf\":{\"@id\":\"https:\/\/mobensescolar.com\/es\/#website\"},\"primaryImageOfPage\":{\"@id\":\"https:\/\/mobensescolar.com\/es\/producto\/mesa-escolar-yang-doble\/#primaryimage\"},\"image\":{\"@id\":\"https:\/\/mobensescolar.com\/es\/producto\/mesa-escolar-yang-doble\/#primaryimage\"},\"thumbnailUrl\":\"https:\/\/mobensescolar.com\/wp-content\/uploads\/2024\/10\/yang1952x1000.webp\",\"datePublished\":\"2024-10-16T20:45:18+00:00\",\"dateModified\":\"2025-06-17T11:56:43+00:00\",\"description\":\"La mesa escolar YANG DUO formar parte de la oferta en mobiliario escolar para infantil y secundaria. Dise\u00f1ado para aulas de formaci\u00f3n, bibliotecas escolares y espacios educativos que fomentan el trabajo en equipo.\",\"breadcrumb\":{\"@id\":\"https:\/\/mobensescolar.com\/es\/producto\/mesa-escolar-yang-doble\/#breadcrumb\"},\"inLanguage\":\"es\",\"potentialAction\":[{\"@type\":\"ReadAction\",\"target\":[\"https:\/\/mobensescolar.com\/es\/producto\/mesa-escolar-yang-doble\/\"]}]},{\"@type\":\"ImageObject\",\"inLanguage\":\"es\",\"@id\":\"https:\/\/mobensescolar.com\/es\/producto\/mesa-escolar-yang-doble\/#primaryimage\",\"url\":\"https:\/\/mobensescolar.com\/wp-content\/uploads\/2024\/10\/yang1952x1000.webp\",\"contentUrl\":\"https:\/\/mobensescolar.com\/wp-content\/uploads\/2024\/10\/yang1952x1000.webp\",\"width\":1000,\"height\":1000},{\"@type\":\"BreadcrumbList\",\"@id\":\"https:\/\/mobensescolar.com\/es\/producto\/mesa-escolar-yang-doble\/#breadcrumb\",\"itemListElement\":[{\"@type\":\"ListItem\",\"position\":1,\"name\":\"Inici\",\"item\":\"https:\/\/mobensescolar.com\/es\/mobens-school\/\"},{\"@type\":\"ListItem\",\"position\":2,\"name\":\"Tienda\",\"item\":\"https:\/\/mobensescolar.com\/es\/tienda\/\"},{\"@type\":\"ListItem\",\"position\":3,\"name\":\"Mesa escolar YANG DOBLE\"}]},{\"@type\":\"WebSite\",\"@id\":\"https:\/\/mobensescolar.com\/es\/#website\",\"url\":\"https:\/\/mobensescolar.com\/es\/\",\"name\":\"Mobens School\",\"description\":\"\",\"publisher\":{\"@id\":\"https:\/\/mobensescolar.com\/es\/#organization\"},\"potentialAction\":[{\"@type\":\"SearchAction\",\"target\":{\"@type\":\"EntryPoint\",\"urlTemplate\":\"https:\/\/mobensescolar.com\/es\/?s={search_term_string}\"},\"query-input\":{\"@type\":\"PropertyValueSpecification\",\"valueRequired\":true,\"valueName\":\"search_term_string\"}}],\"inLanguage\":\"es\"},{\"@type\":\"Organization\",\"@id\":\"https:\/\/mobensescolar.com\/es\/#organization\",\"name\":\"Mobens School\",\"url\":\"https:\/\/mobensescolar.com\/es\/\",\"logo\":{\"@type\":\"ImageObject\",\"inLanguage\":\"es\",\"@id\":\"https:\/\/mobensescolar.com\/es\/#\/schema\/logo\/image\/\",\"url\":\"https:\/\/mobensescolar.com\/wp-content\/uploads\/2024\/10\/logo-mobens.webp\",\"contentUrl\":\"https:\/\/mobensescolar.com\/wp-content\/uploads\/2024\/10\/logo-mobens.webp\",\"width\":181,\"height\":181,\"caption\":\"Mobens School\"},\"image\":{\"@id\":\"https:\/\/mobensescolar.com\/es\/#\/schema\/logo\/image\/\"},\"sameAs\":[\"https:\/\/www.instagram.com\/mobens.school\/\"]}]}<\/script>\n<!-- \/ Yoast SEO plugin. -->","yoast_head_json":{"title":"Mesa escolar YANG DOBLE - Mobens Escolar","description":"La mesa escolar YANG DUO formar parte de la oferta en mobiliario escolar para infantil y secundaria. Dise\u00f1ado para aulas de formaci\u00f3n, bibliotecas escolares y espacios educativos que fomentan el trabajo en equipo.","robots":{"index":"index","follow":"follow","max-snippet":"max-snippet:-1","max-image-preview":"max-image-preview:large","max-video-preview":"max-video-preview:-1"},"canonical":"https:\/\/mobensescolar.com\/es\/producto\/mesa-escolar-yang-doble\/","og_locale":"es_ES","og_type":"article","og_title":"Mesa escolar YANG DOBLE - Mobens Escolar","og_description":"La mesa escolar YANG DUO formar parte de la oferta en mobiliario escolar para infantil y secundaria. Dise\u00f1ado para aulas de formaci\u00f3n, bibliotecas escolares y espacios educativos que fomentan el trabajo en equipo.","og_url":"https:\/\/mobensescolar.com\/es\/producto\/mesa-escolar-yang-doble\/","og_site_name":"Mobens Escolar","article_modified_time":"2025-06-17T11:56:43+00:00","og_image":[{"width":1000,"height":1000,"url":"https:\/\/mobensescolar.com\/wp-content\/uploads\/2024\/10\/yang1952x1000.webp","type":"image\/webp"}],"twitter_card":"summary_large_image","twitter_misc":{"Tiempo de lectura":"2 minutos"},"schema":{"@context":"https:\/\/schema.org","@graph":[{"@type":"WebPage","@id":"https:\/\/mobensescolar.com\/es\/producto\/mesa-escolar-yang-doble\/","url":"https:\/\/mobensescolar.com\/es\/producto\/mesa-escolar-yang-doble\/","name":"Mesa escolar YANG DOBLE - Mobens Escolar","isPartOf":{"@id":"https:\/\/mobensescolar.com\/es\/#website"},"primaryImageOfPage":{"@id":"https:\/\/mobensescolar.com\/es\/producto\/mesa-escolar-yang-doble\/#primaryimage"},"image":{"@id":"https:\/\/mobensescolar.com\/es\/producto\/mesa-escolar-yang-doble\/#primaryimage"},"thumbnailUrl":"https:\/\/mobensescolar.com\/wp-content\/uploads\/2024\/10\/yang1952x1000.webp","datePublished":"2024-10-16T20:45:18+00:00","dateModified":"2025-06-17T11:56:43+00:00","description":"La mesa escolar YANG DUO formar parte de la oferta en mobiliario escolar para infantil y secundaria. Dise\u00f1ado para aulas de formaci\u00f3n, bibliotecas escolares y espacios educativos que fomentan el trabajo en equipo.","breadcrumb":{"@id":"https:\/\/mobensescolar.com\/es\/producto\/mesa-escolar-yang-doble\/#breadcrumb"},"inLanguage":"es","potentialAction":[{"@type":"ReadAction","target":["https:\/\/mobensescolar.com\/es\/producto\/mesa-escolar-yang-doble\/"]}]},{"@type":"ImageObject","inLanguage":"es","@id":"https:\/\/mobensescolar.com\/es\/producto\/mesa-escolar-yang-doble\/#primaryimage","url":"https:\/\/mobensescolar.com\/wp-content\/uploads\/2024\/10\/yang1952x1000.webp","contentUrl":"https:\/\/mobensescolar.com\/wp-content\/uploads\/2024\/10\/yang1952x1000.webp","width":1000,"height":1000},{"@type":"BreadcrumbList","@id":"https:\/\/mobensescolar.com\/es\/producto\/mesa-escolar-yang-doble\/#breadcrumb","itemListElement":[{"@type":"ListItem","position":1,"name":"Inici","item":"https:\/\/mobensescolar.com\/es\/mobens-school\/"},{"@type":"ListItem","position":2,"name":"Tienda","item":"https:\/\/mobensescolar.com\/es\/tienda\/"},{"@type":"ListItem","position":3,"name":"Mesa escolar YANG DOBLE"}]},{"@type":"WebSite","@id":"https:\/\/mobensescolar.com\/es\/#website","url":"https:\/\/mobensescolar.com\/es\/","name":"Mobens School","description":"","publisher":{"@id":"https:\/\/mobensescolar.com\/es\/#organization"},"potentialAction":[{"@type":"SearchAction","target":{"@type":"EntryPoint","urlTemplate":"https:\/\/mobensescolar.com\/es\/?s={search_term_string}"},"query-input":{"@type":"PropertyValueSpecification","valueRequired":true,"valueName":"search_term_string"}}],"inLanguage":"es"},{"@type":"Organization","@id":"https:\/\/mobensescolar.com\/es\/#organization","name":"Mobens School","url":"https:\/\/mobensescolar.com\/es\/","logo":{"@type":"ImageObject","inLanguage":"es","@id":"https:\/\/mobensescolar.com\/es\/#\/schema\/logo\/image\/","url":"https:\/\/mobensescolar.com\/wp-content\/uploads\/2024\/10\/logo-mobens.webp","contentUrl":"https:\/\/mobensescolar.com\/wp-content\/uploads\/2024\/10\/logo-mobens.webp","width":181,"height":181,"caption":"Mobens School"},"image":{"@id":"https:\/\/mobensescolar.com\/es\/#\/schema\/logo\/image\/"},"sameAs":["https:\/\/www.instagram.com\/mobens.school\/"]}]}},"_links":{"self":[{"href":"https:\/\/mobensescolar.com\/es\/wp-json\/wp\/v2\/product\/1457","targetHints":{"allow":["GET"]}}],"collection":[{"href":"https:\/\/mobensescolar.com\/es\/wp-json\/wp\/v2\/product"}],"about":[{"href":"https:\/\/mobensescolar.com\/es\/wp-json\/wp\/v2\/types\/product"}],"replies":[{"embeddable":true,"href":"https:\/\/mobensescolar.com\/es\/wp-json\/wp\/v2\/comments?post=1457"}],"version-history":[{"count":1,"href":"https:\/\/mobensescolar.com\/es\/wp-json\/wp\/v2\/product\/1457\/revisions"}],"predecessor-version":[{"id":3971,"href":"https:\/\/mobensescolar.com\/es\/wp-json\/wp\/v2\/product\/1457\/revisions\/3971"}],"wp:featuredmedia":[{"embeddable":true,"href":"https:\/\/mobensescolar.com\/es\/wp-json\/wp\/v2\/media\/1456"}],"wp:attachment":[{"href":"https:\/\/mobensescolar.com\/es\/wp-json\/wp\/v2\/media?parent=1457"}],"wp:term":[{"taxonomy":"product_brand","embeddable":true,"href":"https:\/\/mobensescolar.com\/es\/wp-json\/wp\/v2\/product_brand?post=1457"},{"taxonomy":"product_cat","embeddable":true,"href":"https:\/\/mobensescolar.com\/es\/wp-json\/wp\/v2\/product_cat?post=1457"},{"taxonomy":"product_tag","embeddable":true,"href":"https:\/\/mobensescolar.com\/es\/wp-json\/wp\/v2\/product_tag?post=1457"}],"curies":[{"name":"wp","href":"https:\/\/api.w.org\/{rel}","templated":true}]}}