{"id":4016,"date":"2024-12-03T10:46:40","date_gmt":"2024-12-03T09:46:40","guid":{"rendered":"https:\/\/mobensescolar.com\/producto\/par\/"},"modified":"2025-03-26T11:02:18","modified_gmt":"2025-03-26T10:02:18","slug":"mesa-escolar-colaborativa-par","status":"publish","type":"product","link":"https:\/\/mobensescolar.com\/es\/producto\/mesa-escolar-colaborativa-par\/","title":{"rendered":"Mesa Escolar Colaborativa PAR"},"content":{"rendered":"<div class=\"container\">\n<div class=\"row\">\n<div class=\"col-md-6 offset-md-3 col-xl-4 offset-xl-4\">\n<p>La <strong>Mesa Escolar Colaborativa PAR<\/strong> es una soluci\u00f3n innovadora dentro del <strong>mobiliario escolar<\/strong>, dise\u00f1ada para fomentar el <strong>aprendizaje cooperativo<\/strong> y la adaptabilidad en el aula. Su dise\u00f1o permite <strong>combinar varias mesas entre s\u00ed<\/strong>, creando configuraciones flexibles que favorecen tanto el <strong>trabajo en grupo<\/strong> como el <strong>uso individual<\/strong> seg\u00fan las necesidades del momento.<\/p>\n<p>Gracias a su capacidad modular, la <strong>Mesa Escolar Colaborativa PAR<\/strong> es ideal para centros educativos que buscan <strong>mesas escolares<\/strong> que se adapten a diferentes din\u00e1micas de ense\u00f1anza. Su dise\u00f1o innovador la convierte en una pieza clave para fomentar la interacci\u00f3n y la creatividad en el aula.<\/p>\n<p><strong>\u00a0<\/strong><\/p>\n<p><strong>Caracter\u00edsticas principales:<\/strong><\/p>\n<p>\u2705 <strong>Dise\u00f1o modular y colaborativo:<\/strong> Posibilidad de unir varias unidades para configurar espacios de <strong>aula colaborativa<\/strong>.<br \/>\n\u2705 <strong>Estructura resistente:<\/strong> Fabricada en metal con acabado robusto para garantizar estabilidad y durabilidad.<br \/>\n\u2705 <strong>Superficie de melamina de alta calidad:<\/strong> F\u00e1cil de limpiar y resistente al uso diario en entornos educativos.<br \/>\n\u2705 <strong>Ergonom\u00eda y comodidad:<\/strong> Pensada para mejorar la postura y la experiencia de los estudiantes.<br \/>\n\u2705 <strong>Versatilidad en el aula:<\/strong> Perfecta para <strong>mesas de aulas de formaci\u00f3n<\/strong>, colegios, institutos y academias que buscan optimizar el espacio.<\/p>\n<p>&nbsp;<\/p>\n<p><strong>\u00a0<\/strong><\/p>\n<p><strong>Tallas:<\/strong><\/p>\n<p><strong>T4<\/strong>: Para alumnos de\u00a0<strong>primaria<\/strong>\u00a0de\u00a0<strong>6 a 8 a\u00f1os<\/strong>.<\/p>\n<p><strong>T5<\/strong>: Para alumnos de\u00a0<strong>primaria<\/strong>\u00a0de\u00a0<strong>8 a 11 a\u00f1os<\/strong>.<\/p>\n<p><strong>T6<\/strong>: Para alumnos de\u00a0<strong>secundaria<\/strong>\u00a0y estudios superiores (+11 a\u00f1os).<\/p>\n<p><strong>\u00a0<\/strong><\/p>\n<p><strong>Color estructura:<\/strong><\/p>\n<p>Blanco<\/p>\n<p>&nbsp;<\/p>\n<p><strong>Colores Tablero:<\/strong><\/p>\n<p>Fen\u00f3lico Madera<\/p>\n<p>Blanco CDF<\/p>\n<p>Fen\u00f3lico Blanco<\/p>\n<\/div>\n<p><strong><em>Accesorio opcional para convertir en pupitre con la <a href=\"\/es\/producto\/bandeja-fija-para-mesa-escolar\/\">BANDEJA FIJA para mesa escolar BOX<\/a>.<\/em><\/strong><\/p>\n<\/div>\n<\/div>\n","protected":false},"excerpt":{"rendered":"<p>La Mesa Escolar Colaborativa PAR es una soluci\u00f3n innovadora dentro del mobiliario escolar, dise\u00f1ada para fomentar el aprendizaje cooperativo y la adaptabilidad en el aula. Su dise\u00f1o permite combinar varias mesas entre s\u00ed, creando configuraciones flexibles que favorecen tanto el trabajo en grupo como el uso individual seg\u00fan las necesidades del momento. Gracias a su &#8230; <a title=\"Mesa Escolar Colaborativa PAR\" class=\"read-more\" href=\"https:\/\/mobensescolar.com\/es\/producto\/mesa-escolar-colaborativa-par\/\" aria-label=\"Leer m\u00e1s sobre Mesa Escolar Colaborativa PAR\">Leer m\u00e1s<\/a><\/p>\n","protected":false},"featured_media":3148,"comment_status":"open","ping_status":"closed","template":"","meta":{"_acf_changed":false},"product_brand":[],"product_cat":[39],"product_tag":[],"class_list":{"0":"post-4016","1":"product","2":"type-product","3":"status-publish","4":"has-post-thumbnail","6":"product_cat-mesas-escolares","8":"first","9":"instock","10":"taxable","11":"shipping-taxable","12":"purchasable","13":"product-type-simple"},"supplier_id":null,"supplier_sku":"","barcode":null,"atum_controlled":true,"out_stock_date":null,"out_stock_threshold":null,"inheritable":false,"inbound_stock":0,"stock_on_hold":0,"sold_today":0,"sales_last_days":0,"reserved_stock":0,"customer_returns":0,"warehouse_damage":0,"lost_in_post":0,"other_logs":0,"out_stock_days":0,"lost_sales":0,"has_location":false,"update_date":"2026-04-29T00:11:27","atum_locations":[],"atum_stock_status":"instock","restock_status":false,"low_stock_amount":"","sales_update_date":"2026-04-29T00:11:27","calc_backorders":null,"acf":[],"yoast_head":"<!-- This site is optimized with the Yoast SEO plugin v24.4 - https:\/\/yoast.com\/wordpress\/plugins\/seo\/ -->\n<title>Mesa Escolar Colaborativa PAR - Mobens Escolar<\/title>\n<meta name=\"description\" content=\"La Mesa Escolar Colaborativa PAR es una soluci\u00f3n innovadora dentro del mobiliario escolar, dise\u00f1ada para fomentar el aprendizaje cooperativo y la adaptabilidad en el aula\" \/>\n<meta name=\"robots\" content=\"index, follow, max-snippet:-1, max-image-preview:large, max-video-preview:-1\" \/>\n<link rel=\"canonical\" href=\"https:\/\/mobensescolar.com\/es\/producto\/mesa-escolar-colaborativa-par\/\" \/>\n<meta property=\"og:locale\" content=\"es_ES\" \/>\n<meta property=\"og:type\" content=\"article\" \/>\n<meta property=\"og:title\" content=\"Mesa Escolar Colaborativa PAR - Mobens Escolar\" \/>\n<meta property=\"og:description\" content=\"La Mesa Escolar Colaborativa PAR es una soluci\u00f3n innovadora dentro del mobiliario escolar, dise\u00f1ada para fomentar el aprendizaje cooperativo y la adaptabilidad en el aula\" \/>\n<meta property=\"og:url\" content=\"https:\/\/mobensescolar.com\/es\/producto\/mesa-escolar-colaborativa-par\/\" \/>\n<meta property=\"og:site_name\" content=\"Mobens Escolar\" \/>\n<meta property=\"article:modified_time\" content=\"2025-03-26T10:02:18+00:00\" \/>\n<meta property=\"og:image\" content=\"https:\/\/mobensescolar.com\/wp-content\/uploads\/2024\/12\/par-fen-bl-basic.jpg\" \/>\n\t<meta property=\"og:image:width\" content=\"1067\" \/>\n\t<meta property=\"og:image:height\" content=\"1020\" \/>\n\t<meta property=\"og:image:type\" content=\"image\/jpeg\" \/>\n<meta name=\"twitter:card\" content=\"summary_large_image\" \/>\n<meta name=\"twitter:label1\" content=\"Tiempo de lectura\" \/>\n\t<meta name=\"twitter:data1\" content=\"2 minutos\" \/>\n<script type=\"application\/ld+json\" class=\"yoast-schema-graph\">{\"@context\":\"https:\/\/schema.org\",\"@graph\":[{\"@type\":\"WebPage\",\"@id\":\"https:\/\/mobensescolar.com\/es\/producto\/mesa-escolar-colaborativa-par\/\",\"url\":\"https:\/\/mobensescolar.com\/es\/producto\/mesa-escolar-colaborativa-par\/\",\"name\":\"Mesa Escolar Colaborativa PAR - Mobens Escolar\",\"isPartOf\":{\"@id\":\"https:\/\/mobensescolar.com\/es\/#website\"},\"primaryImageOfPage\":{\"@id\":\"https:\/\/mobensescolar.com\/es\/producto\/mesa-escolar-colaborativa-par\/#primaryimage\"},\"image\":{\"@id\":\"https:\/\/mobensescolar.com\/es\/producto\/mesa-escolar-colaborativa-par\/#primaryimage\"},\"thumbnailUrl\":\"https:\/\/mobensescolar.com\/wp-content\/uploads\/2024\/12\/par-fen-bl-basic.jpg\",\"datePublished\":\"2024-12-03T09:46:40+00:00\",\"dateModified\":\"2025-03-26T10:02:18+00:00\",\"description\":\"La Mesa Escolar Colaborativa PAR es una soluci\u00f3n innovadora dentro del mobiliario escolar, dise\u00f1ada para fomentar el aprendizaje cooperativo y la adaptabilidad en el aula\",\"breadcrumb\":{\"@id\":\"https:\/\/mobensescolar.com\/es\/producto\/mesa-escolar-colaborativa-par\/#breadcrumb\"},\"inLanguage\":\"es\",\"potentialAction\":[{\"@type\":\"ReadAction\",\"target\":[\"https:\/\/mobensescolar.com\/es\/producto\/mesa-escolar-colaborativa-par\/\"]}]},{\"@type\":\"ImageObject\",\"inLanguage\":\"es\",\"@id\":\"https:\/\/mobensescolar.com\/es\/producto\/mesa-escolar-colaborativa-par\/#primaryimage\",\"url\":\"https:\/\/mobensescolar.com\/wp-content\/uploads\/2024\/12\/par-fen-bl-basic.jpg\",\"contentUrl\":\"https:\/\/mobensescolar.com\/wp-content\/uploads\/2024\/12\/par-fen-bl-basic.jpg\",\"width\":1067,\"height\":1020},{\"@type\":\"BreadcrumbList\",\"@id\":\"https:\/\/mobensescolar.com\/es\/producto\/mesa-escolar-colaborativa-par\/#breadcrumb\",\"itemListElement\":[{\"@type\":\"ListItem\",\"position\":1,\"name\":\"Inici\",\"item\":\"https:\/\/mobensescolar.com\/es\/mobens-school\/\"},{\"@type\":\"ListItem\",\"position\":2,\"name\":\"Tienda\",\"item\":\"https:\/\/mobensescolar.com\/es\/tienda\/\"},{\"@type\":\"ListItem\",\"position\":3,\"name\":\"Mesa Escolar Colaborativa PAR\"}]},{\"@type\":\"WebSite\",\"@id\":\"https:\/\/mobensescolar.com\/es\/#website\",\"url\":\"https:\/\/mobensescolar.com\/es\/\",\"name\":\"Mobens School\",\"description\":\"\",\"publisher\":{\"@id\":\"https:\/\/mobensescolar.com\/es\/#organization\"},\"potentialAction\":[{\"@type\":\"SearchAction\",\"target\":{\"@type\":\"EntryPoint\",\"urlTemplate\":\"https:\/\/mobensescolar.com\/es\/?s={search_term_string}\"},\"query-input\":{\"@type\":\"PropertyValueSpecification\",\"valueRequired\":true,\"valueName\":\"search_term_string\"}}],\"inLanguage\":\"es\"},{\"@type\":\"Organization\",\"@id\":\"https:\/\/mobensescolar.com\/es\/#organization\",\"name\":\"Mobens School\",\"url\":\"https:\/\/mobensescolar.com\/es\/\",\"logo\":{\"@type\":\"ImageObject\",\"inLanguage\":\"es\",\"@id\":\"https:\/\/mobensescolar.com\/es\/#\/schema\/logo\/image\/\",\"url\":\"https:\/\/mobensescolar.com\/wp-content\/uploads\/2024\/10\/logo-mobens.webp\",\"contentUrl\":\"https:\/\/mobensescolar.com\/wp-content\/uploads\/2024\/10\/logo-mobens.webp\",\"width\":181,\"height\":181,\"caption\":\"Mobens School\"},\"image\":{\"@id\":\"https:\/\/mobensescolar.com\/es\/#\/schema\/logo\/image\/\"},\"sameAs\":[\"https:\/\/www.instagram.com\/mobens.school\/\"]}]}<\/script>\n<!-- \/ Yoast SEO plugin. -->","yoast_head_json":{"title":"Mesa Escolar Colaborativa PAR - Mobens Escolar","description":"La Mesa Escolar Colaborativa PAR es una soluci\u00f3n innovadora dentro del mobiliario escolar, dise\u00f1ada para fomentar el aprendizaje cooperativo y la adaptabilidad en el aula","robots":{"index":"index","follow":"follow","max-snippet":"max-snippet:-1","max-image-preview":"max-image-preview:large","max-video-preview":"max-video-preview:-1"},"canonical":"https:\/\/mobensescolar.com\/es\/producto\/mesa-escolar-colaborativa-par\/","og_locale":"es_ES","og_type":"article","og_title":"Mesa Escolar Colaborativa PAR - Mobens Escolar","og_description":"La Mesa Escolar Colaborativa PAR es una soluci\u00f3n innovadora dentro del mobiliario escolar, dise\u00f1ada para fomentar el aprendizaje cooperativo y la adaptabilidad en el aula","og_url":"https:\/\/mobensescolar.com\/es\/producto\/mesa-escolar-colaborativa-par\/","og_site_name":"Mobens Escolar","article_modified_time":"2025-03-26T10:02:18+00:00","og_image":[{"width":1067,"height":1020,"url":"https:\/\/mobensescolar.com\/wp-content\/uploads\/2024\/12\/par-fen-bl-basic.jpg","type":"image\/jpeg"}],"twitter_card":"summary_large_image","twitter_misc":{"Tiempo de lectura":"2 minutos"},"schema":{"@context":"https:\/\/schema.org","@graph":[{"@type":"WebPage","@id":"https:\/\/mobensescolar.com\/es\/producto\/mesa-escolar-colaborativa-par\/","url":"https:\/\/mobensescolar.com\/es\/producto\/mesa-escolar-colaborativa-par\/","name":"Mesa Escolar Colaborativa PAR - Mobens Escolar","isPartOf":{"@id":"https:\/\/mobensescolar.com\/es\/#website"},"primaryImageOfPage":{"@id":"https:\/\/mobensescolar.com\/es\/producto\/mesa-escolar-colaborativa-par\/#primaryimage"},"image":{"@id":"https:\/\/mobensescolar.com\/es\/producto\/mesa-escolar-colaborativa-par\/#primaryimage"},"thumbnailUrl":"https:\/\/mobensescolar.com\/wp-content\/uploads\/2024\/12\/par-fen-bl-basic.jpg","datePublished":"2024-12-03T09:46:40+00:00","dateModified":"2025-03-26T10:02:18+00:00","description":"La Mesa Escolar Colaborativa PAR es una soluci\u00f3n innovadora dentro del mobiliario escolar, dise\u00f1ada para fomentar el aprendizaje cooperativo y la adaptabilidad en el aula","breadcrumb":{"@id":"https:\/\/mobensescolar.com\/es\/producto\/mesa-escolar-colaborativa-par\/#breadcrumb"},"inLanguage":"es","potentialAction":[{"@type":"ReadAction","target":["https:\/\/mobensescolar.com\/es\/producto\/mesa-escolar-colaborativa-par\/"]}]},{"@type":"ImageObject","inLanguage":"es","@id":"https:\/\/mobensescolar.com\/es\/producto\/mesa-escolar-colaborativa-par\/#primaryimage","url":"https:\/\/mobensescolar.com\/wp-content\/uploads\/2024\/12\/par-fen-bl-basic.jpg","contentUrl":"https:\/\/mobensescolar.com\/wp-content\/uploads\/2024\/12\/par-fen-bl-basic.jpg","width":1067,"height":1020},{"@type":"BreadcrumbList","@id":"https:\/\/mobensescolar.com\/es\/producto\/mesa-escolar-colaborativa-par\/#breadcrumb","itemListElement":[{"@type":"ListItem","position":1,"name":"Inici","item":"https:\/\/mobensescolar.com\/es\/mobens-school\/"},{"@type":"ListItem","position":2,"name":"Tienda","item":"https:\/\/mobensescolar.com\/es\/tienda\/"},{"@type":"ListItem","position":3,"name":"Mesa Escolar Colaborativa PAR"}]},{"@type":"WebSite","@id":"https:\/\/mobensescolar.com\/es\/#website","url":"https:\/\/mobensescolar.com\/es\/","name":"Mobens School","description":"","publisher":{"@id":"https:\/\/mobensescolar.com\/es\/#organization"},"potentialAction":[{"@type":"SearchAction","target":{"@type":"EntryPoint","urlTemplate":"https:\/\/mobensescolar.com\/es\/?s={search_term_string}"},"query-input":{"@type":"PropertyValueSpecification","valueRequired":true,"valueName":"search_term_string"}}],"inLanguage":"es"},{"@type":"Organization","@id":"https:\/\/mobensescolar.com\/es\/#organization","name":"Mobens School","url":"https:\/\/mobensescolar.com\/es\/","logo":{"@type":"ImageObject","inLanguage":"es","@id":"https:\/\/mobensescolar.com\/es\/#\/schema\/logo\/image\/","url":"https:\/\/mobensescolar.com\/wp-content\/uploads\/2024\/10\/logo-mobens.webp","contentUrl":"https:\/\/mobensescolar.com\/wp-content\/uploads\/2024\/10\/logo-mobens.webp","width":181,"height":181,"caption":"Mobens School"},"image":{"@id":"https:\/\/mobensescolar.com\/es\/#\/schema\/logo\/image\/"},"sameAs":["https:\/\/www.instagram.com\/mobens.school\/"]}]}},"_links":{"self":[{"href":"https:\/\/mobensescolar.com\/es\/wp-json\/wp\/v2\/product\/4016","targetHints":{"allow":["GET"]}}],"collection":[{"href":"https:\/\/mobensescolar.com\/es\/wp-json\/wp\/v2\/product"}],"about":[{"href":"https:\/\/mobensescolar.com\/es\/wp-json\/wp\/v2\/types\/product"}],"replies":[{"embeddable":true,"href":"https:\/\/mobensescolar.com\/es\/wp-json\/wp\/v2\/comments?post=4016"}],"version-history":[{"count":1,"href":"https:\/\/mobensescolar.com\/es\/wp-json\/wp\/v2\/product\/4016\/revisions"}],"predecessor-version":[{"id":4017,"href":"https:\/\/mobensescolar.com\/es\/wp-json\/wp\/v2\/product\/4016\/revisions\/4017"}],"wp:featuredmedia":[{"embeddable":true,"href":"https:\/\/mobensescolar.com\/es\/wp-json\/wp\/v2\/media\/3148"}],"wp:attachment":[{"href":"https:\/\/mobensescolar.com\/es\/wp-json\/wp\/v2\/media?parent=4016"}],"wp:term":[{"taxonomy":"product_brand","embeddable":true,"href":"https:\/\/mobensescolar.com\/es\/wp-json\/wp\/v2\/product_brand?post=4016"},{"taxonomy":"product_cat","embeddable":true,"href":"https:\/\/mobensescolar.com\/es\/wp-json\/wp\/v2\/product_cat?post=4016"},{"taxonomy":"product_tag","embeddable":true,"href":"https:\/\/mobensescolar.com\/es\/wp-json\/wp\/v2\/product_tag?post=4016"}],"curies":[{"name":"wp","href":"https:\/\/api.w.org\/{rel}","templated":true}]}}