{"id":4991,"date":"2026-03-18T08:57:39","date_gmt":"2026-03-18T07:57:39","guid":{"rendered":"https:\/\/mobensescolar.com\/?post_type=product&#038;p=4991"},"modified":"2026-03-19T09:07:09","modified_gmt":"2026-03-19T08:07:09","slug":"cub-one-puf-modular-copia","status":"publish","type":"product","link":"https:\/\/mobensescolar.com\/es\/producto\/cub-one-puf-modular-copia\/","title":{"rendered":"CUB BENCH \u2013 Banco modular"},"content":{"rendered":"<div class=\"container\">\n<div class=\"row\">\n<div class=\"col-md-6 offset-md-3 col-xl-4 offset-xl-4\">\n<h2 data-section-id=\"2otzn1\" data-start=\"1159\" data-end=\"1191\"><strong data-start=\"1162\" data-end=\"1191\">CUB BENCH \u2013 Banco modular<\/strong><\/h2>\n<h3 data-section-id=\"x69w23\" data-start=\"1193\" data-end=\"1211\">\ud83d\udcdd Descripci\u00f3n<\/h3>\n<p data-start=\"1213\" data-end=\"1337\">El <strong data-start=\"1216\" data-end=\"1229\">CUB BENCH<\/strong> es un banco tapizado dise\u00f1ado para complementar el CUB ONE y crear composiciones modulares dentro del aula.<\/p>\n<p data-start=\"1339\" data-end=\"1501\">Permite generar zonas de trabajo colaborativo o descanso, manteniendo una est\u00e9tica limpia, moderna y totalmente alineada con la colecci\u00f3n Reading Chill de Mobens.<\/p>\n<p data-start=\"1503\" data-end=\"1613\">Su formato alargado lo convierte en una soluci\u00f3n ideal para optimizar el espacio y fomentar el uso compartido.<\/p>\n<hr data-start=\"1615\" data-end=\"1618\" \/>\n<h3 data-section-id=\"15nq7iw\" data-start=\"1620\" data-end=\"1634\">\ud83d\udcd0 Medidas<\/h3>\n<ul data-start=\"1636\" data-end=\"1689\">\n<li data-section-id=\"yiodlm\" data-start=\"1636\" data-end=\"1654\">\n<p data-start=\"1638\" data-end=\"1654\">Ancho: 1200 mm<\/p>\n<\/li>\n<li data-section-id=\"18y3wuo\" data-start=\"1655\" data-end=\"1671\">\n<p data-start=\"1657\" data-end=\"1671\">Alto: 400 mm<\/p>\n<\/li>\n<li data-section-id=\"9va18r\" data-start=\"1672\" data-end=\"1689\">\n<p data-start=\"1674\" data-end=\"1689\">Fondo: 500 mm<\/p>\n<\/li>\n<\/ul>\n<hr data-start=\"1691\" data-end=\"1694\" \/>\n<h3 data-section-id=\"19qd9ep\" data-start=\"1696\" data-end=\"1718\">\ud83d\udd39 Caracter\u00edsticas<\/h3>\n<ul data-start=\"1720\" data-end=\"1925\">\n<li data-section-id=\"12wdzlu\" data-start=\"1720\" data-end=\"1758\">\n<p data-start=\"1722\" data-end=\"1758\">Banco modular para varios usuarios<\/p>\n<\/li>\n<li data-section-id=\"6q96x6\" data-start=\"1759\" data-end=\"1798\">\n<p data-start=\"1761\" data-end=\"1798\">Alta resistencia para uso intensivo<\/p>\n<\/li>\n<li data-section-id=\"10xfjnt\" data-start=\"1799\" data-end=\"1839\">\n<p data-start=\"1801\" data-end=\"1839\">Tapizado t\u00e9cnico en tono azul tejano<\/p>\n<\/li>\n<li data-section-id=\"yjgbcn\" data-start=\"1840\" data-end=\"1863\">\n<p data-start=\"1842\" data-end=\"1863\">Costuras reforzadas<\/p>\n<\/li>\n<li data-section-id=\"1fxi1h7\" data-start=\"1864\" data-end=\"1907\">\n<p data-start=\"1866\" data-end=\"1907\">Bordes redondeados para mayor seguridad<\/p>\n<\/li>\n<li data-section-id=\"119zu4\" data-start=\"1908\" data-end=\"1925\">\n<p data-start=\"1910\" data-end=\"1925\">Patas ocultas<\/p>\n<\/li>\n<\/ul>\n<hr data-start=\"1927\" data-end=\"1930\" \/>\n<h3 data-section-id=\"1ucxnq6\" data-start=\"1932\" data-end=\"1951\">\ud83c\udfaf Aplicaciones<\/h3>\n<ul data-start=\"1953\" data-end=\"2038\">\n<li data-section-id=\"1vzkh4h\" data-start=\"1953\" data-end=\"1979\">\n<p data-start=\"1955\" data-end=\"1979\">Espacios colaborativos<\/p>\n<\/li>\n<li data-section-id=\"1hect3s\" data-start=\"1980\" data-end=\"2000\">\n<p data-start=\"1982\" data-end=\"2000\">Zonas de lectura<\/p>\n<\/li>\n<li data-section-id=\"1f1hp28\" data-start=\"2001\" data-end=\"2018\">\n<p data-start=\"2003\" data-end=\"2018\">\u00c1reas comunes<\/p>\n<\/li>\n<li data-section-id=\"15ax45g\" data-start=\"2019\" data-end=\"2038\">\n<p data-start=\"2021\" data-end=\"2038\">Aulas flexibles<\/p>\n<\/li>\n<\/ul>\n<\/div>\n<h3><\/h3>\n<h3>Mobens dise\u00f1a y fabrica espacios educativos pensados para durar.<\/h3>\n<\/div>\n<\/div>\n","protected":false},"excerpt":{"rendered":"<p>\ud83d\udc49 <strong data-start=\"2140\" data-end=\"2151\">CUB ONE<\/strong><br data-start=\"2151\" data-end=\"2154\" \/>Asiento individual modular tapizado, ideal para zonas de lectura y espacios din\u00e1micos en entornos educativos.<\/p>\n","protected":false},"featured_media":4992,"comment_status":"closed","ping_status":"closed","template":"","meta":{"_acf_changed":false},"product_brand":[],"product_cat":[48,64,69],"product_tag":[],"class_list":{"0":"post-4991","1":"product","2":"type-product","3":"status-publish","4":"has-post-thumbnail","6":"product_cat-almacenaje-escolar","7":"product_cat-coleccion-mobens","8":"product_cat-zonas-chill","10":"first","11":"instock","12":"taxable","13":"shipping-taxable","14":"purchasable","15":"product-type-simple"},"supplier_id":null,"supplier_sku":"","barcode":null,"atum_controlled":true,"out_stock_date":null,"out_stock_threshold":null,"inheritable":false,"inbound_stock":0,"stock_on_hold":0,"sold_today":0,"sales_last_days":0,"reserved_stock":0,"customer_returns":0,"warehouse_damage":0,"lost_in_post":0,"other_logs":0,"out_stock_days":0,"lost_sales":0,"has_location":false,"update_date":"2026-04-29T00:11:24","atum_locations":[],"atum_stock_status":"instock","restock_status":false,"low_stock_amount":"","sales_update_date":"2026-04-29T00:11:24","calc_backorders":null,"acf":[],"yoast_head":"<!-- This site is optimized with the Yoast SEO plugin v24.4 - https:\/\/yoast.com\/wordpress\/plugins\/seo\/ -->\n<title>CUB BENCH \u2013 Banco modular - Mobens Escolar<\/title>\n<meta name=\"description\" content=\"El ORDEN LOW PUERTAS es un armario bajo de almacenamiento dise\u00f1ado para aportar organizaci\u00f3n, funcionalidad y durabilidad dentro de aulas, despachos y espacios educativos. Su dise\u00f1o compacto permite mantener el material escolar ordenado y protegido sin ocupar demasiado espacio dentro del entorno de trabajo.\" \/>\n<meta name=\"robots\" content=\"index, follow, max-snippet:-1, max-image-preview:large, max-video-preview:-1\" \/>\n<link rel=\"canonical\" href=\"https:\/\/mobensescolar.com\/es\/producto\/cub-one-puf-modular-copia\/\" \/>\n<meta property=\"og:locale\" content=\"es_ES\" \/>\n<meta property=\"og:type\" content=\"article\" \/>\n<meta property=\"og:title\" content=\"CUB BENCH \u2013 Banco modular - Mobens Escolar\" \/>\n<meta property=\"og:description\" content=\"El ORDEN LOW PUERTAS es un armario bajo de almacenamiento dise\u00f1ado para aportar organizaci\u00f3n, funcionalidad y durabilidad dentro de aulas, despachos y espacios educativos. Su dise\u00f1o compacto permite mantener el material escolar ordenado y protegido sin ocupar demasiado espacio dentro del entorno de trabajo.\" \/>\n<meta property=\"og:url\" content=\"https:\/\/mobensescolar.com\/es\/producto\/cub-one-puf-modular-copia\/\" \/>\n<meta property=\"og:site_name\" content=\"Mobens Escolar\" \/>\n<meta property=\"article:modified_time\" content=\"2026-03-19T08:07:09+00:00\" \/>\n<meta property=\"og:image\" content=\"https:\/\/mobensescolar.com\/wp-content\/uploads\/2026\/03\/Cub-BENCH.png\" \/>\n\t<meta property=\"og:image:width\" content=\"1536\" \/>\n\t<meta property=\"og:image:height\" content=\"1024\" \/>\n\t<meta property=\"og:image:type\" content=\"image\/png\" \/>\n<meta name=\"twitter:card\" content=\"summary_large_image\" \/>\n<meta name=\"twitter:label1\" content=\"Tiempo de lectura\" \/>\n\t<meta name=\"twitter:data1\" content=\"1 minuto\" \/>\n<script type=\"application\/ld+json\" class=\"yoast-schema-graph\">{\"@context\":\"https:\/\/schema.org\",\"@graph\":[{\"@type\":\"WebPage\",\"@id\":\"https:\/\/mobensescolar.com\/es\/producto\/cub-one-puf-modular-copia\/\",\"url\":\"https:\/\/mobensescolar.com\/es\/producto\/cub-one-puf-modular-copia\/\",\"name\":\"CUB BENCH \u2013 Banco modular - Mobens Escolar\",\"isPartOf\":{\"@id\":\"https:\/\/mobensescolar.com\/es\/#website\"},\"primaryImageOfPage\":{\"@id\":\"https:\/\/mobensescolar.com\/es\/producto\/cub-one-puf-modular-copia\/#primaryimage\"},\"image\":{\"@id\":\"https:\/\/mobensescolar.com\/es\/producto\/cub-one-puf-modular-copia\/#primaryimage\"},\"thumbnailUrl\":\"https:\/\/mobensescolar.com\/wp-content\/uploads\/2026\/03\/Cub-BENCH.png\",\"datePublished\":\"2026-03-18T07:57:39+00:00\",\"dateModified\":\"2026-03-19T08:07:09+00:00\",\"description\":\"El ORDEN LOW PUERTAS es un armario bajo de almacenamiento dise\u00f1ado para aportar organizaci\u00f3n, funcionalidad y durabilidad dentro de aulas, despachos y espacios educativos. Su dise\u00f1o compacto permite mantener el material escolar ordenado y protegido sin ocupar demasiado espacio dentro del entorno de trabajo.\",\"breadcrumb\":{\"@id\":\"https:\/\/mobensescolar.com\/es\/producto\/cub-one-puf-modular-copia\/#breadcrumb\"},\"inLanguage\":\"es\",\"potentialAction\":[{\"@type\":\"ReadAction\",\"target\":[\"https:\/\/mobensescolar.com\/es\/producto\/cub-one-puf-modular-copia\/\"]}]},{\"@type\":\"ImageObject\",\"inLanguage\":\"es\",\"@id\":\"https:\/\/mobensescolar.com\/es\/producto\/cub-one-puf-modular-copia\/#primaryimage\",\"url\":\"https:\/\/mobensescolar.com\/wp-content\/uploads\/2026\/03\/Cub-BENCH.png\",\"contentUrl\":\"https:\/\/mobensescolar.com\/wp-content\/uploads\/2026\/03\/Cub-BENCH.png\",\"width\":1536,\"height\":1024},{\"@type\":\"BreadcrumbList\",\"@id\":\"https:\/\/mobensescolar.com\/es\/producto\/cub-one-puf-modular-copia\/#breadcrumb\",\"itemListElement\":[{\"@type\":\"ListItem\",\"position\":1,\"name\":\"Inici\",\"item\":\"https:\/\/mobensescolar.com\/es\/mobens-school\/\"},{\"@type\":\"ListItem\",\"position\":2,\"name\":\"Tienda\",\"item\":\"https:\/\/mobensescolar.com\/es\/tienda\/\"},{\"@type\":\"ListItem\",\"position\":3,\"name\":\"CUB BENCH \u2013 Banco modular\"}]},{\"@type\":\"WebSite\",\"@id\":\"https:\/\/mobensescolar.com\/es\/#website\",\"url\":\"https:\/\/mobensescolar.com\/es\/\",\"name\":\"Mobens School\",\"description\":\"\",\"publisher\":{\"@id\":\"https:\/\/mobensescolar.com\/es\/#organization\"},\"potentialAction\":[{\"@type\":\"SearchAction\",\"target\":{\"@type\":\"EntryPoint\",\"urlTemplate\":\"https:\/\/mobensescolar.com\/es\/?s={search_term_string}\"},\"query-input\":{\"@type\":\"PropertyValueSpecification\",\"valueRequired\":true,\"valueName\":\"search_term_string\"}}],\"inLanguage\":\"es\"},{\"@type\":\"Organization\",\"@id\":\"https:\/\/mobensescolar.com\/es\/#organization\",\"name\":\"Mobens School\",\"url\":\"https:\/\/mobensescolar.com\/es\/\",\"logo\":{\"@type\":\"ImageObject\",\"inLanguage\":\"es\",\"@id\":\"https:\/\/mobensescolar.com\/es\/#\/schema\/logo\/image\/\",\"url\":\"https:\/\/mobensescolar.com\/wp-content\/uploads\/2024\/10\/logo-mobens.webp\",\"contentUrl\":\"https:\/\/mobensescolar.com\/wp-content\/uploads\/2024\/10\/logo-mobens.webp\",\"width\":181,\"height\":181,\"caption\":\"Mobens School\"},\"image\":{\"@id\":\"https:\/\/mobensescolar.com\/es\/#\/schema\/logo\/image\/\"},\"sameAs\":[\"https:\/\/www.instagram.com\/mobens.school\/\"]}]}<\/script>\n<!-- \/ Yoast SEO plugin. -->","yoast_head_json":{"title":"CUB BENCH \u2013 Banco modular - Mobens Escolar","description":"El ORDEN LOW PUERTAS es un armario bajo de almacenamiento dise\u00f1ado para aportar organizaci\u00f3n, funcionalidad y durabilidad dentro de aulas, despachos y espacios educativos. Su dise\u00f1o compacto permite mantener el material escolar ordenado y protegido sin ocupar demasiado espacio dentro del entorno de trabajo.","robots":{"index":"index","follow":"follow","max-snippet":"max-snippet:-1","max-image-preview":"max-image-preview:large","max-video-preview":"max-video-preview:-1"},"canonical":"https:\/\/mobensescolar.com\/es\/producto\/cub-one-puf-modular-copia\/","og_locale":"es_ES","og_type":"article","og_title":"CUB BENCH \u2013 Banco modular - Mobens Escolar","og_description":"El ORDEN LOW PUERTAS es un armario bajo de almacenamiento dise\u00f1ado para aportar organizaci\u00f3n, funcionalidad y durabilidad dentro de aulas, despachos y espacios educativos. Su dise\u00f1o compacto permite mantener el material escolar ordenado y protegido sin ocupar demasiado espacio dentro del entorno de trabajo.","og_url":"https:\/\/mobensescolar.com\/es\/producto\/cub-one-puf-modular-copia\/","og_site_name":"Mobens Escolar","article_modified_time":"2026-03-19T08:07:09+00:00","og_image":[{"width":1536,"height":1024,"url":"https:\/\/mobensescolar.com\/wp-content\/uploads\/2026\/03\/Cub-BENCH.png","type":"image\/png"}],"twitter_card":"summary_large_image","twitter_misc":{"Tiempo de lectura":"1 minuto"},"schema":{"@context":"https:\/\/schema.org","@graph":[{"@type":"WebPage","@id":"https:\/\/mobensescolar.com\/es\/producto\/cub-one-puf-modular-copia\/","url":"https:\/\/mobensescolar.com\/es\/producto\/cub-one-puf-modular-copia\/","name":"CUB BENCH \u2013 Banco modular - Mobens Escolar","isPartOf":{"@id":"https:\/\/mobensescolar.com\/es\/#website"},"primaryImageOfPage":{"@id":"https:\/\/mobensescolar.com\/es\/producto\/cub-one-puf-modular-copia\/#primaryimage"},"image":{"@id":"https:\/\/mobensescolar.com\/es\/producto\/cub-one-puf-modular-copia\/#primaryimage"},"thumbnailUrl":"https:\/\/mobensescolar.com\/wp-content\/uploads\/2026\/03\/Cub-BENCH.png","datePublished":"2026-03-18T07:57:39+00:00","dateModified":"2026-03-19T08:07:09+00:00","description":"El ORDEN LOW PUERTAS es un armario bajo de almacenamiento dise\u00f1ado para aportar organizaci\u00f3n, funcionalidad y durabilidad dentro de aulas, despachos y espacios educativos. Su dise\u00f1o compacto permite mantener el material escolar ordenado y protegido sin ocupar demasiado espacio dentro del entorno de trabajo.","breadcrumb":{"@id":"https:\/\/mobensescolar.com\/es\/producto\/cub-one-puf-modular-copia\/#breadcrumb"},"inLanguage":"es","potentialAction":[{"@type":"ReadAction","target":["https:\/\/mobensescolar.com\/es\/producto\/cub-one-puf-modular-copia\/"]}]},{"@type":"ImageObject","inLanguage":"es","@id":"https:\/\/mobensescolar.com\/es\/producto\/cub-one-puf-modular-copia\/#primaryimage","url":"https:\/\/mobensescolar.com\/wp-content\/uploads\/2026\/03\/Cub-BENCH.png","contentUrl":"https:\/\/mobensescolar.com\/wp-content\/uploads\/2026\/03\/Cub-BENCH.png","width":1536,"height":1024},{"@type":"BreadcrumbList","@id":"https:\/\/mobensescolar.com\/es\/producto\/cub-one-puf-modular-copia\/#breadcrumb","itemListElement":[{"@type":"ListItem","position":1,"name":"Inici","item":"https:\/\/mobensescolar.com\/es\/mobens-school\/"},{"@type":"ListItem","position":2,"name":"Tienda","item":"https:\/\/mobensescolar.com\/es\/tienda\/"},{"@type":"ListItem","position":3,"name":"CUB BENCH \u2013 Banco modular"}]},{"@type":"WebSite","@id":"https:\/\/mobensescolar.com\/es\/#website","url":"https:\/\/mobensescolar.com\/es\/","name":"Mobens School","description":"","publisher":{"@id":"https:\/\/mobensescolar.com\/es\/#organization"},"potentialAction":[{"@type":"SearchAction","target":{"@type":"EntryPoint","urlTemplate":"https:\/\/mobensescolar.com\/es\/?s={search_term_string}"},"query-input":{"@type":"PropertyValueSpecification","valueRequired":true,"valueName":"search_term_string"}}],"inLanguage":"es"},{"@type":"Organization","@id":"https:\/\/mobensescolar.com\/es\/#organization","name":"Mobens School","url":"https:\/\/mobensescolar.com\/es\/","logo":{"@type":"ImageObject","inLanguage":"es","@id":"https:\/\/mobensescolar.com\/es\/#\/schema\/logo\/image\/","url":"https:\/\/mobensescolar.com\/wp-content\/uploads\/2024\/10\/logo-mobens.webp","contentUrl":"https:\/\/mobensescolar.com\/wp-content\/uploads\/2024\/10\/logo-mobens.webp","width":181,"height":181,"caption":"Mobens School"},"image":{"@id":"https:\/\/mobensescolar.com\/es\/#\/schema\/logo\/image\/"},"sameAs":["https:\/\/www.instagram.com\/mobens.school\/"]}]}},"_links":{"self":[{"href":"https:\/\/mobensescolar.com\/es\/wp-json\/wp\/v2\/product\/4991","targetHints":{"allow":["GET"]}}],"collection":[{"href":"https:\/\/mobensescolar.com\/es\/wp-json\/wp\/v2\/product"}],"about":[{"href":"https:\/\/mobensescolar.com\/es\/wp-json\/wp\/v2\/types\/product"}],"replies":[{"embeddable":true,"href":"https:\/\/mobensescolar.com\/es\/wp-json\/wp\/v2\/comments?post=4991"}],"version-history":[{"count":2,"href":"https:\/\/mobensescolar.com\/es\/wp-json\/wp\/v2\/product\/4991\/revisions"}],"predecessor-version":[{"id":4995,"href":"https:\/\/mobensescolar.com\/es\/wp-json\/wp\/v2\/product\/4991\/revisions\/4995"}],"wp:featuredmedia":[{"embeddable":true,"href":"https:\/\/mobensescolar.com\/es\/wp-json\/wp\/v2\/media\/4992"}],"wp:attachment":[{"href":"https:\/\/mobensescolar.com\/es\/wp-json\/wp\/v2\/media?parent=4991"}],"wp:term":[{"taxonomy":"product_brand","embeddable":true,"href":"https:\/\/mobensescolar.com\/es\/wp-json\/wp\/v2\/product_brand?post=4991"},{"taxonomy":"product_cat","embeddable":true,"href":"https:\/\/mobensescolar.com\/es\/wp-json\/wp\/v2\/product_cat?post=4991"},{"taxonomy":"product_tag","embeddable":true,"href":"https:\/\/mobensescolar.com\/es\/wp-json\/wp\/v2\/product_tag?post=4991"}],"curies":[{"name":"wp","href":"https:\/\/api.w.org\/{rel}","templated":true}]}}